{"id":57575,"date":"2025-08-16T13:44:27","date_gmt":"2025-08-16T10:44:27","guid":{"rendered":"https:\/\/eamt.ee\/?post_type=cppm_projects&#038;p=57575"},"modified":"2025-08-17T20:37:15","modified_gmt":"2025-08-17T17:37:15","slug":"labu-episode-5-avery-gerhardt-juuli-hyttinen","status":"publish","type":"cppm_projects","link":"https:\/\/eamt.ee\/en\/projects\/labu-episode-5-avery-gerhardt-juuli-hyttinen\/","title":{"rendered":"L\u00c4BU | EPISODE 5 | Avery Gerhardt | Juuli Hyttinen"},"content":{"rendered":"","protected":false},"template":"","class_list":["post-57575","cppm_projects","type-cppm_projects","status-publish","hentry","aasta-labu-2025-en"],"acf":{"cppm_gallery":[{"ID":57781,"id":57781,"title":"LABUvol2_2000x791_kodukapais","filename":"LABUvol2_2000x791_kodukapais.jpg","filesize":1221854,"url":"https:\/\/eamt.ee\/wp-content\/uploads\/2025\/08\/LABUvol2_2000x791_kodukapais.jpg","link":"https:\/\/eamt.ee\/en\/event\/labu-episode-1-zhenyan-ding-elar-vahter-leah-gayer\/labuvol2_2000x791_kodukapais\/","alt":"","author":"23","description":"","caption":"","name":"labuvol2_2000x791_kodukapais","status":"inherit","uploaded_to":57711,"date":"2025-08-17 16:54:58","modified":"2025-08-17 17:45:25","menu_order":0,"mime_type":"image\/jpeg","type":"image","subtype":"jpeg","icon":"https:\/\/eamt.ee\/wp-includes\/images\/media\/default.png","width":2000,"height":791,"sizes":{"thumbnail":"https:\/\/eamt.ee\/wp-content\/uploads\/2025\/08\/LABUvol2_2000x791_kodukapais-150x150.jpg","thumbnail-width":150,"thumbnail-height":150,"medium":"https:\/\/eamt.ee\/wp-content\/uploads\/2025\/08\/LABUvol2_2000x791_kodukapais-300x119.jpg","medium-width":300,"medium-height":119,"medium_large":"https:\/\/eamt.ee\/wp-content\/uploads\/2025\/08\/LABUvol2_2000x791_kodukapais-768x304.jpg","medium_large-width":768,"medium_large-height":304,"large":"https:\/\/eamt.ee\/wp-content\/uploads\/2025\/08\/LABUvol2_2000x791_kodukapais-1024x405.jpg","large-width":1024,"large-height":405,"1536x1536":"https:\/\/eamt.ee\/wp-content\/uploads\/2025\/08\/LABUvol2_2000x791_kodukapais-1536x607.jpg","1536x1536-width":1536,"1536x1536-height":607,"2048x2048":"https:\/\/eamt.ee\/wp-content\/uploads\/2025\/08\/LABUvol2_2000x791_kodukapais.jpg","2048x2048-width":2000,"2048x2048-height":791,"640px":"https:\/\/eamt.ee\/wp-content\/uploads\/2025\/08\/LABUvol2_2000x791_kodukapais-640x253.jpg","640px-width":640,"640px-height":253,"768px":"https:\/\/eamt.ee\/wp-content\/uploads\/2025\/08\/LABUvol2_2000x791_kodukapais-768x304.jpg","768px-width":768,"768px-height":304,"1024px":"https:\/\/eamt.ee\/wp-content\/uploads\/2025\/08\/LABUvol2_2000x791_kodukapais-1024x405.jpg","1024px-width":1024,"1024px-height":405,"1280px":"https:\/\/eamt.ee\/wp-content\/uploads\/2025\/08\/LABUvol2_2000x791_kodukapais-1280x506.jpg","1280px-width":1280,"1280px-height":506,"1366px":"https:\/\/eamt.ee\/wp-content\/uploads\/2025\/08\/LABUvol2_2000x791_kodukapais-1366x540.jpg","1366px-width":1366,"1366px-height":540,"1600px":"https:\/\/eamt.ee\/wp-content\/uploads\/2025\/08\/LABUvol2_2000x791_kodukapais-1600x633.jpg","1600px-width":1600,"1600px-height":633,"1920px":"https:\/\/eamt.ee\/wp-content\/uploads\/2025\/08\/LABUvol2_2000x791_kodukapais-1920x759.jpg","1920px-width":1920,"1920px-height":759,"2400px":"https:\/\/eamt.ee\/wp-content\/uploads\/2025\/08\/LABUvol2_2000x791_kodukapais.jpg","2400px-width":2000,"2400px-height":791,"woocommerce_thumbnail":"https:\/\/eamt.ee\/wp-content\/uploads\/2025\/08\/LABUvol2_2000x791_kodukapais-415x415.jpg","woocommerce_thumbnail-width":415,"woocommerce_thumbnail-height":415,"woocommerce_single":"https:\/\/eamt.ee\/wp-content\/uploads\/2025\/08\/LABUvol2_2000x791_kodukapais-600x237.jpg","woocommerce_single-width":600,"woocommerce_single-height":237,"woocommerce_gallery_thumbnail":"https:\/\/eamt.ee\/wp-content\/uploads\/2025\/08\/LABUvol2_2000x791_kodukapais-100x100.jpg","woocommerce_gallery_thumbnail-width":100,"woocommerce_gallery_thumbnail-height":100}}],"cppm_mob_gallery":[{"ID":57775,"id":57775,"title":"LABUvol2_1200x1200piletikeskus","filename":"LABUvol2_1200x1200piletikeskus.jpg","filesize":1193637,"url":"https:\/\/eamt.ee\/wp-content\/uploads\/2025\/08\/LABUvol2_1200x1200piletikeskus.jpg","link":"https:\/\/eamt.ee\/en\/event\/labu-episode-1-zhenyan-ding-elar-vahter-leah-gayer\/labuvol2_1200x1200piletikeskus\/","alt":"","author":"23","description":"","caption":"","name":"labuvol2_1200x1200piletikeskus","status":"inherit","uploaded_to":57711,"date":"2025-08-17 16:54:34","modified":"2025-08-17 17:45:30","menu_order":0,"mime_type":"image\/jpeg","type":"image","subtype":"jpeg","icon":"https:\/\/eamt.ee\/wp-includes\/images\/media\/default.png","width":1200,"height":1200,"sizes":{"thumbnail":"https:\/\/eamt.ee\/wp-content\/uploads\/2025\/08\/LABUvol2_1200x1200piletikeskus-150x150.jpg","thumbnail-width":150,"thumbnail-height":150,"medium":"https:\/\/eamt.ee\/wp-content\/uploads\/2025\/08\/LABUvol2_1200x1200piletikeskus-300x300.jpg","medium-width":300,"medium-height":300,"medium_large":"https:\/\/eamt.ee\/wp-content\/uploads\/2025\/08\/LABUvol2_1200x1200piletikeskus-768x768.jpg","medium_large-width":768,"medium_large-height":768,"large":"https:\/\/eamt.ee\/wp-content\/uploads\/2025\/08\/LABUvol2_1200x1200piletikeskus-1024x1024.jpg","large-width":1024,"large-height":1024,"1536x1536":"https:\/\/eamt.ee\/wp-content\/uploads\/2025\/08\/LABUvol2_1200x1200piletikeskus.jpg","1536x1536-width":1200,"1536x1536-height":1200,"2048x2048":"https:\/\/eamt.ee\/wp-content\/uploads\/2025\/08\/LABUvol2_1200x1200piletikeskus.jpg","2048x2048-width":1200,"2048x2048-height":1200,"640px":"https:\/\/eamt.ee\/wp-content\/uploads\/2025\/08\/LABUvol2_1200x1200piletikeskus-640x640.jpg","640px-width":640,"640px-height":640,"768px":"https:\/\/eamt.ee\/wp-content\/uploads\/2025\/08\/LABUvol2_1200x1200piletikeskus-768x768.jpg","768px-width":768,"768px-height":768,"1024px":"https:\/\/eamt.ee\/wp-content\/uploads\/2025\/08\/LABUvol2_1200x1200piletikeskus-1024x1024.jpg","1024px-width":1024,"1024px-height":1024,"1280px":"https:\/\/eamt.ee\/wp-content\/uploads\/2025\/08\/LABUvol2_1200x1200piletikeskus.jpg","1280px-width":1200,"1280px-height":1200,"1366px":"https:\/\/eamt.ee\/wp-content\/uploads\/2025\/08\/LABUvol2_1200x1200piletikeskus.jpg","1366px-width":1200,"1366px-height":1200,"1600px":"https:\/\/eamt.ee\/wp-content\/uploads\/2025\/08\/LABUvol2_1200x1200piletikeskus.jpg","1600px-width":1200,"1600px-height":1200,"1920px":"https:\/\/eamt.ee\/wp-content\/uploads\/2025\/08\/LABUvol2_1200x1200piletikeskus.jpg","1920px-width":1200,"1920px-height":1200,"2400px":"https:\/\/eamt.ee\/wp-content\/uploads\/2025\/08\/LABUvol2_1200x1200piletikeskus.jpg","2400px-width":1200,"2400px-height":1200,"woocommerce_thumbnail":"https:\/\/eamt.ee\/wp-content\/uploads\/2025\/08\/LABUvol2_1200x1200piletikeskus-415x415.jpg","woocommerce_thumbnail-width":415,"woocommerce_thumbnail-height":415,"woocommerce_single":"https:\/\/eamt.ee\/wp-content\/uploads\/2025\/08\/LABUvol2_1200x1200piletikeskus-600x600.jpg","woocommerce_single-width":600,"woocommerce_single-height":600,"woocommerce_gallery_thumbnail":"https:\/\/eamt.ee\/wp-content\/uploads\/2025\/08\/LABUvol2_1200x1200piletikeskus-100x100.jpg","woocommerce_gallery_thumbnail-width":100,"woocommerce_gallery_thumbnail-height":100}}],"project_image":{"ID":57777,"id":57777,"title":"LABUvol2_1280x830kodukas","filename":"LABUvol2_1280x830kodukas.jpg","filesize":843482,"url":"https:\/\/eamt.ee\/wp-content\/uploads\/2025\/08\/LABUvol2_1280x830kodukas.jpg","link":"https:\/\/eamt.ee\/en\/event\/labu-episode-1-zhenyan-ding-elar-vahter-leah-gayer\/labuvol2_1280x830kodukas\/","alt":"","author":"23","description":"","caption":"","name":"labuvol2_1280x830kodukas","status":"inherit","uploaded_to":57711,"date":"2025-08-17 16:54:42","modified":"2025-08-17 16:54:42","menu_order":0,"mime_type":"image\/jpeg","type":"image","subtype":"jpeg","icon":"https:\/\/eamt.ee\/wp-includes\/images\/media\/default.png","width":1280,"height":830,"sizes":{"thumbnail":"https:\/\/eamt.ee\/wp-content\/uploads\/2025\/08\/LABUvol2_1280x830kodukas-150x150.jpg","thumbnail-width":150,"thumbnail-height":150,"medium":"https:\/\/eamt.ee\/wp-content\/uploads\/2025\/08\/LABUvol2_1280x830kodukas-300x195.jpg","medium-width":300,"medium-height":195,"medium_large":"https:\/\/eamt.ee\/wp-content\/uploads\/2025\/08\/LABUvol2_1280x830kodukas-768x498.jpg","medium_large-width":768,"medium_large-height":498,"large":"https:\/\/eamt.ee\/wp-content\/uploads\/2025\/08\/LABUvol2_1280x830kodukas-1024x664.jpg","large-width":1024,"large-height":664,"1536x1536":"https:\/\/eamt.ee\/wp-content\/uploads\/2025\/08\/LABUvol2_1280x830kodukas.jpg","1536x1536-width":1280,"1536x1536-height":830,"2048x2048":"https:\/\/eamt.ee\/wp-content\/uploads\/2025\/08\/LABUvol2_1280x830kodukas.jpg","2048x2048-width":1280,"2048x2048-height":830,"640px":"https:\/\/eamt.ee\/wp-content\/uploads\/2025\/08\/LABUvol2_1280x830kodukas-640x415.jpg","640px-width":640,"640px-height":415,"768px":"https:\/\/eamt.ee\/wp-content\/uploads\/2025\/08\/LABUvol2_1280x830kodukas-768x498.jpg","768px-width":768,"768px-height":498,"1024px":"https:\/\/eamt.ee\/wp-content\/uploads\/2025\/08\/LABUvol2_1280x830kodukas-1024x664.jpg","1024px-width":1024,"1024px-height":664,"1280px":"https:\/\/eamt.ee\/wp-content\/uploads\/2025\/08\/LABUvol2_1280x830kodukas.jpg","1280px-width":1280,"1280px-height":830,"1366px":"https:\/\/eamt.ee\/wp-content\/uploads\/2025\/08\/LABUvol2_1280x830kodukas.jpg","1366px-width":1280,"1366px-height":830,"1600px":"https:\/\/eamt.ee\/wp-content\/uploads\/2025\/08\/LABUvol2_1280x830kodukas.jpg","1600px-width":1280,"1600px-height":830,"1920px":"https:\/\/eamt.ee\/wp-content\/uploads\/2025\/08\/LABUvol2_1280x830kodukas.jpg","1920px-width":1280,"1920px-height":830,"2400px":"https:\/\/eamt.ee\/wp-content\/uploads\/2025\/08\/LABUvol2_1280x830kodukas.jpg","2400px-width":1280,"2400px-height":830,"woocommerce_thumbnail":"https:\/\/eamt.ee\/wp-content\/uploads\/2025\/08\/LABUvol2_1280x830kodukas-415x415.jpg","woocommerce_thumbnail-width":415,"woocommerce_thumbnail-height":415,"woocommerce_single":"https:\/\/eamt.ee\/wp-content\/uploads\/2025\/08\/LABUvol2_1280x830kodukas-600x389.jpg","woocommerce_single-width":600,"woocommerce_single-height":389,"woocommerce_gallery_thumbnail":"https:\/\/eamt.ee\/wp-content\/uploads\/2025\/08\/LABUvol2_1280x830kodukas-100x100.jpg","woocommerce_gallery_thumbnail-width":100,"woocommerce_gallery_thumbnail-height":100}},"project_authors":"CONTEMPORARY SOLO FESTIVAL","project_content":[{"acf_fc_layout":"tekstikast","page_text":"<p style=\"text-align: center;\">CONTEMPORARY SOLO PERFORMANCE FESTIVAL<\/p>\n<h1 style=\"text-align: center;\"><strong>L\u00c4BU<\/strong><\/h1>\n<hr \/>\n<h1 style=\"text-align: center;\"><strong>EPISODE 5<\/strong><\/h1>\n<p style=\"text-align: center;\">AVERY GERHARDT\u00a0| JUULI HYTTINEN<\/p>\n"},{"acf_fc_layout":"pilt","page_image":{"ID":57563,"id":57563,"title":"Avery Gerhardt \u201cSouthern Drawl\u201d. Rehearsal photo 2. Photographer Kalev Lilleorg (CPPM)","filename":"Avery-Gerhardt-Southern-Drawl.-Rehearsal-photo-2.-Photographer-Kalev-Lilleorg-CPPM.jpg","filesize":152385,"url":"https:\/\/eamt.ee\/wp-content\/uploads\/2025\/08\/Avery-Gerhardt-Southern-Drawl.-Rehearsal-photo-2.-Photographer-Kalev-Lilleorg-CPPM.jpg","link":"https:\/\/eamt.ee\/en\/projects\/labu-episode-4-ana-trif-charis-tapin\/avery-gerhardt-southern-drawl-rehearsal-photo-2-photographer-kalev-lilleorg-cppm\/","alt":"","author":"23","description":"","caption":"","name":"avery-gerhardt-southern-drawl-rehearsal-photo-2-photographer-kalev-lilleorg-cppm","status":"inherit","uploaded_to":57454,"date":"2025-08-06 13:39:54","modified":"2025-08-06 13:39:54","menu_order":0,"mime_type":"image\/jpeg","type":"image","subtype":"jpeg","icon":"https:\/\/eamt.ee\/wp-includes\/images\/media\/default.png","width":2072,"height":1382,"sizes":{"thumbnail":"https:\/\/eamt.ee\/wp-content\/uploads\/2025\/08\/Avery-Gerhardt-Southern-Drawl.-Rehearsal-photo-2.-Photographer-Kalev-Lilleorg-CPPM-150x150.jpg","thumbnail-width":150,"thumbnail-height":150,"medium":"https:\/\/eamt.ee\/wp-content\/uploads\/2025\/08\/Avery-Gerhardt-Southern-Drawl.-Rehearsal-photo-2.-Photographer-Kalev-Lilleorg-CPPM-300x200.jpg","medium-width":300,"medium-height":200,"medium_large":"https:\/\/eamt.ee\/wp-content\/uploads\/2025\/08\/Avery-Gerhardt-Southern-Drawl.-Rehearsal-photo-2.-Photographer-Kalev-Lilleorg-CPPM-768x512.jpg","medium_large-width":768,"medium_large-height":512,"large":"https:\/\/eamt.ee\/wp-content\/uploads\/2025\/08\/Avery-Gerhardt-Southern-Drawl.-Rehearsal-photo-2.-Photographer-Kalev-Lilleorg-CPPM-1024x683.jpg","large-width":1024,"large-height":683,"1536x1536":"https:\/\/eamt.ee\/wp-content\/uploads\/2025\/08\/Avery-Gerhardt-Southern-Drawl.-Rehearsal-photo-2.-Photographer-Kalev-Lilleorg-CPPM-1536x1024.jpg","1536x1536-width":1536,"1536x1536-height":1024,"2048x2048":"https:\/\/eamt.ee\/wp-content\/uploads\/2025\/08\/Avery-Gerhardt-Southern-Drawl.-Rehearsal-photo-2.-Photographer-Kalev-Lilleorg-CPPM-2048x1366.jpg","2048x2048-width":2048,"2048x2048-height":1366,"640px":"https:\/\/eamt.ee\/wp-content\/uploads\/2025\/08\/Avery-Gerhardt-Southern-Drawl.-Rehearsal-photo-2.-Photographer-Kalev-Lilleorg-CPPM-640x427.jpg","640px-width":640,"640px-height":427,"768px":"https:\/\/eamt.ee\/wp-content\/uploads\/2025\/08\/Avery-Gerhardt-Southern-Drawl.-Rehearsal-photo-2.-Photographer-Kalev-Lilleorg-CPPM-768x512.jpg","768px-width":768,"768px-height":512,"1024px":"https:\/\/eamt.ee\/wp-content\/uploads\/2025\/08\/Avery-Gerhardt-Southern-Drawl.-Rehearsal-photo-2.-Photographer-Kalev-Lilleorg-CPPM-1024x683.jpg","1024px-width":1024,"1024px-height":683,"1280px":"https:\/\/eamt.ee\/wp-content\/uploads\/2025\/08\/Avery-Gerhardt-Southern-Drawl.-Rehearsal-photo-2.-Photographer-Kalev-Lilleorg-CPPM-1280x854.jpg","1280px-width":1280,"1280px-height":854,"1366px":"https:\/\/eamt.ee\/wp-content\/uploads\/2025\/08\/Avery-Gerhardt-Southern-Drawl.-Rehearsal-photo-2.-Photographer-Kalev-Lilleorg-CPPM-1366x911.jpg","1366px-width":1366,"1366px-height":911,"1600px":"https:\/\/eamt.ee\/wp-content\/uploads\/2025\/08\/Avery-Gerhardt-Southern-Drawl.-Rehearsal-photo-2.-Photographer-Kalev-Lilleorg-CPPM-1600x1067.jpg","1600px-width":1600,"1600px-height":1067,"1920px":"https:\/\/eamt.ee\/wp-content\/uploads\/2025\/08\/Avery-Gerhardt-Southern-Drawl.-Rehearsal-photo-2.-Photographer-Kalev-Lilleorg-CPPM-1920x1281.jpg","1920px-width":1920,"1920px-height":1281,"2400px":"https:\/\/eamt.ee\/wp-content\/uploads\/2025\/08\/Avery-Gerhardt-Southern-Drawl.-Rehearsal-photo-2.-Photographer-Kalev-Lilleorg-CPPM.jpg","2400px-width":2072,"2400px-height":1382,"woocommerce_thumbnail":"https:\/\/eamt.ee\/wp-content\/uploads\/2025\/08\/Avery-Gerhardt-Southern-Drawl.-Rehearsal-photo-2.-Photographer-Kalev-Lilleorg-CPPM-415x415.jpg","woocommerce_thumbnail-width":415,"woocommerce_thumbnail-height":415,"woocommerce_single":"https:\/\/eamt.ee\/wp-content\/uploads\/2025\/08\/Avery-Gerhardt-Southern-Drawl.-Rehearsal-photo-2.-Photographer-Kalev-Lilleorg-CPPM-600x400.jpg","woocommerce_single-width":600,"woocommerce_single-height":400,"woocommerce_gallery_thumbnail":"https:\/\/eamt.ee\/wp-content\/uploads\/2025\/08\/Avery-Gerhardt-Southern-Drawl.-Rehearsal-photo-2.-Photographer-Kalev-Lilleorg-CPPM-100x100.jpg","woocommerce_gallery_thumbnail-width":100,"woocommerce_gallery_thumbnail-height":100}},"is_full_image":false},{"acf_fc_layout":"tekstikast","page_text":"<h1 style=\"text-align: center;\">Southern Drawl<\/h1>\n<p style=\"text-align: center;\">by<\/p>\n<p style=\"text-align: center;\"><strong>AVERY GERHARDT<\/strong><br \/>\nUSA<\/p>\n<p>&nbsp;<\/p>\n<p style=\"text-align: center;\">Author and performer: <strong>AVERY GERHARDT<\/strong><br \/>\nSound: <strong>LES SOEURS GOADEC<\/strong><br \/>\nLighting design: <strong>ROMMI RUTTAS<\/strong> and <strong>LEON ALLIK<\/strong><br \/>\nTechnical support: <strong>LEAH GAYER<\/strong><br \/>\nDramaturgical support: <strong>SANDRA K\u00dcPPER<\/strong> and <strong>GIACOMO VERONESI<\/strong><br \/>\nProducers: <strong>J\u00dcRI NAEL<\/strong> and <strong>ANNIKA \u00dcPRUS<\/strong><br \/>\nThank you: To my cohort<br \/>\nProduction: <strong>CPPM | Estonian Academy of Music and Theatre<\/strong><br \/>\n<strong>Premiere: 13 September 2025 Kanuti Gildi SAAL<\/strong><\/p>\n<p>&nbsp;<\/p>\n<p>Southern Drawl is a choreographic inquiry into the politics of withdrawal\u2014what happens after seeing the elephant. Drawing on the American idiom once used to describe disillusioning encounters with war, labor, and vice, the piece stages a disarticulated body wedged between exhaustion and refusal. The solo considers what it means to shed the weight of legibility in an increasingly polarizing, media-saturated world choosing instead to linger in a suspended, gestural state. Southern Drawl performs withdrawal not as absence but as antagonistic potential\u2014where burnout, disorientation, and the embrace of uncertainty become acts of speculative becoming.<\/p>\n"},{"acf_fc_layout":"pilt","page_image":{"ID":57573,"id":57573,"title":"Avery Gerhardt. Portrait. Raphael Lehnen","filename":"Avery-Gerhardt.-Portrait.-Raphael-Lehnen-scaled-e1754489658285.jpg","filesize":534826,"url":"https:\/\/eamt.ee\/wp-content\/uploads\/2025\/08\/Avery-Gerhardt.-Portrait.-Raphael-Lehnen-scaled-e1754489658285.jpg","link":"https:\/\/eamt.ee\/en\/projects\/labu-episode-4-ana-trif-charis-tapin\/avery-gerhardt-portrait-raphael-lehnen\/","alt":"","author":"23","description":"","caption":"","name":"avery-gerhardt-portrait-raphael-lehnen","status":"inherit","uploaded_to":57454,"date":"2025-08-06 13:40:58","modified":"2025-08-06 13:40:58","menu_order":0,"mime_type":"image\/jpeg","type":"image","subtype":"jpeg","icon":"https:\/\/eamt.ee\/wp-includes\/images\/media\/default.png","width":2200,"height":1293,"sizes":{"thumbnail":"https:\/\/eamt.ee\/wp-content\/uploads\/2025\/08\/Avery-Gerhardt.-Portrait.-Raphael-Lehnen-scaled-e1754489658285-150x150.jpg","thumbnail-width":150,"thumbnail-height":150,"medium":"https:\/\/eamt.ee\/wp-content\/uploads\/2025\/08\/Avery-Gerhardt.-Portrait.-Raphael-Lehnen-scaled-e1754489658285-300x176.jpg","medium-width":300,"medium-height":176,"medium_large":"https:\/\/eamt.ee\/wp-content\/uploads\/2025\/08\/Avery-Gerhardt.-Portrait.-Raphael-Lehnen-scaled-e1754489658285-768x451.jpg","medium_large-width":768,"medium_large-height":451,"large":"https:\/\/eamt.ee\/wp-content\/uploads\/2025\/08\/Avery-Gerhardt.-Portrait.-Raphael-Lehnen-scaled-e1754489658285-1024x602.jpg","large-width":1024,"large-height":602,"1536x1536":"https:\/\/eamt.ee\/wp-content\/uploads\/2025\/08\/Avery-Gerhardt.-Portrait.-Raphael-Lehnen-scaled-e1754489658285-1536x903.jpg","1536x1536-width":1536,"1536x1536-height":903,"2048x2048":"https:\/\/eamt.ee\/wp-content\/uploads\/2025\/08\/Avery-Gerhardt.-Portrait.-Raphael-Lehnen-scaled-e1754489658285-2048x1204.jpg","2048x2048-width":2048,"2048x2048-height":1204,"640px":"https:\/\/eamt.ee\/wp-content\/uploads\/2025\/08\/Avery-Gerhardt.-Portrait.-Raphael-Lehnen-scaled-e1754489658285-640x376.jpg","640px-width":640,"640px-height":376,"768px":"https:\/\/eamt.ee\/wp-content\/uploads\/2025\/08\/Avery-Gerhardt.-Portrait.-Raphael-Lehnen-scaled-e1754489658285-768x451.jpg","768px-width":768,"768px-height":451,"1024px":"https:\/\/eamt.ee\/wp-content\/uploads\/2025\/08\/Avery-Gerhardt.-Portrait.-Raphael-Lehnen-scaled-e1754489658285-1024x602.jpg","1024px-width":1024,"1024px-height":602,"1280px":"https:\/\/eamt.ee\/wp-content\/uploads\/2025\/08\/Avery-Gerhardt.-Portrait.-Raphael-Lehnen-scaled-e1754489658285-1280x752.jpg","1280px-width":1280,"1280px-height":752,"1366px":"https:\/\/eamt.ee\/wp-content\/uploads\/2025\/08\/Avery-Gerhardt.-Portrait.-Raphael-Lehnen-scaled-e1754489658285-1366x803.jpg","1366px-width":1366,"1366px-height":803,"1600px":"https:\/\/eamt.ee\/wp-content\/uploads\/2025\/08\/Avery-Gerhardt.-Portrait.-Raphael-Lehnen-scaled-e1754489658285-1600x940.jpg","1600px-width":1600,"1600px-height":940,"1920px":"https:\/\/eamt.ee\/wp-content\/uploads\/2025\/08\/Avery-Gerhardt.-Portrait.-Raphael-Lehnen-scaled-e1754489658285-1920x1128.jpg","1920px-width":1920,"1920px-height":1128,"2400px":"https:\/\/eamt.ee\/wp-content\/uploads\/2025\/08\/Avery-Gerhardt.-Portrait.-Raphael-Lehnen-2400x2793.jpg","2400px-width":2400,"2400px-height":2793,"woocommerce_thumbnail":"https:\/\/eamt.ee\/wp-content\/uploads\/2025\/08\/Avery-Gerhardt.-Portrait.-Raphael-Lehnen-scaled-e1754489658285-415x415.jpg","woocommerce_thumbnail-width":415,"woocommerce_thumbnail-height":415,"woocommerce_single":"https:\/\/eamt.ee\/wp-content\/uploads\/2025\/08\/Avery-Gerhardt.-Portrait.-Raphael-Lehnen-scaled-e1754489658285-600x353.jpg","woocommerce_single-width":600,"woocommerce_single-height":353,"woocommerce_gallery_thumbnail":"https:\/\/eamt.ee\/wp-content\/uploads\/2025\/08\/Avery-Gerhardt.-Portrait.-Raphael-Lehnen-scaled-e1754489658285-100x100.jpg","woocommerce_gallery_thumbnail-width":100,"woocommerce_gallery_thumbnail-height":100}},"is_full_image":false},{"acf_fc_layout":"tekstikast","page_text":"<h3>Avery Gerhardt<\/h3>\n<hr \/>\n<p><a href=\"https:\/\/eamt.ee\/en\/student\/avery-gerhardt-usa\/\" target=\"_blank\" rel=\"noopener\">Avery Gerhardt<\/a> is an independent choreographer and freelance performer from Houston, Texas. She is a resident choreographer for the emerging collective Motlee Party and is honoured to be pursuing a masters in Contemporary Physical Performance Making at EMTA.<\/p>\n"},{"acf_fc_layout":"galerii","images":[{"ID":57571,"id":57571,"title":"Avery Gerhardt \u201cSouthern Drawl\u201d. Rehearsal photo 6. Photographer Kalev Lilleorg (CPPM)","filename":"Avery-Gerhardt-Southern-Drawl.-Rehearsal-photo-6.-Photographer-Kalev-Lilleorg-CPPM.jpg","filesize":229792,"url":"https:\/\/eamt.ee\/wp-content\/uploads\/2025\/08\/Avery-Gerhardt-Southern-Drawl.-Rehearsal-photo-6.-Photographer-Kalev-Lilleorg-CPPM.jpg","link":"https:\/\/eamt.ee\/en\/projects\/labu-episode-4-ana-trif-charis-tapin\/avery-gerhardt-southern-drawl-rehearsal-photo-6-photographer-kalev-lilleorg-cppm\/","alt":"","author":"23","description":"","caption":"","name":"avery-gerhardt-southern-drawl-rehearsal-photo-6-photographer-kalev-lilleorg-cppm","status":"inherit","uploaded_to":57454,"date":"2025-08-06 13:40:29","modified":"2025-08-06 13:40:29","menu_order":0,"mime_type":"image\/jpeg","type":"image","subtype":"jpeg","icon":"https:\/\/eamt.ee\/wp-includes\/images\/media\/default.png","width":2072,"height":1382,"sizes":{"thumbnail":"https:\/\/eamt.ee\/wp-content\/uploads\/2025\/08\/Avery-Gerhardt-Southern-Drawl.-Rehearsal-photo-6.-Photographer-Kalev-Lilleorg-CPPM-150x150.jpg","thumbnail-width":150,"thumbnail-height":150,"medium":"https:\/\/eamt.ee\/wp-content\/uploads\/2025\/08\/Avery-Gerhardt-Southern-Drawl.-Rehearsal-photo-6.-Photographer-Kalev-Lilleorg-CPPM-300x200.jpg","medium-width":300,"medium-height":200,"medium_large":"https:\/\/eamt.ee\/wp-content\/uploads\/2025\/08\/Avery-Gerhardt-Southern-Drawl.-Rehearsal-photo-6.-Photographer-Kalev-Lilleorg-CPPM-768x512.jpg","medium_large-width":768,"medium_large-height":512,"large":"https:\/\/eamt.ee\/wp-content\/uploads\/2025\/08\/Avery-Gerhardt-Southern-Drawl.-Rehearsal-photo-6.-Photographer-Kalev-Lilleorg-CPPM-1024x683.jpg","large-width":1024,"large-height":683,"1536x1536":"https:\/\/eamt.ee\/wp-content\/uploads\/2025\/08\/Avery-Gerhardt-Southern-Drawl.-Rehearsal-photo-6.-Photographer-Kalev-Lilleorg-CPPM-1536x1024.jpg","1536x1536-width":1536,"1536x1536-height":1024,"2048x2048":"https:\/\/eamt.ee\/wp-content\/uploads\/2025\/08\/Avery-Gerhardt-Southern-Drawl.-Rehearsal-photo-6.-Photographer-Kalev-Lilleorg-CPPM-2048x1366.jpg","2048x2048-width":2048,"2048x2048-height":1366,"640px":"https:\/\/eamt.ee\/wp-content\/uploads\/2025\/08\/Avery-Gerhardt-Southern-Drawl.-Rehearsal-photo-6.-Photographer-Kalev-Lilleorg-CPPM-640x427.jpg","640px-width":640,"640px-height":427,"768px":"https:\/\/eamt.ee\/wp-content\/uploads\/2025\/08\/Avery-Gerhardt-Southern-Drawl.-Rehearsal-photo-6.-Photographer-Kalev-Lilleorg-CPPM-768x512.jpg","768px-width":768,"768px-height":512,"1024px":"https:\/\/eamt.ee\/wp-content\/uploads\/2025\/08\/Avery-Gerhardt-Southern-Drawl.-Rehearsal-photo-6.-Photographer-Kalev-Lilleorg-CPPM-1024x683.jpg","1024px-width":1024,"1024px-height":683,"1280px":"https:\/\/eamt.ee\/wp-content\/uploads\/2025\/08\/Avery-Gerhardt-Southern-Drawl.-Rehearsal-photo-6.-Photographer-Kalev-Lilleorg-CPPM-1280x854.jpg","1280px-width":1280,"1280px-height":854,"1366px":"https:\/\/eamt.ee\/wp-content\/uploads\/2025\/08\/Avery-Gerhardt-Southern-Drawl.-Rehearsal-photo-6.-Photographer-Kalev-Lilleorg-CPPM-1366x911.jpg","1366px-width":1366,"1366px-height":911,"1600px":"https:\/\/eamt.ee\/wp-content\/uploads\/2025\/08\/Avery-Gerhardt-Southern-Drawl.-Rehearsal-photo-6.-Photographer-Kalev-Lilleorg-CPPM-1600x1067.jpg","1600px-width":1600,"1600px-height":1067,"1920px":"https:\/\/eamt.ee\/wp-content\/uploads\/2025\/08\/Avery-Gerhardt-Southern-Drawl.-Rehearsal-photo-6.-Photographer-Kalev-Lilleorg-CPPM-1920x1281.jpg","1920px-width":1920,"1920px-height":1281,"2400px":"https:\/\/eamt.ee\/wp-content\/uploads\/2025\/08\/Avery-Gerhardt-Southern-Drawl.-Rehearsal-photo-6.-Photographer-Kalev-Lilleorg-CPPM.jpg","2400px-width":2072,"2400px-height":1382,"woocommerce_thumbnail":"https:\/\/eamt.ee\/wp-content\/uploads\/2025\/08\/Avery-Gerhardt-Southern-Drawl.-Rehearsal-photo-6.-Photographer-Kalev-Lilleorg-CPPM-415x415.jpg","woocommerce_thumbnail-width":415,"woocommerce_thumbnail-height":415,"woocommerce_single":"https:\/\/eamt.ee\/wp-content\/uploads\/2025\/08\/Avery-Gerhardt-Southern-Drawl.-Rehearsal-photo-6.-Photographer-Kalev-Lilleorg-CPPM-600x400.jpg","woocommerce_single-width":600,"woocommerce_single-height":400,"woocommerce_gallery_thumbnail":"https:\/\/eamt.ee\/wp-content\/uploads\/2025\/08\/Avery-Gerhardt-Southern-Drawl.-Rehearsal-photo-6.-Photographer-Kalev-Lilleorg-CPPM-100x100.jpg","woocommerce_gallery_thumbnail-width":100,"woocommerce_gallery_thumbnail-height":100}},{"ID":57569,"id":57569,"title":"Avery Gerhardt \u201cSouthern Drawl\u201d. Rehearsal photo 5. Photographer Kalev Lilleorg (CPPM)","filename":"Avery-Gerhardt-Southern-Drawl.-Rehearsal-photo-5.-Photographer-Kalev-Lilleorg-CPPM.jpg","filesize":152092,"url":"https:\/\/eamt.ee\/wp-content\/uploads\/2025\/08\/Avery-Gerhardt-Southern-Drawl.-Rehearsal-photo-5.-Photographer-Kalev-Lilleorg-CPPM.jpg","link":"https:\/\/eamt.ee\/en\/projects\/labu-episode-4-ana-trif-charis-tapin\/avery-gerhardt-southern-drawl-rehearsal-photo-5-photographer-kalev-lilleorg-cppm\/","alt":"","author":"23","description":"","caption":"","name":"avery-gerhardt-southern-drawl-rehearsal-photo-5-photographer-kalev-lilleorg-cppm","status":"inherit","uploaded_to":57454,"date":"2025-08-06 13:40:23","modified":"2025-08-06 13:40:23","menu_order":0,"mime_type":"image\/jpeg","type":"image","subtype":"jpeg","icon":"https:\/\/eamt.ee\/wp-includes\/images\/media\/default.png","width":1026,"height":1538,"sizes":{"thumbnail":"https:\/\/eamt.ee\/wp-content\/uploads\/2025\/08\/Avery-Gerhardt-Southern-Drawl.-Rehearsal-photo-5.-Photographer-Kalev-Lilleorg-CPPM-150x150.jpg","thumbnail-width":150,"thumbnail-height":150,"medium":"https:\/\/eamt.ee\/wp-content\/uploads\/2025\/08\/Avery-Gerhardt-Southern-Drawl.-Rehearsal-photo-5.-Photographer-Kalev-Lilleorg-CPPM-200x300.jpg","medium-width":200,"medium-height":300,"medium_large":"https:\/\/eamt.ee\/wp-content\/uploads\/2025\/08\/Avery-Gerhardt-Southern-Drawl.-Rehearsal-photo-5.-Photographer-Kalev-Lilleorg-CPPM-768x1151.jpg","medium_large-width":768,"medium_large-height":1151,"large":"https:\/\/eamt.ee\/wp-content\/uploads\/2025\/08\/Avery-Gerhardt-Southern-Drawl.-Rehearsal-photo-5.-Photographer-Kalev-Lilleorg-CPPM-683x1024.jpg","large-width":683,"large-height":1024,"1536x1536":"https:\/\/eamt.ee\/wp-content\/uploads\/2025\/08\/Avery-Gerhardt-Southern-Drawl.-Rehearsal-photo-5.-Photographer-Kalev-Lilleorg-CPPM-1025x1536.jpg","1536x1536-width":1025,"1536x1536-height":1536,"2048x2048":"https:\/\/eamt.ee\/wp-content\/uploads\/2025\/08\/Avery-Gerhardt-Southern-Drawl.-Rehearsal-photo-5.-Photographer-Kalev-Lilleorg-CPPM.jpg","2048x2048-width":1026,"2048x2048-height":1538,"640px":"https:\/\/eamt.ee\/wp-content\/uploads\/2025\/08\/Avery-Gerhardt-Southern-Drawl.-Rehearsal-photo-5.-Photographer-Kalev-Lilleorg-CPPM-640x959.jpg","640px-width":640,"640px-height":959,"768px":"https:\/\/eamt.ee\/wp-content\/uploads\/2025\/08\/Avery-Gerhardt-Southern-Drawl.-Rehearsal-photo-5.-Photographer-Kalev-Lilleorg-CPPM-768x1151.jpg","768px-width":768,"768px-height":1151,"1024px":"https:\/\/eamt.ee\/wp-content\/uploads\/2025\/08\/Avery-Gerhardt-Southern-Drawl.-Rehearsal-photo-5.-Photographer-Kalev-Lilleorg-CPPM-1024x1535.jpg","1024px-width":1024,"1024px-height":1535,"1280px":"https:\/\/eamt.ee\/wp-content\/uploads\/2025\/08\/Avery-Gerhardt-Southern-Drawl.-Rehearsal-photo-5.-Photographer-Kalev-Lilleorg-CPPM.jpg","1280px-width":1026,"1280px-height":1538,"1366px":"https:\/\/eamt.ee\/wp-content\/uploads\/2025\/08\/Avery-Gerhardt-Southern-Drawl.-Rehearsal-photo-5.-Photographer-Kalev-Lilleorg-CPPM.jpg","1366px-width":1026,"1366px-height":1538,"1600px":"https:\/\/eamt.ee\/wp-content\/uploads\/2025\/08\/Avery-Gerhardt-Southern-Drawl.-Rehearsal-photo-5.-Photographer-Kalev-Lilleorg-CPPM.jpg","1600px-width":1026,"1600px-height":1538,"1920px":"https:\/\/eamt.ee\/wp-content\/uploads\/2025\/08\/Avery-Gerhardt-Southern-Drawl.-Rehearsal-photo-5.-Photographer-Kalev-Lilleorg-CPPM.jpg","1920px-width":1026,"1920px-height":1538,"2400px":"https:\/\/eamt.ee\/wp-content\/uploads\/2025\/08\/Avery-Gerhardt-Southern-Drawl.-Rehearsal-photo-5.-Photographer-Kalev-Lilleorg-CPPM.jpg","2400px-width":1026,"2400px-height":1538,"woocommerce_thumbnail":"https:\/\/eamt.ee\/wp-content\/uploads\/2025\/08\/Avery-Gerhardt-Southern-Drawl.-Rehearsal-photo-5.-Photographer-Kalev-Lilleorg-CPPM-415x415.jpg","woocommerce_thumbnail-width":415,"woocommerce_thumbnail-height":415,"woocommerce_single":"https:\/\/eamt.ee\/wp-content\/uploads\/2025\/08\/Avery-Gerhardt-Southern-Drawl.-Rehearsal-photo-5.-Photographer-Kalev-Lilleorg-CPPM-600x899.jpg","woocommerce_single-width":600,"woocommerce_single-height":899,"woocommerce_gallery_thumbnail":"https:\/\/eamt.ee\/wp-content\/uploads\/2025\/08\/Avery-Gerhardt-Southern-Drawl.-Rehearsal-photo-5.-Photographer-Kalev-Lilleorg-CPPM-100x100.jpg","woocommerce_gallery_thumbnail-width":100,"woocommerce_gallery_thumbnail-height":100}},{"ID":57567,"id":57567,"title":"Avery Gerhardt \u201cSouthern Drawl\u201d. Rehearsal photo 4. Photographer Kalev Lilleorg (CPPM)","filename":"Avery-Gerhardt-Southern-Drawl.-Rehearsal-photo-4.-Photographer-Kalev-Lilleorg-CPPM.jpg","filesize":223321,"url":"https:\/\/eamt.ee\/wp-content\/uploads\/2025\/08\/Avery-Gerhardt-Southern-Drawl.-Rehearsal-photo-4.-Photographer-Kalev-Lilleorg-CPPM.jpg","link":"https:\/\/eamt.ee\/en\/projects\/labu-episode-4-ana-trif-charis-tapin\/avery-gerhardt-southern-drawl-rehearsal-photo-4-photographer-kalev-lilleorg-cppm\/","alt":"","author":"23","description":"","caption":"","name":"avery-gerhardt-southern-drawl-rehearsal-photo-4-photographer-kalev-lilleorg-cppm","status":"inherit","uploaded_to":57454,"date":"2025-08-06 13:40:15","modified":"2025-08-06 13:40:15","menu_order":0,"mime_type":"image\/jpeg","type":"image","subtype":"jpeg","icon":"https:\/\/eamt.ee\/wp-includes\/images\/media\/default.png","width":2072,"height":1382,"sizes":{"thumbnail":"https:\/\/eamt.ee\/wp-content\/uploads\/2025\/08\/Avery-Gerhardt-Southern-Drawl.-Rehearsal-photo-4.-Photographer-Kalev-Lilleorg-CPPM-150x150.jpg","thumbnail-width":150,"thumbnail-height":150,"medium":"https:\/\/eamt.ee\/wp-content\/uploads\/2025\/08\/Avery-Gerhardt-Southern-Drawl.-Rehearsal-photo-4.-Photographer-Kalev-Lilleorg-CPPM-300x200.jpg","medium-width":300,"medium-height":200,"medium_large":"https:\/\/eamt.ee\/wp-content\/uploads\/2025\/08\/Avery-Gerhardt-Southern-Drawl.-Rehearsal-photo-4.-Photographer-Kalev-Lilleorg-CPPM-768x512.jpg","medium_large-width":768,"medium_large-height":512,"large":"https:\/\/eamt.ee\/wp-content\/uploads\/2025\/08\/Avery-Gerhardt-Southern-Drawl.-Rehearsal-photo-4.-Photographer-Kalev-Lilleorg-CPPM-1024x683.jpg","large-width":1024,"large-height":683,"1536x1536":"https:\/\/eamt.ee\/wp-content\/uploads\/2025\/08\/Avery-Gerhardt-Southern-Drawl.-Rehearsal-photo-4.-Photographer-Kalev-Lilleorg-CPPM-1536x1024.jpg","1536x1536-width":1536,"1536x1536-height":1024,"2048x2048":"https:\/\/eamt.ee\/wp-content\/uploads\/2025\/08\/Avery-Gerhardt-Southern-Drawl.-Rehearsal-photo-4.-Photographer-Kalev-Lilleorg-CPPM-2048x1366.jpg","2048x2048-width":2048,"2048x2048-height":1366,"640px":"https:\/\/eamt.ee\/wp-content\/uploads\/2025\/08\/Avery-Gerhardt-Southern-Drawl.-Rehearsal-photo-4.-Photographer-Kalev-Lilleorg-CPPM-640x427.jpg","640px-width":640,"640px-height":427,"768px":"https:\/\/eamt.ee\/wp-content\/uploads\/2025\/08\/Avery-Gerhardt-Southern-Drawl.-Rehearsal-photo-4.-Photographer-Kalev-Lilleorg-CPPM-768x512.jpg","768px-width":768,"768px-height":512,"1024px":"https:\/\/eamt.ee\/wp-content\/uploads\/2025\/08\/Avery-Gerhardt-Southern-Drawl.-Rehearsal-photo-4.-Photographer-Kalev-Lilleorg-CPPM-1024x683.jpg","1024px-width":1024,"1024px-height":683,"1280px":"https:\/\/eamt.ee\/wp-content\/uploads\/2025\/08\/Avery-Gerhardt-Southern-Drawl.-Rehearsal-photo-4.-Photographer-Kalev-Lilleorg-CPPM-1280x854.jpg","1280px-width":1280,"1280px-height":854,"1366px":"https:\/\/eamt.ee\/wp-content\/uploads\/2025\/08\/Avery-Gerhardt-Southern-Drawl.-Rehearsal-photo-4.-Photographer-Kalev-Lilleorg-CPPM-1366x911.jpg","1366px-width":1366,"1366px-height":911,"1600px":"https:\/\/eamt.ee\/wp-content\/uploads\/2025\/08\/Avery-Gerhardt-Southern-Drawl.-Rehearsal-photo-4.-Photographer-Kalev-Lilleorg-CPPM-1600x1067.jpg","1600px-width":1600,"1600px-height":1067,"1920px":"https:\/\/eamt.ee\/wp-content\/uploads\/2025\/08\/Avery-Gerhardt-Southern-Drawl.-Rehearsal-photo-4.-Photographer-Kalev-Lilleorg-CPPM-1920x1281.jpg","1920px-width":1920,"1920px-height":1281,"2400px":"https:\/\/eamt.ee\/wp-content\/uploads\/2025\/08\/Avery-Gerhardt-Southern-Drawl.-Rehearsal-photo-4.-Photographer-Kalev-Lilleorg-CPPM.jpg","2400px-width":2072,"2400px-height":1382,"woocommerce_thumbnail":"https:\/\/eamt.ee\/wp-content\/uploads\/2025\/08\/Avery-Gerhardt-Southern-Drawl.-Rehearsal-photo-4.-Photographer-Kalev-Lilleorg-CPPM-415x415.jpg","woocommerce_thumbnail-width":415,"woocommerce_thumbnail-height":415,"woocommerce_single":"https:\/\/eamt.ee\/wp-content\/uploads\/2025\/08\/Avery-Gerhardt-Southern-Drawl.-Rehearsal-photo-4.-Photographer-Kalev-Lilleorg-CPPM-600x400.jpg","woocommerce_single-width":600,"woocommerce_single-height":400,"woocommerce_gallery_thumbnail":"https:\/\/eamt.ee\/wp-content\/uploads\/2025\/08\/Avery-Gerhardt-Southern-Drawl.-Rehearsal-photo-4.-Photographer-Kalev-Lilleorg-CPPM-100x100.jpg","woocommerce_gallery_thumbnail-width":100,"woocommerce_gallery_thumbnail-height":100}},{"ID":57565,"id":57565,"title":"Avery Gerhardt \u201cSouthern Drawl\u201d. Rehearsal photo 3. Photographer Kalev Lilleorg (CPPM)","filename":"Avery-Gerhardt-Southern-Drawl.-Rehearsal-photo-3.-Photographer-Kalev-Lilleorg-CPPM.jpg","filesize":273556,"url":"https:\/\/eamt.ee\/wp-content\/uploads\/2025\/08\/Avery-Gerhardt-Southern-Drawl.-Rehearsal-photo-3.-Photographer-Kalev-Lilleorg-CPPM.jpg","link":"https:\/\/eamt.ee\/en\/projects\/labu-episode-4-ana-trif-charis-tapin\/avery-gerhardt-southern-drawl-rehearsal-photo-3-photographer-kalev-lilleorg-cppm\/","alt":"","author":"23","description":"","caption":"","name":"avery-gerhardt-southern-drawl-rehearsal-photo-3-photographer-kalev-lilleorg-cppm","status":"inherit","uploaded_to":57454,"date":"2025-08-06 13:40:06","modified":"2025-08-06 13:40:06","menu_order":0,"mime_type":"image\/jpeg","type":"image","subtype":"jpeg","icon":"https:\/\/eamt.ee\/wp-includes\/images\/media\/default.png","width":2072,"height":1382,"sizes":{"thumbnail":"https:\/\/eamt.ee\/wp-content\/uploads\/2025\/08\/Avery-Gerhardt-Southern-Drawl.-Rehearsal-photo-3.-Photographer-Kalev-Lilleorg-CPPM-150x150.jpg","thumbnail-width":150,"thumbnail-height":150,"medium":"https:\/\/eamt.ee\/wp-content\/uploads\/2025\/08\/Avery-Gerhardt-Southern-Drawl.-Rehearsal-photo-3.-Photographer-Kalev-Lilleorg-CPPM-300x200.jpg","medium-width":300,"medium-height":200,"medium_large":"https:\/\/eamt.ee\/wp-content\/uploads\/2025\/08\/Avery-Gerhardt-Southern-Drawl.-Rehearsal-photo-3.-Photographer-Kalev-Lilleorg-CPPM-768x512.jpg","medium_large-width":768,"medium_large-height":512,"large":"https:\/\/eamt.ee\/wp-content\/uploads\/2025\/08\/Avery-Gerhardt-Southern-Drawl.-Rehearsal-photo-3.-Photographer-Kalev-Lilleorg-CPPM-1024x683.jpg","large-width":1024,"large-height":683,"1536x1536":"https:\/\/eamt.ee\/wp-content\/uploads\/2025\/08\/Avery-Gerhardt-Southern-Drawl.-Rehearsal-photo-3.-Photographer-Kalev-Lilleorg-CPPM-1536x1024.jpg","1536x1536-width":1536,"1536x1536-height":1024,"2048x2048":"https:\/\/eamt.ee\/wp-content\/uploads\/2025\/08\/Avery-Gerhardt-Southern-Drawl.-Rehearsal-photo-3.-Photographer-Kalev-Lilleorg-CPPM-2048x1366.jpg","2048x2048-width":2048,"2048x2048-height":1366,"640px":"https:\/\/eamt.ee\/wp-content\/uploads\/2025\/08\/Avery-Gerhardt-Southern-Drawl.-Rehearsal-photo-3.-Photographer-Kalev-Lilleorg-CPPM-640x427.jpg","640px-width":640,"640px-height":427,"768px":"https:\/\/eamt.ee\/wp-content\/uploads\/2025\/08\/Avery-Gerhardt-Southern-Drawl.-Rehearsal-photo-3.-Photographer-Kalev-Lilleorg-CPPM-768x512.jpg","768px-width":768,"768px-height":512,"1024px":"https:\/\/eamt.ee\/wp-content\/uploads\/2025\/08\/Avery-Gerhardt-Southern-Drawl.-Rehearsal-photo-3.-Photographer-Kalev-Lilleorg-CPPM-1024x683.jpg","1024px-width":1024,"1024px-height":683,"1280px":"https:\/\/eamt.ee\/wp-content\/uploads\/2025\/08\/Avery-Gerhardt-Southern-Drawl.-Rehearsal-photo-3.-Photographer-Kalev-Lilleorg-CPPM-1280x854.jpg","1280px-width":1280,"1280px-height":854,"1366px":"https:\/\/eamt.ee\/wp-content\/uploads\/2025\/08\/Avery-Gerhardt-Southern-Drawl.-Rehearsal-photo-3.-Photographer-Kalev-Lilleorg-CPPM-1366x911.jpg","1366px-width":1366,"1366px-height":911,"1600px":"https:\/\/eamt.ee\/wp-content\/uploads\/2025\/08\/Avery-Gerhardt-Southern-Drawl.-Rehearsal-photo-3.-Photographer-Kalev-Lilleorg-CPPM-1600x1067.jpg","1600px-width":1600,"1600px-height":1067,"1920px":"https:\/\/eamt.ee\/wp-content\/uploads\/2025\/08\/Avery-Gerhardt-Southern-Drawl.-Rehearsal-photo-3.-Photographer-Kalev-Lilleorg-CPPM-1920x1281.jpg","1920px-width":1920,"1920px-height":1281,"2400px":"https:\/\/eamt.ee\/wp-content\/uploads\/2025\/08\/Avery-Gerhardt-Southern-Drawl.-Rehearsal-photo-3.-Photographer-Kalev-Lilleorg-CPPM.jpg","2400px-width":2072,"2400px-height":1382,"woocommerce_thumbnail":"https:\/\/eamt.ee\/wp-content\/uploads\/2025\/08\/Avery-Gerhardt-Southern-Drawl.-Rehearsal-photo-3.-Photographer-Kalev-Lilleorg-CPPM-415x415.jpg","woocommerce_thumbnail-width":415,"woocommerce_thumbnail-height":415,"woocommerce_single":"https:\/\/eamt.ee\/wp-content\/uploads\/2025\/08\/Avery-Gerhardt-Southern-Drawl.-Rehearsal-photo-3.-Photographer-Kalev-Lilleorg-CPPM-600x400.jpg","woocommerce_single-width":600,"woocommerce_single-height":400,"woocommerce_gallery_thumbnail":"https:\/\/eamt.ee\/wp-content\/uploads\/2025\/08\/Avery-Gerhardt-Southern-Drawl.-Rehearsal-photo-3.-Photographer-Kalev-Lilleorg-CPPM-100x100.jpg","woocommerce_gallery_thumbnail-width":100,"woocommerce_gallery_thumbnail-height":100}},{"ID":57563,"id":57563,"title":"Avery Gerhardt \u201cSouthern Drawl\u201d. Rehearsal photo 2. Photographer Kalev Lilleorg (CPPM)","filename":"Avery-Gerhardt-Southern-Drawl.-Rehearsal-photo-2.-Photographer-Kalev-Lilleorg-CPPM.jpg","filesize":152385,"url":"https:\/\/eamt.ee\/wp-content\/uploads\/2025\/08\/Avery-Gerhardt-Southern-Drawl.-Rehearsal-photo-2.-Photographer-Kalev-Lilleorg-CPPM.jpg","link":"https:\/\/eamt.ee\/en\/projects\/labu-episode-4-ana-trif-charis-tapin\/avery-gerhardt-southern-drawl-rehearsal-photo-2-photographer-kalev-lilleorg-cppm\/","alt":"","author":"23","description":"","caption":"","name":"avery-gerhardt-southern-drawl-rehearsal-photo-2-photographer-kalev-lilleorg-cppm","status":"inherit","uploaded_to":57454,"date":"2025-08-06 13:39:54","modified":"2025-08-06 13:39:54","menu_order":0,"mime_type":"image\/jpeg","type":"image","subtype":"jpeg","icon":"https:\/\/eamt.ee\/wp-includes\/images\/media\/default.png","width":2072,"height":1382,"sizes":{"thumbnail":"https:\/\/eamt.ee\/wp-content\/uploads\/2025\/08\/Avery-Gerhardt-Southern-Drawl.-Rehearsal-photo-2.-Photographer-Kalev-Lilleorg-CPPM-150x150.jpg","thumbnail-width":150,"thumbnail-height":150,"medium":"https:\/\/eamt.ee\/wp-content\/uploads\/2025\/08\/Avery-Gerhardt-Southern-Drawl.-Rehearsal-photo-2.-Photographer-Kalev-Lilleorg-CPPM-300x200.jpg","medium-width":300,"medium-height":200,"medium_large":"https:\/\/eamt.ee\/wp-content\/uploads\/2025\/08\/Avery-Gerhardt-Southern-Drawl.-Rehearsal-photo-2.-Photographer-Kalev-Lilleorg-CPPM-768x512.jpg","medium_large-width":768,"medium_large-height":512,"large":"https:\/\/eamt.ee\/wp-content\/uploads\/2025\/08\/Avery-Gerhardt-Southern-Drawl.-Rehearsal-photo-2.-Photographer-Kalev-Lilleorg-CPPM-1024x683.jpg","large-width":1024,"large-height":683,"1536x1536":"https:\/\/eamt.ee\/wp-content\/uploads\/2025\/08\/Avery-Gerhardt-Southern-Drawl.-Rehearsal-photo-2.-Photographer-Kalev-Lilleorg-CPPM-1536x1024.jpg","1536x1536-width":1536,"1536x1536-height":1024,"2048x2048":"https:\/\/eamt.ee\/wp-content\/uploads\/2025\/08\/Avery-Gerhardt-Southern-Drawl.-Rehearsal-photo-2.-Photographer-Kalev-Lilleorg-CPPM-2048x1366.jpg","2048x2048-width":2048,"2048x2048-height":1366,"640px":"https:\/\/eamt.ee\/wp-content\/uploads\/2025\/08\/Avery-Gerhardt-Southern-Drawl.-Rehearsal-photo-2.-Photographer-Kalev-Lilleorg-CPPM-640x427.jpg","640px-width":640,"640px-height":427,"768px":"https:\/\/eamt.ee\/wp-content\/uploads\/2025\/08\/Avery-Gerhardt-Southern-Drawl.-Rehearsal-photo-2.-Photographer-Kalev-Lilleorg-CPPM-768x512.jpg","768px-width":768,"768px-height":512,"1024px":"https:\/\/eamt.ee\/wp-content\/uploads\/2025\/08\/Avery-Gerhardt-Southern-Drawl.-Rehearsal-photo-2.-Photographer-Kalev-Lilleorg-CPPM-1024x683.jpg","1024px-width":1024,"1024px-height":683,"1280px":"https:\/\/eamt.ee\/wp-content\/uploads\/2025\/08\/Avery-Gerhardt-Southern-Drawl.-Rehearsal-photo-2.-Photographer-Kalev-Lilleorg-CPPM-1280x854.jpg","1280px-width":1280,"1280px-height":854,"1366px":"https:\/\/eamt.ee\/wp-content\/uploads\/2025\/08\/Avery-Gerhardt-Southern-Drawl.-Rehearsal-photo-2.-Photographer-Kalev-Lilleorg-CPPM-1366x911.jpg","1366px-width":1366,"1366px-height":911,"1600px":"https:\/\/eamt.ee\/wp-content\/uploads\/2025\/08\/Avery-Gerhardt-Southern-Drawl.-Rehearsal-photo-2.-Photographer-Kalev-Lilleorg-CPPM-1600x1067.jpg","1600px-width":1600,"1600px-height":1067,"1920px":"https:\/\/eamt.ee\/wp-content\/uploads\/2025\/08\/Avery-Gerhardt-Southern-Drawl.-Rehearsal-photo-2.-Photographer-Kalev-Lilleorg-CPPM-1920x1281.jpg","1920px-width":1920,"1920px-height":1281,"2400px":"https:\/\/eamt.ee\/wp-content\/uploads\/2025\/08\/Avery-Gerhardt-Southern-Drawl.-Rehearsal-photo-2.-Photographer-Kalev-Lilleorg-CPPM.jpg","2400px-width":2072,"2400px-height":1382,"woocommerce_thumbnail":"https:\/\/eamt.ee\/wp-content\/uploads\/2025\/08\/Avery-Gerhardt-Southern-Drawl.-Rehearsal-photo-2.-Photographer-Kalev-Lilleorg-CPPM-415x415.jpg","woocommerce_thumbnail-width":415,"woocommerce_thumbnail-height":415,"woocommerce_single":"https:\/\/eamt.ee\/wp-content\/uploads\/2025\/08\/Avery-Gerhardt-Southern-Drawl.-Rehearsal-photo-2.-Photographer-Kalev-Lilleorg-CPPM-600x400.jpg","woocommerce_single-width":600,"woocommerce_single-height":400,"woocommerce_gallery_thumbnail":"https:\/\/eamt.ee\/wp-content\/uploads\/2025\/08\/Avery-Gerhardt-Southern-Drawl.-Rehearsal-photo-2.-Photographer-Kalev-Lilleorg-CPPM-100x100.jpg","woocommerce_gallery_thumbnail-width":100,"woocommerce_gallery_thumbnail-height":100}},{"ID":57561,"id":57561,"title":"Avery Gerhardt \u201cSouthern Drawl\u201d. Rehearsal photo 1. Photographer Kalev Lilleorg (CPPM)","filename":"Avery-Gerhardt-Southern-Drawl.-Rehearsal-photo-1.-Photographer-Kalev-Lilleorg-CPPM.jpg","filesize":179593,"url":"https:\/\/eamt.ee\/wp-content\/uploads\/2025\/08\/Avery-Gerhardt-Southern-Drawl.-Rehearsal-photo-1.-Photographer-Kalev-Lilleorg-CPPM.jpg","link":"https:\/\/eamt.ee\/en\/projects\/labu-episode-4-ana-trif-charis-tapin\/avery-gerhardt-southern-drawl-rehearsal-photo-1-photographer-kalev-lilleorg-cppm\/","alt":"","author":"23","description":"","caption":"","name":"avery-gerhardt-southern-drawl-rehearsal-photo-1-photographer-kalev-lilleorg-cppm","status":"inherit","uploaded_to":57454,"date":"2025-08-06 13:39:48","modified":"2025-08-06 14:13:44","menu_order":0,"mime_type":"image\/jpeg","type":"image","subtype":"jpeg","icon":"https:\/\/eamt.ee\/wp-includes\/images\/media\/default.png","width":1026,"height":1538,"sizes":{"thumbnail":"https:\/\/eamt.ee\/wp-content\/uploads\/2025\/08\/Avery-Gerhardt-Southern-Drawl.-Rehearsal-photo-1.-Photographer-Kalev-Lilleorg-CPPM-150x150.jpg","thumbnail-width":150,"thumbnail-height":150,"medium":"https:\/\/eamt.ee\/wp-content\/uploads\/2025\/08\/Avery-Gerhardt-Southern-Drawl.-Rehearsal-photo-1.-Photographer-Kalev-Lilleorg-CPPM-200x300.jpg","medium-width":200,"medium-height":300,"medium_large":"https:\/\/eamt.ee\/wp-content\/uploads\/2025\/08\/Avery-Gerhardt-Southern-Drawl.-Rehearsal-photo-1.-Photographer-Kalev-Lilleorg-CPPM-768x1151.jpg","medium_large-width":768,"medium_large-height":1151,"large":"https:\/\/eamt.ee\/wp-content\/uploads\/2025\/08\/Avery-Gerhardt-Southern-Drawl.-Rehearsal-photo-1.-Photographer-Kalev-Lilleorg-CPPM-683x1024.jpg","large-width":683,"large-height":1024,"1536x1536":"https:\/\/eamt.ee\/wp-content\/uploads\/2025\/08\/Avery-Gerhardt-Southern-Drawl.-Rehearsal-photo-1.-Photographer-Kalev-Lilleorg-CPPM-1025x1536.jpg","1536x1536-width":1025,"1536x1536-height":1536,"2048x2048":"https:\/\/eamt.ee\/wp-content\/uploads\/2025\/08\/Avery-Gerhardt-Southern-Drawl.-Rehearsal-photo-1.-Photographer-Kalev-Lilleorg-CPPM.jpg","2048x2048-width":1026,"2048x2048-height":1538,"640px":"https:\/\/eamt.ee\/wp-content\/uploads\/2025\/08\/Avery-Gerhardt-Southern-Drawl.-Rehearsal-photo-1.-Photographer-Kalev-Lilleorg-CPPM-640x959.jpg","640px-width":640,"640px-height":959,"768px":"https:\/\/eamt.ee\/wp-content\/uploads\/2025\/08\/Avery-Gerhardt-Southern-Drawl.-Rehearsal-photo-1.-Photographer-Kalev-Lilleorg-CPPM-768x1151.jpg","768px-width":768,"768px-height":1151,"1024px":"https:\/\/eamt.ee\/wp-content\/uploads\/2025\/08\/Avery-Gerhardt-Southern-Drawl.-Rehearsal-photo-1.-Photographer-Kalev-Lilleorg-CPPM-1024x1535.jpg","1024px-width":1024,"1024px-height":1535,"1280px":"https:\/\/eamt.ee\/wp-content\/uploads\/2025\/08\/Avery-Gerhardt-Southern-Drawl.-Rehearsal-photo-1.-Photographer-Kalev-Lilleorg-CPPM.jpg","1280px-width":1026,"1280px-height":1538,"1366px":"https:\/\/eamt.ee\/wp-content\/uploads\/2025\/08\/Avery-Gerhardt-Southern-Drawl.-Rehearsal-photo-1.-Photographer-Kalev-Lilleorg-CPPM.jpg","1366px-width":1026,"1366px-height":1538,"1600px":"https:\/\/eamt.ee\/wp-content\/uploads\/2025\/08\/Avery-Gerhardt-Southern-Drawl.-Rehearsal-photo-1.-Photographer-Kalev-Lilleorg-CPPM.jpg","1600px-width":1026,"1600px-height":1538,"1920px":"https:\/\/eamt.ee\/wp-content\/uploads\/2025\/08\/Avery-Gerhardt-Southern-Drawl.-Rehearsal-photo-1.-Photographer-Kalev-Lilleorg-CPPM.jpg","1920px-width":1026,"1920px-height":1538,"2400px":"https:\/\/eamt.ee\/wp-content\/uploads\/2025\/08\/Avery-Gerhardt-Southern-Drawl.-Rehearsal-photo-1.-Photographer-Kalev-Lilleorg-CPPM.jpg","2400px-width":1026,"2400px-height":1538,"woocommerce_thumbnail":"https:\/\/eamt.ee\/wp-content\/uploads\/2025\/08\/Avery-Gerhardt-Southern-Drawl.-Rehearsal-photo-1.-Photographer-Kalev-Lilleorg-CPPM-415x415.jpg","woocommerce_thumbnail-width":415,"woocommerce_thumbnail-height":415,"woocommerce_single":"https:\/\/eamt.ee\/wp-content\/uploads\/2025\/08\/Avery-Gerhardt-Southern-Drawl.-Rehearsal-photo-1.-Photographer-Kalev-Lilleorg-CPPM-600x899.jpg","woocommerce_single-width":600,"woocommerce_single-height":899,"woocommerce_gallery_thumbnail":"https:\/\/eamt.ee\/wp-content\/uploads\/2025\/08\/Avery-Gerhardt-Southern-Drawl.-Rehearsal-photo-1.-Photographer-Kalev-Lilleorg-CPPM-100x100.jpg","woocommerce_gallery_thumbnail-width":100,"woocommerce_gallery_thumbnail-height":100}}]},{"acf_fc_layout":"nupud","buttons":[{"button_text":"BUY TICKETS HERE","button_url":"https:\/\/piletikeskus.ee\/en\/search?q=cppm","button_color":"pink","new_tab":true},{"button_text":"EXPLORE THE FULL FESTIVAL PROGRAMME","button_url":"http:\/\/www.cppm.ee\/","button_color":"bright-blue","new_tab":true}]},{"acf_fc_layout":"tekstikast","page_text":""},{"acf_fc_layout":"pilt","page_image":{"ID":57582,"id":57582,"title":"Juuli Hyttinen \u201cCrab cage\u201d. Rehearsal photo 3. Photographer Kalev Lilleorg (CPPM).jpg","filename":"Juuli-Hyttinen-Crab-cage.-Rehearsal-photo-3.-Photographer-Kalev-Lilleorg-CPPM.jpg.jpg","filesize":1221812,"url":"https:\/\/eamt.ee\/wp-content\/uploads\/2025\/08\/Juuli-Hyttinen-Crab-cage.-Rehearsal-photo-3.-Photographer-Kalev-Lilleorg-CPPM.jpg.jpg","link":"https:\/\/eamt.ee\/en\/projects\/labu-episode-5-avery-gerhardt-juuli-hyttinen\/juuli-hyttinen-crab-cage-rehearsal-photo-3-photographer-kalev-lilleorg-cppm-jpg\/","alt":"","author":"23","description":"","caption":"","name":"juuli-hyttinen-crab-cage-rehearsal-photo-3-photographer-kalev-lilleorg-cppm-jpg","status":"inherit","uploaded_to":57575,"date":"2025-08-06 14:24:06","modified":"2025-08-06 14:28:13","menu_order":0,"mime_type":"image\/jpeg","type":"image","subtype":"jpeg","icon":"https:\/\/eamt.ee\/wp-includes\/images\/media\/default.png","width":2121,"height":1414,"sizes":{"thumbnail":"https:\/\/eamt.ee\/wp-content\/uploads\/2025\/08\/Juuli-Hyttinen-Crab-cage.-Rehearsal-photo-3.-Photographer-Kalev-Lilleorg-CPPM.jpg-150x150.jpg","thumbnail-width":150,"thumbnail-height":150,"medium":"https:\/\/eamt.ee\/wp-content\/uploads\/2025\/08\/Juuli-Hyttinen-Crab-cage.-Rehearsal-photo-3.-Photographer-Kalev-Lilleorg-CPPM.jpg-300x200.jpg","medium-width":300,"medium-height":200,"medium_large":"https:\/\/eamt.ee\/wp-content\/uploads\/2025\/08\/Juuli-Hyttinen-Crab-cage.-Rehearsal-photo-3.-Photographer-Kalev-Lilleorg-CPPM.jpg-768x512.jpg","medium_large-width":768,"medium_large-height":512,"large":"https:\/\/eamt.ee\/wp-content\/uploads\/2025\/08\/Juuli-Hyttinen-Crab-cage.-Rehearsal-photo-3.-Photographer-Kalev-Lilleorg-CPPM.jpg-1024x683.jpg","large-width":1024,"large-height":683,"1536x1536":"https:\/\/eamt.ee\/wp-content\/uploads\/2025\/08\/Juuli-Hyttinen-Crab-cage.-Rehearsal-photo-3.-Photographer-Kalev-Lilleorg-CPPM.jpg-1536x1024.jpg","1536x1536-width":1536,"1536x1536-height":1024,"2048x2048":"https:\/\/eamt.ee\/wp-content\/uploads\/2025\/08\/Juuli-Hyttinen-Crab-cage.-Rehearsal-photo-3.-Photographer-Kalev-Lilleorg-CPPM.jpg-2048x1365.jpg","2048x2048-width":2048,"2048x2048-height":1365,"640px":"https:\/\/eamt.ee\/wp-content\/uploads\/2025\/08\/Juuli-Hyttinen-Crab-cage.-Rehearsal-photo-3.-Photographer-Kalev-Lilleorg-CPPM.jpg-640x427.jpg","640px-width":640,"640px-height":427,"768px":"https:\/\/eamt.ee\/wp-content\/uploads\/2025\/08\/Juuli-Hyttinen-Crab-cage.-Rehearsal-photo-3.-Photographer-Kalev-Lilleorg-CPPM.jpg-768x512.jpg","768px-width":768,"768px-height":512,"1024px":"https:\/\/eamt.ee\/wp-content\/uploads\/2025\/08\/Juuli-Hyttinen-Crab-cage.-Rehearsal-photo-3.-Photographer-Kalev-Lilleorg-CPPM.jpg-1024x683.jpg","1024px-width":1024,"1024px-height":683,"1280px":"https:\/\/eamt.ee\/wp-content\/uploads\/2025\/08\/Juuli-Hyttinen-Crab-cage.-Rehearsal-photo-3.-Photographer-Kalev-Lilleorg-CPPM.jpg-1280x853.jpg","1280px-width":1280,"1280px-height":853,"1366px":"https:\/\/eamt.ee\/wp-content\/uploads\/2025\/08\/Juuli-Hyttinen-Crab-cage.-Rehearsal-photo-3.-Photographer-Kalev-Lilleorg-CPPM.jpg-1366x911.jpg","1366px-width":1366,"1366px-height":911,"1600px":"https:\/\/eamt.ee\/wp-content\/uploads\/2025\/08\/Juuli-Hyttinen-Crab-cage.-Rehearsal-photo-3.-Photographer-Kalev-Lilleorg-CPPM.jpg-1600x1067.jpg","1600px-width":1600,"1600px-height":1067,"1920px":"https:\/\/eamt.ee\/wp-content\/uploads\/2025\/08\/Juuli-Hyttinen-Crab-cage.-Rehearsal-photo-3.-Photographer-Kalev-Lilleorg-CPPM.jpg-1920x1280.jpg","1920px-width":1920,"1920px-height":1280,"2400px":"https:\/\/eamt.ee\/wp-content\/uploads\/2025\/08\/Juuli-Hyttinen-Crab-cage.-Rehearsal-photo-3.-Photographer-Kalev-Lilleorg-CPPM.jpg.jpg","2400px-width":2121,"2400px-height":1414,"woocommerce_thumbnail":"https:\/\/eamt.ee\/wp-content\/uploads\/2025\/08\/Juuli-Hyttinen-Crab-cage.-Rehearsal-photo-3.-Photographer-Kalev-Lilleorg-CPPM.jpg-415x415.jpg","woocommerce_thumbnail-width":415,"woocommerce_thumbnail-height":415,"woocommerce_single":"https:\/\/eamt.ee\/wp-content\/uploads\/2025\/08\/Juuli-Hyttinen-Crab-cage.-Rehearsal-photo-3.-Photographer-Kalev-Lilleorg-CPPM.jpg-600x400.jpg","woocommerce_single-width":600,"woocommerce_single-height":400,"woocommerce_gallery_thumbnail":"https:\/\/eamt.ee\/wp-content\/uploads\/2025\/08\/Juuli-Hyttinen-Crab-cage.-Rehearsal-photo-3.-Photographer-Kalev-Lilleorg-CPPM.jpg-100x100.jpg","woocommerce_gallery_thumbnail-width":100,"woocommerce_gallery_thumbnail-height":100}},"is_full_image":false},{"acf_fc_layout":"tekstikast","page_text":"<h1 style=\"text-align: center;\">Crab Cage<\/h1>\n<p style=\"text-align: center;\">by<\/p>\n<p style=\"text-align: center;\"><strong>JUULI HYTTINEN<\/strong><br \/>\nFinland<\/p>\n<p>&nbsp;<\/p>\n<p style=\"text-align: center;\">Author and performer: <strong>JUULI HYTTINEN<\/strong><br \/>\nSound design: <strong>VAIDA VOVERE<\/strong><br \/>\nScenography: <strong>RIIN MAIDE<br \/>\n<\/strong>Video: <b>D\u0100RTA URBANOVI\u010cA<\/b><br \/>\nLighting design: <strong>ROMMI RUTTAS<\/strong> and <strong>LEON ALLIK<\/strong><br \/>\nTechnical support: <strong>EDWARD SKAINES<\/strong><br \/>\nDramaturgical support: <strong>RINGA AARIMO, SANDRA K\u00dcPPER<\/strong> and <strong>GIACOMO VERONESI<\/strong><br \/>\nProducers: <strong>J\u00dcRI NAEL<\/strong> and <strong>ANNIKA \u00dcPRUS<\/strong><br \/>\nThank you: <strong>Vaida Vovere, Joonas Purastie, S\u00e4il\u00e4tt\u00e4ret <\/strong>and <strong>CPPM cohort<\/strong><br \/>\nProduction: <strong>CPPM | Estonian Academy of Music and Theatre<\/strong><br \/>\n<strong>Premiere: 13 September 2025 Kanuti Gildi SAAL<\/strong><\/p>\n<p>&nbsp;<\/p>\n<p style=\"text-align: left;\">The human wears the skin, but what if the skin is wearing the human?<\/p>\n<p style=\"text-align: left;\">Crab cage moves inside a body in constant alert, a body whose fragile surface no longer protects. It brings forth the never-ending itch and the quiet shame of being visibly uncomfortable. It gives shape to an invisible condition that isolates, exhausts, and wears down both body and mind.<\/p>\n<p style=\"text-align: left;\">The performance moves through the delicate landscape of fragile skin, tracing the silent marks of discomfort. Combining physical theatre, object manipulation, movement, and music, the piece transforms irritation and invisibility into presence and encounter \u2014 allowing space for absurdity and irony to flicker through the cracks.<\/p>\n"},{"acf_fc_layout":"pilt","page_image":{"ID":57584,"id":57584,"title":"Juuli Hyttinen. Portrait. Photographer Joonas Purastie","filename":"Juuli-Hyttinen.-Portrait.-Photographer-Joonas-Purastie-e1754490408134.jpg","filesize":210494,"url":"https:\/\/eamt.ee\/wp-content\/uploads\/2025\/08\/Juuli-Hyttinen.-Portrait.-Photographer-Joonas-Purastie-e1754490408134.jpg","link":"https:\/\/eamt.ee\/en\/projects\/labu-episode-5-avery-gerhardt-juuli-hyttinen\/juuli-hyttinen-portrait-photographer-joonas-purastie\/","alt":"","author":"23","description":"","caption":"","name":"juuli-hyttinen-portrait-photographer-joonas-purastie","status":"inherit","uploaded_to":57575,"date":"2025-08-06 14:24:18","modified":"2025-08-06 14:24:18","menu_order":0,"mime_type":"image\/jpeg","type":"image","subtype":"jpeg","icon":"https:\/\/eamt.ee\/wp-includes\/images\/media\/default.png","width":1414,"height":1057,"sizes":{"thumbnail":"https:\/\/eamt.ee\/wp-content\/uploads\/2025\/08\/Juuli-Hyttinen.-Portrait.-Photographer-Joonas-Purastie-e1754490408134-150x150.jpg","thumbnail-width":150,"thumbnail-height":150,"medium":"https:\/\/eamt.ee\/wp-content\/uploads\/2025\/08\/Juuli-Hyttinen.-Portrait.-Photographer-Joonas-Purastie-e1754490408134-300x224.jpg","medium-width":300,"medium-height":224,"medium_large":"https:\/\/eamt.ee\/wp-content\/uploads\/2025\/08\/Juuli-Hyttinen.-Portrait.-Photographer-Joonas-Purastie-e1754490408134-768x574.jpg","medium_large-width":768,"medium_large-height":574,"large":"https:\/\/eamt.ee\/wp-content\/uploads\/2025\/08\/Juuli-Hyttinen.-Portrait.-Photographer-Joonas-Purastie-e1754490408134-1024x765.jpg","large-width":1024,"large-height":765,"1536x1536":"https:\/\/eamt.ee\/wp-content\/uploads\/2025\/08\/Juuli-Hyttinen.-Portrait.-Photographer-Joonas-Purastie-1024x1536.jpg","1536x1536-width":1024,"1536x1536-height":1536,"2048x2048":"https:\/\/eamt.ee\/wp-content\/uploads\/2025\/08\/Juuli-Hyttinen.-Portrait.-Photographer-Joonas-Purastie-1365x2048.jpg","2048x2048-width":1365,"2048x2048-height":2048,"640px":"https:\/\/eamt.ee\/wp-content\/uploads\/2025\/08\/Juuli-Hyttinen.-Portrait.-Photographer-Joonas-Purastie-e1754490408134-640x478.jpg","640px-width":640,"640px-height":478,"768px":"https:\/\/eamt.ee\/wp-content\/uploads\/2025\/08\/Juuli-Hyttinen.-Portrait.-Photographer-Joonas-Purastie-e1754490408134-768x574.jpg","768px-width":768,"768px-height":574,"1024px":"https:\/\/eamt.ee\/wp-content\/uploads\/2025\/08\/Juuli-Hyttinen.-Portrait.-Photographer-Joonas-Purastie-e1754490408134-1024x765.jpg","1024px-width":1024,"1024px-height":765,"1280px":"https:\/\/eamt.ee\/wp-content\/uploads\/2025\/08\/Juuli-Hyttinen.-Portrait.-Photographer-Joonas-Purastie-e1754490408134-1280x957.jpg","1280px-width":1280,"1280px-height":957,"1366px":"https:\/\/eamt.ee\/wp-content\/uploads\/2025\/08\/Juuli-Hyttinen.-Portrait.-Photographer-Joonas-Purastie-e1754490408134-1366x1021.jpg","1366px-width":1366,"1366px-height":1021,"1600px":"https:\/\/eamt.ee\/wp-content\/uploads\/2025\/08\/Juuli-Hyttinen.-Portrait.-Photographer-Joonas-Purastie-e1754490408134.jpg","1600px-width":1414,"1600px-height":1057,"1920px":"https:\/\/eamt.ee\/wp-content\/uploads\/2025\/08\/Juuli-Hyttinen.-Portrait.-Photographer-Joonas-Purastie-e1754490408134.jpg","1920px-width":1414,"1920px-height":1057,"2400px":"https:\/\/eamt.ee\/wp-content\/uploads\/2025\/08\/Juuli-Hyttinen.-Portrait.-Photographer-Joonas-Purastie-e1754490408134.jpg","2400px-width":1414,"2400px-height":1057,"woocommerce_thumbnail":"https:\/\/eamt.ee\/wp-content\/uploads\/2025\/08\/Juuli-Hyttinen.-Portrait.-Photographer-Joonas-Purastie-e1754490408134-415x415.jpg","woocommerce_thumbnail-width":415,"woocommerce_thumbnail-height":415,"woocommerce_single":"https:\/\/eamt.ee\/wp-content\/uploads\/2025\/08\/Juuli-Hyttinen.-Portrait.-Photographer-Joonas-Purastie-e1754490408134-600x449.jpg","woocommerce_single-width":600,"woocommerce_single-height":449,"woocommerce_gallery_thumbnail":"https:\/\/eamt.ee\/wp-content\/uploads\/2025\/08\/Juuli-Hyttinen.-Portrait.-Photographer-Joonas-Purastie-e1754490408134-100x100.jpg","woocommerce_gallery_thumbnail-width":100,"woocommerce_gallery_thumbnail-height":100}},"is_full_image":false},{"acf_fc_layout":"tekstikast","page_text":"<h3>Juuli Hyttinen<\/h3>\n<hr \/>\n<p><a href=\"https:\/\/eamt.ee\/en\/student\/juuli-hyttinen-finland\/\" target=\"_blank\" rel=\"noopener\">Juuli Hyttinen<\/a> is a performing artist with a background in musical theatre. Through a dialogue between music, movement, and storytelling, her work explores the edges of genre and structure, creating space for unexpected moments and honest emotion.<\/p>\n<p>&nbsp;<\/p>\n<h3>Vaida Vovere<\/h3>\n<hr \/>\n<p>Vaida Vovere is a poet, songwriter and composer with a background as a musical theatre performer. Her work focuses on the meeting point of contemporary academic music and theatre music. Work on Crab Cage has been an exploration of viscerality and audial discomfort.<\/p>\n"},{"acf_fc_layout":"galerii","images":[{"ID":57582,"id":57582,"title":"Juuli Hyttinen \u201cCrab cage\u201d. Rehearsal photo 3. Photographer Kalev Lilleorg (CPPM).jpg","filename":"Juuli-Hyttinen-Crab-cage.-Rehearsal-photo-3.-Photographer-Kalev-Lilleorg-CPPM.jpg.jpg","filesize":1221812,"url":"https:\/\/eamt.ee\/wp-content\/uploads\/2025\/08\/Juuli-Hyttinen-Crab-cage.-Rehearsal-photo-3.-Photographer-Kalev-Lilleorg-CPPM.jpg.jpg","link":"https:\/\/eamt.ee\/en\/projects\/labu-episode-5-avery-gerhardt-juuli-hyttinen\/juuli-hyttinen-crab-cage-rehearsal-photo-3-photographer-kalev-lilleorg-cppm-jpg\/","alt":"","author":"23","description":"","caption":"","name":"juuli-hyttinen-crab-cage-rehearsal-photo-3-photographer-kalev-lilleorg-cppm-jpg","status":"inherit","uploaded_to":57575,"date":"2025-08-06 14:24:06","modified":"2025-08-06 14:28:13","menu_order":0,"mime_type":"image\/jpeg","type":"image","subtype":"jpeg","icon":"https:\/\/eamt.ee\/wp-includes\/images\/media\/default.png","width":2121,"height":1414,"sizes":{"thumbnail":"https:\/\/eamt.ee\/wp-content\/uploads\/2025\/08\/Juuli-Hyttinen-Crab-cage.-Rehearsal-photo-3.-Photographer-Kalev-Lilleorg-CPPM.jpg-150x150.jpg","thumbnail-width":150,"thumbnail-height":150,"medium":"https:\/\/eamt.ee\/wp-content\/uploads\/2025\/08\/Juuli-Hyttinen-Crab-cage.-Rehearsal-photo-3.-Photographer-Kalev-Lilleorg-CPPM.jpg-300x200.jpg","medium-width":300,"medium-height":200,"medium_large":"https:\/\/eamt.ee\/wp-content\/uploads\/2025\/08\/Juuli-Hyttinen-Crab-cage.-Rehearsal-photo-3.-Photographer-Kalev-Lilleorg-CPPM.jpg-768x512.jpg","medium_large-width":768,"medium_large-height":512,"large":"https:\/\/eamt.ee\/wp-content\/uploads\/2025\/08\/Juuli-Hyttinen-Crab-cage.-Rehearsal-photo-3.-Photographer-Kalev-Lilleorg-CPPM.jpg-1024x683.jpg","large-width":1024,"large-height":683,"1536x1536":"https:\/\/eamt.ee\/wp-content\/uploads\/2025\/08\/Juuli-Hyttinen-Crab-cage.-Rehearsal-photo-3.-Photographer-Kalev-Lilleorg-CPPM.jpg-1536x1024.jpg","1536x1536-width":1536,"1536x1536-height":1024,"2048x2048":"https:\/\/eamt.ee\/wp-content\/uploads\/2025\/08\/Juuli-Hyttinen-Crab-cage.-Rehearsal-photo-3.-Photographer-Kalev-Lilleorg-CPPM.jpg-2048x1365.jpg","2048x2048-width":2048,"2048x2048-height":1365,"640px":"https:\/\/eamt.ee\/wp-content\/uploads\/2025\/08\/Juuli-Hyttinen-Crab-cage.-Rehearsal-photo-3.-Photographer-Kalev-Lilleorg-CPPM.jpg-640x427.jpg","640px-width":640,"640px-height":427,"768px":"https:\/\/eamt.ee\/wp-content\/uploads\/2025\/08\/Juuli-Hyttinen-Crab-cage.-Rehearsal-photo-3.-Photographer-Kalev-Lilleorg-CPPM.jpg-768x512.jpg","768px-width":768,"768px-height":512,"1024px":"https:\/\/eamt.ee\/wp-content\/uploads\/2025\/08\/Juuli-Hyttinen-Crab-cage.-Rehearsal-photo-3.-Photographer-Kalev-Lilleorg-CPPM.jpg-1024x683.jpg","1024px-width":1024,"1024px-height":683,"1280px":"https:\/\/eamt.ee\/wp-content\/uploads\/2025\/08\/Juuli-Hyttinen-Crab-cage.-Rehearsal-photo-3.-Photographer-Kalev-Lilleorg-CPPM.jpg-1280x853.jpg","1280px-width":1280,"1280px-height":853,"1366px":"https:\/\/eamt.ee\/wp-content\/uploads\/2025\/08\/Juuli-Hyttinen-Crab-cage.-Rehearsal-photo-3.-Photographer-Kalev-Lilleorg-CPPM.jpg-1366x911.jpg","1366px-width":1366,"1366px-height":911,"1600px":"https:\/\/eamt.ee\/wp-content\/uploads\/2025\/08\/Juuli-Hyttinen-Crab-cage.-Rehearsal-photo-3.-Photographer-Kalev-Lilleorg-CPPM.jpg-1600x1067.jpg","1600px-width":1600,"1600px-height":1067,"1920px":"https:\/\/eamt.ee\/wp-content\/uploads\/2025\/08\/Juuli-Hyttinen-Crab-cage.-Rehearsal-photo-3.-Photographer-Kalev-Lilleorg-CPPM.jpg-1920x1280.jpg","1920px-width":1920,"1920px-height":1280,"2400px":"https:\/\/eamt.ee\/wp-content\/uploads\/2025\/08\/Juuli-Hyttinen-Crab-cage.-Rehearsal-photo-3.-Photographer-Kalev-Lilleorg-CPPM.jpg.jpg","2400px-width":2121,"2400px-height":1414,"woocommerce_thumbnail":"https:\/\/eamt.ee\/wp-content\/uploads\/2025\/08\/Juuli-Hyttinen-Crab-cage.-Rehearsal-photo-3.-Photographer-Kalev-Lilleorg-CPPM.jpg-415x415.jpg","woocommerce_thumbnail-width":415,"woocommerce_thumbnail-height":415,"woocommerce_single":"https:\/\/eamt.ee\/wp-content\/uploads\/2025\/08\/Juuli-Hyttinen-Crab-cage.-Rehearsal-photo-3.-Photographer-Kalev-Lilleorg-CPPM.jpg-600x400.jpg","woocommerce_single-width":600,"woocommerce_single-height":400,"woocommerce_gallery_thumbnail":"https:\/\/eamt.ee\/wp-content\/uploads\/2025\/08\/Juuli-Hyttinen-Crab-cage.-Rehearsal-photo-3.-Photographer-Kalev-Lilleorg-CPPM.jpg-100x100.jpg","woocommerce_gallery_thumbnail-width":100,"woocommerce_gallery_thumbnail-height":100}},{"ID":57580,"id":57580,"title":"Juuli Hyttinen \u201cCrab cage\u201d. Rehearsal photo 2. Photographer Kalev Lilleorg (CPPM).jpg","filename":"Juuli-Hyttinen-Crab-cage.-Rehearsal-photo-2.-Photographer-Kalev-Lilleorg-CPPM.jpg.jpg","filesize":1376739,"url":"https:\/\/eamt.ee\/wp-content\/uploads\/2025\/08\/Juuli-Hyttinen-Crab-cage.-Rehearsal-photo-2.-Photographer-Kalev-Lilleorg-CPPM.jpg.jpg","link":"https:\/\/eamt.ee\/en\/projects\/labu-episode-5-avery-gerhardt-juuli-hyttinen\/juuli-hyttinen-crab-cage-rehearsal-photo-2-photographer-kalev-lilleorg-cppm-jpg\/","alt":"","author":"23","description":"","caption":"","name":"juuli-hyttinen-crab-cage-rehearsal-photo-2-photographer-kalev-lilleorg-cppm-jpg","status":"inherit","uploaded_to":57575,"date":"2025-08-06 14:23:50","modified":"2025-08-14 11:02:32","menu_order":0,"mime_type":"image\/jpeg","type":"image","subtype":"jpeg","icon":"https:\/\/eamt.ee\/wp-includes\/images\/media\/default.png","width":1414,"height":2121,"sizes":{"thumbnail":"https:\/\/eamt.ee\/wp-content\/uploads\/2025\/08\/Juuli-Hyttinen-Crab-cage.-Rehearsal-photo-2.-Photographer-Kalev-Lilleorg-CPPM.jpg-150x150.jpg","thumbnail-width":150,"thumbnail-height":150,"medium":"https:\/\/eamt.ee\/wp-content\/uploads\/2025\/08\/Juuli-Hyttinen-Crab-cage.-Rehearsal-photo-2.-Photographer-Kalev-Lilleorg-CPPM.jpg-200x300.jpg","medium-width":200,"medium-height":300,"medium_large":"https:\/\/eamt.ee\/wp-content\/uploads\/2025\/08\/Juuli-Hyttinen-Crab-cage.-Rehearsal-photo-2.-Photographer-Kalev-Lilleorg-CPPM.jpg-768x1152.jpg","medium_large-width":768,"medium_large-height":1152,"large":"https:\/\/eamt.ee\/wp-content\/uploads\/2025\/08\/Juuli-Hyttinen-Crab-cage.-Rehearsal-photo-2.-Photographer-Kalev-Lilleorg-CPPM.jpg-683x1024.jpg","large-width":683,"large-height":1024,"1536x1536":"https:\/\/eamt.ee\/wp-content\/uploads\/2025\/08\/Juuli-Hyttinen-Crab-cage.-Rehearsal-photo-2.-Photographer-Kalev-Lilleorg-CPPM.jpg-1024x1536.jpg","1536x1536-width":1024,"1536x1536-height":1536,"2048x2048":"https:\/\/eamt.ee\/wp-content\/uploads\/2025\/08\/Juuli-Hyttinen-Crab-cage.-Rehearsal-photo-2.-Photographer-Kalev-Lilleorg-CPPM.jpg-1365x2048.jpg","2048x2048-width":1365,"2048x2048-height":2048,"640px":"https:\/\/eamt.ee\/wp-content\/uploads\/2025\/08\/Juuli-Hyttinen-Crab-cage.-Rehearsal-photo-2.-Photographer-Kalev-Lilleorg-CPPM.jpg-640x960.jpg","640px-width":640,"640px-height":960,"768px":"https:\/\/eamt.ee\/wp-content\/uploads\/2025\/08\/Juuli-Hyttinen-Crab-cage.-Rehearsal-photo-2.-Photographer-Kalev-Lilleorg-CPPM.jpg-768x1152.jpg","768px-width":768,"768px-height":1152,"1024px":"https:\/\/eamt.ee\/wp-content\/uploads\/2025\/08\/Juuli-Hyttinen-Crab-cage.-Rehearsal-photo-2.-Photographer-Kalev-Lilleorg-CPPM.jpg-1024x1536.jpg","1024px-width":1024,"1024px-height":1536,"1280px":"https:\/\/eamt.ee\/wp-content\/uploads\/2025\/08\/Juuli-Hyttinen-Crab-cage.-Rehearsal-photo-2.-Photographer-Kalev-Lilleorg-CPPM.jpg-1280x1920.jpg","1280px-width":1280,"1280px-height":1920,"1366px":"https:\/\/eamt.ee\/wp-content\/uploads\/2025\/08\/Juuli-Hyttinen-Crab-cage.-Rehearsal-photo-2.-Photographer-Kalev-Lilleorg-CPPM.jpg-1366x2049.jpg","1366px-width":1366,"1366px-height":2049,"1600px":"https:\/\/eamt.ee\/wp-content\/uploads\/2025\/08\/Juuli-Hyttinen-Crab-cage.-Rehearsal-photo-2.-Photographer-Kalev-Lilleorg-CPPM.jpg.jpg","1600px-width":1414,"1600px-height":2121,"1920px":"https:\/\/eamt.ee\/wp-content\/uploads\/2025\/08\/Juuli-Hyttinen-Crab-cage.-Rehearsal-photo-2.-Photographer-Kalev-Lilleorg-CPPM.jpg.jpg","1920px-width":1414,"1920px-height":2121,"2400px":"https:\/\/eamt.ee\/wp-content\/uploads\/2025\/08\/Juuli-Hyttinen-Crab-cage.-Rehearsal-photo-2.-Photographer-Kalev-Lilleorg-CPPM.jpg.jpg","2400px-width":1414,"2400px-height":2121,"woocommerce_thumbnail":"https:\/\/eamt.ee\/wp-content\/uploads\/2025\/08\/Juuli-Hyttinen-Crab-cage.-Rehearsal-photo-2.-Photographer-Kalev-Lilleorg-CPPM.jpg-415x415.jpg","woocommerce_thumbnail-width":415,"woocommerce_thumbnail-height":415,"woocommerce_single":"https:\/\/eamt.ee\/wp-content\/uploads\/2025\/08\/Juuli-Hyttinen-Crab-cage.-Rehearsal-photo-2.-Photographer-Kalev-Lilleorg-CPPM.jpg-600x900.jpg","woocommerce_single-width":600,"woocommerce_single-height":900,"woocommerce_gallery_thumbnail":"https:\/\/eamt.ee\/wp-content\/uploads\/2025\/08\/Juuli-Hyttinen-Crab-cage.-Rehearsal-photo-2.-Photographer-Kalev-Lilleorg-CPPM.jpg-100x100.jpg","woocommerce_gallery_thumbnail-width":100,"woocommerce_gallery_thumbnail-height":100}},{"ID":57578,"id":57578,"title":"Juuli Hyttinen \u201cCrab cage\u201d. Rehearsal photo 1. Photographer Kalev Lilleorg (CPPM)","filename":"Juuli-Hyttinen-Crab-cage.-Rehearsal-photo-1.-Photographer-Kalev-Lilleorg-CPPM.jpg","filesize":1132781,"url":"https:\/\/eamt.ee\/wp-content\/uploads\/2025\/08\/Juuli-Hyttinen-Crab-cage.-Rehearsal-photo-1.-Photographer-Kalev-Lilleorg-CPPM.jpg","link":"https:\/\/eamt.ee\/en\/projects\/labu-episode-5-avery-gerhardt-juuli-hyttinen\/juuli-hyttinen-crab-cage-rehearsal-photo-1-photographer-kalev-lilleorg-cppm\/","alt":"","author":"23","description":"","caption":"","name":"juuli-hyttinen-crab-cage-rehearsal-photo-1-photographer-kalev-lilleorg-cppm","status":"inherit","uploaded_to":57575,"date":"2025-08-06 14:23:33","modified":"2025-08-06 16:54:06","menu_order":0,"mime_type":"image\/jpeg","type":"image","subtype":"jpeg","icon":"https:\/\/eamt.ee\/wp-includes\/images\/media\/default.png","width":1414,"height":2121,"sizes":{"thumbnail":"https:\/\/eamt.ee\/wp-content\/uploads\/2025\/08\/Juuli-Hyttinen-Crab-cage.-Rehearsal-photo-1.-Photographer-Kalev-Lilleorg-CPPM-150x150.jpg","thumbnail-width":150,"thumbnail-height":150,"medium":"https:\/\/eamt.ee\/wp-content\/uploads\/2025\/08\/Juuli-Hyttinen-Crab-cage.-Rehearsal-photo-1.-Photographer-Kalev-Lilleorg-CPPM-200x300.jpg","medium-width":200,"medium-height":300,"medium_large":"https:\/\/eamt.ee\/wp-content\/uploads\/2025\/08\/Juuli-Hyttinen-Crab-cage.-Rehearsal-photo-1.-Photographer-Kalev-Lilleorg-CPPM-768x1152.jpg","medium_large-width":768,"medium_large-height":1152,"large":"https:\/\/eamt.ee\/wp-content\/uploads\/2025\/08\/Juuli-Hyttinen-Crab-cage.-Rehearsal-photo-1.-Photographer-Kalev-Lilleorg-CPPM-683x1024.jpg","large-width":683,"large-height":1024,"1536x1536":"https:\/\/eamt.ee\/wp-content\/uploads\/2025\/08\/Juuli-Hyttinen-Crab-cage.-Rehearsal-photo-1.-Photographer-Kalev-Lilleorg-CPPM-1024x1536.jpg","1536x1536-width":1024,"1536x1536-height":1536,"2048x2048":"https:\/\/eamt.ee\/wp-content\/uploads\/2025\/08\/Juuli-Hyttinen-Crab-cage.-Rehearsal-photo-1.-Photographer-Kalev-Lilleorg-CPPM-1365x2048.jpg","2048x2048-width":1365,"2048x2048-height":2048,"640px":"https:\/\/eamt.ee\/wp-content\/uploads\/2025\/08\/Juuli-Hyttinen-Crab-cage.-Rehearsal-photo-1.-Photographer-Kalev-Lilleorg-CPPM-640x960.jpg","640px-width":640,"640px-height":960,"768px":"https:\/\/eamt.ee\/wp-content\/uploads\/2025\/08\/Juuli-Hyttinen-Crab-cage.-Rehearsal-photo-1.-Photographer-Kalev-Lilleorg-CPPM-768x1152.jpg","768px-width":768,"768px-height":1152,"1024px":"https:\/\/eamt.ee\/wp-content\/uploads\/2025\/08\/Juuli-Hyttinen-Crab-cage.-Rehearsal-photo-1.-Photographer-Kalev-Lilleorg-CPPM-1024x1536.jpg","1024px-width":1024,"1024px-height":1536,"1280px":"https:\/\/eamt.ee\/wp-content\/uploads\/2025\/08\/Juuli-Hyttinen-Crab-cage.-Rehearsal-photo-1.-Photographer-Kalev-Lilleorg-CPPM-1280x1920.jpg","1280px-width":1280,"1280px-height":1920,"1366px":"https:\/\/eamt.ee\/wp-content\/uploads\/2025\/08\/Juuli-Hyttinen-Crab-cage.-Rehearsal-photo-1.-Photographer-Kalev-Lilleorg-CPPM-1366x2049.jpg","1366px-width":1366,"1366px-height":2049,"1600px":"https:\/\/eamt.ee\/wp-content\/uploads\/2025\/08\/Juuli-Hyttinen-Crab-cage.-Rehearsal-photo-1.-Photographer-Kalev-Lilleorg-CPPM.jpg","1600px-width":1414,"1600px-height":2121,"1920px":"https:\/\/eamt.ee\/wp-content\/uploads\/2025\/08\/Juuli-Hyttinen-Crab-cage.-Rehearsal-photo-1.-Photographer-Kalev-Lilleorg-CPPM.jpg","1920px-width":1414,"1920px-height":2121,"2400px":"https:\/\/eamt.ee\/wp-content\/uploads\/2025\/08\/Juuli-Hyttinen-Crab-cage.-Rehearsal-photo-1.-Photographer-Kalev-Lilleorg-CPPM.jpg","2400px-width":1414,"2400px-height":2121,"woocommerce_thumbnail":"https:\/\/eamt.ee\/wp-content\/uploads\/2025\/08\/Juuli-Hyttinen-Crab-cage.-Rehearsal-photo-1.-Photographer-Kalev-Lilleorg-CPPM-415x415.jpg","woocommerce_thumbnail-width":415,"woocommerce_thumbnail-height":415,"woocommerce_single":"https:\/\/eamt.ee\/wp-content\/uploads\/2025\/08\/Juuli-Hyttinen-Crab-cage.-Rehearsal-photo-1.-Photographer-Kalev-Lilleorg-CPPM-600x900.jpg","woocommerce_single-width":600,"woocommerce_single-height":900,"woocommerce_gallery_thumbnail":"https:\/\/eamt.ee\/wp-content\/uploads\/2025\/08\/Juuli-Hyttinen-Crab-cage.-Rehearsal-photo-1.-Photographer-Kalev-Lilleorg-CPPM-100x100.jpg","woocommerce_gallery_thumbnail-width":100,"woocommerce_gallery_thumbnail-height":100}}]},{"acf_fc_layout":"nupud","buttons":[{"button_text":"BUY TICKETS HERE","button_url":"https:\/\/piletikeskus.ee\/en\/search?q=cppm","button_color":"pink","new_tab":true},{"button_text":"EXPLORE THE FULL FESTIVAL PROGRAMME","button_url":"http:\/\/www.cppm.ee\/","button_color":"bright-blue","new_tab":true}]},{"acf_fc_layout":"pilt","page_image":{"ID":57783,"id":57783,"title":"LABUvol2_2160x3840_ekraan","filename":"LABUvol2_2160x3840_ekraan-scaled.jpg","filesize":780132,"url":"https:\/\/eamt.ee\/wp-content\/uploads\/2025\/08\/LABUvol2_2160x3840_ekraan-scaled.jpg","link":"https:\/\/eamt.ee\/en\/projects\/labu-episode-3-daniel-ortiz-amezquita\/labuvol2_2160x3840_ekraan\/","alt":"","author":"23","description":"","caption":"","name":"labuvol2_2160x3840_ekraan","status":"inherit","uploaded_to":57437,"date":"2025-08-17 17:25:36","modified":"2025-08-17 17:44:29","menu_order":0,"mime_type":"image\/jpeg","type":"image","subtype":"jpeg","icon":"https:\/\/eamt.ee\/wp-includes\/images\/media\/default.png","width":1440,"height":2560,"sizes":{"thumbnail":"https:\/\/eamt.ee\/wp-content\/uploads\/2025\/08\/LABUvol2_2160x3840_ekraan-150x150.jpg","thumbnail-width":150,"thumbnail-height":150,"medium":"https:\/\/eamt.ee\/wp-content\/uploads\/2025\/08\/LABUvol2_2160x3840_ekraan-169x300.jpg","medium-width":169,"medium-height":300,"medium_large":"https:\/\/eamt.ee\/wp-content\/uploads\/2025\/08\/LABUvol2_2160x3840_ekraan-768x1365.jpg","medium_large-width":768,"medium_large-height":1365,"large":"https:\/\/eamt.ee\/wp-content\/uploads\/2025\/08\/LABUvol2_2160x3840_ekraan-576x1024.jpg","large-width":576,"large-height":1024,"1536x1536":"https:\/\/eamt.ee\/wp-content\/uploads\/2025\/08\/LABUvol2_2160x3840_ekraan-864x1536.jpg","1536x1536-width":864,"1536x1536-height":1536,"2048x2048":"https:\/\/eamt.ee\/wp-content\/uploads\/2025\/08\/LABUvol2_2160x3840_ekraan-1152x2048.jpg","2048x2048-width":1152,"2048x2048-height":2048,"640px":"https:\/\/eamt.ee\/wp-content\/uploads\/2025\/08\/LABUvol2_2160x3840_ekraan-640x1138.jpg","640px-width":640,"640px-height":1138,"768px":"https:\/\/eamt.ee\/wp-content\/uploads\/2025\/08\/LABUvol2_2160x3840_ekraan-768x1365.jpg","768px-width":768,"768px-height":1365,"1024px":"https:\/\/eamt.ee\/wp-content\/uploads\/2025\/08\/LABUvol2_2160x3840_ekraan-1024x1820.jpg","1024px-width":1024,"1024px-height":1820,"1280px":"https:\/\/eamt.ee\/wp-content\/uploads\/2025\/08\/LABUvol2_2160x3840_ekraan-1280x2276.jpg","1280px-width":1280,"1280px-height":2276,"1366px":"https:\/\/eamt.ee\/wp-content\/uploads\/2025\/08\/LABUvol2_2160x3840_ekraan-1366x2428.jpg","1366px-width":1366,"1366px-height":2428,"1600px":"https:\/\/eamt.ee\/wp-content\/uploads\/2025\/08\/LABUvol2_2160x3840_ekraan-1600x2844.jpg","1600px-width":1600,"1600px-height":2844,"1920px":"https:\/\/eamt.ee\/wp-content\/uploads\/2025\/08\/LABUvol2_2160x3840_ekraan-1920x3413.jpg","1920px-width":1920,"1920px-height":3413,"2400px":"https:\/\/eamt.ee\/wp-content\/uploads\/2025\/08\/LABUvol2_2160x3840_ekraan-scaled.jpg","2400px-width":1440,"2400px-height":2560,"woocommerce_thumbnail":"https:\/\/eamt.ee\/wp-content\/uploads\/2025\/08\/LABUvol2_2160x3840_ekraan-415x415.jpg","woocommerce_thumbnail-width":415,"woocommerce_thumbnail-height":415,"woocommerce_single":"https:\/\/eamt.ee\/wp-content\/uploads\/2025\/08\/LABUvol2_2160x3840_ekraan-600x1067.jpg","woocommerce_single-width":600,"woocommerce_single-height":1067,"woocommerce_gallery_thumbnail":"https:\/\/eamt.ee\/wp-content\/uploads\/2025\/08\/LABUvol2_2160x3840_ekraan-100x100.jpg","woocommerce_gallery_thumbnail-width":100,"woocommerce_gallery_thumbnail-height":100}},"is_full_image":true}]},"yoast_head":"<!-- This site is optimized with the Yoast SEO plugin v27.1.1 - https:\/\/yoast.com\/product\/yoast-seo-wordpress\/ -->\n<title>L\u00c4BU | EPISODE 5 | Avery Gerhardt | Juuli Hyttinen | Estonian Academy of Music and Theatre<\/title>\n<meta name=\"robots\" content=\"index, follow, max-snippet:-1, max-image-preview:large, max-video-preview:-1\" \/>\n<link rel=\"canonical\" href=\"https:\/\/eamt.ee\/en\/projects\/labu-episode-5-avery-gerhardt-juuli-hyttinen\/\" \/>\n<meta property=\"og:locale\" content=\"en_US\" \/>\n<meta property=\"og:type\" content=\"article\" \/>\n<meta property=\"og:title\" content=\"L\u00c4BU | EPISODE 5 | Avery Gerhardt | Juuli Hyttinen | Estonian Academy of Music and Theatre\" \/>\n<meta property=\"og:url\" content=\"https:\/\/eamt.ee\/en\/projects\/labu-episode-5-avery-gerhardt-juuli-hyttinen\/\" \/>\n<meta property=\"og:site_name\" content=\"Estonian Academy of Music and Theatre\" \/>\n<meta property=\"article:modified_time\" content=\"2025-08-17T17:37:15+00:00\" \/>\n<meta property=\"og:image\" content=\"https:\/\/eamt.ee\/wp-content\/uploads\/2020\/10\/R_K_9273.jpg\" \/>\n\t<meta property=\"og:image:width\" content=\"2500\" \/>\n\t<meta property=\"og:image:height\" content=\"1667\" \/>\n\t<meta property=\"og:image:type\" content=\"image\/jpeg\" \/>\n<meta name=\"twitter:card\" content=\"summary_large_image\" \/>\n<script type=\"application\/ld+json\" class=\"yoast-schema-graph\">{\"@context\":\"https:\/\/schema.org\",\"@graph\":[{\"@type\":\"WebPage\",\"@id\":\"https:\/\/eamt.ee\/en\/projects\/labu-episode-5-avery-gerhardt-juuli-hyttinen\/\",\"url\":\"https:\/\/eamt.ee\/en\/projects\/labu-episode-5-avery-gerhardt-juuli-hyttinen\/\",\"name\":\"L\u00c4BU | EPISODE 5 | Avery Gerhardt | Juuli Hyttinen | Estonian Academy of Music and Theatre\",\"isPartOf\":{\"@id\":\"https:\/\/eamt.ee\/en\/#website\"},\"datePublished\":\"2025-08-16T10:44:27+00:00\",\"dateModified\":\"2025-08-17T17:37:15+00:00\",\"breadcrumb\":{\"@id\":\"https:\/\/eamt.ee\/en\/projects\/labu-episode-5-avery-gerhardt-juuli-hyttinen\/#breadcrumb\"},\"inLanguage\":\"en-US\",\"potentialAction\":[{\"@type\":\"ReadAction\",\"target\":[\"https:\/\/eamt.ee\/en\/projects\/labu-episode-5-avery-gerhardt-juuli-hyttinen\/\"]}]},{\"@type\":\"BreadcrumbList\",\"@id\":\"https:\/\/eamt.ee\/en\/projects\/labu-episode-5-avery-gerhardt-juuli-hyttinen\/#breadcrumb\",\"itemListElement\":[{\"@type\":\"ListItem\",\"position\":1,\"name\":\"Home\",\"item\":\"https:\/\/eamt.ee\/en\/\"},{\"@type\":\"ListItem\",\"position\":2,\"name\":\"CPPM Projektid\",\"item\":\"https:\/\/eamt.ee\/en\/projects\/\"},{\"@type\":\"ListItem\",\"position\":3,\"name\":\"L\u00c4BU | EPISODE 5 | Avery Gerhardt | Juuli Hyttinen\"}]},{\"@type\":\"WebSite\",\"@id\":\"https:\/\/eamt.ee\/en\/#website\",\"url\":\"https:\/\/eamt.ee\/en\/\",\"name\":\"Estonian Academy of Music and Theatre\",\"description\":\"\",\"potentialAction\":[{\"@type\":\"SearchAction\",\"target\":{\"@type\":\"EntryPoint\",\"urlTemplate\":\"https:\/\/eamt.ee\/en\/?s={search_term_string}\"},\"query-input\":{\"@type\":\"PropertyValueSpecification\",\"valueRequired\":true,\"valueName\":\"search_term_string\"}}],\"inLanguage\":\"en-US\"}]}<\/script>\n<!-- \/ Yoast SEO plugin. -->","yoast_head_json":{"title":"L\u00c4BU | EPISODE 5 | Avery Gerhardt | Juuli Hyttinen | Estonian Academy of Music and Theatre","robots":{"index":"index","follow":"follow","max-snippet":"max-snippet:-1","max-image-preview":"max-image-preview:large","max-video-preview":"max-video-preview:-1"},"canonical":"https:\/\/eamt.ee\/en\/projects\/labu-episode-5-avery-gerhardt-juuli-hyttinen\/","og_locale":"en_US","og_type":"article","og_title":"L\u00c4BU | EPISODE 5 | Avery Gerhardt | Juuli Hyttinen | Estonian Academy of Music and Theatre","og_url":"https:\/\/eamt.ee\/en\/projects\/labu-episode-5-avery-gerhardt-juuli-hyttinen\/","og_site_name":"Estonian Academy of Music and Theatre","article_modified_time":"2025-08-17T17:37:15+00:00","og_image":[{"width":2500,"height":1667,"url":"https:\/\/eamt.ee\/wp-content\/uploads\/2020\/10\/R_K_9273.jpg","type":"image\/jpeg"}],"twitter_card":"summary_large_image","schema":{"@context":"https:\/\/schema.org","@graph":[{"@type":"WebPage","@id":"https:\/\/eamt.ee\/en\/projects\/labu-episode-5-avery-gerhardt-juuli-hyttinen\/","url":"https:\/\/eamt.ee\/en\/projects\/labu-episode-5-avery-gerhardt-juuli-hyttinen\/","name":"L\u00c4BU | EPISODE 5 | Avery Gerhardt | Juuli Hyttinen | Estonian Academy of Music and Theatre","isPartOf":{"@id":"https:\/\/eamt.ee\/en\/#website"},"datePublished":"2025-08-16T10:44:27+00:00","dateModified":"2025-08-17T17:37:15+00:00","breadcrumb":{"@id":"https:\/\/eamt.ee\/en\/projects\/labu-episode-5-avery-gerhardt-juuli-hyttinen\/#breadcrumb"},"inLanguage":"en-US","potentialAction":[{"@type":"ReadAction","target":["https:\/\/eamt.ee\/en\/projects\/labu-episode-5-avery-gerhardt-juuli-hyttinen\/"]}]},{"@type":"BreadcrumbList","@id":"https:\/\/eamt.ee\/en\/projects\/labu-episode-5-avery-gerhardt-juuli-hyttinen\/#breadcrumb","itemListElement":[{"@type":"ListItem","position":1,"name":"Home","item":"https:\/\/eamt.ee\/en\/"},{"@type":"ListItem","position":2,"name":"CPPM Projektid","item":"https:\/\/eamt.ee\/en\/projects\/"},{"@type":"ListItem","position":3,"name":"L\u00c4BU | EPISODE 5 | Avery Gerhardt | Juuli Hyttinen"}]},{"@type":"WebSite","@id":"https:\/\/eamt.ee\/en\/#website","url":"https:\/\/eamt.ee\/en\/","name":"Estonian Academy of Music and Theatre","description":"","potentialAction":[{"@type":"SearchAction","target":{"@type":"EntryPoint","urlTemplate":"https:\/\/eamt.ee\/en\/?s={search_term_string}"},"query-input":{"@type":"PropertyValueSpecification","valueRequired":true,"valueName":"search_term_string"}}],"inLanguage":"en-US"}]}},"_links":{"self":[{"href":"https:\/\/eamt.ee\/en\/wp-json\/wp\/v2\/cppm_projects\/57575","targetHints":{"allow":["GET"]}}],"collection":[{"href":"https:\/\/eamt.ee\/en\/wp-json\/wp\/v2\/cppm_projects"}],"about":[{"href":"https:\/\/eamt.ee\/en\/wp-json\/wp\/v2\/types\/cppm_projects"}],"wp:attachment":[{"href":"https:\/\/eamt.ee\/en\/wp-json\/wp\/v2\/media?parent=57575"}],"curies":[{"name":"wp","href":"https:\/\/api.w.org\/{rel}","templated":true}]}}