{"id":65098,"date":"2026-07-13T19:54:09","date_gmt":"2026-07-13T16:54:09","guid":{"rendered":"https:\/\/eamt.ee\/?post_type=cppm_projects&#038;p=65098"},"modified":"2026-08-30T20:05:52","modified_gmt":"2026-08-30T17:05:52","slug":"dita-lurina-after-the-tower-of-babel","status":"publish","type":"cppm_projects","link":"https:\/\/eamt.ee\/en\/projects\/dita-lurina-after-the-tower-of-babel\/","title":{"rendered":"Dita L\u016bri\u0146a | After the Tower of Babel"},"content":{"rendered":"","protected":false},"template":"","class_list":["post-65098","cppm_projects","type-cppm_projects","status-publish","hentry","aasta-labu-2025-en"],"acf":{"cppm_gallery":[{"ID":65110,"id":65110,"title":"L\u00c4BU 2025. AFTER THE TOWER OF BABEL by DITA LURINA. Photographer Kalev Lilleorg1","filename":"LABU-2025.-AFTER-THE-TOWER-OF-BABEL-by-DITA-LURINA.-Photographer-Kalev-Lilleorg1-scaled.jpg","filesize":437019,"url":"https:\/\/eamt.ee\/wp-content\/uploads\/2026\/07\/LABU-2025.-AFTER-THE-TOWER-OF-BABEL-by-DITA-LURINA.-Photographer-Kalev-Lilleorg1-scaled.jpg","link":"https:\/\/eamt.ee\/en\/projects\/dita-lurina-after-the-tower-of-babel\/labu-2025-after-the-tower-of-babel-by-dita-lurina-photographer-kalev-lilleorg1\/","alt":"","author":"23","description":"","caption":"","name":"labu-2025-after-the-tower-of-babel-by-dita-lurina-photographer-kalev-lilleorg1","status":"inherit","uploaded_to":65098,"date":"2026-07-13 18:02:18","modified":"2026-07-13 18:37:00","menu_order":0,"mime_type":"image\/jpeg","type":"image","subtype":"jpeg","icon":"https:\/\/eamt.ee\/wp-includes\/images\/media\/default.png","width":2560,"height":1707,"sizes":{"thumbnail":"https:\/\/eamt.ee\/wp-content\/uploads\/2026\/07\/LABU-2025.-AFTER-THE-TOWER-OF-BABEL-by-DITA-LURINA.-Photographer-Kalev-Lilleorg1-150x150.jpg","thumbnail-width":150,"thumbnail-height":150,"medium":"https:\/\/eamt.ee\/wp-content\/uploads\/2026\/07\/LABU-2025.-AFTER-THE-TOWER-OF-BABEL-by-DITA-LURINA.-Photographer-Kalev-Lilleorg1-300x200.jpg","medium-width":300,"medium-height":200,"medium_large":"https:\/\/eamt.ee\/wp-content\/uploads\/2026\/07\/LABU-2025.-AFTER-THE-TOWER-OF-BABEL-by-DITA-LURINA.-Photographer-Kalev-Lilleorg1-768x512.jpg","medium_large-width":768,"medium_large-height":512,"large":"https:\/\/eamt.ee\/wp-content\/uploads\/2026\/07\/LABU-2025.-AFTER-THE-TOWER-OF-BABEL-by-DITA-LURINA.-Photographer-Kalev-Lilleorg1-1024x683.jpg","large-width":1024,"large-height":683,"1536x1536":"https:\/\/eamt.ee\/wp-content\/uploads\/2026\/07\/LABU-2025.-AFTER-THE-TOWER-OF-BABEL-by-DITA-LURINA.-Photographer-Kalev-Lilleorg1-1536x1024.jpg","1536x1536-width":1536,"1536x1536-height":1024,"2048x2048":"https:\/\/eamt.ee\/wp-content\/uploads\/2026\/07\/LABU-2025.-AFTER-THE-TOWER-OF-BABEL-by-DITA-LURINA.-Photographer-Kalev-Lilleorg1-2048x1365.jpg","2048x2048-width":2048,"2048x2048-height":1365,"640px":"https:\/\/eamt.ee\/wp-content\/uploads\/2026\/07\/LABU-2025.-AFTER-THE-TOWER-OF-BABEL-by-DITA-LURINA.-Photographer-Kalev-Lilleorg1-640x427.jpg","640px-width":640,"640px-height":427,"768px":"https:\/\/eamt.ee\/wp-content\/uploads\/2026\/07\/LABU-2025.-AFTER-THE-TOWER-OF-BABEL-by-DITA-LURINA.-Photographer-Kalev-Lilleorg1-768x512.jpg","768px-width":768,"768px-height":512,"1024px":"https:\/\/eamt.ee\/wp-content\/uploads\/2026\/07\/LABU-2025.-AFTER-THE-TOWER-OF-BABEL-by-DITA-LURINA.-Photographer-Kalev-Lilleorg1-1024x683.jpg","1024px-width":1024,"1024px-height":683,"1280px":"https:\/\/eamt.ee\/wp-content\/uploads\/2026\/07\/LABU-2025.-AFTER-THE-TOWER-OF-BABEL-by-DITA-LURINA.-Photographer-Kalev-Lilleorg1-1280x853.jpg","1280px-width":1280,"1280px-height":853,"1366px":"https:\/\/eamt.ee\/wp-content\/uploads\/2026\/07\/LABU-2025.-AFTER-THE-TOWER-OF-BABEL-by-DITA-LURINA.-Photographer-Kalev-Lilleorg1-1366x911.jpg","1366px-width":1366,"1366px-height":911,"1600px":"https:\/\/eamt.ee\/wp-content\/uploads\/2026\/07\/LABU-2025.-AFTER-THE-TOWER-OF-BABEL-by-DITA-LURINA.-Photographer-Kalev-Lilleorg1-1600x1067.jpg","1600px-width":1600,"1600px-height":1067,"1920px":"https:\/\/eamt.ee\/wp-content\/uploads\/2026\/07\/LABU-2025.-AFTER-THE-TOWER-OF-BABEL-by-DITA-LURINA.-Photographer-Kalev-Lilleorg1-1920x1280.jpg","1920px-width":1920,"1920px-height":1280,"2400px":"https:\/\/eamt.ee\/wp-content\/uploads\/2026\/07\/LABU-2025.-AFTER-THE-TOWER-OF-BABEL-by-DITA-LURINA.-Photographer-Kalev-Lilleorg1-2400x1600.jpg","2400px-width":2400,"2400px-height":1600,"woocommerce_thumbnail":"https:\/\/eamt.ee\/wp-content\/uploads\/2026\/07\/LABU-2025.-AFTER-THE-TOWER-OF-BABEL-by-DITA-LURINA.-Photographer-Kalev-Lilleorg1-415x415.jpg","woocommerce_thumbnail-width":415,"woocommerce_thumbnail-height":415,"woocommerce_single":"https:\/\/eamt.ee\/wp-content\/uploads\/2026\/07\/LABU-2025.-AFTER-THE-TOWER-OF-BABEL-by-DITA-LURINA.-Photographer-Kalev-Lilleorg1-600x400.jpg","woocommerce_single-width":600,"woocommerce_single-height":400,"woocommerce_gallery_thumbnail":"https:\/\/eamt.ee\/wp-content\/uploads\/2026\/07\/LABU-2025.-AFTER-THE-TOWER-OF-BABEL-by-DITA-LURINA.-Photographer-Kalev-Lilleorg1-100x100.jpg","woocommerce_gallery_thumbnail-width":100,"woocommerce_gallery_thumbnail-height":100}}],"cppm_mob_gallery":[{"ID":65112,"id":65112,"title":"L\u00c4BU 2025. AFTER THE TOWER OF BABEL by DITA LURINA. Photographer Kalev Lilleorg2","filename":"LABU-2025.-AFTER-THE-TOWER-OF-BABEL-by-DITA-LURINA.-Photographer-Kalev-Lilleorg2-scaled.jpg","filesize":483179,"url":"https:\/\/eamt.ee\/wp-content\/uploads\/2026\/07\/LABU-2025.-AFTER-THE-TOWER-OF-BABEL-by-DITA-LURINA.-Photographer-Kalev-Lilleorg2-scaled.jpg","link":"https:\/\/eamt.ee\/en\/projects\/dita-lurina-after-the-tower-of-babel\/labu-2025-after-the-tower-of-babel-by-dita-lurina-photographer-kalev-lilleorg2\/","alt":"","author":"23","description":"","caption":"","name":"labu-2025-after-the-tower-of-babel-by-dita-lurina-photographer-kalev-lilleorg2","status":"inherit","uploaded_to":65098,"date":"2026-07-13 18:02:50","modified":"2026-07-13 18:37:12","menu_order":0,"mime_type":"image\/jpeg","type":"image","subtype":"jpeg","icon":"https:\/\/eamt.ee\/wp-includes\/images\/media\/default.png","width":2560,"height":1707,"sizes":{"thumbnail":"https:\/\/eamt.ee\/wp-content\/uploads\/2026\/07\/LABU-2025.-AFTER-THE-TOWER-OF-BABEL-by-DITA-LURINA.-Photographer-Kalev-Lilleorg2-150x150.jpg","thumbnail-width":150,"thumbnail-height":150,"medium":"https:\/\/eamt.ee\/wp-content\/uploads\/2026\/07\/LABU-2025.-AFTER-THE-TOWER-OF-BABEL-by-DITA-LURINA.-Photographer-Kalev-Lilleorg2-300x200.jpg","medium-width":300,"medium-height":200,"medium_large":"https:\/\/eamt.ee\/wp-content\/uploads\/2026\/07\/LABU-2025.-AFTER-THE-TOWER-OF-BABEL-by-DITA-LURINA.-Photographer-Kalev-Lilleorg2-768x512.jpg","medium_large-width":768,"medium_large-height":512,"large":"https:\/\/eamt.ee\/wp-content\/uploads\/2026\/07\/LABU-2025.-AFTER-THE-TOWER-OF-BABEL-by-DITA-LURINA.-Photographer-Kalev-Lilleorg2-1024x683.jpg","large-width":1024,"large-height":683,"1536x1536":"https:\/\/eamt.ee\/wp-content\/uploads\/2026\/07\/LABU-2025.-AFTER-THE-TOWER-OF-BABEL-by-DITA-LURINA.-Photographer-Kalev-Lilleorg2-1536x1024.jpg","1536x1536-width":1536,"1536x1536-height":1024,"2048x2048":"https:\/\/eamt.ee\/wp-content\/uploads\/2026\/07\/LABU-2025.-AFTER-THE-TOWER-OF-BABEL-by-DITA-LURINA.-Photographer-Kalev-Lilleorg2-2048x1365.jpg","2048x2048-width":2048,"2048x2048-height":1365,"640px":"https:\/\/eamt.ee\/wp-content\/uploads\/2026\/07\/LABU-2025.-AFTER-THE-TOWER-OF-BABEL-by-DITA-LURINA.-Photographer-Kalev-Lilleorg2-640x427.jpg","640px-width":640,"640px-height":427,"768px":"https:\/\/eamt.ee\/wp-content\/uploads\/2026\/07\/LABU-2025.-AFTER-THE-TOWER-OF-BABEL-by-DITA-LURINA.-Photographer-Kalev-Lilleorg2-768x512.jpg","768px-width":768,"768px-height":512,"1024px":"https:\/\/eamt.ee\/wp-content\/uploads\/2026\/07\/LABU-2025.-AFTER-THE-TOWER-OF-BABEL-by-DITA-LURINA.-Photographer-Kalev-Lilleorg2-1024x683.jpg","1024px-width":1024,"1024px-height":683,"1280px":"https:\/\/eamt.ee\/wp-content\/uploads\/2026\/07\/LABU-2025.-AFTER-THE-TOWER-OF-BABEL-by-DITA-LURINA.-Photographer-Kalev-Lilleorg2-1280x853.jpg","1280px-width":1280,"1280px-height":853,"1366px":"https:\/\/eamt.ee\/wp-content\/uploads\/2026\/07\/LABU-2025.-AFTER-THE-TOWER-OF-BABEL-by-DITA-LURINA.-Photographer-Kalev-Lilleorg2-1366x911.jpg","1366px-width":1366,"1366px-height":911,"1600px":"https:\/\/eamt.ee\/wp-content\/uploads\/2026\/07\/LABU-2025.-AFTER-THE-TOWER-OF-BABEL-by-DITA-LURINA.-Photographer-Kalev-Lilleorg2-1600x1067.jpg","1600px-width":1600,"1600px-height":1067,"1920px":"https:\/\/eamt.ee\/wp-content\/uploads\/2026\/07\/LABU-2025.-AFTER-THE-TOWER-OF-BABEL-by-DITA-LURINA.-Photographer-Kalev-Lilleorg2-1920x1280.jpg","1920px-width":1920,"1920px-height":1280,"2400px":"https:\/\/eamt.ee\/wp-content\/uploads\/2026\/07\/LABU-2025.-AFTER-THE-TOWER-OF-BABEL-by-DITA-LURINA.-Photographer-Kalev-Lilleorg2-2400x1600.jpg","2400px-width":2400,"2400px-height":1600,"woocommerce_thumbnail":"https:\/\/eamt.ee\/wp-content\/uploads\/2026\/07\/LABU-2025.-AFTER-THE-TOWER-OF-BABEL-by-DITA-LURINA.-Photographer-Kalev-Lilleorg2-415x415.jpg","woocommerce_thumbnail-width":415,"woocommerce_thumbnail-height":415,"woocommerce_single":"https:\/\/eamt.ee\/wp-content\/uploads\/2026\/07\/LABU-2025.-AFTER-THE-TOWER-OF-BABEL-by-DITA-LURINA.-Photographer-Kalev-Lilleorg2-600x400.jpg","woocommerce_single-width":600,"woocommerce_single-height":400,"woocommerce_gallery_thumbnail":"https:\/\/eamt.ee\/wp-content\/uploads\/2026\/07\/LABU-2025.-AFTER-THE-TOWER-OF-BABEL-by-DITA-LURINA.-Photographer-Kalev-Lilleorg2-100x100.jpg","woocommerce_gallery_thumbnail-width":100,"woocommerce_gallery_thumbnail-height":100}}],"project_image":{"ID":65156,"id":65156,"title":"L\u00c4BU 2025. AFTER THE TOWER OF BABEL by DITA LURINA. Photographer Kalev Lilleorg53","filename":"LABU-2025.-AFTER-THE-TOWER-OF-BABEL-by-DITA-LURINA.-Photographer-Kalev-Lilleorg53-scaled.jpg","filesize":569625,"url":"https:\/\/eamt.ee\/wp-content\/uploads\/2026\/07\/LABU-2025.-AFTER-THE-TOWER-OF-BABEL-by-DITA-LURINA.-Photographer-Kalev-Lilleorg53-scaled.jpg","link":"https:\/\/eamt.ee\/en\/projects\/dita-lurina-after-the-tower-of-babel\/labu-2025-after-the-tower-of-babel-by-dita-lurina-photographer-kalev-lilleorg53\/","alt":"","author":"23","description":"","caption":"","name":"labu-2025-after-the-tower-of-babel-by-dita-lurina-photographer-kalev-lilleorg53","status":"inherit","uploaded_to":65098,"date":"2026-07-13 18:15:19","modified":"2026-07-13 18:15:19","menu_order":0,"mime_type":"image\/jpeg","type":"image","subtype":"jpeg","icon":"https:\/\/eamt.ee\/wp-includes\/images\/media\/default.png","width":2560,"height":1707,"sizes":{"thumbnail":"https:\/\/eamt.ee\/wp-content\/uploads\/2026\/07\/LABU-2025.-AFTER-THE-TOWER-OF-BABEL-by-DITA-LURINA.-Photographer-Kalev-Lilleorg53-150x150.jpg","thumbnail-width":150,"thumbnail-height":150,"medium":"https:\/\/eamt.ee\/wp-content\/uploads\/2026\/07\/LABU-2025.-AFTER-THE-TOWER-OF-BABEL-by-DITA-LURINA.-Photographer-Kalev-Lilleorg53-300x200.jpg","medium-width":300,"medium-height":200,"medium_large":"https:\/\/eamt.ee\/wp-content\/uploads\/2026\/07\/LABU-2025.-AFTER-THE-TOWER-OF-BABEL-by-DITA-LURINA.-Photographer-Kalev-Lilleorg53-768x512.jpg","medium_large-width":768,"medium_large-height":512,"large":"https:\/\/eamt.ee\/wp-content\/uploads\/2026\/07\/LABU-2025.-AFTER-THE-TOWER-OF-BABEL-by-DITA-LURINA.-Photographer-Kalev-Lilleorg53-1024x683.jpg","large-width":1024,"large-height":683,"1536x1536":"https:\/\/eamt.ee\/wp-content\/uploads\/2026\/07\/LABU-2025.-AFTER-THE-TOWER-OF-BABEL-by-DITA-LURINA.-Photographer-Kalev-Lilleorg53-1536x1024.jpg","1536x1536-width":1536,"1536x1536-height":1024,"2048x2048":"https:\/\/eamt.ee\/wp-content\/uploads\/2026\/07\/LABU-2025.-AFTER-THE-TOWER-OF-BABEL-by-DITA-LURINA.-Photographer-Kalev-Lilleorg53-2048x1365.jpg","2048x2048-width":2048,"2048x2048-height":1365,"640px":"https:\/\/eamt.ee\/wp-content\/uploads\/2026\/07\/LABU-2025.-AFTER-THE-TOWER-OF-BABEL-by-DITA-LURINA.-Photographer-Kalev-Lilleorg53-640x427.jpg","640px-width":640,"640px-height":427,"768px":"https:\/\/eamt.ee\/wp-content\/uploads\/2026\/07\/LABU-2025.-AFTER-THE-TOWER-OF-BABEL-by-DITA-LURINA.-Photographer-Kalev-Lilleorg53-768x512.jpg","768px-width":768,"768px-height":512,"1024px":"https:\/\/eamt.ee\/wp-content\/uploads\/2026\/07\/LABU-2025.-AFTER-THE-TOWER-OF-BABEL-by-DITA-LURINA.-Photographer-Kalev-Lilleorg53-1024x683.jpg","1024px-width":1024,"1024px-height":683,"1280px":"https:\/\/eamt.ee\/wp-content\/uploads\/2026\/07\/LABU-2025.-AFTER-THE-TOWER-OF-BABEL-by-DITA-LURINA.-Photographer-Kalev-Lilleorg53-1280x853.jpg","1280px-width":1280,"1280px-height":853,"1366px":"https:\/\/eamt.ee\/wp-content\/uploads\/2026\/07\/LABU-2025.-AFTER-THE-TOWER-OF-BABEL-by-DITA-LURINA.-Photographer-Kalev-Lilleorg53-1366x911.jpg","1366px-width":1366,"1366px-height":911,"1600px":"https:\/\/eamt.ee\/wp-content\/uploads\/2026\/07\/LABU-2025.-AFTER-THE-TOWER-OF-BABEL-by-DITA-LURINA.-Photographer-Kalev-Lilleorg53-1600x1067.jpg","1600px-width":1600,"1600px-height":1067,"1920px":"https:\/\/eamt.ee\/wp-content\/uploads\/2026\/07\/LABU-2025.-AFTER-THE-TOWER-OF-BABEL-by-DITA-LURINA.-Photographer-Kalev-Lilleorg53-1920x1280.jpg","1920px-width":1920,"1920px-height":1280,"2400px":"https:\/\/eamt.ee\/wp-content\/uploads\/2026\/07\/LABU-2025.-AFTER-THE-TOWER-OF-BABEL-by-DITA-LURINA.-Photographer-Kalev-Lilleorg53-2400x1600.jpg","2400px-width":2400,"2400px-height":1600,"woocommerce_thumbnail":"https:\/\/eamt.ee\/wp-content\/uploads\/2026\/07\/LABU-2025.-AFTER-THE-TOWER-OF-BABEL-by-DITA-LURINA.-Photographer-Kalev-Lilleorg53-415x415.jpg","woocommerce_thumbnail-width":415,"woocommerce_thumbnail-height":415,"woocommerce_single":"https:\/\/eamt.ee\/wp-content\/uploads\/2026\/07\/LABU-2025.-AFTER-THE-TOWER-OF-BABEL-by-DITA-LURINA.-Photographer-Kalev-Lilleorg53-600x400.jpg","woocommerce_single-width":600,"woocommerce_single-height":400,"woocommerce_gallery_thumbnail":"https:\/\/eamt.ee\/wp-content\/uploads\/2026\/07\/LABU-2025.-AFTER-THE-TOWER-OF-BABEL-by-DITA-LURINA.-Photographer-Kalev-Lilleorg53-100x100.jpg","woocommerce_gallery_thumbnail-width":100,"woocommerce_gallery_thumbnail-height":100}},"project_authors":"SOLO FESTIVAL L\u00c4BU","project_content":[{"acf_fc_layout":"tekstikast","page_text":"<p style=\"text-align: center;\">CONTEMPORARY SOLO PERFORMANCE FESTIVAL<\/p>\n<h1 style=\"text-align: center;\"><strong>L\u00c4BU<\/strong><\/h1>\n"},{"acf_fc_layout":"pilt","page_image":{"ID":65156,"id":65156,"title":"L\u00c4BU 2025. AFTER THE TOWER OF BABEL by DITA LURINA. Photographer Kalev Lilleorg53","filename":"LABU-2025.-AFTER-THE-TOWER-OF-BABEL-by-DITA-LURINA.-Photographer-Kalev-Lilleorg53-scaled.jpg","filesize":569625,"url":"https:\/\/eamt.ee\/wp-content\/uploads\/2026\/07\/LABU-2025.-AFTER-THE-TOWER-OF-BABEL-by-DITA-LURINA.-Photographer-Kalev-Lilleorg53-scaled.jpg","link":"https:\/\/eamt.ee\/en\/projects\/dita-lurina-after-the-tower-of-babel\/labu-2025-after-the-tower-of-babel-by-dita-lurina-photographer-kalev-lilleorg53\/","alt":"","author":"23","description":"","caption":"","name":"labu-2025-after-the-tower-of-babel-by-dita-lurina-photographer-kalev-lilleorg53","status":"inherit","uploaded_to":65098,"date":"2026-07-13 18:15:19","modified":"2026-07-13 18:15:19","menu_order":0,"mime_type":"image\/jpeg","type":"image","subtype":"jpeg","icon":"https:\/\/eamt.ee\/wp-includes\/images\/media\/default.png","width":2560,"height":1707,"sizes":{"thumbnail":"https:\/\/eamt.ee\/wp-content\/uploads\/2026\/07\/LABU-2025.-AFTER-THE-TOWER-OF-BABEL-by-DITA-LURINA.-Photographer-Kalev-Lilleorg53-150x150.jpg","thumbnail-width":150,"thumbnail-height":150,"medium":"https:\/\/eamt.ee\/wp-content\/uploads\/2026\/07\/LABU-2025.-AFTER-THE-TOWER-OF-BABEL-by-DITA-LURINA.-Photographer-Kalev-Lilleorg53-300x200.jpg","medium-width":300,"medium-height":200,"medium_large":"https:\/\/eamt.ee\/wp-content\/uploads\/2026\/07\/LABU-2025.-AFTER-THE-TOWER-OF-BABEL-by-DITA-LURINA.-Photographer-Kalev-Lilleorg53-768x512.jpg","medium_large-width":768,"medium_large-height":512,"large":"https:\/\/eamt.ee\/wp-content\/uploads\/2026\/07\/LABU-2025.-AFTER-THE-TOWER-OF-BABEL-by-DITA-LURINA.-Photographer-Kalev-Lilleorg53-1024x683.jpg","large-width":1024,"large-height":683,"1536x1536":"https:\/\/eamt.ee\/wp-content\/uploads\/2026\/07\/LABU-2025.-AFTER-THE-TOWER-OF-BABEL-by-DITA-LURINA.-Photographer-Kalev-Lilleorg53-1536x1024.jpg","1536x1536-width":1536,"1536x1536-height":1024,"2048x2048":"https:\/\/eamt.ee\/wp-content\/uploads\/2026\/07\/LABU-2025.-AFTER-THE-TOWER-OF-BABEL-by-DITA-LURINA.-Photographer-Kalev-Lilleorg53-2048x1365.jpg","2048x2048-width":2048,"2048x2048-height":1365,"640px":"https:\/\/eamt.ee\/wp-content\/uploads\/2026\/07\/LABU-2025.-AFTER-THE-TOWER-OF-BABEL-by-DITA-LURINA.-Photographer-Kalev-Lilleorg53-640x427.jpg","640px-width":640,"640px-height":427,"768px":"https:\/\/eamt.ee\/wp-content\/uploads\/2026\/07\/LABU-2025.-AFTER-THE-TOWER-OF-BABEL-by-DITA-LURINA.-Photographer-Kalev-Lilleorg53-768x512.jpg","768px-width":768,"768px-height":512,"1024px":"https:\/\/eamt.ee\/wp-content\/uploads\/2026\/07\/LABU-2025.-AFTER-THE-TOWER-OF-BABEL-by-DITA-LURINA.-Photographer-Kalev-Lilleorg53-1024x683.jpg","1024px-width":1024,"1024px-height":683,"1280px":"https:\/\/eamt.ee\/wp-content\/uploads\/2026\/07\/LABU-2025.-AFTER-THE-TOWER-OF-BABEL-by-DITA-LURINA.-Photographer-Kalev-Lilleorg53-1280x853.jpg","1280px-width":1280,"1280px-height":853,"1366px":"https:\/\/eamt.ee\/wp-content\/uploads\/2026\/07\/LABU-2025.-AFTER-THE-TOWER-OF-BABEL-by-DITA-LURINA.-Photographer-Kalev-Lilleorg53-1366x911.jpg","1366px-width":1366,"1366px-height":911,"1600px":"https:\/\/eamt.ee\/wp-content\/uploads\/2026\/07\/LABU-2025.-AFTER-THE-TOWER-OF-BABEL-by-DITA-LURINA.-Photographer-Kalev-Lilleorg53-1600x1067.jpg","1600px-width":1600,"1600px-height":1067,"1920px":"https:\/\/eamt.ee\/wp-content\/uploads\/2026\/07\/LABU-2025.-AFTER-THE-TOWER-OF-BABEL-by-DITA-LURINA.-Photographer-Kalev-Lilleorg53-1920x1280.jpg","1920px-width":1920,"1920px-height":1280,"2400px":"https:\/\/eamt.ee\/wp-content\/uploads\/2026\/07\/LABU-2025.-AFTER-THE-TOWER-OF-BABEL-by-DITA-LURINA.-Photographer-Kalev-Lilleorg53-2400x1600.jpg","2400px-width":2400,"2400px-height":1600,"woocommerce_thumbnail":"https:\/\/eamt.ee\/wp-content\/uploads\/2026\/07\/LABU-2025.-AFTER-THE-TOWER-OF-BABEL-by-DITA-LURINA.-Photographer-Kalev-Lilleorg53-415x415.jpg","woocommerce_thumbnail-width":415,"woocommerce_thumbnail-height":415,"woocommerce_single":"https:\/\/eamt.ee\/wp-content\/uploads\/2026\/07\/LABU-2025.-AFTER-THE-TOWER-OF-BABEL-by-DITA-LURINA.-Photographer-Kalev-Lilleorg53-600x400.jpg","woocommerce_single-width":600,"woocommerce_single-height":400,"woocommerce_gallery_thumbnail":"https:\/\/eamt.ee\/wp-content\/uploads\/2026\/07\/LABU-2025.-AFTER-THE-TOWER-OF-BABEL-by-DITA-LURINA.-Photographer-Kalev-Lilleorg53-100x100.jpg","woocommerce_gallery_thumbnail-width":100,"woocommerce_gallery_thumbnail-height":100}},"is_full_image":false},{"acf_fc_layout":"tekstikast","page_text":"<h1 style=\"text-align: center;\">After the Tower of Babel<\/h1>\n<p style=\"text-align: center;\">a performance of listening by<\/p>\n<p style=\"text-align: center;\"><strong>DITA L\u016aRI\u0145A<\/strong><br \/>\nLatvia<\/p>\n<p>&nbsp;<\/p>\n<p style=\"text-align: center;\">Author and performer: <strong>DITA L\u016aRI\u0145A<\/strong><br \/>\nAuthor and composer: <strong>IEVA MATVEJA<\/strong><br \/>\nScenography: <strong>DITA L\u016aRI\u0145A<\/strong><br \/>\nLighting design: <strong>ROMMI RUTTAS<\/strong> and <strong>LEON ALLIK<\/strong><br \/>\nTechnical support: <strong>LEAH GAYER<\/strong><br \/>\nDramaturgical support: <strong>SANDRA K\u00dcPPER<\/strong>, <strong>GIACOMO VERONESI<\/strong> and<strong> INGE IVASTE<\/strong><br \/>\nProducers: <strong>J\u00dcRI NAEL<\/strong> and <strong>ANNIKA \u00dcPRUS<\/strong><br \/>\nProduction: <strong>CPPM | Estonian Academy of Music and Theatre<\/strong><br \/>\n<strong>Premiere: 13 September 2025 Kanuti Gildi SAAL<\/strong><\/p>\n<p>&nbsp;<\/p>\n<p>In the biblical story of the Tower of Babel, God confuses human language, scattering people across the earth as they can no longer understand one another. \u201cConfusion\u201d is the perfect word for the beginning &#8211; for the starting point of this performance.<\/p>\n<p>To know something at all, even to be allowed half a step closer, one must first listen. This performance is an invitation to listen deeply together. To hear the world anew. To notice both &#8211; what unites us and what sets us apart.<\/p>\n<p>Do we all hear water boiling in the same way? Or does each of us perceive it differently? Do dogs bark in one universal language?<\/p>\n<p>Language is not just words. It is a map for thinking differently, for dreaming differently, even for missing someone differently.<\/p>\n<p>When a language disappears, is it only words that vanish? Or their meanings too? Do dreams, feelings and entire ways of seeing the world also disappear with it?<\/p>\n<p>There\u2019s nothing in the universe that doesn\u2019t communicate.<br \/>\n\u2014 Dan Everett, linguist, anthropologist, and philosopher.<\/p>\n"},{"acf_fc_layout":"pilt","page_image":{"ID":57469,"id":57469,"title":"Dita Lurina. After the Tower of Babel. Rehearsal photo 8. Photographer Kalev Lilleorg (CPPM)","filename":"Dita-Lurina.-After-the-Tower-of-Babel.-Rehearsal-photo-8.-Photographer-Kalev-Lilleorg-CPPM-scaled.jpg","filesize":237027,"url":"https:\/\/eamt.ee\/wp-content\/uploads\/2025\/08\/Dita-Lurina.-After-the-Tower-of-Babel.-Rehearsal-photo-8.-Photographer-Kalev-Lilleorg-CPPM-scaled.jpg","link":"https:\/\/eamt.ee\/en\/projects\/charis-taplin-a-second-silence-even-denser\/dita-lurina-after-the-tower-of-babel-rehearsal-photo-8-photographer-kalev-lilleorg-cppm\/","alt":"","author":"23","description":"","caption":"","name":"dita-lurina-after-the-tower-of-babel-rehearsal-photo-8-photographer-kalev-lilleorg-cppm","status":"inherit","uploaded_to":57454,"date":"2025-08-06 10:47:15","modified":"2025-08-06 10:47:15","menu_order":0,"mime_type":"image\/jpeg","type":"image","subtype":"jpeg","icon":"https:\/\/eamt.ee\/wp-includes\/images\/media\/default.png","width":2560,"height":1707,"sizes":{"thumbnail":"https:\/\/eamt.ee\/wp-content\/uploads\/2025\/08\/Dita-Lurina.-After-the-Tower-of-Babel.-Rehearsal-photo-8.-Photographer-Kalev-Lilleorg-CPPM-150x150.jpg","thumbnail-width":150,"thumbnail-height":150,"medium":"https:\/\/eamt.ee\/wp-content\/uploads\/2025\/08\/Dita-Lurina.-After-the-Tower-of-Babel.-Rehearsal-photo-8.-Photographer-Kalev-Lilleorg-CPPM-300x200.jpg","medium-width":300,"medium-height":200,"medium_large":"https:\/\/eamt.ee\/wp-content\/uploads\/2025\/08\/Dita-Lurina.-After-the-Tower-of-Babel.-Rehearsal-photo-8.-Photographer-Kalev-Lilleorg-CPPM-768x512.jpg","medium_large-width":768,"medium_large-height":512,"large":"https:\/\/eamt.ee\/wp-content\/uploads\/2025\/08\/Dita-Lurina.-After-the-Tower-of-Babel.-Rehearsal-photo-8.-Photographer-Kalev-Lilleorg-CPPM-1024x683.jpg","large-width":1024,"large-height":683,"1536x1536":"https:\/\/eamt.ee\/wp-content\/uploads\/2025\/08\/Dita-Lurina.-After-the-Tower-of-Babel.-Rehearsal-photo-8.-Photographer-Kalev-Lilleorg-CPPM-1536x1024.jpg","1536x1536-width":1536,"1536x1536-height":1024,"2048x2048":"https:\/\/eamt.ee\/wp-content\/uploads\/2025\/08\/Dita-Lurina.-After-the-Tower-of-Babel.-Rehearsal-photo-8.-Photographer-Kalev-Lilleorg-CPPM-2048x1365.jpg","2048x2048-width":2048,"2048x2048-height":1365,"640px":"https:\/\/eamt.ee\/wp-content\/uploads\/2025\/08\/Dita-Lurina.-After-the-Tower-of-Babel.-Rehearsal-photo-8.-Photographer-Kalev-Lilleorg-CPPM-640x427.jpg","640px-width":640,"640px-height":427,"768px":"https:\/\/eamt.ee\/wp-content\/uploads\/2025\/08\/Dita-Lurina.-After-the-Tower-of-Babel.-Rehearsal-photo-8.-Photographer-Kalev-Lilleorg-CPPM-768x512.jpg","768px-width":768,"768px-height":512,"1024px":"https:\/\/eamt.ee\/wp-content\/uploads\/2025\/08\/Dita-Lurina.-After-the-Tower-of-Babel.-Rehearsal-photo-8.-Photographer-Kalev-Lilleorg-CPPM-1024x683.jpg","1024px-width":1024,"1024px-height":683,"1280px":"https:\/\/eamt.ee\/wp-content\/uploads\/2025\/08\/Dita-Lurina.-After-the-Tower-of-Babel.-Rehearsal-photo-8.-Photographer-Kalev-Lilleorg-CPPM-1280x853.jpg","1280px-width":1280,"1280px-height":853,"1366px":"https:\/\/eamt.ee\/wp-content\/uploads\/2025\/08\/Dita-Lurina.-After-the-Tower-of-Babel.-Rehearsal-photo-8.-Photographer-Kalev-Lilleorg-CPPM-1366x911.jpg","1366px-width":1366,"1366px-height":911,"1600px":"https:\/\/eamt.ee\/wp-content\/uploads\/2025\/08\/Dita-Lurina.-After-the-Tower-of-Babel.-Rehearsal-photo-8.-Photographer-Kalev-Lilleorg-CPPM-1600x1067.jpg","1600px-width":1600,"1600px-height":1067,"1920px":"https:\/\/eamt.ee\/wp-content\/uploads\/2025\/08\/Dita-Lurina.-After-the-Tower-of-Babel.-Rehearsal-photo-8.-Photographer-Kalev-Lilleorg-CPPM-1920x1280.jpg","1920px-width":1920,"1920px-height":1280,"2400px":"https:\/\/eamt.ee\/wp-content\/uploads\/2025\/08\/Dita-Lurina.-After-the-Tower-of-Babel.-Rehearsal-photo-8.-Photographer-Kalev-Lilleorg-CPPM-2400x1600.jpg","2400px-width":2400,"2400px-height":1600,"woocommerce_thumbnail":"https:\/\/eamt.ee\/wp-content\/uploads\/2025\/08\/Dita-Lurina.-After-the-Tower-of-Babel.-Rehearsal-photo-8.-Photographer-Kalev-Lilleorg-CPPM-415x415.jpg","woocommerce_thumbnail-width":415,"woocommerce_thumbnail-height":415,"woocommerce_single":"https:\/\/eamt.ee\/wp-content\/uploads\/2025\/08\/Dita-Lurina.-After-the-Tower-of-Babel.-Rehearsal-photo-8.-Photographer-Kalev-Lilleorg-CPPM-600x400.jpg","woocommerce_single-width":600,"woocommerce_single-height":400,"woocommerce_gallery_thumbnail":"https:\/\/eamt.ee\/wp-content\/uploads\/2025\/08\/Dita-Lurina.-After-the-Tower-of-Babel.-Rehearsal-photo-8.-Photographer-Kalev-Lilleorg-CPPM-100x100.jpg","woocommerce_gallery_thumbnail-width":100,"woocommerce_gallery_thumbnail-height":100}},"is_full_image":false},{"acf_fc_layout":"tekstikast","page_text":"<h3>Dita L\u016bri\u0146a<\/h3>\n<hr \/>\n<p><a href=\"https:\/\/eamt.ee\/en\/student\/dita-lurina-latvia\/\" target=\"_blank\" rel=\"noopener\">Dita L\u016bri\u0146a<\/a> is a Latvian actress and stage director, currently a student at the Estonian Academy of Music and Theatre in the CPPM course. Having long believed the whole world to be theatre &#8211; or, more precisely, that theatre is the entire world, she is now learning to listen, to notice and to discover the vastness and depth that lie beyond the kid stage.<\/p>\n<p>&nbsp;<\/p>\n<h3>Ieva Matveja<\/h3>\n<hr \/>\n<p>Ieva Matveja is a student of Electroacoustic Composition at EAMT, a Latvian artist, sound explorer, electronic music producer and live performer. Her passion is to notice, approach and record the sounds that shape our world: the splash of water, the resonance of a tunnel in the city, wind in the trees or footsteps in the sand.<\/p>\n"},{"acf_fc_layout":"galerii","images":[{"ID":65110,"id":65110,"title":"L\u00c4BU 2025. AFTER THE TOWER OF BABEL by DITA LURINA. Photographer Kalev Lilleorg1","filename":"LABU-2025.-AFTER-THE-TOWER-OF-BABEL-by-DITA-LURINA.-Photographer-Kalev-Lilleorg1-scaled.jpg","filesize":437019,"url":"https:\/\/eamt.ee\/wp-content\/uploads\/2026\/07\/LABU-2025.-AFTER-THE-TOWER-OF-BABEL-by-DITA-LURINA.-Photographer-Kalev-Lilleorg1-scaled.jpg","link":"https:\/\/eamt.ee\/en\/projects\/dita-lurina-after-the-tower-of-babel\/labu-2025-after-the-tower-of-babel-by-dita-lurina-photographer-kalev-lilleorg1\/","alt":"","author":"23","description":"","caption":"","name":"labu-2025-after-the-tower-of-babel-by-dita-lurina-photographer-kalev-lilleorg1","status":"inherit","uploaded_to":65098,"date":"2026-07-13 18:02:18","modified":"2026-07-13 18:37:00","menu_order":0,"mime_type":"image\/jpeg","type":"image","subtype":"jpeg","icon":"https:\/\/eamt.ee\/wp-includes\/images\/media\/default.png","width":2560,"height":1707,"sizes":{"thumbnail":"https:\/\/eamt.ee\/wp-content\/uploads\/2026\/07\/LABU-2025.-AFTER-THE-TOWER-OF-BABEL-by-DITA-LURINA.-Photographer-Kalev-Lilleorg1-150x150.jpg","thumbnail-width":150,"thumbnail-height":150,"medium":"https:\/\/eamt.ee\/wp-content\/uploads\/2026\/07\/LABU-2025.-AFTER-THE-TOWER-OF-BABEL-by-DITA-LURINA.-Photographer-Kalev-Lilleorg1-300x200.jpg","medium-width":300,"medium-height":200,"medium_large":"https:\/\/eamt.ee\/wp-content\/uploads\/2026\/07\/LABU-2025.-AFTER-THE-TOWER-OF-BABEL-by-DITA-LURINA.-Photographer-Kalev-Lilleorg1-768x512.jpg","medium_large-width":768,"medium_large-height":512,"large":"https:\/\/eamt.ee\/wp-content\/uploads\/2026\/07\/LABU-2025.-AFTER-THE-TOWER-OF-BABEL-by-DITA-LURINA.-Photographer-Kalev-Lilleorg1-1024x683.jpg","large-width":1024,"large-height":683,"1536x1536":"https:\/\/eamt.ee\/wp-content\/uploads\/2026\/07\/LABU-2025.-AFTER-THE-TOWER-OF-BABEL-by-DITA-LURINA.-Photographer-Kalev-Lilleorg1-1536x1024.jpg","1536x1536-width":1536,"1536x1536-height":1024,"2048x2048":"https:\/\/eamt.ee\/wp-content\/uploads\/2026\/07\/LABU-2025.-AFTER-THE-TOWER-OF-BABEL-by-DITA-LURINA.-Photographer-Kalev-Lilleorg1-2048x1365.jpg","2048x2048-width":2048,"2048x2048-height":1365,"640px":"https:\/\/eamt.ee\/wp-content\/uploads\/2026\/07\/LABU-2025.-AFTER-THE-TOWER-OF-BABEL-by-DITA-LURINA.-Photographer-Kalev-Lilleorg1-640x427.jpg","640px-width":640,"640px-height":427,"768px":"https:\/\/eamt.ee\/wp-content\/uploads\/2026\/07\/LABU-2025.-AFTER-THE-TOWER-OF-BABEL-by-DITA-LURINA.-Photographer-Kalev-Lilleorg1-768x512.jpg","768px-width":768,"768px-height":512,"1024px":"https:\/\/eamt.ee\/wp-content\/uploads\/2026\/07\/LABU-2025.-AFTER-THE-TOWER-OF-BABEL-by-DITA-LURINA.-Photographer-Kalev-Lilleorg1-1024x683.jpg","1024px-width":1024,"1024px-height":683,"1280px":"https:\/\/eamt.ee\/wp-content\/uploads\/2026\/07\/LABU-2025.-AFTER-THE-TOWER-OF-BABEL-by-DITA-LURINA.-Photographer-Kalev-Lilleorg1-1280x853.jpg","1280px-width":1280,"1280px-height":853,"1366px":"https:\/\/eamt.ee\/wp-content\/uploads\/2026\/07\/LABU-2025.-AFTER-THE-TOWER-OF-BABEL-by-DITA-LURINA.-Photographer-Kalev-Lilleorg1-1366x911.jpg","1366px-width":1366,"1366px-height":911,"1600px":"https:\/\/eamt.ee\/wp-content\/uploads\/2026\/07\/LABU-2025.-AFTER-THE-TOWER-OF-BABEL-by-DITA-LURINA.-Photographer-Kalev-Lilleorg1-1600x1067.jpg","1600px-width":1600,"1600px-height":1067,"1920px":"https:\/\/eamt.ee\/wp-content\/uploads\/2026\/07\/LABU-2025.-AFTER-THE-TOWER-OF-BABEL-by-DITA-LURINA.-Photographer-Kalev-Lilleorg1-1920x1280.jpg","1920px-width":1920,"1920px-height":1280,"2400px":"https:\/\/eamt.ee\/wp-content\/uploads\/2026\/07\/LABU-2025.-AFTER-THE-TOWER-OF-BABEL-by-DITA-LURINA.-Photographer-Kalev-Lilleorg1-2400x1600.jpg","2400px-width":2400,"2400px-height":1600,"woocommerce_thumbnail":"https:\/\/eamt.ee\/wp-content\/uploads\/2026\/07\/LABU-2025.-AFTER-THE-TOWER-OF-BABEL-by-DITA-LURINA.-Photographer-Kalev-Lilleorg1-415x415.jpg","woocommerce_thumbnail-width":415,"woocommerce_thumbnail-height":415,"woocommerce_single":"https:\/\/eamt.ee\/wp-content\/uploads\/2026\/07\/LABU-2025.-AFTER-THE-TOWER-OF-BABEL-by-DITA-LURINA.-Photographer-Kalev-Lilleorg1-600x400.jpg","woocommerce_single-width":600,"woocommerce_single-height":400,"woocommerce_gallery_thumbnail":"https:\/\/eamt.ee\/wp-content\/uploads\/2026\/07\/LABU-2025.-AFTER-THE-TOWER-OF-BABEL-by-DITA-LURINA.-Photographer-Kalev-Lilleorg1-100x100.jpg","woocommerce_gallery_thumbnail-width":100,"woocommerce_gallery_thumbnail-height":100}},{"ID":65112,"id":65112,"title":"L\u00c4BU 2025. AFTER THE TOWER OF BABEL by DITA LURINA. Photographer Kalev Lilleorg2","filename":"LABU-2025.-AFTER-THE-TOWER-OF-BABEL-by-DITA-LURINA.-Photographer-Kalev-Lilleorg2-scaled.jpg","filesize":483179,"url":"https:\/\/eamt.ee\/wp-content\/uploads\/2026\/07\/LABU-2025.-AFTER-THE-TOWER-OF-BABEL-by-DITA-LURINA.-Photographer-Kalev-Lilleorg2-scaled.jpg","link":"https:\/\/eamt.ee\/en\/projects\/dita-lurina-after-the-tower-of-babel\/labu-2025-after-the-tower-of-babel-by-dita-lurina-photographer-kalev-lilleorg2\/","alt":"","author":"23","description":"","caption":"","name":"labu-2025-after-the-tower-of-babel-by-dita-lurina-photographer-kalev-lilleorg2","status":"inherit","uploaded_to":65098,"date":"2026-07-13 18:02:50","modified":"2026-07-13 18:37:12","menu_order":0,"mime_type":"image\/jpeg","type":"image","subtype":"jpeg","icon":"https:\/\/eamt.ee\/wp-includes\/images\/media\/default.png","width":2560,"height":1707,"sizes":{"thumbnail":"https:\/\/eamt.ee\/wp-content\/uploads\/2026\/07\/LABU-2025.-AFTER-THE-TOWER-OF-BABEL-by-DITA-LURINA.-Photographer-Kalev-Lilleorg2-150x150.jpg","thumbnail-width":150,"thumbnail-height":150,"medium":"https:\/\/eamt.ee\/wp-content\/uploads\/2026\/07\/LABU-2025.-AFTER-THE-TOWER-OF-BABEL-by-DITA-LURINA.-Photographer-Kalev-Lilleorg2-300x200.jpg","medium-width":300,"medium-height":200,"medium_large":"https:\/\/eamt.ee\/wp-content\/uploads\/2026\/07\/LABU-2025.-AFTER-THE-TOWER-OF-BABEL-by-DITA-LURINA.-Photographer-Kalev-Lilleorg2-768x512.jpg","medium_large-width":768,"medium_large-height":512,"large":"https:\/\/eamt.ee\/wp-content\/uploads\/2026\/07\/LABU-2025.-AFTER-THE-TOWER-OF-BABEL-by-DITA-LURINA.-Photographer-Kalev-Lilleorg2-1024x683.jpg","large-width":1024,"large-height":683,"1536x1536":"https:\/\/eamt.ee\/wp-content\/uploads\/2026\/07\/LABU-2025.-AFTER-THE-TOWER-OF-BABEL-by-DITA-LURINA.-Photographer-Kalev-Lilleorg2-1536x1024.jpg","1536x1536-width":1536,"1536x1536-height":1024,"2048x2048":"https:\/\/eamt.ee\/wp-content\/uploads\/2026\/07\/LABU-2025.-AFTER-THE-TOWER-OF-BABEL-by-DITA-LURINA.-Photographer-Kalev-Lilleorg2-2048x1365.jpg","2048x2048-width":2048,"2048x2048-height":1365,"640px":"https:\/\/eamt.ee\/wp-content\/uploads\/2026\/07\/LABU-2025.-AFTER-THE-TOWER-OF-BABEL-by-DITA-LURINA.-Photographer-Kalev-Lilleorg2-640x427.jpg","640px-width":640,"640px-height":427,"768px":"https:\/\/eamt.ee\/wp-content\/uploads\/2026\/07\/LABU-2025.-AFTER-THE-TOWER-OF-BABEL-by-DITA-LURINA.-Photographer-Kalev-Lilleorg2-768x512.jpg","768px-width":768,"768px-height":512,"1024px":"https:\/\/eamt.ee\/wp-content\/uploads\/2026\/07\/LABU-2025.-AFTER-THE-TOWER-OF-BABEL-by-DITA-LURINA.-Photographer-Kalev-Lilleorg2-1024x683.jpg","1024px-width":1024,"1024px-height":683,"1280px":"https:\/\/eamt.ee\/wp-content\/uploads\/2026\/07\/LABU-2025.-AFTER-THE-TOWER-OF-BABEL-by-DITA-LURINA.-Photographer-Kalev-Lilleorg2-1280x853.jpg","1280px-width":1280,"1280px-height":853,"1366px":"https:\/\/eamt.ee\/wp-content\/uploads\/2026\/07\/LABU-2025.-AFTER-THE-TOWER-OF-BABEL-by-DITA-LURINA.-Photographer-Kalev-Lilleorg2-1366x911.jpg","1366px-width":1366,"1366px-height":911,"1600px":"https:\/\/eamt.ee\/wp-content\/uploads\/2026\/07\/LABU-2025.-AFTER-THE-TOWER-OF-BABEL-by-DITA-LURINA.-Photographer-Kalev-Lilleorg2-1600x1067.jpg","1600px-width":1600,"1600px-height":1067,"1920px":"https:\/\/eamt.ee\/wp-content\/uploads\/2026\/07\/LABU-2025.-AFTER-THE-TOWER-OF-BABEL-by-DITA-LURINA.-Photographer-Kalev-Lilleorg2-1920x1280.jpg","1920px-width":1920,"1920px-height":1280,"2400px":"https:\/\/eamt.ee\/wp-content\/uploads\/2026\/07\/LABU-2025.-AFTER-THE-TOWER-OF-BABEL-by-DITA-LURINA.-Photographer-Kalev-Lilleorg2-2400x1600.jpg","2400px-width":2400,"2400px-height":1600,"woocommerce_thumbnail":"https:\/\/eamt.ee\/wp-content\/uploads\/2026\/07\/LABU-2025.-AFTER-THE-TOWER-OF-BABEL-by-DITA-LURINA.-Photographer-Kalev-Lilleorg2-415x415.jpg","woocommerce_thumbnail-width":415,"woocommerce_thumbnail-height":415,"woocommerce_single":"https:\/\/eamt.ee\/wp-content\/uploads\/2026\/07\/LABU-2025.-AFTER-THE-TOWER-OF-BABEL-by-DITA-LURINA.-Photographer-Kalev-Lilleorg2-600x400.jpg","woocommerce_single-width":600,"woocommerce_single-height":400,"woocommerce_gallery_thumbnail":"https:\/\/eamt.ee\/wp-content\/uploads\/2026\/07\/LABU-2025.-AFTER-THE-TOWER-OF-BABEL-by-DITA-LURINA.-Photographer-Kalev-Lilleorg2-100x100.jpg","woocommerce_gallery_thumbnail-width":100,"woocommerce_gallery_thumbnail-height":100}},{"ID":65114,"id":65114,"title":"L\u00c4BU 2025. AFTER THE TOWER OF BABEL by DITA LURINA. Photographer Kalev Lilleorg3","filename":"LABU-2025.-AFTER-THE-TOWER-OF-BABEL-by-DITA-LURINA.-Photographer-Kalev-Lilleorg3-scaled.jpg","filesize":309364,"url":"https:\/\/eamt.ee\/wp-content\/uploads\/2026\/07\/LABU-2025.-AFTER-THE-TOWER-OF-BABEL-by-DITA-LURINA.-Photographer-Kalev-Lilleorg3-scaled.jpg","link":"https:\/\/eamt.ee\/en\/projects\/dita-lurina-after-the-tower-of-babel\/labu-2025-after-the-tower-of-babel-by-dita-lurina-photographer-kalev-lilleorg3\/","alt":"","author":"23","description":"","caption":"","name":"labu-2025-after-the-tower-of-babel-by-dita-lurina-photographer-kalev-lilleorg3","status":"inherit","uploaded_to":65098,"date":"2026-07-13 18:03:14","modified":"2026-07-13 18:03:14","menu_order":0,"mime_type":"image\/jpeg","type":"image","subtype":"jpeg","icon":"https:\/\/eamt.ee\/wp-includes\/images\/media\/default.png","width":2560,"height":1707,"sizes":{"thumbnail":"https:\/\/eamt.ee\/wp-content\/uploads\/2026\/07\/LABU-2025.-AFTER-THE-TOWER-OF-BABEL-by-DITA-LURINA.-Photographer-Kalev-Lilleorg3-150x150.jpg","thumbnail-width":150,"thumbnail-height":150,"medium":"https:\/\/eamt.ee\/wp-content\/uploads\/2026\/07\/LABU-2025.-AFTER-THE-TOWER-OF-BABEL-by-DITA-LURINA.-Photographer-Kalev-Lilleorg3-300x200.jpg","medium-width":300,"medium-height":200,"medium_large":"https:\/\/eamt.ee\/wp-content\/uploads\/2026\/07\/LABU-2025.-AFTER-THE-TOWER-OF-BABEL-by-DITA-LURINA.-Photographer-Kalev-Lilleorg3-768x512.jpg","medium_large-width":768,"medium_large-height":512,"large":"https:\/\/eamt.ee\/wp-content\/uploads\/2026\/07\/LABU-2025.-AFTER-THE-TOWER-OF-BABEL-by-DITA-LURINA.-Photographer-Kalev-Lilleorg3-1024x683.jpg","large-width":1024,"large-height":683,"1536x1536":"https:\/\/eamt.ee\/wp-content\/uploads\/2026\/07\/LABU-2025.-AFTER-THE-TOWER-OF-BABEL-by-DITA-LURINA.-Photographer-Kalev-Lilleorg3-1536x1024.jpg","1536x1536-width":1536,"1536x1536-height":1024,"2048x2048":"https:\/\/eamt.ee\/wp-content\/uploads\/2026\/07\/LABU-2025.-AFTER-THE-TOWER-OF-BABEL-by-DITA-LURINA.-Photographer-Kalev-Lilleorg3-2048x1365.jpg","2048x2048-width":2048,"2048x2048-height":1365,"640px":"https:\/\/eamt.ee\/wp-content\/uploads\/2026\/07\/LABU-2025.-AFTER-THE-TOWER-OF-BABEL-by-DITA-LURINA.-Photographer-Kalev-Lilleorg3-640x427.jpg","640px-width":640,"640px-height":427,"768px":"https:\/\/eamt.ee\/wp-content\/uploads\/2026\/07\/LABU-2025.-AFTER-THE-TOWER-OF-BABEL-by-DITA-LURINA.-Photographer-Kalev-Lilleorg3-768x512.jpg","768px-width":768,"768px-height":512,"1024px":"https:\/\/eamt.ee\/wp-content\/uploads\/2026\/07\/LABU-2025.-AFTER-THE-TOWER-OF-BABEL-by-DITA-LURINA.-Photographer-Kalev-Lilleorg3-1024x683.jpg","1024px-width":1024,"1024px-height":683,"1280px":"https:\/\/eamt.ee\/wp-content\/uploads\/2026\/07\/LABU-2025.-AFTER-THE-TOWER-OF-BABEL-by-DITA-LURINA.-Photographer-Kalev-Lilleorg3-1280x853.jpg","1280px-width":1280,"1280px-height":853,"1366px":"https:\/\/eamt.ee\/wp-content\/uploads\/2026\/07\/LABU-2025.-AFTER-THE-TOWER-OF-BABEL-by-DITA-LURINA.-Photographer-Kalev-Lilleorg3-1366x911.jpg","1366px-width":1366,"1366px-height":911,"1600px":"https:\/\/eamt.ee\/wp-content\/uploads\/2026\/07\/LABU-2025.-AFTER-THE-TOWER-OF-BABEL-by-DITA-LURINA.-Photographer-Kalev-Lilleorg3-1600x1067.jpg","1600px-width":1600,"1600px-height":1067,"1920px":"https:\/\/eamt.ee\/wp-content\/uploads\/2026\/07\/LABU-2025.-AFTER-THE-TOWER-OF-BABEL-by-DITA-LURINA.-Photographer-Kalev-Lilleorg3-1920x1280.jpg","1920px-width":1920,"1920px-height":1280,"2400px":"https:\/\/eamt.ee\/wp-content\/uploads\/2026\/07\/LABU-2025.-AFTER-THE-TOWER-OF-BABEL-by-DITA-LURINA.-Photographer-Kalev-Lilleorg3-2400x1600.jpg","2400px-width":2400,"2400px-height":1600,"woocommerce_thumbnail":"https:\/\/eamt.ee\/wp-content\/uploads\/2026\/07\/LABU-2025.-AFTER-THE-TOWER-OF-BABEL-by-DITA-LURINA.-Photographer-Kalev-Lilleorg3-415x415.jpg","woocommerce_thumbnail-width":415,"woocommerce_thumbnail-height":415,"woocommerce_single":"https:\/\/eamt.ee\/wp-content\/uploads\/2026\/07\/LABU-2025.-AFTER-THE-TOWER-OF-BABEL-by-DITA-LURINA.-Photographer-Kalev-Lilleorg3-600x400.jpg","woocommerce_single-width":600,"woocommerce_single-height":400,"woocommerce_gallery_thumbnail":"https:\/\/eamt.ee\/wp-content\/uploads\/2026\/07\/LABU-2025.-AFTER-THE-TOWER-OF-BABEL-by-DITA-LURINA.-Photographer-Kalev-Lilleorg3-100x100.jpg","woocommerce_gallery_thumbnail-width":100,"woocommerce_gallery_thumbnail-height":100}},{"ID":65116,"id":65116,"title":"L\u00c4BU 2025. AFTER THE TOWER OF BABEL by DITA LURINA. Photographer Kalev Lilleorg4","filename":"LABU-2025.-AFTER-THE-TOWER-OF-BABEL-by-DITA-LURINA.-Photographer-Kalev-Lilleorg4-scaled.jpg","filesize":313014,"url":"https:\/\/eamt.ee\/wp-content\/uploads\/2026\/07\/LABU-2025.-AFTER-THE-TOWER-OF-BABEL-by-DITA-LURINA.-Photographer-Kalev-Lilleorg4-scaled.jpg","link":"https:\/\/eamt.ee\/en\/projects\/dita-lurina-after-the-tower-of-babel\/labu-2025-after-the-tower-of-babel-by-dita-lurina-photographer-kalev-lilleorg4\/","alt":"","author":"23","description":"","caption":"","name":"labu-2025-after-the-tower-of-babel-by-dita-lurina-photographer-kalev-lilleorg4","status":"inherit","uploaded_to":65098,"date":"2026-07-13 18:03:37","modified":"2026-07-13 18:03:37","menu_order":0,"mime_type":"image\/jpeg","type":"image","subtype":"jpeg","icon":"https:\/\/eamt.ee\/wp-includes\/images\/media\/default.png","width":2560,"height":1707,"sizes":{"thumbnail":"https:\/\/eamt.ee\/wp-content\/uploads\/2026\/07\/LABU-2025.-AFTER-THE-TOWER-OF-BABEL-by-DITA-LURINA.-Photographer-Kalev-Lilleorg4-150x150.jpg","thumbnail-width":150,"thumbnail-height":150,"medium":"https:\/\/eamt.ee\/wp-content\/uploads\/2026\/07\/LABU-2025.-AFTER-THE-TOWER-OF-BABEL-by-DITA-LURINA.-Photographer-Kalev-Lilleorg4-300x200.jpg","medium-width":300,"medium-height":200,"medium_large":"https:\/\/eamt.ee\/wp-content\/uploads\/2026\/07\/LABU-2025.-AFTER-THE-TOWER-OF-BABEL-by-DITA-LURINA.-Photographer-Kalev-Lilleorg4-768x512.jpg","medium_large-width":768,"medium_large-height":512,"large":"https:\/\/eamt.ee\/wp-content\/uploads\/2026\/07\/LABU-2025.-AFTER-THE-TOWER-OF-BABEL-by-DITA-LURINA.-Photographer-Kalev-Lilleorg4-1024x683.jpg","large-width":1024,"large-height":683,"1536x1536":"https:\/\/eamt.ee\/wp-content\/uploads\/2026\/07\/LABU-2025.-AFTER-THE-TOWER-OF-BABEL-by-DITA-LURINA.-Photographer-Kalev-Lilleorg4-1536x1024.jpg","1536x1536-width":1536,"1536x1536-height":1024,"2048x2048":"https:\/\/eamt.ee\/wp-content\/uploads\/2026\/07\/LABU-2025.-AFTER-THE-TOWER-OF-BABEL-by-DITA-LURINA.-Photographer-Kalev-Lilleorg4-2048x1365.jpg","2048x2048-width":2048,"2048x2048-height":1365,"640px":"https:\/\/eamt.ee\/wp-content\/uploads\/2026\/07\/LABU-2025.-AFTER-THE-TOWER-OF-BABEL-by-DITA-LURINA.-Photographer-Kalev-Lilleorg4-640x427.jpg","640px-width":640,"640px-height":427,"768px":"https:\/\/eamt.ee\/wp-content\/uploads\/2026\/07\/LABU-2025.-AFTER-THE-TOWER-OF-BABEL-by-DITA-LURINA.-Photographer-Kalev-Lilleorg4-768x512.jpg","768px-width":768,"768px-height":512,"1024px":"https:\/\/eamt.ee\/wp-content\/uploads\/2026\/07\/LABU-2025.-AFTER-THE-TOWER-OF-BABEL-by-DITA-LURINA.-Photographer-Kalev-Lilleorg4-1024x683.jpg","1024px-width":1024,"1024px-height":683,"1280px":"https:\/\/eamt.ee\/wp-content\/uploads\/2026\/07\/LABU-2025.-AFTER-THE-TOWER-OF-BABEL-by-DITA-LURINA.-Photographer-Kalev-Lilleorg4-1280x853.jpg","1280px-width":1280,"1280px-height":853,"1366px":"https:\/\/eamt.ee\/wp-content\/uploads\/2026\/07\/LABU-2025.-AFTER-THE-TOWER-OF-BABEL-by-DITA-LURINA.-Photographer-Kalev-Lilleorg4-1366x911.jpg","1366px-width":1366,"1366px-height":911,"1600px":"https:\/\/eamt.ee\/wp-content\/uploads\/2026\/07\/LABU-2025.-AFTER-THE-TOWER-OF-BABEL-by-DITA-LURINA.-Photographer-Kalev-Lilleorg4-1600x1067.jpg","1600px-width":1600,"1600px-height":1067,"1920px":"https:\/\/eamt.ee\/wp-content\/uploads\/2026\/07\/LABU-2025.-AFTER-THE-TOWER-OF-BABEL-by-DITA-LURINA.-Photographer-Kalev-Lilleorg4-1920x1280.jpg","1920px-width":1920,"1920px-height":1280,"2400px":"https:\/\/eamt.ee\/wp-content\/uploads\/2026\/07\/LABU-2025.-AFTER-THE-TOWER-OF-BABEL-by-DITA-LURINA.-Photographer-Kalev-Lilleorg4-2400x1600.jpg","2400px-width":2400,"2400px-height":1600,"woocommerce_thumbnail":"https:\/\/eamt.ee\/wp-content\/uploads\/2026\/07\/LABU-2025.-AFTER-THE-TOWER-OF-BABEL-by-DITA-LURINA.-Photographer-Kalev-Lilleorg4-415x415.jpg","woocommerce_thumbnail-width":415,"woocommerce_thumbnail-height":415,"woocommerce_single":"https:\/\/eamt.ee\/wp-content\/uploads\/2026\/07\/LABU-2025.-AFTER-THE-TOWER-OF-BABEL-by-DITA-LURINA.-Photographer-Kalev-Lilleorg4-600x400.jpg","woocommerce_single-width":600,"woocommerce_single-height":400,"woocommerce_gallery_thumbnail":"https:\/\/eamt.ee\/wp-content\/uploads\/2026\/07\/LABU-2025.-AFTER-THE-TOWER-OF-BABEL-by-DITA-LURINA.-Photographer-Kalev-Lilleorg4-100x100.jpg","woocommerce_gallery_thumbnail-width":100,"woocommerce_gallery_thumbnail-height":100}},{"ID":65118,"id":65118,"title":"L\u00c4BU 2025. AFTER THE TOWER OF BABEL by DITA LURINA. Photographer Kalev Lilleorg6","filename":"LABU-2025.-AFTER-THE-TOWER-OF-BABEL-by-DITA-LURINA.-Photographer-Kalev-Lilleorg6-scaled.jpg","filesize":380710,"url":"https:\/\/eamt.ee\/wp-content\/uploads\/2026\/07\/LABU-2025.-AFTER-THE-TOWER-OF-BABEL-by-DITA-LURINA.-Photographer-Kalev-Lilleorg6-scaled.jpg","link":"https:\/\/eamt.ee\/en\/projects\/dita-lurina-after-the-tower-of-babel\/labu-2025-after-the-tower-of-babel-by-dita-lurina-photographer-kalev-lilleorg6\/","alt":"","author":"23","description":"","caption":"","name":"labu-2025-after-the-tower-of-babel-by-dita-lurina-photographer-kalev-lilleorg6","status":"inherit","uploaded_to":65098,"date":"2026-07-13 18:04:02","modified":"2026-07-13 18:04:02","menu_order":0,"mime_type":"image\/jpeg","type":"image","subtype":"jpeg","icon":"https:\/\/eamt.ee\/wp-includes\/images\/media\/default.png","width":2560,"height":1707,"sizes":{"thumbnail":"https:\/\/eamt.ee\/wp-content\/uploads\/2026\/07\/LABU-2025.-AFTER-THE-TOWER-OF-BABEL-by-DITA-LURINA.-Photographer-Kalev-Lilleorg6-150x150.jpg","thumbnail-width":150,"thumbnail-height":150,"medium":"https:\/\/eamt.ee\/wp-content\/uploads\/2026\/07\/LABU-2025.-AFTER-THE-TOWER-OF-BABEL-by-DITA-LURINA.-Photographer-Kalev-Lilleorg6-300x200.jpg","medium-width":300,"medium-height":200,"medium_large":"https:\/\/eamt.ee\/wp-content\/uploads\/2026\/07\/LABU-2025.-AFTER-THE-TOWER-OF-BABEL-by-DITA-LURINA.-Photographer-Kalev-Lilleorg6-768x512.jpg","medium_large-width":768,"medium_large-height":512,"large":"https:\/\/eamt.ee\/wp-content\/uploads\/2026\/07\/LABU-2025.-AFTER-THE-TOWER-OF-BABEL-by-DITA-LURINA.-Photographer-Kalev-Lilleorg6-1024x683.jpg","large-width":1024,"large-height":683,"1536x1536":"https:\/\/eamt.ee\/wp-content\/uploads\/2026\/07\/LABU-2025.-AFTER-THE-TOWER-OF-BABEL-by-DITA-LURINA.-Photographer-Kalev-Lilleorg6-1536x1024.jpg","1536x1536-width":1536,"1536x1536-height":1024,"2048x2048":"https:\/\/eamt.ee\/wp-content\/uploads\/2026\/07\/LABU-2025.-AFTER-THE-TOWER-OF-BABEL-by-DITA-LURINA.-Photographer-Kalev-Lilleorg6-2048x1365.jpg","2048x2048-width":2048,"2048x2048-height":1365,"640px":"https:\/\/eamt.ee\/wp-content\/uploads\/2026\/07\/LABU-2025.-AFTER-THE-TOWER-OF-BABEL-by-DITA-LURINA.-Photographer-Kalev-Lilleorg6-640x427.jpg","640px-width":640,"640px-height":427,"768px":"https:\/\/eamt.ee\/wp-content\/uploads\/2026\/07\/LABU-2025.-AFTER-THE-TOWER-OF-BABEL-by-DITA-LURINA.-Photographer-Kalev-Lilleorg6-768x512.jpg","768px-width":768,"768px-height":512,"1024px":"https:\/\/eamt.ee\/wp-content\/uploads\/2026\/07\/LABU-2025.-AFTER-THE-TOWER-OF-BABEL-by-DITA-LURINA.-Photographer-Kalev-Lilleorg6-1024x683.jpg","1024px-width":1024,"1024px-height":683,"1280px":"https:\/\/eamt.ee\/wp-content\/uploads\/2026\/07\/LABU-2025.-AFTER-THE-TOWER-OF-BABEL-by-DITA-LURINA.-Photographer-Kalev-Lilleorg6-1280x853.jpg","1280px-width":1280,"1280px-height":853,"1366px":"https:\/\/eamt.ee\/wp-content\/uploads\/2026\/07\/LABU-2025.-AFTER-THE-TOWER-OF-BABEL-by-DITA-LURINA.-Photographer-Kalev-Lilleorg6-1366x911.jpg","1366px-width":1366,"1366px-height":911,"1600px":"https:\/\/eamt.ee\/wp-content\/uploads\/2026\/07\/LABU-2025.-AFTER-THE-TOWER-OF-BABEL-by-DITA-LURINA.-Photographer-Kalev-Lilleorg6-1600x1067.jpg","1600px-width":1600,"1600px-height":1067,"1920px":"https:\/\/eamt.ee\/wp-content\/uploads\/2026\/07\/LABU-2025.-AFTER-THE-TOWER-OF-BABEL-by-DITA-LURINA.-Photographer-Kalev-Lilleorg6-1920x1280.jpg","1920px-width":1920,"1920px-height":1280,"2400px":"https:\/\/eamt.ee\/wp-content\/uploads\/2026\/07\/LABU-2025.-AFTER-THE-TOWER-OF-BABEL-by-DITA-LURINA.-Photographer-Kalev-Lilleorg6-2400x1600.jpg","2400px-width":2400,"2400px-height":1600,"woocommerce_thumbnail":"https:\/\/eamt.ee\/wp-content\/uploads\/2026\/07\/LABU-2025.-AFTER-THE-TOWER-OF-BABEL-by-DITA-LURINA.-Photographer-Kalev-Lilleorg6-415x415.jpg","woocommerce_thumbnail-width":415,"woocommerce_thumbnail-height":415,"woocommerce_single":"https:\/\/eamt.ee\/wp-content\/uploads\/2026\/07\/LABU-2025.-AFTER-THE-TOWER-OF-BABEL-by-DITA-LURINA.-Photographer-Kalev-Lilleorg6-600x400.jpg","woocommerce_single-width":600,"woocommerce_single-height":400,"woocommerce_gallery_thumbnail":"https:\/\/eamt.ee\/wp-content\/uploads\/2026\/07\/LABU-2025.-AFTER-THE-TOWER-OF-BABEL-by-DITA-LURINA.-Photographer-Kalev-Lilleorg6-100x100.jpg","woocommerce_gallery_thumbnail-width":100,"woocommerce_gallery_thumbnail-height":100}},{"ID":65120,"id":65120,"title":"L\u00c4BU 2025. AFTER THE TOWER OF BABEL by DITA LURINA. Photographer Kalev Lilleorg11","filename":"LABU-2025.-AFTER-THE-TOWER-OF-BABEL-by-DITA-LURINA.-Photographer-Kalev-Lilleorg11-scaled.jpg","filesize":866397,"url":"https:\/\/eamt.ee\/wp-content\/uploads\/2026\/07\/LABU-2025.-AFTER-THE-TOWER-OF-BABEL-by-DITA-LURINA.-Photographer-Kalev-Lilleorg11-scaled.jpg","link":"https:\/\/eamt.ee\/en\/projects\/dita-lurina-after-the-tower-of-babel\/labu-2025-after-the-tower-of-babel-by-dita-lurina-photographer-kalev-lilleorg11\/","alt":"","author":"23","description":"","caption":"","name":"labu-2025-after-the-tower-of-babel-by-dita-lurina-photographer-kalev-lilleorg11","status":"inherit","uploaded_to":65098,"date":"2026-07-13 18:05:09","modified":"2026-07-13 18:05:09","menu_order":0,"mime_type":"image\/jpeg","type":"image","subtype":"jpeg","icon":"https:\/\/eamt.ee\/wp-includes\/images\/media\/default.png","width":2560,"height":1707,"sizes":{"thumbnail":"https:\/\/eamt.ee\/wp-content\/uploads\/2026\/07\/LABU-2025.-AFTER-THE-TOWER-OF-BABEL-by-DITA-LURINA.-Photographer-Kalev-Lilleorg11-150x150.jpg","thumbnail-width":150,"thumbnail-height":150,"medium":"https:\/\/eamt.ee\/wp-content\/uploads\/2026\/07\/LABU-2025.-AFTER-THE-TOWER-OF-BABEL-by-DITA-LURINA.-Photographer-Kalev-Lilleorg11-300x200.jpg","medium-width":300,"medium-height":200,"medium_large":"https:\/\/eamt.ee\/wp-content\/uploads\/2026\/07\/LABU-2025.-AFTER-THE-TOWER-OF-BABEL-by-DITA-LURINA.-Photographer-Kalev-Lilleorg11-768x512.jpg","medium_large-width":768,"medium_large-height":512,"large":"https:\/\/eamt.ee\/wp-content\/uploads\/2026\/07\/LABU-2025.-AFTER-THE-TOWER-OF-BABEL-by-DITA-LURINA.-Photographer-Kalev-Lilleorg11-1024x683.jpg","large-width":1024,"large-height":683,"1536x1536":"https:\/\/eamt.ee\/wp-content\/uploads\/2026\/07\/LABU-2025.-AFTER-THE-TOWER-OF-BABEL-by-DITA-LURINA.-Photographer-Kalev-Lilleorg11-1536x1024.jpg","1536x1536-width":1536,"1536x1536-height":1024,"2048x2048":"https:\/\/eamt.ee\/wp-content\/uploads\/2026\/07\/LABU-2025.-AFTER-THE-TOWER-OF-BABEL-by-DITA-LURINA.-Photographer-Kalev-Lilleorg11-2048x1365.jpg","2048x2048-width":2048,"2048x2048-height":1365,"640px":"https:\/\/eamt.ee\/wp-content\/uploads\/2026\/07\/LABU-2025.-AFTER-THE-TOWER-OF-BABEL-by-DITA-LURINA.-Photographer-Kalev-Lilleorg11-640x427.jpg","640px-width":640,"640px-height":427,"768px":"https:\/\/eamt.ee\/wp-content\/uploads\/2026\/07\/LABU-2025.-AFTER-THE-TOWER-OF-BABEL-by-DITA-LURINA.-Photographer-Kalev-Lilleorg11-768x512.jpg","768px-width":768,"768px-height":512,"1024px":"https:\/\/eamt.ee\/wp-content\/uploads\/2026\/07\/LABU-2025.-AFTER-THE-TOWER-OF-BABEL-by-DITA-LURINA.-Photographer-Kalev-Lilleorg11-1024x683.jpg","1024px-width":1024,"1024px-height":683,"1280px":"https:\/\/eamt.ee\/wp-content\/uploads\/2026\/07\/LABU-2025.-AFTER-THE-TOWER-OF-BABEL-by-DITA-LURINA.-Photographer-Kalev-Lilleorg11-1280x853.jpg","1280px-width":1280,"1280px-height":853,"1366px":"https:\/\/eamt.ee\/wp-content\/uploads\/2026\/07\/LABU-2025.-AFTER-THE-TOWER-OF-BABEL-by-DITA-LURINA.-Photographer-Kalev-Lilleorg11-1366x911.jpg","1366px-width":1366,"1366px-height":911,"1600px":"https:\/\/eamt.ee\/wp-content\/uploads\/2026\/07\/LABU-2025.-AFTER-THE-TOWER-OF-BABEL-by-DITA-LURINA.-Photographer-Kalev-Lilleorg11-1600x1067.jpg","1600px-width":1600,"1600px-height":1067,"1920px":"https:\/\/eamt.ee\/wp-content\/uploads\/2026\/07\/LABU-2025.-AFTER-THE-TOWER-OF-BABEL-by-DITA-LURINA.-Photographer-Kalev-Lilleorg11-1920x1280.jpg","1920px-width":1920,"1920px-height":1280,"2400px":"https:\/\/eamt.ee\/wp-content\/uploads\/2026\/07\/LABU-2025.-AFTER-THE-TOWER-OF-BABEL-by-DITA-LURINA.-Photographer-Kalev-Lilleorg11-2400x1600.jpg","2400px-width":2400,"2400px-height":1600,"woocommerce_thumbnail":"https:\/\/eamt.ee\/wp-content\/uploads\/2026\/07\/LABU-2025.-AFTER-THE-TOWER-OF-BABEL-by-DITA-LURINA.-Photographer-Kalev-Lilleorg11-415x415.jpg","woocommerce_thumbnail-width":415,"woocommerce_thumbnail-height":415,"woocommerce_single":"https:\/\/eamt.ee\/wp-content\/uploads\/2026\/07\/LABU-2025.-AFTER-THE-TOWER-OF-BABEL-by-DITA-LURINA.-Photographer-Kalev-Lilleorg11-600x400.jpg","woocommerce_single-width":600,"woocommerce_single-height":400,"woocommerce_gallery_thumbnail":"https:\/\/eamt.ee\/wp-content\/uploads\/2026\/07\/LABU-2025.-AFTER-THE-TOWER-OF-BABEL-by-DITA-LURINA.-Photographer-Kalev-Lilleorg11-100x100.jpg","woocommerce_gallery_thumbnail-width":100,"woocommerce_gallery_thumbnail-height":100}},{"ID":65122,"id":65122,"title":"L\u00c4BU 2025. AFTER THE TOWER OF BABEL by DITA LURINA. Photographer Kalev Lilleorg12","filename":"LABU-2025.-AFTER-THE-TOWER-OF-BABEL-by-DITA-LURINA.-Photographer-Kalev-Lilleorg12-scaled.jpg","filesize":407697,"url":"https:\/\/eamt.ee\/wp-content\/uploads\/2026\/07\/LABU-2025.-AFTER-THE-TOWER-OF-BABEL-by-DITA-LURINA.-Photographer-Kalev-Lilleorg12-scaled.jpg","link":"https:\/\/eamt.ee\/en\/projects\/dita-lurina-after-the-tower-of-babel\/labu-2025-after-the-tower-of-babel-by-dita-lurina-photographer-kalev-lilleorg12\/","alt":"","author":"23","description":"","caption":"","name":"labu-2025-after-the-tower-of-babel-by-dita-lurina-photographer-kalev-lilleorg12","status":"inherit","uploaded_to":65098,"date":"2026-07-13 18:05:40","modified":"2026-07-13 18:05:40","menu_order":0,"mime_type":"image\/jpeg","type":"image","subtype":"jpeg","icon":"https:\/\/eamt.ee\/wp-includes\/images\/media\/default.png","width":2560,"height":1707,"sizes":{"thumbnail":"https:\/\/eamt.ee\/wp-content\/uploads\/2026\/07\/LABU-2025.-AFTER-THE-TOWER-OF-BABEL-by-DITA-LURINA.-Photographer-Kalev-Lilleorg12-150x150.jpg","thumbnail-width":150,"thumbnail-height":150,"medium":"https:\/\/eamt.ee\/wp-content\/uploads\/2026\/07\/LABU-2025.-AFTER-THE-TOWER-OF-BABEL-by-DITA-LURINA.-Photographer-Kalev-Lilleorg12-300x200.jpg","medium-width":300,"medium-height":200,"medium_large":"https:\/\/eamt.ee\/wp-content\/uploads\/2026\/07\/LABU-2025.-AFTER-THE-TOWER-OF-BABEL-by-DITA-LURINA.-Photographer-Kalev-Lilleorg12-768x512.jpg","medium_large-width":768,"medium_large-height":512,"large":"https:\/\/eamt.ee\/wp-content\/uploads\/2026\/07\/LABU-2025.-AFTER-THE-TOWER-OF-BABEL-by-DITA-LURINA.-Photographer-Kalev-Lilleorg12-1024x683.jpg","large-width":1024,"large-height":683,"1536x1536":"https:\/\/eamt.ee\/wp-content\/uploads\/2026\/07\/LABU-2025.-AFTER-THE-TOWER-OF-BABEL-by-DITA-LURINA.-Photographer-Kalev-Lilleorg12-1536x1024.jpg","1536x1536-width":1536,"1536x1536-height":1024,"2048x2048":"https:\/\/eamt.ee\/wp-content\/uploads\/2026\/07\/LABU-2025.-AFTER-THE-TOWER-OF-BABEL-by-DITA-LURINA.-Photographer-Kalev-Lilleorg12-2048x1365.jpg","2048x2048-width":2048,"2048x2048-height":1365,"640px":"https:\/\/eamt.ee\/wp-content\/uploads\/2026\/07\/LABU-2025.-AFTER-THE-TOWER-OF-BABEL-by-DITA-LURINA.-Photographer-Kalev-Lilleorg12-640x427.jpg","640px-width":640,"640px-height":427,"768px":"https:\/\/eamt.ee\/wp-content\/uploads\/2026\/07\/LABU-2025.-AFTER-THE-TOWER-OF-BABEL-by-DITA-LURINA.-Photographer-Kalev-Lilleorg12-768x512.jpg","768px-width":768,"768px-height":512,"1024px":"https:\/\/eamt.ee\/wp-content\/uploads\/2026\/07\/LABU-2025.-AFTER-THE-TOWER-OF-BABEL-by-DITA-LURINA.-Photographer-Kalev-Lilleorg12-1024x683.jpg","1024px-width":1024,"1024px-height":683,"1280px":"https:\/\/eamt.ee\/wp-content\/uploads\/2026\/07\/LABU-2025.-AFTER-THE-TOWER-OF-BABEL-by-DITA-LURINA.-Photographer-Kalev-Lilleorg12-1280x853.jpg","1280px-width":1280,"1280px-height":853,"1366px":"https:\/\/eamt.ee\/wp-content\/uploads\/2026\/07\/LABU-2025.-AFTER-THE-TOWER-OF-BABEL-by-DITA-LURINA.-Photographer-Kalev-Lilleorg12-1366x911.jpg","1366px-width":1366,"1366px-height":911,"1600px":"https:\/\/eamt.ee\/wp-content\/uploads\/2026\/07\/LABU-2025.-AFTER-THE-TOWER-OF-BABEL-by-DITA-LURINA.-Photographer-Kalev-Lilleorg12-1600x1067.jpg","1600px-width":1600,"1600px-height":1067,"1920px":"https:\/\/eamt.ee\/wp-content\/uploads\/2026\/07\/LABU-2025.-AFTER-THE-TOWER-OF-BABEL-by-DITA-LURINA.-Photographer-Kalev-Lilleorg12-1920x1280.jpg","1920px-width":1920,"1920px-height":1280,"2400px":"https:\/\/eamt.ee\/wp-content\/uploads\/2026\/07\/LABU-2025.-AFTER-THE-TOWER-OF-BABEL-by-DITA-LURINA.-Photographer-Kalev-Lilleorg12-2400x1600.jpg","2400px-width":2400,"2400px-height":1600,"woocommerce_thumbnail":"https:\/\/eamt.ee\/wp-content\/uploads\/2026\/07\/LABU-2025.-AFTER-THE-TOWER-OF-BABEL-by-DITA-LURINA.-Photographer-Kalev-Lilleorg12-415x415.jpg","woocommerce_thumbnail-width":415,"woocommerce_thumbnail-height":415,"woocommerce_single":"https:\/\/eamt.ee\/wp-content\/uploads\/2026\/07\/LABU-2025.-AFTER-THE-TOWER-OF-BABEL-by-DITA-LURINA.-Photographer-Kalev-Lilleorg12-600x400.jpg","woocommerce_single-width":600,"woocommerce_single-height":400,"woocommerce_gallery_thumbnail":"https:\/\/eamt.ee\/wp-content\/uploads\/2026\/07\/LABU-2025.-AFTER-THE-TOWER-OF-BABEL-by-DITA-LURINA.-Photographer-Kalev-Lilleorg12-100x100.jpg","woocommerce_gallery_thumbnail-width":100,"woocommerce_gallery_thumbnail-height":100}},{"ID":65124,"id":65124,"title":"L\u00c4BU 2025. AFTER THE TOWER OF BABEL by DITA LURINA. Photographer Kalev Lilleorg13","filename":"LABU-2025.-AFTER-THE-TOWER-OF-BABEL-by-DITA-LURINA.-Photographer-Kalev-Lilleorg13-scaled.jpg","filesize":354071,"url":"https:\/\/eamt.ee\/wp-content\/uploads\/2026\/07\/LABU-2025.-AFTER-THE-TOWER-OF-BABEL-by-DITA-LURINA.-Photographer-Kalev-Lilleorg13-scaled.jpg","link":"https:\/\/eamt.ee\/en\/projects\/dita-lurina-after-the-tower-of-babel\/labu-2025-after-the-tower-of-babel-by-dita-lurina-photographer-kalev-lilleorg13\/","alt":"","author":"23","description":"","caption":"","name":"labu-2025-after-the-tower-of-babel-by-dita-lurina-photographer-kalev-lilleorg13","status":"inherit","uploaded_to":65098,"date":"2026-07-13 18:06:12","modified":"2026-07-13 18:06:12","menu_order":0,"mime_type":"image\/jpeg","type":"image","subtype":"jpeg","icon":"https:\/\/eamt.ee\/wp-includes\/images\/media\/default.png","width":2560,"height":1707,"sizes":{"thumbnail":"https:\/\/eamt.ee\/wp-content\/uploads\/2026\/07\/LABU-2025.-AFTER-THE-TOWER-OF-BABEL-by-DITA-LURINA.-Photographer-Kalev-Lilleorg13-150x150.jpg","thumbnail-width":150,"thumbnail-height":150,"medium":"https:\/\/eamt.ee\/wp-content\/uploads\/2026\/07\/LABU-2025.-AFTER-THE-TOWER-OF-BABEL-by-DITA-LURINA.-Photographer-Kalev-Lilleorg13-300x200.jpg","medium-width":300,"medium-height":200,"medium_large":"https:\/\/eamt.ee\/wp-content\/uploads\/2026\/07\/LABU-2025.-AFTER-THE-TOWER-OF-BABEL-by-DITA-LURINA.-Photographer-Kalev-Lilleorg13-768x512.jpg","medium_large-width":768,"medium_large-height":512,"large":"https:\/\/eamt.ee\/wp-content\/uploads\/2026\/07\/LABU-2025.-AFTER-THE-TOWER-OF-BABEL-by-DITA-LURINA.-Photographer-Kalev-Lilleorg13-1024x683.jpg","large-width":1024,"large-height":683,"1536x1536":"https:\/\/eamt.ee\/wp-content\/uploads\/2026\/07\/LABU-2025.-AFTER-THE-TOWER-OF-BABEL-by-DITA-LURINA.-Photographer-Kalev-Lilleorg13-1536x1024.jpg","1536x1536-width":1536,"1536x1536-height":1024,"2048x2048":"https:\/\/eamt.ee\/wp-content\/uploads\/2026\/07\/LABU-2025.-AFTER-THE-TOWER-OF-BABEL-by-DITA-LURINA.-Photographer-Kalev-Lilleorg13-2048x1365.jpg","2048x2048-width":2048,"2048x2048-height":1365,"640px":"https:\/\/eamt.ee\/wp-content\/uploads\/2026\/07\/LABU-2025.-AFTER-THE-TOWER-OF-BABEL-by-DITA-LURINA.-Photographer-Kalev-Lilleorg13-640x427.jpg","640px-width":640,"640px-height":427,"768px":"https:\/\/eamt.ee\/wp-content\/uploads\/2026\/07\/LABU-2025.-AFTER-THE-TOWER-OF-BABEL-by-DITA-LURINA.-Photographer-Kalev-Lilleorg13-768x512.jpg","768px-width":768,"768px-height":512,"1024px":"https:\/\/eamt.ee\/wp-content\/uploads\/2026\/07\/LABU-2025.-AFTER-THE-TOWER-OF-BABEL-by-DITA-LURINA.-Photographer-Kalev-Lilleorg13-1024x683.jpg","1024px-width":1024,"1024px-height":683,"1280px":"https:\/\/eamt.ee\/wp-content\/uploads\/2026\/07\/LABU-2025.-AFTER-THE-TOWER-OF-BABEL-by-DITA-LURINA.-Photographer-Kalev-Lilleorg13-1280x853.jpg","1280px-width":1280,"1280px-height":853,"1366px":"https:\/\/eamt.ee\/wp-content\/uploads\/2026\/07\/LABU-2025.-AFTER-THE-TOWER-OF-BABEL-by-DITA-LURINA.-Photographer-Kalev-Lilleorg13-1366x911.jpg","1366px-width":1366,"1366px-height":911,"1600px":"https:\/\/eamt.ee\/wp-content\/uploads\/2026\/07\/LABU-2025.-AFTER-THE-TOWER-OF-BABEL-by-DITA-LURINA.-Photographer-Kalev-Lilleorg13-1600x1067.jpg","1600px-width":1600,"1600px-height":1067,"1920px":"https:\/\/eamt.ee\/wp-content\/uploads\/2026\/07\/LABU-2025.-AFTER-THE-TOWER-OF-BABEL-by-DITA-LURINA.-Photographer-Kalev-Lilleorg13-1920x1280.jpg","1920px-width":1920,"1920px-height":1280,"2400px":"https:\/\/eamt.ee\/wp-content\/uploads\/2026\/07\/LABU-2025.-AFTER-THE-TOWER-OF-BABEL-by-DITA-LURINA.-Photographer-Kalev-Lilleorg13-2400x1600.jpg","2400px-width":2400,"2400px-height":1600,"woocommerce_thumbnail":"https:\/\/eamt.ee\/wp-content\/uploads\/2026\/07\/LABU-2025.-AFTER-THE-TOWER-OF-BABEL-by-DITA-LURINA.-Photographer-Kalev-Lilleorg13-415x415.jpg","woocommerce_thumbnail-width":415,"woocommerce_thumbnail-height":415,"woocommerce_single":"https:\/\/eamt.ee\/wp-content\/uploads\/2026\/07\/LABU-2025.-AFTER-THE-TOWER-OF-BABEL-by-DITA-LURINA.-Photographer-Kalev-Lilleorg13-600x400.jpg","woocommerce_single-width":600,"woocommerce_single-height":400,"woocommerce_gallery_thumbnail":"https:\/\/eamt.ee\/wp-content\/uploads\/2026\/07\/LABU-2025.-AFTER-THE-TOWER-OF-BABEL-by-DITA-LURINA.-Photographer-Kalev-Lilleorg13-100x100.jpg","woocommerce_gallery_thumbnail-width":100,"woocommerce_gallery_thumbnail-height":100}},{"ID":65126,"id":65126,"title":"L\u00c4BU 2025. AFTER THE TOWER OF BABEL by DITA LURINA. Photographer Kalev Lilleorg14","filename":"LABU-2025.-AFTER-THE-TOWER-OF-BABEL-by-DITA-LURINA.-Photographer-Kalev-Lilleorg14-scaled.jpg","filesize":399499,"url":"https:\/\/eamt.ee\/wp-content\/uploads\/2026\/07\/LABU-2025.-AFTER-THE-TOWER-OF-BABEL-by-DITA-LURINA.-Photographer-Kalev-Lilleorg14-scaled.jpg","link":"https:\/\/eamt.ee\/en\/projects\/dita-lurina-after-the-tower-of-babel\/labu-2025-after-the-tower-of-babel-by-dita-lurina-photographer-kalev-lilleorg14\/","alt":"","author":"23","description":"","caption":"","name":"labu-2025-after-the-tower-of-babel-by-dita-lurina-photographer-kalev-lilleorg14","status":"inherit","uploaded_to":65098,"date":"2026-07-13 18:06:42","modified":"2026-07-13 18:06:42","menu_order":0,"mime_type":"image\/jpeg","type":"image","subtype":"jpeg","icon":"https:\/\/eamt.ee\/wp-includes\/images\/media\/default.png","width":2560,"height":1707,"sizes":{"thumbnail":"https:\/\/eamt.ee\/wp-content\/uploads\/2026\/07\/LABU-2025.-AFTER-THE-TOWER-OF-BABEL-by-DITA-LURINA.-Photographer-Kalev-Lilleorg14-150x150.jpg","thumbnail-width":150,"thumbnail-height":150,"medium":"https:\/\/eamt.ee\/wp-content\/uploads\/2026\/07\/LABU-2025.-AFTER-THE-TOWER-OF-BABEL-by-DITA-LURINA.-Photographer-Kalev-Lilleorg14-300x200.jpg","medium-width":300,"medium-height":200,"medium_large":"https:\/\/eamt.ee\/wp-content\/uploads\/2026\/07\/LABU-2025.-AFTER-THE-TOWER-OF-BABEL-by-DITA-LURINA.-Photographer-Kalev-Lilleorg14-768x512.jpg","medium_large-width":768,"medium_large-height":512,"large":"https:\/\/eamt.ee\/wp-content\/uploads\/2026\/07\/LABU-2025.-AFTER-THE-TOWER-OF-BABEL-by-DITA-LURINA.-Photographer-Kalev-Lilleorg14-1024x683.jpg","large-width":1024,"large-height":683,"1536x1536":"https:\/\/eamt.ee\/wp-content\/uploads\/2026\/07\/LABU-2025.-AFTER-THE-TOWER-OF-BABEL-by-DITA-LURINA.-Photographer-Kalev-Lilleorg14-1536x1024.jpg","1536x1536-width":1536,"1536x1536-height":1024,"2048x2048":"https:\/\/eamt.ee\/wp-content\/uploads\/2026\/07\/LABU-2025.-AFTER-THE-TOWER-OF-BABEL-by-DITA-LURINA.-Photographer-Kalev-Lilleorg14-2048x1365.jpg","2048x2048-width":2048,"2048x2048-height":1365,"640px":"https:\/\/eamt.ee\/wp-content\/uploads\/2026\/07\/LABU-2025.-AFTER-THE-TOWER-OF-BABEL-by-DITA-LURINA.-Photographer-Kalev-Lilleorg14-640x427.jpg","640px-width":640,"640px-height":427,"768px":"https:\/\/eamt.ee\/wp-content\/uploads\/2026\/07\/LABU-2025.-AFTER-THE-TOWER-OF-BABEL-by-DITA-LURINA.-Photographer-Kalev-Lilleorg14-768x512.jpg","768px-width":768,"768px-height":512,"1024px":"https:\/\/eamt.ee\/wp-content\/uploads\/2026\/07\/LABU-2025.-AFTER-THE-TOWER-OF-BABEL-by-DITA-LURINA.-Photographer-Kalev-Lilleorg14-1024x683.jpg","1024px-width":1024,"1024px-height":683,"1280px":"https:\/\/eamt.ee\/wp-content\/uploads\/2026\/07\/LABU-2025.-AFTER-THE-TOWER-OF-BABEL-by-DITA-LURINA.-Photographer-Kalev-Lilleorg14-1280x853.jpg","1280px-width":1280,"1280px-height":853,"1366px":"https:\/\/eamt.ee\/wp-content\/uploads\/2026\/07\/LABU-2025.-AFTER-THE-TOWER-OF-BABEL-by-DITA-LURINA.-Photographer-Kalev-Lilleorg14-1366x911.jpg","1366px-width":1366,"1366px-height":911,"1600px":"https:\/\/eamt.ee\/wp-content\/uploads\/2026\/07\/LABU-2025.-AFTER-THE-TOWER-OF-BABEL-by-DITA-LURINA.-Photographer-Kalev-Lilleorg14-1600x1067.jpg","1600px-width":1600,"1600px-height":1067,"1920px":"https:\/\/eamt.ee\/wp-content\/uploads\/2026\/07\/LABU-2025.-AFTER-THE-TOWER-OF-BABEL-by-DITA-LURINA.-Photographer-Kalev-Lilleorg14-1920x1280.jpg","1920px-width":1920,"1920px-height":1280,"2400px":"https:\/\/eamt.ee\/wp-content\/uploads\/2026\/07\/LABU-2025.-AFTER-THE-TOWER-OF-BABEL-by-DITA-LURINA.-Photographer-Kalev-Lilleorg14-2400x1600.jpg","2400px-width":2400,"2400px-height":1600,"woocommerce_thumbnail":"https:\/\/eamt.ee\/wp-content\/uploads\/2026\/07\/LABU-2025.-AFTER-THE-TOWER-OF-BABEL-by-DITA-LURINA.-Photographer-Kalev-Lilleorg14-415x415.jpg","woocommerce_thumbnail-width":415,"woocommerce_thumbnail-height":415,"woocommerce_single":"https:\/\/eamt.ee\/wp-content\/uploads\/2026\/07\/LABU-2025.-AFTER-THE-TOWER-OF-BABEL-by-DITA-LURINA.-Photographer-Kalev-Lilleorg14-600x400.jpg","woocommerce_single-width":600,"woocommerce_single-height":400,"woocommerce_gallery_thumbnail":"https:\/\/eamt.ee\/wp-content\/uploads\/2026\/07\/LABU-2025.-AFTER-THE-TOWER-OF-BABEL-by-DITA-LURINA.-Photographer-Kalev-Lilleorg14-100x100.jpg","woocommerce_gallery_thumbnail-width":100,"woocommerce_gallery_thumbnail-height":100}},{"ID":65128,"id":65128,"title":"L\u00c4BU 2025. AFTER THE TOWER OF BABEL by DITA LURINA. Photographer Kalev Lilleorg16","filename":"LABU-2025.-AFTER-THE-TOWER-OF-BABEL-by-DITA-LURINA.-Photographer-Kalev-Lilleorg16-scaled.jpg","filesize":326481,"url":"https:\/\/eamt.ee\/wp-content\/uploads\/2026\/07\/LABU-2025.-AFTER-THE-TOWER-OF-BABEL-by-DITA-LURINA.-Photographer-Kalev-Lilleorg16-scaled.jpg","link":"https:\/\/eamt.ee\/en\/projects\/dita-lurina-after-the-tower-of-babel\/labu-2025-after-the-tower-of-babel-by-dita-lurina-photographer-kalev-lilleorg16\/","alt":"","author":"23","description":"","caption":"","name":"labu-2025-after-the-tower-of-babel-by-dita-lurina-photographer-kalev-lilleorg16","status":"inherit","uploaded_to":65098,"date":"2026-07-13 18:07:20","modified":"2026-07-13 18:07:20","menu_order":0,"mime_type":"image\/jpeg","type":"image","subtype":"jpeg","icon":"https:\/\/eamt.ee\/wp-includes\/images\/media\/default.png","width":1707,"height":2560,"sizes":{"thumbnail":"https:\/\/eamt.ee\/wp-content\/uploads\/2026\/07\/LABU-2025.-AFTER-THE-TOWER-OF-BABEL-by-DITA-LURINA.-Photographer-Kalev-Lilleorg16-150x150.jpg","thumbnail-width":150,"thumbnail-height":150,"medium":"https:\/\/eamt.ee\/wp-content\/uploads\/2026\/07\/LABU-2025.-AFTER-THE-TOWER-OF-BABEL-by-DITA-LURINA.-Photographer-Kalev-Lilleorg16-200x300.jpg","medium-width":200,"medium-height":300,"medium_large":"https:\/\/eamt.ee\/wp-content\/uploads\/2026\/07\/LABU-2025.-AFTER-THE-TOWER-OF-BABEL-by-DITA-LURINA.-Photographer-Kalev-Lilleorg16-768x1152.jpg","medium_large-width":768,"medium_large-height":1152,"large":"https:\/\/eamt.ee\/wp-content\/uploads\/2026\/07\/LABU-2025.-AFTER-THE-TOWER-OF-BABEL-by-DITA-LURINA.-Photographer-Kalev-Lilleorg16-683x1024.jpg","large-width":683,"large-height":1024,"1536x1536":"https:\/\/eamt.ee\/wp-content\/uploads\/2026\/07\/LABU-2025.-AFTER-THE-TOWER-OF-BABEL-by-DITA-LURINA.-Photographer-Kalev-Lilleorg16-1024x1536.jpg","1536x1536-width":1024,"1536x1536-height":1536,"2048x2048":"https:\/\/eamt.ee\/wp-content\/uploads\/2026\/07\/LABU-2025.-AFTER-THE-TOWER-OF-BABEL-by-DITA-LURINA.-Photographer-Kalev-Lilleorg16-1365x2048.jpg","2048x2048-width":1365,"2048x2048-height":2048,"640px":"https:\/\/eamt.ee\/wp-content\/uploads\/2026\/07\/LABU-2025.-AFTER-THE-TOWER-OF-BABEL-by-DITA-LURINA.-Photographer-Kalev-Lilleorg16-640x960.jpg","640px-width":640,"640px-height":960,"768px":"https:\/\/eamt.ee\/wp-content\/uploads\/2026\/07\/LABU-2025.-AFTER-THE-TOWER-OF-BABEL-by-DITA-LURINA.-Photographer-Kalev-Lilleorg16-768x1152.jpg","768px-width":768,"768px-height":1152,"1024px":"https:\/\/eamt.ee\/wp-content\/uploads\/2026\/07\/LABU-2025.-AFTER-THE-TOWER-OF-BABEL-by-DITA-LURINA.-Photographer-Kalev-Lilleorg16-1024x1536.jpg","1024px-width":1024,"1024px-height":1536,"1280px":"https:\/\/eamt.ee\/wp-content\/uploads\/2026\/07\/LABU-2025.-AFTER-THE-TOWER-OF-BABEL-by-DITA-LURINA.-Photographer-Kalev-Lilleorg16-1280x1920.jpg","1280px-width":1280,"1280px-height":1920,"1366px":"https:\/\/eamt.ee\/wp-content\/uploads\/2026\/07\/LABU-2025.-AFTER-THE-TOWER-OF-BABEL-by-DITA-LURINA.-Photographer-Kalev-Lilleorg16-1366x2049.jpg","1366px-width":1366,"1366px-height":2049,"1600px":"https:\/\/eamt.ee\/wp-content\/uploads\/2026\/07\/LABU-2025.-AFTER-THE-TOWER-OF-BABEL-by-DITA-LURINA.-Photographer-Kalev-Lilleorg16-1600x2400.jpg","1600px-width":1600,"1600px-height":2400,"1920px":"https:\/\/eamt.ee\/wp-content\/uploads\/2026\/07\/LABU-2025.-AFTER-THE-TOWER-OF-BABEL-by-DITA-LURINA.-Photographer-Kalev-Lilleorg16-1920x2880.jpg","1920px-width":1920,"1920px-height":2880,"2400px":"https:\/\/eamt.ee\/wp-content\/uploads\/2026\/07\/LABU-2025.-AFTER-THE-TOWER-OF-BABEL-by-DITA-LURINA.-Photographer-Kalev-Lilleorg16-2400x3600.jpg","2400px-width":2400,"2400px-height":3600,"woocommerce_thumbnail":"https:\/\/eamt.ee\/wp-content\/uploads\/2026\/07\/LABU-2025.-AFTER-THE-TOWER-OF-BABEL-by-DITA-LURINA.-Photographer-Kalev-Lilleorg16-415x415.jpg","woocommerce_thumbnail-width":415,"woocommerce_thumbnail-height":415,"woocommerce_single":"https:\/\/eamt.ee\/wp-content\/uploads\/2026\/07\/LABU-2025.-AFTER-THE-TOWER-OF-BABEL-by-DITA-LURINA.-Photographer-Kalev-Lilleorg16-600x900.jpg","woocommerce_single-width":600,"woocommerce_single-height":900,"woocommerce_gallery_thumbnail":"https:\/\/eamt.ee\/wp-content\/uploads\/2026\/07\/LABU-2025.-AFTER-THE-TOWER-OF-BABEL-by-DITA-LURINA.-Photographer-Kalev-Lilleorg16-100x100.jpg","woocommerce_gallery_thumbnail-width":100,"woocommerce_gallery_thumbnail-height":100}},{"ID":65130,"id":65130,"title":"L\u00c4BU 2025. AFTER THE TOWER OF BABEL by DITA LURINA. Photographer Kalev Lilleorg19","filename":"LABU-2025.-AFTER-THE-TOWER-OF-BABEL-by-DITA-LURINA.-Photographer-Kalev-Lilleorg19-scaled.jpg","filesize":699878,"url":"https:\/\/eamt.ee\/wp-content\/uploads\/2026\/07\/LABU-2025.-AFTER-THE-TOWER-OF-BABEL-by-DITA-LURINA.-Photographer-Kalev-Lilleorg19-scaled.jpg","link":"https:\/\/eamt.ee\/en\/projects\/dita-lurina-after-the-tower-of-babel\/labu-2025-after-the-tower-of-babel-by-dita-lurina-photographer-kalev-lilleorg19\/","alt":"","author":"23","description":"","caption":"","name":"labu-2025-after-the-tower-of-babel-by-dita-lurina-photographer-kalev-lilleorg19","status":"inherit","uploaded_to":65098,"date":"2026-07-13 18:07:59","modified":"2026-07-13 18:07:59","menu_order":0,"mime_type":"image\/jpeg","type":"image","subtype":"jpeg","icon":"https:\/\/eamt.ee\/wp-includes\/images\/media\/default.png","width":2560,"height":1706,"sizes":{"thumbnail":"https:\/\/eamt.ee\/wp-content\/uploads\/2026\/07\/LABU-2025.-AFTER-THE-TOWER-OF-BABEL-by-DITA-LURINA.-Photographer-Kalev-Lilleorg19-150x150.jpg","thumbnail-width":150,"thumbnail-height":150,"medium":"https:\/\/eamt.ee\/wp-content\/uploads\/2026\/07\/LABU-2025.-AFTER-THE-TOWER-OF-BABEL-by-DITA-LURINA.-Photographer-Kalev-Lilleorg19-300x200.jpg","medium-width":300,"medium-height":200,"medium_large":"https:\/\/eamt.ee\/wp-content\/uploads\/2026\/07\/LABU-2025.-AFTER-THE-TOWER-OF-BABEL-by-DITA-LURINA.-Photographer-Kalev-Lilleorg19-768x512.jpg","medium_large-width":768,"medium_large-height":512,"large":"https:\/\/eamt.ee\/wp-content\/uploads\/2026\/07\/LABU-2025.-AFTER-THE-TOWER-OF-BABEL-by-DITA-LURINA.-Photographer-Kalev-Lilleorg19-1024x683.jpg","large-width":1024,"large-height":683,"1536x1536":"https:\/\/eamt.ee\/wp-content\/uploads\/2026\/07\/LABU-2025.-AFTER-THE-TOWER-OF-BABEL-by-DITA-LURINA.-Photographer-Kalev-Lilleorg19-1536x1024.jpg","1536x1536-width":1536,"1536x1536-height":1024,"2048x2048":"https:\/\/eamt.ee\/wp-content\/uploads\/2026\/07\/LABU-2025.-AFTER-THE-TOWER-OF-BABEL-by-DITA-LURINA.-Photographer-Kalev-Lilleorg19-2048x1365.jpg","2048x2048-width":2048,"2048x2048-height":1365,"640px":"https:\/\/eamt.ee\/wp-content\/uploads\/2026\/07\/LABU-2025.-AFTER-THE-TOWER-OF-BABEL-by-DITA-LURINA.-Photographer-Kalev-Lilleorg19-640x427.jpg","640px-width":640,"640px-height":427,"768px":"https:\/\/eamt.ee\/wp-content\/uploads\/2026\/07\/LABU-2025.-AFTER-THE-TOWER-OF-BABEL-by-DITA-LURINA.-Photographer-Kalev-Lilleorg19-768x512.jpg","768px-width":768,"768px-height":512,"1024px":"https:\/\/eamt.ee\/wp-content\/uploads\/2026\/07\/LABU-2025.-AFTER-THE-TOWER-OF-BABEL-by-DITA-LURINA.-Photographer-Kalev-Lilleorg19-1024x683.jpg","1024px-width":1024,"1024px-height":683,"1280px":"https:\/\/eamt.ee\/wp-content\/uploads\/2026\/07\/LABU-2025.-AFTER-THE-TOWER-OF-BABEL-by-DITA-LURINA.-Photographer-Kalev-Lilleorg19-1280x853.jpg","1280px-width":1280,"1280px-height":853,"1366px":"https:\/\/eamt.ee\/wp-content\/uploads\/2026\/07\/LABU-2025.-AFTER-THE-TOWER-OF-BABEL-by-DITA-LURINA.-Photographer-Kalev-Lilleorg19-1366x911.jpg","1366px-width":1366,"1366px-height":911,"1600px":"https:\/\/eamt.ee\/wp-content\/uploads\/2026\/07\/LABU-2025.-AFTER-THE-TOWER-OF-BABEL-by-DITA-LURINA.-Photographer-Kalev-Lilleorg19-1600x1067.jpg","1600px-width":1600,"1600px-height":1067,"1920px":"https:\/\/eamt.ee\/wp-content\/uploads\/2026\/07\/LABU-2025.-AFTER-THE-TOWER-OF-BABEL-by-DITA-LURINA.-Photographer-Kalev-Lilleorg19-1920x1280.jpg","1920px-width":1920,"1920px-height":1280,"2400px":"https:\/\/eamt.ee\/wp-content\/uploads\/2026\/07\/LABU-2025.-AFTER-THE-TOWER-OF-BABEL-by-DITA-LURINA.-Photographer-Kalev-Lilleorg19-2400x1600.jpg","2400px-width":2400,"2400px-height":1600,"woocommerce_thumbnail":"https:\/\/eamt.ee\/wp-content\/uploads\/2026\/07\/LABU-2025.-AFTER-THE-TOWER-OF-BABEL-by-DITA-LURINA.-Photographer-Kalev-Lilleorg19-415x415.jpg","woocommerce_thumbnail-width":415,"woocommerce_thumbnail-height":415,"woocommerce_single":"https:\/\/eamt.ee\/wp-content\/uploads\/2026\/07\/LABU-2025.-AFTER-THE-TOWER-OF-BABEL-by-DITA-LURINA.-Photographer-Kalev-Lilleorg19-600x400.jpg","woocommerce_single-width":600,"woocommerce_single-height":400,"woocommerce_gallery_thumbnail":"https:\/\/eamt.ee\/wp-content\/uploads\/2026\/07\/LABU-2025.-AFTER-THE-TOWER-OF-BABEL-by-DITA-LURINA.-Photographer-Kalev-Lilleorg19-100x100.jpg","woocommerce_gallery_thumbnail-width":100,"woocommerce_gallery_thumbnail-height":100}},{"ID":65132,"id":65132,"title":"L\u00c4BU 2025. AFTER THE TOWER OF BABEL by DITA LURINA. Photographer Kalev Lilleorg22","filename":"LABU-2025.-AFTER-THE-TOWER-OF-BABEL-by-DITA-LURINA.-Photographer-Kalev-Lilleorg22-scaled.jpg","filesize":641545,"url":"https:\/\/eamt.ee\/wp-content\/uploads\/2026\/07\/LABU-2025.-AFTER-THE-TOWER-OF-BABEL-by-DITA-LURINA.-Photographer-Kalev-Lilleorg22-scaled.jpg","link":"https:\/\/eamt.ee\/en\/projects\/dita-lurina-after-the-tower-of-babel\/labu-2025-after-the-tower-of-babel-by-dita-lurina-photographer-kalev-lilleorg22\/","alt":"","author":"23","description":"","caption":"","name":"labu-2025-after-the-tower-of-babel-by-dita-lurina-photographer-kalev-lilleorg22","status":"inherit","uploaded_to":65098,"date":"2026-07-13 18:08:42","modified":"2026-07-13 18:08:42","menu_order":0,"mime_type":"image\/jpeg","type":"image","subtype":"jpeg","icon":"https:\/\/eamt.ee\/wp-includes\/images\/media\/default.png","width":2560,"height":1707,"sizes":{"thumbnail":"https:\/\/eamt.ee\/wp-content\/uploads\/2026\/07\/LABU-2025.-AFTER-THE-TOWER-OF-BABEL-by-DITA-LURINA.-Photographer-Kalev-Lilleorg22-150x150.jpg","thumbnail-width":150,"thumbnail-height":150,"medium":"https:\/\/eamt.ee\/wp-content\/uploads\/2026\/07\/LABU-2025.-AFTER-THE-TOWER-OF-BABEL-by-DITA-LURINA.-Photographer-Kalev-Lilleorg22-300x200.jpg","medium-width":300,"medium-height":200,"medium_large":"https:\/\/eamt.ee\/wp-content\/uploads\/2026\/07\/LABU-2025.-AFTER-THE-TOWER-OF-BABEL-by-DITA-LURINA.-Photographer-Kalev-Lilleorg22-768x512.jpg","medium_large-width":768,"medium_large-height":512,"large":"https:\/\/eamt.ee\/wp-content\/uploads\/2026\/07\/LABU-2025.-AFTER-THE-TOWER-OF-BABEL-by-DITA-LURINA.-Photographer-Kalev-Lilleorg22-1024x683.jpg","large-width":1024,"large-height":683,"1536x1536":"https:\/\/eamt.ee\/wp-content\/uploads\/2026\/07\/LABU-2025.-AFTER-THE-TOWER-OF-BABEL-by-DITA-LURINA.-Photographer-Kalev-Lilleorg22-1536x1024.jpg","1536x1536-width":1536,"1536x1536-height":1024,"2048x2048":"https:\/\/eamt.ee\/wp-content\/uploads\/2026\/07\/LABU-2025.-AFTER-THE-TOWER-OF-BABEL-by-DITA-LURINA.-Photographer-Kalev-Lilleorg22-2048x1365.jpg","2048x2048-width":2048,"2048x2048-height":1365,"640px":"https:\/\/eamt.ee\/wp-content\/uploads\/2026\/07\/LABU-2025.-AFTER-THE-TOWER-OF-BABEL-by-DITA-LURINA.-Photographer-Kalev-Lilleorg22-640x427.jpg","640px-width":640,"640px-height":427,"768px":"https:\/\/eamt.ee\/wp-content\/uploads\/2026\/07\/LABU-2025.-AFTER-THE-TOWER-OF-BABEL-by-DITA-LURINA.-Photographer-Kalev-Lilleorg22-768x512.jpg","768px-width":768,"768px-height":512,"1024px":"https:\/\/eamt.ee\/wp-content\/uploads\/2026\/07\/LABU-2025.-AFTER-THE-TOWER-OF-BABEL-by-DITA-LURINA.-Photographer-Kalev-Lilleorg22-1024x683.jpg","1024px-width":1024,"1024px-height":683,"1280px":"https:\/\/eamt.ee\/wp-content\/uploads\/2026\/07\/LABU-2025.-AFTER-THE-TOWER-OF-BABEL-by-DITA-LURINA.-Photographer-Kalev-Lilleorg22-1280x853.jpg","1280px-width":1280,"1280px-height":853,"1366px":"https:\/\/eamt.ee\/wp-content\/uploads\/2026\/07\/LABU-2025.-AFTER-THE-TOWER-OF-BABEL-by-DITA-LURINA.-Photographer-Kalev-Lilleorg22-1366x911.jpg","1366px-width":1366,"1366px-height":911,"1600px":"https:\/\/eamt.ee\/wp-content\/uploads\/2026\/07\/LABU-2025.-AFTER-THE-TOWER-OF-BABEL-by-DITA-LURINA.-Photographer-Kalev-Lilleorg22-1600x1067.jpg","1600px-width":1600,"1600px-height":1067,"1920px":"https:\/\/eamt.ee\/wp-content\/uploads\/2026\/07\/LABU-2025.-AFTER-THE-TOWER-OF-BABEL-by-DITA-LURINA.-Photographer-Kalev-Lilleorg22-1920x1280.jpg","1920px-width":1920,"1920px-height":1280,"2400px":"https:\/\/eamt.ee\/wp-content\/uploads\/2026\/07\/LABU-2025.-AFTER-THE-TOWER-OF-BABEL-by-DITA-LURINA.-Photographer-Kalev-Lilleorg22-2400x1600.jpg","2400px-width":2400,"2400px-height":1600,"woocommerce_thumbnail":"https:\/\/eamt.ee\/wp-content\/uploads\/2026\/07\/LABU-2025.-AFTER-THE-TOWER-OF-BABEL-by-DITA-LURINA.-Photographer-Kalev-Lilleorg22-415x415.jpg","woocommerce_thumbnail-width":415,"woocommerce_thumbnail-height":415,"woocommerce_single":"https:\/\/eamt.ee\/wp-content\/uploads\/2026\/07\/LABU-2025.-AFTER-THE-TOWER-OF-BABEL-by-DITA-LURINA.-Photographer-Kalev-Lilleorg22-600x400.jpg","woocommerce_single-width":600,"woocommerce_single-height":400,"woocommerce_gallery_thumbnail":"https:\/\/eamt.ee\/wp-content\/uploads\/2026\/07\/LABU-2025.-AFTER-THE-TOWER-OF-BABEL-by-DITA-LURINA.-Photographer-Kalev-Lilleorg22-100x100.jpg","woocommerce_gallery_thumbnail-width":100,"woocommerce_gallery_thumbnail-height":100}},{"ID":65134,"id":65134,"title":"L\u00c4BU 2025. AFTER THE TOWER OF BABEL by DITA LURINA. Photographer Kalev Lilleorg24","filename":"LABU-2025.-AFTER-THE-TOWER-OF-BABEL-by-DITA-LURINA.-Photographer-Kalev-Lilleorg24-scaled.jpg","filesize":491269,"url":"https:\/\/eamt.ee\/wp-content\/uploads\/2026\/07\/LABU-2025.-AFTER-THE-TOWER-OF-BABEL-by-DITA-LURINA.-Photographer-Kalev-Lilleorg24-scaled.jpg","link":"https:\/\/eamt.ee\/en\/projects\/dita-lurina-after-the-tower-of-babel\/labu-2025-after-the-tower-of-babel-by-dita-lurina-photographer-kalev-lilleorg24\/","alt":"","author":"23","description":"","caption":"","name":"labu-2025-after-the-tower-of-babel-by-dita-lurina-photographer-kalev-lilleorg24","status":"inherit","uploaded_to":65098,"date":"2026-07-13 18:09:15","modified":"2026-07-13 18:09:15","menu_order":0,"mime_type":"image\/jpeg","type":"image","subtype":"jpeg","icon":"https:\/\/eamt.ee\/wp-includes\/images\/media\/default.png","width":2560,"height":1707,"sizes":{"thumbnail":"https:\/\/eamt.ee\/wp-content\/uploads\/2026\/07\/LABU-2025.-AFTER-THE-TOWER-OF-BABEL-by-DITA-LURINA.-Photographer-Kalev-Lilleorg24-150x150.jpg","thumbnail-width":150,"thumbnail-height":150,"medium":"https:\/\/eamt.ee\/wp-content\/uploads\/2026\/07\/LABU-2025.-AFTER-THE-TOWER-OF-BABEL-by-DITA-LURINA.-Photographer-Kalev-Lilleorg24-300x200.jpg","medium-width":300,"medium-height":200,"medium_large":"https:\/\/eamt.ee\/wp-content\/uploads\/2026\/07\/LABU-2025.-AFTER-THE-TOWER-OF-BABEL-by-DITA-LURINA.-Photographer-Kalev-Lilleorg24-768x512.jpg","medium_large-width":768,"medium_large-height":512,"large":"https:\/\/eamt.ee\/wp-content\/uploads\/2026\/07\/LABU-2025.-AFTER-THE-TOWER-OF-BABEL-by-DITA-LURINA.-Photographer-Kalev-Lilleorg24-1024x683.jpg","large-width":1024,"large-height":683,"1536x1536":"https:\/\/eamt.ee\/wp-content\/uploads\/2026\/07\/LABU-2025.-AFTER-THE-TOWER-OF-BABEL-by-DITA-LURINA.-Photographer-Kalev-Lilleorg24-1536x1024.jpg","1536x1536-width":1536,"1536x1536-height":1024,"2048x2048":"https:\/\/eamt.ee\/wp-content\/uploads\/2026\/07\/LABU-2025.-AFTER-THE-TOWER-OF-BABEL-by-DITA-LURINA.-Photographer-Kalev-Lilleorg24-2048x1365.jpg","2048x2048-width":2048,"2048x2048-height":1365,"640px":"https:\/\/eamt.ee\/wp-content\/uploads\/2026\/07\/LABU-2025.-AFTER-THE-TOWER-OF-BABEL-by-DITA-LURINA.-Photographer-Kalev-Lilleorg24-640x427.jpg","640px-width":640,"640px-height":427,"768px":"https:\/\/eamt.ee\/wp-content\/uploads\/2026\/07\/LABU-2025.-AFTER-THE-TOWER-OF-BABEL-by-DITA-LURINA.-Photographer-Kalev-Lilleorg24-768x512.jpg","768px-width":768,"768px-height":512,"1024px":"https:\/\/eamt.ee\/wp-content\/uploads\/2026\/07\/LABU-2025.-AFTER-THE-TOWER-OF-BABEL-by-DITA-LURINA.-Photographer-Kalev-Lilleorg24-1024x683.jpg","1024px-width":1024,"1024px-height":683,"1280px":"https:\/\/eamt.ee\/wp-content\/uploads\/2026\/07\/LABU-2025.-AFTER-THE-TOWER-OF-BABEL-by-DITA-LURINA.-Photographer-Kalev-Lilleorg24-1280x853.jpg","1280px-width":1280,"1280px-height":853,"1366px":"https:\/\/eamt.ee\/wp-content\/uploads\/2026\/07\/LABU-2025.-AFTER-THE-TOWER-OF-BABEL-by-DITA-LURINA.-Photographer-Kalev-Lilleorg24-1366x911.jpg","1366px-width":1366,"1366px-height":911,"1600px":"https:\/\/eamt.ee\/wp-content\/uploads\/2026\/07\/LABU-2025.-AFTER-THE-TOWER-OF-BABEL-by-DITA-LURINA.-Photographer-Kalev-Lilleorg24-1600x1067.jpg","1600px-width":1600,"1600px-height":1067,"1920px":"https:\/\/eamt.ee\/wp-content\/uploads\/2026\/07\/LABU-2025.-AFTER-THE-TOWER-OF-BABEL-by-DITA-LURINA.-Photographer-Kalev-Lilleorg24-1920x1280.jpg","1920px-width":1920,"1920px-height":1280,"2400px":"https:\/\/eamt.ee\/wp-content\/uploads\/2026\/07\/LABU-2025.-AFTER-THE-TOWER-OF-BABEL-by-DITA-LURINA.-Photographer-Kalev-Lilleorg24-2400x1600.jpg","2400px-width":2400,"2400px-height":1600,"woocommerce_thumbnail":"https:\/\/eamt.ee\/wp-content\/uploads\/2026\/07\/LABU-2025.-AFTER-THE-TOWER-OF-BABEL-by-DITA-LURINA.-Photographer-Kalev-Lilleorg24-415x415.jpg","woocommerce_thumbnail-width":415,"woocommerce_thumbnail-height":415,"woocommerce_single":"https:\/\/eamt.ee\/wp-content\/uploads\/2026\/07\/LABU-2025.-AFTER-THE-TOWER-OF-BABEL-by-DITA-LURINA.-Photographer-Kalev-Lilleorg24-600x400.jpg","woocommerce_single-width":600,"woocommerce_single-height":400,"woocommerce_gallery_thumbnail":"https:\/\/eamt.ee\/wp-content\/uploads\/2026\/07\/LABU-2025.-AFTER-THE-TOWER-OF-BABEL-by-DITA-LURINA.-Photographer-Kalev-Lilleorg24-100x100.jpg","woocommerce_gallery_thumbnail-width":100,"woocommerce_gallery_thumbnail-height":100}},{"ID":65136,"id":65136,"title":"L\u00c4BU 2025. AFTER THE TOWER OF BABEL by DITA LURINA. Photographer Kalev Lilleorg27","filename":"LABU-2025.-AFTER-THE-TOWER-OF-BABEL-by-DITA-LURINA.-Photographer-Kalev-Lilleorg27-scaled.jpg","filesize":628605,"url":"https:\/\/eamt.ee\/wp-content\/uploads\/2026\/07\/LABU-2025.-AFTER-THE-TOWER-OF-BABEL-by-DITA-LURINA.-Photographer-Kalev-Lilleorg27-scaled.jpg","link":"https:\/\/eamt.ee\/en\/projects\/dita-lurina-after-the-tower-of-babel\/labu-2025-after-the-tower-of-babel-by-dita-lurina-photographer-kalev-lilleorg27\/","alt":"","author":"23","description":"","caption":"","name":"labu-2025-after-the-tower-of-babel-by-dita-lurina-photographer-kalev-lilleorg27","status":"inherit","uploaded_to":65098,"date":"2026-07-13 18:10:02","modified":"2026-07-13 18:10:02","menu_order":0,"mime_type":"image\/jpeg","type":"image","subtype":"jpeg","icon":"https:\/\/eamt.ee\/wp-includes\/images\/media\/default.png","width":2560,"height":1707,"sizes":{"thumbnail":"https:\/\/eamt.ee\/wp-content\/uploads\/2026\/07\/LABU-2025.-AFTER-THE-TOWER-OF-BABEL-by-DITA-LURINA.-Photographer-Kalev-Lilleorg27-150x150.jpg","thumbnail-width":150,"thumbnail-height":150,"medium":"https:\/\/eamt.ee\/wp-content\/uploads\/2026\/07\/LABU-2025.-AFTER-THE-TOWER-OF-BABEL-by-DITA-LURINA.-Photographer-Kalev-Lilleorg27-300x200.jpg","medium-width":300,"medium-height":200,"medium_large":"https:\/\/eamt.ee\/wp-content\/uploads\/2026\/07\/LABU-2025.-AFTER-THE-TOWER-OF-BABEL-by-DITA-LURINA.-Photographer-Kalev-Lilleorg27-768x512.jpg","medium_large-width":768,"medium_large-height":512,"large":"https:\/\/eamt.ee\/wp-content\/uploads\/2026\/07\/LABU-2025.-AFTER-THE-TOWER-OF-BABEL-by-DITA-LURINA.-Photographer-Kalev-Lilleorg27-1024x683.jpg","large-width":1024,"large-height":683,"1536x1536":"https:\/\/eamt.ee\/wp-content\/uploads\/2026\/07\/LABU-2025.-AFTER-THE-TOWER-OF-BABEL-by-DITA-LURINA.-Photographer-Kalev-Lilleorg27-1536x1024.jpg","1536x1536-width":1536,"1536x1536-height":1024,"2048x2048":"https:\/\/eamt.ee\/wp-content\/uploads\/2026\/07\/LABU-2025.-AFTER-THE-TOWER-OF-BABEL-by-DITA-LURINA.-Photographer-Kalev-Lilleorg27-2048x1365.jpg","2048x2048-width":2048,"2048x2048-height":1365,"640px":"https:\/\/eamt.ee\/wp-content\/uploads\/2026\/07\/LABU-2025.-AFTER-THE-TOWER-OF-BABEL-by-DITA-LURINA.-Photographer-Kalev-Lilleorg27-640x427.jpg","640px-width":640,"640px-height":427,"768px":"https:\/\/eamt.ee\/wp-content\/uploads\/2026\/07\/LABU-2025.-AFTER-THE-TOWER-OF-BABEL-by-DITA-LURINA.-Photographer-Kalev-Lilleorg27-768x512.jpg","768px-width":768,"768px-height":512,"1024px":"https:\/\/eamt.ee\/wp-content\/uploads\/2026\/07\/LABU-2025.-AFTER-THE-TOWER-OF-BABEL-by-DITA-LURINA.-Photographer-Kalev-Lilleorg27-1024x683.jpg","1024px-width":1024,"1024px-height":683,"1280px":"https:\/\/eamt.ee\/wp-content\/uploads\/2026\/07\/LABU-2025.-AFTER-THE-TOWER-OF-BABEL-by-DITA-LURINA.-Photographer-Kalev-Lilleorg27-1280x853.jpg","1280px-width":1280,"1280px-height":853,"1366px":"https:\/\/eamt.ee\/wp-content\/uploads\/2026\/07\/LABU-2025.-AFTER-THE-TOWER-OF-BABEL-by-DITA-LURINA.-Photographer-Kalev-Lilleorg27-1366x911.jpg","1366px-width":1366,"1366px-height":911,"1600px":"https:\/\/eamt.ee\/wp-content\/uploads\/2026\/07\/LABU-2025.-AFTER-THE-TOWER-OF-BABEL-by-DITA-LURINA.-Photographer-Kalev-Lilleorg27-1600x1067.jpg","1600px-width":1600,"1600px-height":1067,"1920px":"https:\/\/eamt.ee\/wp-content\/uploads\/2026\/07\/LABU-2025.-AFTER-THE-TOWER-OF-BABEL-by-DITA-LURINA.-Photographer-Kalev-Lilleorg27-1920x1280.jpg","1920px-width":1920,"1920px-height":1280,"2400px":"https:\/\/eamt.ee\/wp-content\/uploads\/2026\/07\/LABU-2025.-AFTER-THE-TOWER-OF-BABEL-by-DITA-LURINA.-Photographer-Kalev-Lilleorg27-2400x1600.jpg","2400px-width":2400,"2400px-height":1600,"woocommerce_thumbnail":"https:\/\/eamt.ee\/wp-content\/uploads\/2026\/07\/LABU-2025.-AFTER-THE-TOWER-OF-BABEL-by-DITA-LURINA.-Photographer-Kalev-Lilleorg27-415x415.jpg","woocommerce_thumbnail-width":415,"woocommerce_thumbnail-height":415,"woocommerce_single":"https:\/\/eamt.ee\/wp-content\/uploads\/2026\/07\/LABU-2025.-AFTER-THE-TOWER-OF-BABEL-by-DITA-LURINA.-Photographer-Kalev-Lilleorg27-600x400.jpg","woocommerce_single-width":600,"woocommerce_single-height":400,"woocommerce_gallery_thumbnail":"https:\/\/eamt.ee\/wp-content\/uploads\/2026\/07\/LABU-2025.-AFTER-THE-TOWER-OF-BABEL-by-DITA-LURINA.-Photographer-Kalev-Lilleorg27-100x100.jpg","woocommerce_gallery_thumbnail-width":100,"woocommerce_gallery_thumbnail-height":100}},{"ID":65138,"id":65138,"title":"L\u00c4BU 2025. AFTER THE TOWER OF BABEL by DITA LURINA. Photographer Kalev Lilleorg30","filename":"LABU-2025.-AFTER-THE-TOWER-OF-BABEL-by-DITA-LURINA.-Photographer-Kalev-Lilleorg30-scaled.jpg","filesize":296594,"url":"https:\/\/eamt.ee\/wp-content\/uploads\/2026\/07\/LABU-2025.-AFTER-THE-TOWER-OF-BABEL-by-DITA-LURINA.-Photographer-Kalev-Lilleorg30-scaled.jpg","link":"https:\/\/eamt.ee\/en\/projects\/dita-lurina-after-the-tower-of-babel\/labu-2025-after-the-tower-of-babel-by-dita-lurina-photographer-kalev-lilleorg30\/","alt":"","author":"23","description":"","caption":"","name":"labu-2025-after-the-tower-of-babel-by-dita-lurina-photographer-kalev-lilleorg30","status":"inherit","uploaded_to":65098,"date":"2026-07-13 18:10:23","modified":"2026-07-13 18:10:23","menu_order":0,"mime_type":"image\/jpeg","type":"image","subtype":"jpeg","icon":"https:\/\/eamt.ee\/wp-includes\/images\/media\/default.png","width":1707,"height":2560,"sizes":{"thumbnail":"https:\/\/eamt.ee\/wp-content\/uploads\/2026\/07\/LABU-2025.-AFTER-THE-TOWER-OF-BABEL-by-DITA-LURINA.-Photographer-Kalev-Lilleorg30-150x150.jpg","thumbnail-width":150,"thumbnail-height":150,"medium":"https:\/\/eamt.ee\/wp-content\/uploads\/2026\/07\/LABU-2025.-AFTER-THE-TOWER-OF-BABEL-by-DITA-LURINA.-Photographer-Kalev-Lilleorg30-200x300.jpg","medium-width":200,"medium-height":300,"medium_large":"https:\/\/eamt.ee\/wp-content\/uploads\/2026\/07\/LABU-2025.-AFTER-THE-TOWER-OF-BABEL-by-DITA-LURINA.-Photographer-Kalev-Lilleorg30-768x1152.jpg","medium_large-width":768,"medium_large-height":1152,"large":"https:\/\/eamt.ee\/wp-content\/uploads\/2026\/07\/LABU-2025.-AFTER-THE-TOWER-OF-BABEL-by-DITA-LURINA.-Photographer-Kalev-Lilleorg30-683x1024.jpg","large-width":683,"large-height":1024,"1536x1536":"https:\/\/eamt.ee\/wp-content\/uploads\/2026\/07\/LABU-2025.-AFTER-THE-TOWER-OF-BABEL-by-DITA-LURINA.-Photographer-Kalev-Lilleorg30-1024x1536.jpg","1536x1536-width":1024,"1536x1536-height":1536,"2048x2048":"https:\/\/eamt.ee\/wp-content\/uploads\/2026\/07\/LABU-2025.-AFTER-THE-TOWER-OF-BABEL-by-DITA-LURINA.-Photographer-Kalev-Lilleorg30-1365x2048.jpg","2048x2048-width":1365,"2048x2048-height":2048,"640px":"https:\/\/eamt.ee\/wp-content\/uploads\/2026\/07\/LABU-2025.-AFTER-THE-TOWER-OF-BABEL-by-DITA-LURINA.-Photographer-Kalev-Lilleorg30-640x960.jpg","640px-width":640,"640px-height":960,"768px":"https:\/\/eamt.ee\/wp-content\/uploads\/2026\/07\/LABU-2025.-AFTER-THE-TOWER-OF-BABEL-by-DITA-LURINA.-Photographer-Kalev-Lilleorg30-768x1152.jpg","768px-width":768,"768px-height":1152,"1024px":"https:\/\/eamt.ee\/wp-content\/uploads\/2026\/07\/LABU-2025.-AFTER-THE-TOWER-OF-BABEL-by-DITA-LURINA.-Photographer-Kalev-Lilleorg30-1024x1536.jpg","1024px-width":1024,"1024px-height":1536,"1280px":"https:\/\/eamt.ee\/wp-content\/uploads\/2026\/07\/LABU-2025.-AFTER-THE-TOWER-OF-BABEL-by-DITA-LURINA.-Photographer-Kalev-Lilleorg30-1280x1920.jpg","1280px-width":1280,"1280px-height":1920,"1366px":"https:\/\/eamt.ee\/wp-content\/uploads\/2026\/07\/LABU-2025.-AFTER-THE-TOWER-OF-BABEL-by-DITA-LURINA.-Photographer-Kalev-Lilleorg30-1366x2049.jpg","1366px-width":1366,"1366px-height":2049,"1600px":"https:\/\/eamt.ee\/wp-content\/uploads\/2026\/07\/LABU-2025.-AFTER-THE-TOWER-OF-BABEL-by-DITA-LURINA.-Photographer-Kalev-Lilleorg30-1600x2400.jpg","1600px-width":1600,"1600px-height":2400,"1920px":"https:\/\/eamt.ee\/wp-content\/uploads\/2026\/07\/LABU-2025.-AFTER-THE-TOWER-OF-BABEL-by-DITA-LURINA.-Photographer-Kalev-Lilleorg30-1920x2880.jpg","1920px-width":1920,"1920px-height":2880,"2400px":"https:\/\/eamt.ee\/wp-content\/uploads\/2026\/07\/LABU-2025.-AFTER-THE-TOWER-OF-BABEL-by-DITA-LURINA.-Photographer-Kalev-Lilleorg30-2400x3600.jpg","2400px-width":2400,"2400px-height":3600,"woocommerce_thumbnail":"https:\/\/eamt.ee\/wp-content\/uploads\/2026\/07\/LABU-2025.-AFTER-THE-TOWER-OF-BABEL-by-DITA-LURINA.-Photographer-Kalev-Lilleorg30-415x415.jpg","woocommerce_thumbnail-width":415,"woocommerce_thumbnail-height":415,"woocommerce_single":"https:\/\/eamt.ee\/wp-content\/uploads\/2026\/07\/LABU-2025.-AFTER-THE-TOWER-OF-BABEL-by-DITA-LURINA.-Photographer-Kalev-Lilleorg30-600x900.jpg","woocommerce_single-width":600,"woocommerce_single-height":900,"woocommerce_gallery_thumbnail":"https:\/\/eamt.ee\/wp-content\/uploads\/2026\/07\/LABU-2025.-AFTER-THE-TOWER-OF-BABEL-by-DITA-LURINA.-Photographer-Kalev-Lilleorg30-100x100.jpg","woocommerce_gallery_thumbnail-width":100,"woocommerce_gallery_thumbnail-height":100}},{"ID":65140,"id":65140,"title":"L\u00c4BU 2025. AFTER THE TOWER OF BABEL by DITA LURINA. Photographer Kalev Lilleorg32","filename":"LABU-2025.-AFTER-THE-TOWER-OF-BABEL-by-DITA-LURINA.-Photographer-Kalev-Lilleorg32-scaled.jpg","filesize":479302,"url":"https:\/\/eamt.ee\/wp-content\/uploads\/2026\/07\/LABU-2025.-AFTER-THE-TOWER-OF-BABEL-by-DITA-LURINA.-Photographer-Kalev-Lilleorg32-scaled.jpg","link":"https:\/\/eamt.ee\/en\/projects\/dita-lurina-after-the-tower-of-babel\/labu-2025-after-the-tower-of-babel-by-dita-lurina-photographer-kalev-lilleorg32\/","alt":"","author":"23","description":"","caption":"","name":"labu-2025-after-the-tower-of-babel-by-dita-lurina-photographer-kalev-lilleorg32","status":"inherit","uploaded_to":65098,"date":"2026-07-13 18:11:01","modified":"2026-07-13 18:11:01","menu_order":0,"mime_type":"image\/jpeg","type":"image","subtype":"jpeg","icon":"https:\/\/eamt.ee\/wp-includes\/images\/media\/default.png","width":2560,"height":1707,"sizes":{"thumbnail":"https:\/\/eamt.ee\/wp-content\/uploads\/2026\/07\/LABU-2025.-AFTER-THE-TOWER-OF-BABEL-by-DITA-LURINA.-Photographer-Kalev-Lilleorg32-150x150.jpg","thumbnail-width":150,"thumbnail-height":150,"medium":"https:\/\/eamt.ee\/wp-content\/uploads\/2026\/07\/LABU-2025.-AFTER-THE-TOWER-OF-BABEL-by-DITA-LURINA.-Photographer-Kalev-Lilleorg32-300x200.jpg","medium-width":300,"medium-height":200,"medium_large":"https:\/\/eamt.ee\/wp-content\/uploads\/2026\/07\/LABU-2025.-AFTER-THE-TOWER-OF-BABEL-by-DITA-LURINA.-Photographer-Kalev-Lilleorg32-768x512.jpg","medium_large-width":768,"medium_large-height":512,"large":"https:\/\/eamt.ee\/wp-content\/uploads\/2026\/07\/LABU-2025.-AFTER-THE-TOWER-OF-BABEL-by-DITA-LURINA.-Photographer-Kalev-Lilleorg32-1024x683.jpg","large-width":1024,"large-height":683,"1536x1536":"https:\/\/eamt.ee\/wp-content\/uploads\/2026\/07\/LABU-2025.-AFTER-THE-TOWER-OF-BABEL-by-DITA-LURINA.-Photographer-Kalev-Lilleorg32-1536x1024.jpg","1536x1536-width":1536,"1536x1536-height":1024,"2048x2048":"https:\/\/eamt.ee\/wp-content\/uploads\/2026\/07\/LABU-2025.-AFTER-THE-TOWER-OF-BABEL-by-DITA-LURINA.-Photographer-Kalev-Lilleorg32-2048x1365.jpg","2048x2048-width":2048,"2048x2048-height":1365,"640px":"https:\/\/eamt.ee\/wp-content\/uploads\/2026\/07\/LABU-2025.-AFTER-THE-TOWER-OF-BABEL-by-DITA-LURINA.-Photographer-Kalev-Lilleorg32-640x427.jpg","640px-width":640,"640px-height":427,"768px":"https:\/\/eamt.ee\/wp-content\/uploads\/2026\/07\/LABU-2025.-AFTER-THE-TOWER-OF-BABEL-by-DITA-LURINA.-Photographer-Kalev-Lilleorg32-768x512.jpg","768px-width":768,"768px-height":512,"1024px":"https:\/\/eamt.ee\/wp-content\/uploads\/2026\/07\/LABU-2025.-AFTER-THE-TOWER-OF-BABEL-by-DITA-LURINA.-Photographer-Kalev-Lilleorg32-1024x683.jpg","1024px-width":1024,"1024px-height":683,"1280px":"https:\/\/eamt.ee\/wp-content\/uploads\/2026\/07\/LABU-2025.-AFTER-THE-TOWER-OF-BABEL-by-DITA-LURINA.-Photographer-Kalev-Lilleorg32-1280x853.jpg","1280px-width":1280,"1280px-height":853,"1366px":"https:\/\/eamt.ee\/wp-content\/uploads\/2026\/07\/LABU-2025.-AFTER-THE-TOWER-OF-BABEL-by-DITA-LURINA.-Photographer-Kalev-Lilleorg32-1366x911.jpg","1366px-width":1366,"1366px-height":911,"1600px":"https:\/\/eamt.ee\/wp-content\/uploads\/2026\/07\/LABU-2025.-AFTER-THE-TOWER-OF-BABEL-by-DITA-LURINA.-Photographer-Kalev-Lilleorg32-1600x1067.jpg","1600px-width":1600,"1600px-height":1067,"1920px":"https:\/\/eamt.ee\/wp-content\/uploads\/2026\/07\/LABU-2025.-AFTER-THE-TOWER-OF-BABEL-by-DITA-LURINA.-Photographer-Kalev-Lilleorg32-1920x1280.jpg","1920px-width":1920,"1920px-height":1280,"2400px":"https:\/\/eamt.ee\/wp-content\/uploads\/2026\/07\/LABU-2025.-AFTER-THE-TOWER-OF-BABEL-by-DITA-LURINA.-Photographer-Kalev-Lilleorg32-2400x1600.jpg","2400px-width":2400,"2400px-height":1600,"woocommerce_thumbnail":"https:\/\/eamt.ee\/wp-content\/uploads\/2026\/07\/LABU-2025.-AFTER-THE-TOWER-OF-BABEL-by-DITA-LURINA.-Photographer-Kalev-Lilleorg32-415x415.jpg","woocommerce_thumbnail-width":415,"woocommerce_thumbnail-height":415,"woocommerce_single":"https:\/\/eamt.ee\/wp-content\/uploads\/2026\/07\/LABU-2025.-AFTER-THE-TOWER-OF-BABEL-by-DITA-LURINA.-Photographer-Kalev-Lilleorg32-600x400.jpg","woocommerce_single-width":600,"woocommerce_single-height":400,"woocommerce_gallery_thumbnail":"https:\/\/eamt.ee\/wp-content\/uploads\/2026\/07\/LABU-2025.-AFTER-THE-TOWER-OF-BABEL-by-DITA-LURINA.-Photographer-Kalev-Lilleorg32-100x100.jpg","woocommerce_gallery_thumbnail-width":100,"woocommerce_gallery_thumbnail-height":100}},{"ID":65142,"id":65142,"title":"L\u00c4BU 2025. AFTER THE TOWER OF BABEL by DITA LURINA. Photographer Kalev Lilleorg36","filename":"LABU-2025.-AFTER-THE-TOWER-OF-BABEL-by-DITA-LURINA.-Photographer-Kalev-Lilleorg36-scaled.jpg","filesize":438760,"url":"https:\/\/eamt.ee\/wp-content\/uploads\/2026\/07\/LABU-2025.-AFTER-THE-TOWER-OF-BABEL-by-DITA-LURINA.-Photographer-Kalev-Lilleorg36-scaled.jpg","link":"https:\/\/eamt.ee\/en\/projects\/dita-lurina-after-the-tower-of-babel\/labu-2025-after-the-tower-of-babel-by-dita-lurina-photographer-kalev-lilleorg36\/","alt":"","author":"23","description":"","caption":"","name":"labu-2025-after-the-tower-of-babel-by-dita-lurina-photographer-kalev-lilleorg36","status":"inherit","uploaded_to":65098,"date":"2026-07-13 18:11:36","modified":"2026-07-13 18:11:36","menu_order":0,"mime_type":"image\/jpeg","type":"image","subtype":"jpeg","icon":"https:\/\/eamt.ee\/wp-includes\/images\/media\/default.png","width":2560,"height":1707,"sizes":{"thumbnail":"https:\/\/eamt.ee\/wp-content\/uploads\/2026\/07\/LABU-2025.-AFTER-THE-TOWER-OF-BABEL-by-DITA-LURINA.-Photographer-Kalev-Lilleorg36-150x150.jpg","thumbnail-width":150,"thumbnail-height":150,"medium":"https:\/\/eamt.ee\/wp-content\/uploads\/2026\/07\/LABU-2025.-AFTER-THE-TOWER-OF-BABEL-by-DITA-LURINA.-Photographer-Kalev-Lilleorg36-300x200.jpg","medium-width":300,"medium-height":200,"medium_large":"https:\/\/eamt.ee\/wp-content\/uploads\/2026\/07\/LABU-2025.-AFTER-THE-TOWER-OF-BABEL-by-DITA-LURINA.-Photographer-Kalev-Lilleorg36-768x512.jpg","medium_large-width":768,"medium_large-height":512,"large":"https:\/\/eamt.ee\/wp-content\/uploads\/2026\/07\/LABU-2025.-AFTER-THE-TOWER-OF-BABEL-by-DITA-LURINA.-Photographer-Kalev-Lilleorg36-1024x683.jpg","large-width":1024,"large-height":683,"1536x1536":"https:\/\/eamt.ee\/wp-content\/uploads\/2026\/07\/LABU-2025.-AFTER-THE-TOWER-OF-BABEL-by-DITA-LURINA.-Photographer-Kalev-Lilleorg36-1536x1024.jpg","1536x1536-width":1536,"1536x1536-height":1024,"2048x2048":"https:\/\/eamt.ee\/wp-content\/uploads\/2026\/07\/LABU-2025.-AFTER-THE-TOWER-OF-BABEL-by-DITA-LURINA.-Photographer-Kalev-Lilleorg36-2048x1365.jpg","2048x2048-width":2048,"2048x2048-height":1365,"640px":"https:\/\/eamt.ee\/wp-content\/uploads\/2026\/07\/LABU-2025.-AFTER-THE-TOWER-OF-BABEL-by-DITA-LURINA.-Photographer-Kalev-Lilleorg36-640x427.jpg","640px-width":640,"640px-height":427,"768px":"https:\/\/eamt.ee\/wp-content\/uploads\/2026\/07\/LABU-2025.-AFTER-THE-TOWER-OF-BABEL-by-DITA-LURINA.-Photographer-Kalev-Lilleorg36-768x512.jpg","768px-width":768,"768px-height":512,"1024px":"https:\/\/eamt.ee\/wp-content\/uploads\/2026\/07\/LABU-2025.-AFTER-THE-TOWER-OF-BABEL-by-DITA-LURINA.-Photographer-Kalev-Lilleorg36-1024x683.jpg","1024px-width":1024,"1024px-height":683,"1280px":"https:\/\/eamt.ee\/wp-content\/uploads\/2026\/07\/LABU-2025.-AFTER-THE-TOWER-OF-BABEL-by-DITA-LURINA.-Photographer-Kalev-Lilleorg36-1280x853.jpg","1280px-width":1280,"1280px-height":853,"1366px":"https:\/\/eamt.ee\/wp-content\/uploads\/2026\/07\/LABU-2025.-AFTER-THE-TOWER-OF-BABEL-by-DITA-LURINA.-Photographer-Kalev-Lilleorg36-1366x911.jpg","1366px-width":1366,"1366px-height":911,"1600px":"https:\/\/eamt.ee\/wp-content\/uploads\/2026\/07\/LABU-2025.-AFTER-THE-TOWER-OF-BABEL-by-DITA-LURINA.-Photographer-Kalev-Lilleorg36-1600x1067.jpg","1600px-width":1600,"1600px-height":1067,"1920px":"https:\/\/eamt.ee\/wp-content\/uploads\/2026\/07\/LABU-2025.-AFTER-THE-TOWER-OF-BABEL-by-DITA-LURINA.-Photographer-Kalev-Lilleorg36-1920x1280.jpg","1920px-width":1920,"1920px-height":1280,"2400px":"https:\/\/eamt.ee\/wp-content\/uploads\/2026\/07\/LABU-2025.-AFTER-THE-TOWER-OF-BABEL-by-DITA-LURINA.-Photographer-Kalev-Lilleorg36-2400x1600.jpg","2400px-width":2400,"2400px-height":1600,"woocommerce_thumbnail":"https:\/\/eamt.ee\/wp-content\/uploads\/2026\/07\/LABU-2025.-AFTER-THE-TOWER-OF-BABEL-by-DITA-LURINA.-Photographer-Kalev-Lilleorg36-415x415.jpg","woocommerce_thumbnail-width":415,"woocommerce_thumbnail-height":415,"woocommerce_single":"https:\/\/eamt.ee\/wp-content\/uploads\/2026\/07\/LABU-2025.-AFTER-THE-TOWER-OF-BABEL-by-DITA-LURINA.-Photographer-Kalev-Lilleorg36-600x400.jpg","woocommerce_single-width":600,"woocommerce_single-height":400,"woocommerce_gallery_thumbnail":"https:\/\/eamt.ee\/wp-content\/uploads\/2026\/07\/LABU-2025.-AFTER-THE-TOWER-OF-BABEL-by-DITA-LURINA.-Photographer-Kalev-Lilleorg36-100x100.jpg","woocommerce_gallery_thumbnail-width":100,"woocommerce_gallery_thumbnail-height":100}},{"ID":65144,"id":65144,"title":"L\u00c4BU 2025. AFTER THE TOWER OF BABEL by DITA LURINA. Photographer Kalev Lilleorg39","filename":"LABU-2025.-AFTER-THE-TOWER-OF-BABEL-by-DITA-LURINA.-Photographer-Kalev-Lilleorg39-scaled.jpg","filesize":441242,"url":"https:\/\/eamt.ee\/wp-content\/uploads\/2026\/07\/LABU-2025.-AFTER-THE-TOWER-OF-BABEL-by-DITA-LURINA.-Photographer-Kalev-Lilleorg39-scaled.jpg","link":"https:\/\/eamt.ee\/en\/projects\/dita-lurina-after-the-tower-of-babel\/labu-2025-after-the-tower-of-babel-by-dita-lurina-photographer-kalev-lilleorg39\/","alt":"","author":"23","description":"","caption":"","name":"labu-2025-after-the-tower-of-babel-by-dita-lurina-photographer-kalev-lilleorg39","status":"inherit","uploaded_to":65098,"date":"2026-07-13 18:12:05","modified":"2026-07-13 18:12:05","menu_order":0,"mime_type":"image\/jpeg","type":"image","subtype":"jpeg","icon":"https:\/\/eamt.ee\/wp-includes\/images\/media\/default.png","width":2560,"height":1707,"sizes":{"thumbnail":"https:\/\/eamt.ee\/wp-content\/uploads\/2026\/07\/LABU-2025.-AFTER-THE-TOWER-OF-BABEL-by-DITA-LURINA.-Photographer-Kalev-Lilleorg39-150x150.jpg","thumbnail-width":150,"thumbnail-height":150,"medium":"https:\/\/eamt.ee\/wp-content\/uploads\/2026\/07\/LABU-2025.-AFTER-THE-TOWER-OF-BABEL-by-DITA-LURINA.-Photographer-Kalev-Lilleorg39-300x200.jpg","medium-width":300,"medium-height":200,"medium_large":"https:\/\/eamt.ee\/wp-content\/uploads\/2026\/07\/LABU-2025.-AFTER-THE-TOWER-OF-BABEL-by-DITA-LURINA.-Photographer-Kalev-Lilleorg39-768x512.jpg","medium_large-width":768,"medium_large-height":512,"large":"https:\/\/eamt.ee\/wp-content\/uploads\/2026\/07\/LABU-2025.-AFTER-THE-TOWER-OF-BABEL-by-DITA-LURINA.-Photographer-Kalev-Lilleorg39-1024x683.jpg","large-width":1024,"large-height":683,"1536x1536":"https:\/\/eamt.ee\/wp-content\/uploads\/2026\/07\/LABU-2025.-AFTER-THE-TOWER-OF-BABEL-by-DITA-LURINA.-Photographer-Kalev-Lilleorg39-1536x1024.jpg","1536x1536-width":1536,"1536x1536-height":1024,"2048x2048":"https:\/\/eamt.ee\/wp-content\/uploads\/2026\/07\/LABU-2025.-AFTER-THE-TOWER-OF-BABEL-by-DITA-LURINA.-Photographer-Kalev-Lilleorg39-2048x1365.jpg","2048x2048-width":2048,"2048x2048-height":1365,"640px":"https:\/\/eamt.ee\/wp-content\/uploads\/2026\/07\/LABU-2025.-AFTER-THE-TOWER-OF-BABEL-by-DITA-LURINA.-Photographer-Kalev-Lilleorg39-640x427.jpg","640px-width":640,"640px-height":427,"768px":"https:\/\/eamt.ee\/wp-content\/uploads\/2026\/07\/LABU-2025.-AFTER-THE-TOWER-OF-BABEL-by-DITA-LURINA.-Photographer-Kalev-Lilleorg39-768x512.jpg","768px-width":768,"768px-height":512,"1024px":"https:\/\/eamt.ee\/wp-content\/uploads\/2026\/07\/LABU-2025.-AFTER-THE-TOWER-OF-BABEL-by-DITA-LURINA.-Photographer-Kalev-Lilleorg39-1024x683.jpg","1024px-width":1024,"1024px-height":683,"1280px":"https:\/\/eamt.ee\/wp-content\/uploads\/2026\/07\/LABU-2025.-AFTER-THE-TOWER-OF-BABEL-by-DITA-LURINA.-Photographer-Kalev-Lilleorg39-1280x853.jpg","1280px-width":1280,"1280px-height":853,"1366px":"https:\/\/eamt.ee\/wp-content\/uploads\/2026\/07\/LABU-2025.-AFTER-THE-TOWER-OF-BABEL-by-DITA-LURINA.-Photographer-Kalev-Lilleorg39-1366x911.jpg","1366px-width":1366,"1366px-height":911,"1600px":"https:\/\/eamt.ee\/wp-content\/uploads\/2026\/07\/LABU-2025.-AFTER-THE-TOWER-OF-BABEL-by-DITA-LURINA.-Photographer-Kalev-Lilleorg39-1600x1067.jpg","1600px-width":1600,"1600px-height":1067,"1920px":"https:\/\/eamt.ee\/wp-content\/uploads\/2026\/07\/LABU-2025.-AFTER-THE-TOWER-OF-BABEL-by-DITA-LURINA.-Photographer-Kalev-Lilleorg39-1920x1280.jpg","1920px-width":1920,"1920px-height":1280,"2400px":"https:\/\/eamt.ee\/wp-content\/uploads\/2026\/07\/LABU-2025.-AFTER-THE-TOWER-OF-BABEL-by-DITA-LURINA.-Photographer-Kalev-Lilleorg39-2400x1600.jpg","2400px-width":2400,"2400px-height":1600,"woocommerce_thumbnail":"https:\/\/eamt.ee\/wp-content\/uploads\/2026\/07\/LABU-2025.-AFTER-THE-TOWER-OF-BABEL-by-DITA-LURINA.-Photographer-Kalev-Lilleorg39-415x415.jpg","woocommerce_thumbnail-width":415,"woocommerce_thumbnail-height":415,"woocommerce_single":"https:\/\/eamt.ee\/wp-content\/uploads\/2026\/07\/LABU-2025.-AFTER-THE-TOWER-OF-BABEL-by-DITA-LURINA.-Photographer-Kalev-Lilleorg39-600x400.jpg","woocommerce_single-width":600,"woocommerce_single-height":400,"woocommerce_gallery_thumbnail":"https:\/\/eamt.ee\/wp-content\/uploads\/2026\/07\/LABU-2025.-AFTER-THE-TOWER-OF-BABEL-by-DITA-LURINA.-Photographer-Kalev-Lilleorg39-100x100.jpg","woocommerce_gallery_thumbnail-width":100,"woocommerce_gallery_thumbnail-height":100}},{"ID":65146,"id":65146,"title":"L\u00c4BU 2025. AFTER THE TOWER OF BABEL by DITA LURINA. Photographer Kalev Lilleorg41","filename":"LABU-2025.-AFTER-THE-TOWER-OF-BABEL-by-DITA-LURINA.-Photographer-Kalev-Lilleorg41-scaled.jpg","filesize":542462,"url":"https:\/\/eamt.ee\/wp-content\/uploads\/2026\/07\/LABU-2025.-AFTER-THE-TOWER-OF-BABEL-by-DITA-LURINA.-Photographer-Kalev-Lilleorg41-scaled.jpg","link":"https:\/\/eamt.ee\/en\/projects\/dita-lurina-after-the-tower-of-babel\/labu-2025-after-the-tower-of-babel-by-dita-lurina-photographer-kalev-lilleorg41\/","alt":"","author":"23","description":"","caption":"","name":"labu-2025-after-the-tower-of-babel-by-dita-lurina-photographer-kalev-lilleorg41","status":"inherit","uploaded_to":65098,"date":"2026-07-13 18:12:39","modified":"2026-07-13 18:12:39","menu_order":0,"mime_type":"image\/jpeg","type":"image","subtype":"jpeg","icon":"https:\/\/eamt.ee\/wp-includes\/images\/media\/default.png","width":2560,"height":1707,"sizes":{"thumbnail":"https:\/\/eamt.ee\/wp-content\/uploads\/2026\/07\/LABU-2025.-AFTER-THE-TOWER-OF-BABEL-by-DITA-LURINA.-Photographer-Kalev-Lilleorg41-150x150.jpg","thumbnail-width":150,"thumbnail-height":150,"medium":"https:\/\/eamt.ee\/wp-content\/uploads\/2026\/07\/LABU-2025.-AFTER-THE-TOWER-OF-BABEL-by-DITA-LURINA.-Photographer-Kalev-Lilleorg41-300x200.jpg","medium-width":300,"medium-height":200,"medium_large":"https:\/\/eamt.ee\/wp-content\/uploads\/2026\/07\/LABU-2025.-AFTER-THE-TOWER-OF-BABEL-by-DITA-LURINA.-Photographer-Kalev-Lilleorg41-768x512.jpg","medium_large-width":768,"medium_large-height":512,"large":"https:\/\/eamt.ee\/wp-content\/uploads\/2026\/07\/LABU-2025.-AFTER-THE-TOWER-OF-BABEL-by-DITA-LURINA.-Photographer-Kalev-Lilleorg41-1024x683.jpg","large-width":1024,"large-height":683,"1536x1536":"https:\/\/eamt.ee\/wp-content\/uploads\/2026\/07\/LABU-2025.-AFTER-THE-TOWER-OF-BABEL-by-DITA-LURINA.-Photographer-Kalev-Lilleorg41-1536x1024.jpg","1536x1536-width":1536,"1536x1536-height":1024,"2048x2048":"https:\/\/eamt.ee\/wp-content\/uploads\/2026\/07\/LABU-2025.-AFTER-THE-TOWER-OF-BABEL-by-DITA-LURINA.-Photographer-Kalev-Lilleorg41-2048x1365.jpg","2048x2048-width":2048,"2048x2048-height":1365,"640px":"https:\/\/eamt.ee\/wp-content\/uploads\/2026\/07\/LABU-2025.-AFTER-THE-TOWER-OF-BABEL-by-DITA-LURINA.-Photographer-Kalev-Lilleorg41-640x427.jpg","640px-width":640,"640px-height":427,"768px":"https:\/\/eamt.ee\/wp-content\/uploads\/2026\/07\/LABU-2025.-AFTER-THE-TOWER-OF-BABEL-by-DITA-LURINA.-Photographer-Kalev-Lilleorg41-768x512.jpg","768px-width":768,"768px-height":512,"1024px":"https:\/\/eamt.ee\/wp-content\/uploads\/2026\/07\/LABU-2025.-AFTER-THE-TOWER-OF-BABEL-by-DITA-LURINA.-Photographer-Kalev-Lilleorg41-1024x683.jpg","1024px-width":1024,"1024px-height":683,"1280px":"https:\/\/eamt.ee\/wp-content\/uploads\/2026\/07\/LABU-2025.-AFTER-THE-TOWER-OF-BABEL-by-DITA-LURINA.-Photographer-Kalev-Lilleorg41-1280x853.jpg","1280px-width":1280,"1280px-height":853,"1366px":"https:\/\/eamt.ee\/wp-content\/uploads\/2026\/07\/LABU-2025.-AFTER-THE-TOWER-OF-BABEL-by-DITA-LURINA.-Photographer-Kalev-Lilleorg41-1366x911.jpg","1366px-width":1366,"1366px-height":911,"1600px":"https:\/\/eamt.ee\/wp-content\/uploads\/2026\/07\/LABU-2025.-AFTER-THE-TOWER-OF-BABEL-by-DITA-LURINA.-Photographer-Kalev-Lilleorg41-1600x1067.jpg","1600px-width":1600,"1600px-height":1067,"1920px":"https:\/\/eamt.ee\/wp-content\/uploads\/2026\/07\/LABU-2025.-AFTER-THE-TOWER-OF-BABEL-by-DITA-LURINA.-Photographer-Kalev-Lilleorg41-1920x1280.jpg","1920px-width":1920,"1920px-height":1280,"2400px":"https:\/\/eamt.ee\/wp-content\/uploads\/2026\/07\/LABU-2025.-AFTER-THE-TOWER-OF-BABEL-by-DITA-LURINA.-Photographer-Kalev-Lilleorg41-2400x1600.jpg","2400px-width":2400,"2400px-height":1600,"woocommerce_thumbnail":"https:\/\/eamt.ee\/wp-content\/uploads\/2026\/07\/LABU-2025.-AFTER-THE-TOWER-OF-BABEL-by-DITA-LURINA.-Photographer-Kalev-Lilleorg41-415x415.jpg","woocommerce_thumbnail-width":415,"woocommerce_thumbnail-height":415,"woocommerce_single":"https:\/\/eamt.ee\/wp-content\/uploads\/2026\/07\/LABU-2025.-AFTER-THE-TOWER-OF-BABEL-by-DITA-LURINA.-Photographer-Kalev-Lilleorg41-600x400.jpg","woocommerce_single-width":600,"woocommerce_single-height":400,"woocommerce_gallery_thumbnail":"https:\/\/eamt.ee\/wp-content\/uploads\/2026\/07\/LABU-2025.-AFTER-THE-TOWER-OF-BABEL-by-DITA-LURINA.-Photographer-Kalev-Lilleorg41-100x100.jpg","woocommerce_gallery_thumbnail-width":100,"woocommerce_gallery_thumbnail-height":100}},{"ID":65148,"id":65148,"title":"L\u00c4BU 2025. AFTER THE TOWER OF BABEL by DITA LURINA. Photographer Kalev Lilleorg44","filename":"LABU-2025.-AFTER-THE-TOWER-OF-BABEL-by-DITA-LURINA.-Photographer-Kalev-Lilleorg44-scaled.jpg","filesize":560488,"url":"https:\/\/eamt.ee\/wp-content\/uploads\/2026\/07\/LABU-2025.-AFTER-THE-TOWER-OF-BABEL-by-DITA-LURINA.-Photographer-Kalev-Lilleorg44-scaled.jpg","link":"https:\/\/eamt.ee\/en\/projects\/dita-lurina-after-the-tower-of-babel\/labu-2025-after-the-tower-of-babel-by-dita-lurina-photographer-kalev-lilleorg44\/","alt":"","author":"23","description":"","caption":"","name":"labu-2025-after-the-tower-of-babel-by-dita-lurina-photographer-kalev-lilleorg44","status":"inherit","uploaded_to":65098,"date":"2026-07-13 18:13:13","modified":"2026-07-13 18:13:13","menu_order":0,"mime_type":"image\/jpeg","type":"image","subtype":"jpeg","icon":"https:\/\/eamt.ee\/wp-includes\/images\/media\/default.png","width":2560,"height":1707,"sizes":{"thumbnail":"https:\/\/eamt.ee\/wp-content\/uploads\/2026\/07\/LABU-2025.-AFTER-THE-TOWER-OF-BABEL-by-DITA-LURINA.-Photographer-Kalev-Lilleorg44-150x150.jpg","thumbnail-width":150,"thumbnail-height":150,"medium":"https:\/\/eamt.ee\/wp-content\/uploads\/2026\/07\/LABU-2025.-AFTER-THE-TOWER-OF-BABEL-by-DITA-LURINA.-Photographer-Kalev-Lilleorg44-300x200.jpg","medium-width":300,"medium-height":200,"medium_large":"https:\/\/eamt.ee\/wp-content\/uploads\/2026\/07\/LABU-2025.-AFTER-THE-TOWER-OF-BABEL-by-DITA-LURINA.-Photographer-Kalev-Lilleorg44-768x512.jpg","medium_large-width":768,"medium_large-height":512,"large":"https:\/\/eamt.ee\/wp-content\/uploads\/2026\/07\/LABU-2025.-AFTER-THE-TOWER-OF-BABEL-by-DITA-LURINA.-Photographer-Kalev-Lilleorg44-1024x683.jpg","large-width":1024,"large-height":683,"1536x1536":"https:\/\/eamt.ee\/wp-content\/uploads\/2026\/07\/LABU-2025.-AFTER-THE-TOWER-OF-BABEL-by-DITA-LURINA.-Photographer-Kalev-Lilleorg44-1536x1024.jpg","1536x1536-width":1536,"1536x1536-height":1024,"2048x2048":"https:\/\/eamt.ee\/wp-content\/uploads\/2026\/07\/LABU-2025.-AFTER-THE-TOWER-OF-BABEL-by-DITA-LURINA.-Photographer-Kalev-Lilleorg44-2048x1365.jpg","2048x2048-width":2048,"2048x2048-height":1365,"640px":"https:\/\/eamt.ee\/wp-content\/uploads\/2026\/07\/LABU-2025.-AFTER-THE-TOWER-OF-BABEL-by-DITA-LURINA.-Photographer-Kalev-Lilleorg44-640x427.jpg","640px-width":640,"640px-height":427,"768px":"https:\/\/eamt.ee\/wp-content\/uploads\/2026\/07\/LABU-2025.-AFTER-THE-TOWER-OF-BABEL-by-DITA-LURINA.-Photographer-Kalev-Lilleorg44-768x512.jpg","768px-width":768,"768px-height":512,"1024px":"https:\/\/eamt.ee\/wp-content\/uploads\/2026\/07\/LABU-2025.-AFTER-THE-TOWER-OF-BABEL-by-DITA-LURINA.-Photographer-Kalev-Lilleorg44-1024x683.jpg","1024px-width":1024,"1024px-height":683,"1280px":"https:\/\/eamt.ee\/wp-content\/uploads\/2026\/07\/LABU-2025.-AFTER-THE-TOWER-OF-BABEL-by-DITA-LURINA.-Photographer-Kalev-Lilleorg44-1280x853.jpg","1280px-width":1280,"1280px-height":853,"1366px":"https:\/\/eamt.ee\/wp-content\/uploads\/2026\/07\/LABU-2025.-AFTER-THE-TOWER-OF-BABEL-by-DITA-LURINA.-Photographer-Kalev-Lilleorg44-1366x911.jpg","1366px-width":1366,"1366px-height":911,"1600px":"https:\/\/eamt.ee\/wp-content\/uploads\/2026\/07\/LABU-2025.-AFTER-THE-TOWER-OF-BABEL-by-DITA-LURINA.-Photographer-Kalev-Lilleorg44-1600x1067.jpg","1600px-width":1600,"1600px-height":1067,"1920px":"https:\/\/eamt.ee\/wp-content\/uploads\/2026\/07\/LABU-2025.-AFTER-THE-TOWER-OF-BABEL-by-DITA-LURINA.-Photographer-Kalev-Lilleorg44-1920x1280.jpg","1920px-width":1920,"1920px-height":1280,"2400px":"https:\/\/eamt.ee\/wp-content\/uploads\/2026\/07\/LABU-2025.-AFTER-THE-TOWER-OF-BABEL-by-DITA-LURINA.-Photographer-Kalev-Lilleorg44-2400x1600.jpg","2400px-width":2400,"2400px-height":1600,"woocommerce_thumbnail":"https:\/\/eamt.ee\/wp-content\/uploads\/2026\/07\/LABU-2025.-AFTER-THE-TOWER-OF-BABEL-by-DITA-LURINA.-Photographer-Kalev-Lilleorg44-415x415.jpg","woocommerce_thumbnail-width":415,"woocommerce_thumbnail-height":415,"woocommerce_single":"https:\/\/eamt.ee\/wp-content\/uploads\/2026\/07\/LABU-2025.-AFTER-THE-TOWER-OF-BABEL-by-DITA-LURINA.-Photographer-Kalev-Lilleorg44-600x400.jpg","woocommerce_single-width":600,"woocommerce_single-height":400,"woocommerce_gallery_thumbnail":"https:\/\/eamt.ee\/wp-content\/uploads\/2026\/07\/LABU-2025.-AFTER-THE-TOWER-OF-BABEL-by-DITA-LURINA.-Photographer-Kalev-Lilleorg44-100x100.jpg","woocommerce_gallery_thumbnail-width":100,"woocommerce_gallery_thumbnail-height":100}},{"ID":65150,"id":65150,"title":"L\u00c4BU 2025. AFTER THE TOWER OF BABEL by DITA LURINA. Photographer Kalev Lilleorg46","filename":"LABU-2025.-AFTER-THE-TOWER-OF-BABEL-by-DITA-LURINA.-Photographer-Kalev-Lilleorg46-scaled.jpg","filesize":474898,"url":"https:\/\/eamt.ee\/wp-content\/uploads\/2026\/07\/LABU-2025.-AFTER-THE-TOWER-OF-BABEL-by-DITA-LURINA.-Photographer-Kalev-Lilleorg46-scaled.jpg","link":"https:\/\/eamt.ee\/en\/projects\/dita-lurina-after-the-tower-of-babel\/labu-2025-after-the-tower-of-babel-by-dita-lurina-photographer-kalev-lilleorg46\/","alt":"","author":"23","description":"","caption":"","name":"labu-2025-after-the-tower-of-babel-by-dita-lurina-photographer-kalev-lilleorg46","status":"inherit","uploaded_to":65098,"date":"2026-07-13 18:13:46","modified":"2026-07-13 18:13:46","menu_order":0,"mime_type":"image\/jpeg","type":"image","subtype":"jpeg","icon":"https:\/\/eamt.ee\/wp-includes\/images\/media\/default.png","width":2560,"height":1707,"sizes":{"thumbnail":"https:\/\/eamt.ee\/wp-content\/uploads\/2026\/07\/LABU-2025.-AFTER-THE-TOWER-OF-BABEL-by-DITA-LURINA.-Photographer-Kalev-Lilleorg46-150x150.jpg","thumbnail-width":150,"thumbnail-height":150,"medium":"https:\/\/eamt.ee\/wp-content\/uploads\/2026\/07\/LABU-2025.-AFTER-THE-TOWER-OF-BABEL-by-DITA-LURINA.-Photographer-Kalev-Lilleorg46-300x200.jpg","medium-width":300,"medium-height":200,"medium_large":"https:\/\/eamt.ee\/wp-content\/uploads\/2026\/07\/LABU-2025.-AFTER-THE-TOWER-OF-BABEL-by-DITA-LURINA.-Photographer-Kalev-Lilleorg46-768x512.jpg","medium_large-width":768,"medium_large-height":512,"large":"https:\/\/eamt.ee\/wp-content\/uploads\/2026\/07\/LABU-2025.-AFTER-THE-TOWER-OF-BABEL-by-DITA-LURINA.-Photographer-Kalev-Lilleorg46-1024x683.jpg","large-width":1024,"large-height":683,"1536x1536":"https:\/\/eamt.ee\/wp-content\/uploads\/2026\/07\/LABU-2025.-AFTER-THE-TOWER-OF-BABEL-by-DITA-LURINA.-Photographer-Kalev-Lilleorg46-1536x1024.jpg","1536x1536-width":1536,"1536x1536-height":1024,"2048x2048":"https:\/\/eamt.ee\/wp-content\/uploads\/2026\/07\/LABU-2025.-AFTER-THE-TOWER-OF-BABEL-by-DITA-LURINA.-Photographer-Kalev-Lilleorg46-2048x1365.jpg","2048x2048-width":2048,"2048x2048-height":1365,"640px":"https:\/\/eamt.ee\/wp-content\/uploads\/2026\/07\/LABU-2025.-AFTER-THE-TOWER-OF-BABEL-by-DITA-LURINA.-Photographer-Kalev-Lilleorg46-640x427.jpg","640px-width":640,"640px-height":427,"768px":"https:\/\/eamt.ee\/wp-content\/uploads\/2026\/07\/LABU-2025.-AFTER-THE-TOWER-OF-BABEL-by-DITA-LURINA.-Photographer-Kalev-Lilleorg46-768x512.jpg","768px-width":768,"768px-height":512,"1024px":"https:\/\/eamt.ee\/wp-content\/uploads\/2026\/07\/LABU-2025.-AFTER-THE-TOWER-OF-BABEL-by-DITA-LURINA.-Photographer-Kalev-Lilleorg46-1024x683.jpg","1024px-width":1024,"1024px-height":683,"1280px":"https:\/\/eamt.ee\/wp-content\/uploads\/2026\/07\/LABU-2025.-AFTER-THE-TOWER-OF-BABEL-by-DITA-LURINA.-Photographer-Kalev-Lilleorg46-1280x853.jpg","1280px-width":1280,"1280px-height":853,"1366px":"https:\/\/eamt.ee\/wp-content\/uploads\/2026\/07\/LABU-2025.-AFTER-THE-TOWER-OF-BABEL-by-DITA-LURINA.-Photographer-Kalev-Lilleorg46-1366x911.jpg","1366px-width":1366,"1366px-height":911,"1600px":"https:\/\/eamt.ee\/wp-content\/uploads\/2026\/07\/LABU-2025.-AFTER-THE-TOWER-OF-BABEL-by-DITA-LURINA.-Photographer-Kalev-Lilleorg46-1600x1067.jpg","1600px-width":1600,"1600px-height":1067,"1920px":"https:\/\/eamt.ee\/wp-content\/uploads\/2026\/07\/LABU-2025.-AFTER-THE-TOWER-OF-BABEL-by-DITA-LURINA.-Photographer-Kalev-Lilleorg46-1920x1280.jpg","1920px-width":1920,"1920px-height":1280,"2400px":"https:\/\/eamt.ee\/wp-content\/uploads\/2026\/07\/LABU-2025.-AFTER-THE-TOWER-OF-BABEL-by-DITA-LURINA.-Photographer-Kalev-Lilleorg46-2400x1600.jpg","2400px-width":2400,"2400px-height":1600,"woocommerce_thumbnail":"https:\/\/eamt.ee\/wp-content\/uploads\/2026\/07\/LABU-2025.-AFTER-THE-TOWER-OF-BABEL-by-DITA-LURINA.-Photographer-Kalev-Lilleorg46-415x415.jpg","woocommerce_thumbnail-width":415,"woocommerce_thumbnail-height":415,"woocommerce_single":"https:\/\/eamt.ee\/wp-content\/uploads\/2026\/07\/LABU-2025.-AFTER-THE-TOWER-OF-BABEL-by-DITA-LURINA.-Photographer-Kalev-Lilleorg46-600x400.jpg","woocommerce_single-width":600,"woocommerce_single-height":400,"woocommerce_gallery_thumbnail":"https:\/\/eamt.ee\/wp-content\/uploads\/2026\/07\/LABU-2025.-AFTER-THE-TOWER-OF-BABEL-by-DITA-LURINA.-Photographer-Kalev-Lilleorg46-100x100.jpg","woocommerce_gallery_thumbnail-width":100,"woocommerce_gallery_thumbnail-height":100}},{"ID":65152,"id":65152,"title":"L\u00c4BU 2025. AFTER THE TOWER OF BABEL by DITA LURINA. Photographer Kalev Lilleorg47","filename":"LABU-2025.-AFTER-THE-TOWER-OF-BABEL-by-DITA-LURINA.-Photographer-Kalev-Lilleorg47-scaled.jpg","filesize":548319,"url":"https:\/\/eamt.ee\/wp-content\/uploads\/2026\/07\/LABU-2025.-AFTER-THE-TOWER-OF-BABEL-by-DITA-LURINA.-Photographer-Kalev-Lilleorg47-scaled.jpg","link":"https:\/\/eamt.ee\/en\/projects\/dita-lurina-after-the-tower-of-babel\/labu-2025-after-the-tower-of-babel-by-dita-lurina-photographer-kalev-lilleorg47\/","alt":"","author":"23","description":"","caption":"","name":"labu-2025-after-the-tower-of-babel-by-dita-lurina-photographer-kalev-lilleorg47","status":"inherit","uploaded_to":65098,"date":"2026-07-13 18:14:23","modified":"2026-07-13 18:14:23","menu_order":0,"mime_type":"image\/jpeg","type":"image","subtype":"jpeg","icon":"https:\/\/eamt.ee\/wp-includes\/images\/media\/default.png","width":2560,"height":1707,"sizes":{"thumbnail":"https:\/\/eamt.ee\/wp-content\/uploads\/2026\/07\/LABU-2025.-AFTER-THE-TOWER-OF-BABEL-by-DITA-LURINA.-Photographer-Kalev-Lilleorg47-150x150.jpg","thumbnail-width":150,"thumbnail-height":150,"medium":"https:\/\/eamt.ee\/wp-content\/uploads\/2026\/07\/LABU-2025.-AFTER-THE-TOWER-OF-BABEL-by-DITA-LURINA.-Photographer-Kalev-Lilleorg47-300x200.jpg","medium-width":300,"medium-height":200,"medium_large":"https:\/\/eamt.ee\/wp-content\/uploads\/2026\/07\/LABU-2025.-AFTER-THE-TOWER-OF-BABEL-by-DITA-LURINA.-Photographer-Kalev-Lilleorg47-768x512.jpg","medium_large-width":768,"medium_large-height":512,"large":"https:\/\/eamt.ee\/wp-content\/uploads\/2026\/07\/LABU-2025.-AFTER-THE-TOWER-OF-BABEL-by-DITA-LURINA.-Photographer-Kalev-Lilleorg47-1024x683.jpg","large-width":1024,"large-height":683,"1536x1536":"https:\/\/eamt.ee\/wp-content\/uploads\/2026\/07\/LABU-2025.-AFTER-THE-TOWER-OF-BABEL-by-DITA-LURINA.-Photographer-Kalev-Lilleorg47-1536x1024.jpg","1536x1536-width":1536,"1536x1536-height":1024,"2048x2048":"https:\/\/eamt.ee\/wp-content\/uploads\/2026\/07\/LABU-2025.-AFTER-THE-TOWER-OF-BABEL-by-DITA-LURINA.-Photographer-Kalev-Lilleorg47-2048x1365.jpg","2048x2048-width":2048,"2048x2048-height":1365,"640px":"https:\/\/eamt.ee\/wp-content\/uploads\/2026\/07\/LABU-2025.-AFTER-THE-TOWER-OF-BABEL-by-DITA-LURINA.-Photographer-Kalev-Lilleorg47-640x427.jpg","640px-width":640,"640px-height":427,"768px":"https:\/\/eamt.ee\/wp-content\/uploads\/2026\/07\/LABU-2025.-AFTER-THE-TOWER-OF-BABEL-by-DITA-LURINA.-Photographer-Kalev-Lilleorg47-768x512.jpg","768px-width":768,"768px-height":512,"1024px":"https:\/\/eamt.ee\/wp-content\/uploads\/2026\/07\/LABU-2025.-AFTER-THE-TOWER-OF-BABEL-by-DITA-LURINA.-Photographer-Kalev-Lilleorg47-1024x683.jpg","1024px-width":1024,"1024px-height":683,"1280px":"https:\/\/eamt.ee\/wp-content\/uploads\/2026\/07\/LABU-2025.-AFTER-THE-TOWER-OF-BABEL-by-DITA-LURINA.-Photographer-Kalev-Lilleorg47-1280x853.jpg","1280px-width":1280,"1280px-height":853,"1366px":"https:\/\/eamt.ee\/wp-content\/uploads\/2026\/07\/LABU-2025.-AFTER-THE-TOWER-OF-BABEL-by-DITA-LURINA.-Photographer-Kalev-Lilleorg47-1366x911.jpg","1366px-width":1366,"1366px-height":911,"1600px":"https:\/\/eamt.ee\/wp-content\/uploads\/2026\/07\/LABU-2025.-AFTER-THE-TOWER-OF-BABEL-by-DITA-LURINA.-Photographer-Kalev-Lilleorg47-1600x1067.jpg","1600px-width":1600,"1600px-height":1067,"1920px":"https:\/\/eamt.ee\/wp-content\/uploads\/2026\/07\/LABU-2025.-AFTER-THE-TOWER-OF-BABEL-by-DITA-LURINA.-Photographer-Kalev-Lilleorg47-1920x1280.jpg","1920px-width":1920,"1920px-height":1280,"2400px":"https:\/\/eamt.ee\/wp-content\/uploads\/2026\/07\/LABU-2025.-AFTER-THE-TOWER-OF-BABEL-by-DITA-LURINA.-Photographer-Kalev-Lilleorg47-2400x1600.jpg","2400px-width":2400,"2400px-height":1600,"woocommerce_thumbnail":"https:\/\/eamt.ee\/wp-content\/uploads\/2026\/07\/LABU-2025.-AFTER-THE-TOWER-OF-BABEL-by-DITA-LURINA.-Photographer-Kalev-Lilleorg47-415x415.jpg","woocommerce_thumbnail-width":415,"woocommerce_thumbnail-height":415,"woocommerce_single":"https:\/\/eamt.ee\/wp-content\/uploads\/2026\/07\/LABU-2025.-AFTER-THE-TOWER-OF-BABEL-by-DITA-LURINA.-Photographer-Kalev-Lilleorg47-600x400.jpg","woocommerce_single-width":600,"woocommerce_single-height":400,"woocommerce_gallery_thumbnail":"https:\/\/eamt.ee\/wp-content\/uploads\/2026\/07\/LABU-2025.-AFTER-THE-TOWER-OF-BABEL-by-DITA-LURINA.-Photographer-Kalev-Lilleorg47-100x100.jpg","woocommerce_gallery_thumbnail-width":100,"woocommerce_gallery_thumbnail-height":100}},{"ID":65154,"id":65154,"title":"L\u00c4BU 2025. AFTER THE TOWER OF BABEL by DITA LURINA. Photographer Kalev Lilleorg50","filename":"LABU-2025.-AFTER-THE-TOWER-OF-BABEL-by-DITA-LURINA.-Photographer-Kalev-Lilleorg50-scaled.jpg","filesize":381834,"url":"https:\/\/eamt.ee\/wp-content\/uploads\/2026\/07\/LABU-2025.-AFTER-THE-TOWER-OF-BABEL-by-DITA-LURINA.-Photographer-Kalev-Lilleorg50-scaled.jpg","link":"https:\/\/eamt.ee\/en\/projects\/dita-lurina-after-the-tower-of-babel\/labu-2025-after-the-tower-of-babel-by-dita-lurina-photographer-kalev-lilleorg50\/","alt":"","author":"23","description":"","caption":"","name":"labu-2025-after-the-tower-of-babel-by-dita-lurina-photographer-kalev-lilleorg50","status":"inherit","uploaded_to":65098,"date":"2026-07-13 18:14:48","modified":"2026-07-13 18:14:48","menu_order":0,"mime_type":"image\/jpeg","type":"image","subtype":"jpeg","icon":"https:\/\/eamt.ee\/wp-includes\/images\/media\/default.png","width":2560,"height":1707,"sizes":{"thumbnail":"https:\/\/eamt.ee\/wp-content\/uploads\/2026\/07\/LABU-2025.-AFTER-THE-TOWER-OF-BABEL-by-DITA-LURINA.-Photographer-Kalev-Lilleorg50-150x150.jpg","thumbnail-width":150,"thumbnail-height":150,"medium":"https:\/\/eamt.ee\/wp-content\/uploads\/2026\/07\/LABU-2025.-AFTER-THE-TOWER-OF-BABEL-by-DITA-LURINA.-Photographer-Kalev-Lilleorg50-300x200.jpg","medium-width":300,"medium-height":200,"medium_large":"https:\/\/eamt.ee\/wp-content\/uploads\/2026\/07\/LABU-2025.-AFTER-THE-TOWER-OF-BABEL-by-DITA-LURINA.-Photographer-Kalev-Lilleorg50-768x512.jpg","medium_large-width":768,"medium_large-height":512,"large":"https:\/\/eamt.ee\/wp-content\/uploads\/2026\/07\/LABU-2025.-AFTER-THE-TOWER-OF-BABEL-by-DITA-LURINA.-Photographer-Kalev-Lilleorg50-1024x683.jpg","large-width":1024,"large-height":683,"1536x1536":"https:\/\/eamt.ee\/wp-content\/uploads\/2026\/07\/LABU-2025.-AFTER-THE-TOWER-OF-BABEL-by-DITA-LURINA.-Photographer-Kalev-Lilleorg50-1536x1024.jpg","1536x1536-width":1536,"1536x1536-height":1024,"2048x2048":"https:\/\/eamt.ee\/wp-content\/uploads\/2026\/07\/LABU-2025.-AFTER-THE-TOWER-OF-BABEL-by-DITA-LURINA.-Photographer-Kalev-Lilleorg50-2048x1365.jpg","2048x2048-width":2048,"2048x2048-height":1365,"640px":"https:\/\/eamt.ee\/wp-content\/uploads\/2026\/07\/LABU-2025.-AFTER-THE-TOWER-OF-BABEL-by-DITA-LURINA.-Photographer-Kalev-Lilleorg50-640x427.jpg","640px-width":640,"640px-height":427,"768px":"https:\/\/eamt.ee\/wp-content\/uploads\/2026\/07\/LABU-2025.-AFTER-THE-TOWER-OF-BABEL-by-DITA-LURINA.-Photographer-Kalev-Lilleorg50-768x512.jpg","768px-width":768,"768px-height":512,"1024px":"https:\/\/eamt.ee\/wp-content\/uploads\/2026\/07\/LABU-2025.-AFTER-THE-TOWER-OF-BABEL-by-DITA-LURINA.-Photographer-Kalev-Lilleorg50-1024x683.jpg","1024px-width":1024,"1024px-height":683,"1280px":"https:\/\/eamt.ee\/wp-content\/uploads\/2026\/07\/LABU-2025.-AFTER-THE-TOWER-OF-BABEL-by-DITA-LURINA.-Photographer-Kalev-Lilleorg50-1280x853.jpg","1280px-width":1280,"1280px-height":853,"1366px":"https:\/\/eamt.ee\/wp-content\/uploads\/2026\/07\/LABU-2025.-AFTER-THE-TOWER-OF-BABEL-by-DITA-LURINA.-Photographer-Kalev-Lilleorg50-1366x911.jpg","1366px-width":1366,"1366px-height":911,"1600px":"https:\/\/eamt.ee\/wp-content\/uploads\/2026\/07\/LABU-2025.-AFTER-THE-TOWER-OF-BABEL-by-DITA-LURINA.-Photographer-Kalev-Lilleorg50-1600x1067.jpg","1600px-width":1600,"1600px-height":1067,"1920px":"https:\/\/eamt.ee\/wp-content\/uploads\/2026\/07\/LABU-2025.-AFTER-THE-TOWER-OF-BABEL-by-DITA-LURINA.-Photographer-Kalev-Lilleorg50-1920x1280.jpg","1920px-width":1920,"1920px-height":1280,"2400px":"https:\/\/eamt.ee\/wp-content\/uploads\/2026\/07\/LABU-2025.-AFTER-THE-TOWER-OF-BABEL-by-DITA-LURINA.-Photographer-Kalev-Lilleorg50-2400x1600.jpg","2400px-width":2400,"2400px-height":1600,"woocommerce_thumbnail":"https:\/\/eamt.ee\/wp-content\/uploads\/2026\/07\/LABU-2025.-AFTER-THE-TOWER-OF-BABEL-by-DITA-LURINA.-Photographer-Kalev-Lilleorg50-415x415.jpg","woocommerce_thumbnail-width":415,"woocommerce_thumbnail-height":415,"woocommerce_single":"https:\/\/eamt.ee\/wp-content\/uploads\/2026\/07\/LABU-2025.-AFTER-THE-TOWER-OF-BABEL-by-DITA-LURINA.-Photographer-Kalev-Lilleorg50-600x400.jpg","woocommerce_single-width":600,"woocommerce_single-height":400,"woocommerce_gallery_thumbnail":"https:\/\/eamt.ee\/wp-content\/uploads\/2026\/07\/LABU-2025.-AFTER-THE-TOWER-OF-BABEL-by-DITA-LURINA.-Photographer-Kalev-Lilleorg50-100x100.jpg","woocommerce_gallery_thumbnail-width":100,"woocommerce_gallery_thumbnail-height":100}},{"ID":65156,"id":65156,"title":"L\u00c4BU 2025. AFTER THE TOWER OF BABEL by DITA LURINA. Photographer Kalev Lilleorg53","filename":"LABU-2025.-AFTER-THE-TOWER-OF-BABEL-by-DITA-LURINA.-Photographer-Kalev-Lilleorg53-scaled.jpg","filesize":569625,"url":"https:\/\/eamt.ee\/wp-content\/uploads\/2026\/07\/LABU-2025.-AFTER-THE-TOWER-OF-BABEL-by-DITA-LURINA.-Photographer-Kalev-Lilleorg53-scaled.jpg","link":"https:\/\/eamt.ee\/en\/projects\/dita-lurina-after-the-tower-of-babel\/labu-2025-after-the-tower-of-babel-by-dita-lurina-photographer-kalev-lilleorg53\/","alt":"","author":"23","description":"","caption":"","name":"labu-2025-after-the-tower-of-babel-by-dita-lurina-photographer-kalev-lilleorg53","status":"inherit","uploaded_to":65098,"date":"2026-07-13 18:15:19","modified":"2026-07-13 18:15:19","menu_order":0,"mime_type":"image\/jpeg","type":"image","subtype":"jpeg","icon":"https:\/\/eamt.ee\/wp-includes\/images\/media\/default.png","width":2560,"height":1707,"sizes":{"thumbnail":"https:\/\/eamt.ee\/wp-content\/uploads\/2026\/07\/LABU-2025.-AFTER-THE-TOWER-OF-BABEL-by-DITA-LURINA.-Photographer-Kalev-Lilleorg53-150x150.jpg","thumbnail-width":150,"thumbnail-height":150,"medium":"https:\/\/eamt.ee\/wp-content\/uploads\/2026\/07\/LABU-2025.-AFTER-THE-TOWER-OF-BABEL-by-DITA-LURINA.-Photographer-Kalev-Lilleorg53-300x200.jpg","medium-width":300,"medium-height":200,"medium_large":"https:\/\/eamt.ee\/wp-content\/uploads\/2026\/07\/LABU-2025.-AFTER-THE-TOWER-OF-BABEL-by-DITA-LURINA.-Photographer-Kalev-Lilleorg53-768x512.jpg","medium_large-width":768,"medium_large-height":512,"large":"https:\/\/eamt.ee\/wp-content\/uploads\/2026\/07\/LABU-2025.-AFTER-THE-TOWER-OF-BABEL-by-DITA-LURINA.-Photographer-Kalev-Lilleorg53-1024x683.jpg","large-width":1024,"large-height":683,"1536x1536":"https:\/\/eamt.ee\/wp-content\/uploads\/2026\/07\/LABU-2025.-AFTER-THE-TOWER-OF-BABEL-by-DITA-LURINA.-Photographer-Kalev-Lilleorg53-1536x1024.jpg","1536x1536-width":1536,"1536x1536-height":1024,"2048x2048":"https:\/\/eamt.ee\/wp-content\/uploads\/2026\/07\/LABU-2025.-AFTER-THE-TOWER-OF-BABEL-by-DITA-LURINA.-Photographer-Kalev-Lilleorg53-2048x1365.jpg","2048x2048-width":2048,"2048x2048-height":1365,"640px":"https:\/\/eamt.ee\/wp-content\/uploads\/2026\/07\/LABU-2025.-AFTER-THE-TOWER-OF-BABEL-by-DITA-LURINA.-Photographer-Kalev-Lilleorg53-640x427.jpg","640px-width":640,"640px-height":427,"768px":"https:\/\/eamt.ee\/wp-content\/uploads\/2026\/07\/LABU-2025.-AFTER-THE-TOWER-OF-BABEL-by-DITA-LURINA.-Photographer-Kalev-Lilleorg53-768x512.jpg","768px-width":768,"768px-height":512,"1024px":"https:\/\/eamt.ee\/wp-content\/uploads\/2026\/07\/LABU-2025.-AFTER-THE-TOWER-OF-BABEL-by-DITA-LURINA.-Photographer-Kalev-Lilleorg53-1024x683.jpg","1024px-width":1024,"1024px-height":683,"1280px":"https:\/\/eamt.ee\/wp-content\/uploads\/2026\/07\/LABU-2025.-AFTER-THE-TOWER-OF-BABEL-by-DITA-LURINA.-Photographer-Kalev-Lilleorg53-1280x853.jpg","1280px-width":1280,"1280px-height":853,"1366px":"https:\/\/eamt.ee\/wp-content\/uploads\/2026\/07\/LABU-2025.-AFTER-THE-TOWER-OF-BABEL-by-DITA-LURINA.-Photographer-Kalev-Lilleorg53-1366x911.jpg","1366px-width":1366,"1366px-height":911,"1600px":"https:\/\/eamt.ee\/wp-content\/uploads\/2026\/07\/LABU-2025.-AFTER-THE-TOWER-OF-BABEL-by-DITA-LURINA.-Photographer-Kalev-Lilleorg53-1600x1067.jpg","1600px-width":1600,"1600px-height":1067,"1920px":"https:\/\/eamt.ee\/wp-content\/uploads\/2026\/07\/LABU-2025.-AFTER-THE-TOWER-OF-BABEL-by-DITA-LURINA.-Photographer-Kalev-Lilleorg53-1920x1280.jpg","1920px-width":1920,"1920px-height":1280,"2400px":"https:\/\/eamt.ee\/wp-content\/uploads\/2026\/07\/LABU-2025.-AFTER-THE-TOWER-OF-BABEL-by-DITA-LURINA.-Photographer-Kalev-Lilleorg53-2400x1600.jpg","2400px-width":2400,"2400px-height":1600,"woocommerce_thumbnail":"https:\/\/eamt.ee\/wp-content\/uploads\/2026\/07\/LABU-2025.-AFTER-THE-TOWER-OF-BABEL-by-DITA-LURINA.-Photographer-Kalev-Lilleorg53-415x415.jpg","woocommerce_thumbnail-width":415,"woocommerce_thumbnail-height":415,"woocommerce_single":"https:\/\/eamt.ee\/wp-content\/uploads\/2026\/07\/LABU-2025.-AFTER-THE-TOWER-OF-BABEL-by-DITA-LURINA.-Photographer-Kalev-Lilleorg53-600x400.jpg","woocommerce_single-width":600,"woocommerce_single-height":400,"woocommerce_gallery_thumbnail":"https:\/\/eamt.ee\/wp-content\/uploads\/2026\/07\/LABU-2025.-AFTER-THE-TOWER-OF-BABEL-by-DITA-LURINA.-Photographer-Kalev-Lilleorg53-100x100.jpg","woocommerce_gallery_thumbnail-width":100,"woocommerce_gallery_thumbnail-height":100}},{"ID":65158,"id":65158,"title":"L\u00c4BU 2025. AFTER THE TOWER OF BABEL by DITA LURINA. Photographer Kalev Lilleorg55","filename":"LABU-2025.-AFTER-THE-TOWER-OF-BABEL-by-DITA-LURINA.-Photographer-Kalev-Lilleorg55-scaled.jpg","filesize":346172,"url":"https:\/\/eamt.ee\/wp-content\/uploads\/2026\/07\/LABU-2025.-AFTER-THE-TOWER-OF-BABEL-by-DITA-LURINA.-Photographer-Kalev-Lilleorg55-scaled.jpg","link":"https:\/\/eamt.ee\/en\/projects\/dita-lurina-after-the-tower-of-babel\/labu-2025-after-the-tower-of-babel-by-dita-lurina-photographer-kalev-lilleorg55\/","alt":"","author":"23","description":"","caption":"","name":"labu-2025-after-the-tower-of-babel-by-dita-lurina-photographer-kalev-lilleorg55","status":"inherit","uploaded_to":65098,"date":"2026-07-13 18:15:54","modified":"2026-07-13 18:15:54","menu_order":0,"mime_type":"image\/jpeg","type":"image","subtype":"jpeg","icon":"https:\/\/eamt.ee\/wp-includes\/images\/media\/default.png","width":2560,"height":1707,"sizes":{"thumbnail":"https:\/\/eamt.ee\/wp-content\/uploads\/2026\/07\/LABU-2025.-AFTER-THE-TOWER-OF-BABEL-by-DITA-LURINA.-Photographer-Kalev-Lilleorg55-150x150.jpg","thumbnail-width":150,"thumbnail-height":150,"medium":"https:\/\/eamt.ee\/wp-content\/uploads\/2026\/07\/LABU-2025.-AFTER-THE-TOWER-OF-BABEL-by-DITA-LURINA.-Photographer-Kalev-Lilleorg55-300x200.jpg","medium-width":300,"medium-height":200,"medium_large":"https:\/\/eamt.ee\/wp-content\/uploads\/2026\/07\/LABU-2025.-AFTER-THE-TOWER-OF-BABEL-by-DITA-LURINA.-Photographer-Kalev-Lilleorg55-768x512.jpg","medium_large-width":768,"medium_large-height":512,"large":"https:\/\/eamt.ee\/wp-content\/uploads\/2026\/07\/LABU-2025.-AFTER-THE-TOWER-OF-BABEL-by-DITA-LURINA.-Photographer-Kalev-Lilleorg55-1024x683.jpg","large-width":1024,"large-height":683,"1536x1536":"https:\/\/eamt.ee\/wp-content\/uploads\/2026\/07\/LABU-2025.-AFTER-THE-TOWER-OF-BABEL-by-DITA-LURINA.-Photographer-Kalev-Lilleorg55-1536x1024.jpg","1536x1536-width":1536,"1536x1536-height":1024,"2048x2048":"https:\/\/eamt.ee\/wp-content\/uploads\/2026\/07\/LABU-2025.-AFTER-THE-TOWER-OF-BABEL-by-DITA-LURINA.-Photographer-Kalev-Lilleorg55-2048x1365.jpg","2048x2048-width":2048,"2048x2048-height":1365,"640px":"https:\/\/eamt.ee\/wp-content\/uploads\/2026\/07\/LABU-2025.-AFTER-THE-TOWER-OF-BABEL-by-DITA-LURINA.-Photographer-Kalev-Lilleorg55-640x427.jpg","640px-width":640,"640px-height":427,"768px":"https:\/\/eamt.ee\/wp-content\/uploads\/2026\/07\/LABU-2025.-AFTER-THE-TOWER-OF-BABEL-by-DITA-LURINA.-Photographer-Kalev-Lilleorg55-768x512.jpg","768px-width":768,"768px-height":512,"1024px":"https:\/\/eamt.ee\/wp-content\/uploads\/2026\/07\/LABU-2025.-AFTER-THE-TOWER-OF-BABEL-by-DITA-LURINA.-Photographer-Kalev-Lilleorg55-1024x683.jpg","1024px-width":1024,"1024px-height":683,"1280px":"https:\/\/eamt.ee\/wp-content\/uploads\/2026\/07\/LABU-2025.-AFTER-THE-TOWER-OF-BABEL-by-DITA-LURINA.-Photographer-Kalev-Lilleorg55-1280x853.jpg","1280px-width":1280,"1280px-height":853,"1366px":"https:\/\/eamt.ee\/wp-content\/uploads\/2026\/07\/LABU-2025.-AFTER-THE-TOWER-OF-BABEL-by-DITA-LURINA.-Photographer-Kalev-Lilleorg55-1366x911.jpg","1366px-width":1366,"1366px-height":911,"1600px":"https:\/\/eamt.ee\/wp-content\/uploads\/2026\/07\/LABU-2025.-AFTER-THE-TOWER-OF-BABEL-by-DITA-LURINA.-Photographer-Kalev-Lilleorg55-1600x1067.jpg","1600px-width":1600,"1600px-height":1067,"1920px":"https:\/\/eamt.ee\/wp-content\/uploads\/2026\/07\/LABU-2025.-AFTER-THE-TOWER-OF-BABEL-by-DITA-LURINA.-Photographer-Kalev-Lilleorg55-1920x1280.jpg","1920px-width":1920,"1920px-height":1280,"2400px":"https:\/\/eamt.ee\/wp-content\/uploads\/2026\/07\/LABU-2025.-AFTER-THE-TOWER-OF-BABEL-by-DITA-LURINA.-Photographer-Kalev-Lilleorg55-2400x1600.jpg","2400px-width":2400,"2400px-height":1600,"woocommerce_thumbnail":"https:\/\/eamt.ee\/wp-content\/uploads\/2026\/07\/LABU-2025.-AFTER-THE-TOWER-OF-BABEL-by-DITA-LURINA.-Photographer-Kalev-Lilleorg55-415x415.jpg","woocommerce_thumbnail-width":415,"woocommerce_thumbnail-height":415,"woocommerce_single":"https:\/\/eamt.ee\/wp-content\/uploads\/2026\/07\/LABU-2025.-AFTER-THE-TOWER-OF-BABEL-by-DITA-LURINA.-Photographer-Kalev-Lilleorg55-600x400.jpg","woocommerce_single-width":600,"woocommerce_single-height":400,"woocommerce_gallery_thumbnail":"https:\/\/eamt.ee\/wp-content\/uploads\/2026\/07\/LABU-2025.-AFTER-THE-TOWER-OF-BABEL-by-DITA-LURINA.-Photographer-Kalev-Lilleorg55-100x100.jpg","woocommerce_gallery_thumbnail-width":100,"woocommerce_gallery_thumbnail-height":100}},{"ID":65160,"id":65160,"title":"L\u00c4BU 2025. AFTER THE TOWER OF BABEL by DITA LURINA. Photographer Kalev Lilleorg56","filename":"LABU-2025.-AFTER-THE-TOWER-OF-BABEL-by-DITA-LURINA.-Photographer-Kalev-Lilleorg56-scaled.jpg","filesize":244159,"url":"https:\/\/eamt.ee\/wp-content\/uploads\/2026\/07\/LABU-2025.-AFTER-THE-TOWER-OF-BABEL-by-DITA-LURINA.-Photographer-Kalev-Lilleorg56-scaled.jpg","link":"https:\/\/eamt.ee\/en\/projects\/dita-lurina-after-the-tower-of-babel\/labu-2025-after-the-tower-of-babel-by-dita-lurina-photographer-kalev-lilleorg56\/","alt":"","author":"23","description":"","caption":"","name":"labu-2025-after-the-tower-of-babel-by-dita-lurina-photographer-kalev-lilleorg56","status":"inherit","uploaded_to":65098,"date":"2026-07-13 18:16:14","modified":"2026-07-13 18:16:14","menu_order":0,"mime_type":"image\/jpeg","type":"image","subtype":"jpeg","icon":"https:\/\/eamt.ee\/wp-includes\/images\/media\/default.png","width":2560,"height":1707,"sizes":{"thumbnail":"https:\/\/eamt.ee\/wp-content\/uploads\/2026\/07\/LABU-2025.-AFTER-THE-TOWER-OF-BABEL-by-DITA-LURINA.-Photographer-Kalev-Lilleorg56-150x150.jpg","thumbnail-width":150,"thumbnail-height":150,"medium":"https:\/\/eamt.ee\/wp-content\/uploads\/2026\/07\/LABU-2025.-AFTER-THE-TOWER-OF-BABEL-by-DITA-LURINA.-Photographer-Kalev-Lilleorg56-300x200.jpg","medium-width":300,"medium-height":200,"medium_large":"https:\/\/eamt.ee\/wp-content\/uploads\/2026\/07\/LABU-2025.-AFTER-THE-TOWER-OF-BABEL-by-DITA-LURINA.-Photographer-Kalev-Lilleorg56-768x512.jpg","medium_large-width":768,"medium_large-height":512,"large":"https:\/\/eamt.ee\/wp-content\/uploads\/2026\/07\/LABU-2025.-AFTER-THE-TOWER-OF-BABEL-by-DITA-LURINA.-Photographer-Kalev-Lilleorg56-1024x683.jpg","large-width":1024,"large-height":683,"1536x1536":"https:\/\/eamt.ee\/wp-content\/uploads\/2026\/07\/LABU-2025.-AFTER-THE-TOWER-OF-BABEL-by-DITA-LURINA.-Photographer-Kalev-Lilleorg56-1536x1024.jpg","1536x1536-width":1536,"1536x1536-height":1024,"2048x2048":"https:\/\/eamt.ee\/wp-content\/uploads\/2026\/07\/LABU-2025.-AFTER-THE-TOWER-OF-BABEL-by-DITA-LURINA.-Photographer-Kalev-Lilleorg56-2048x1365.jpg","2048x2048-width":2048,"2048x2048-height":1365,"640px":"https:\/\/eamt.ee\/wp-content\/uploads\/2026\/07\/LABU-2025.-AFTER-THE-TOWER-OF-BABEL-by-DITA-LURINA.-Photographer-Kalev-Lilleorg56-640x427.jpg","640px-width":640,"640px-height":427,"768px":"https:\/\/eamt.ee\/wp-content\/uploads\/2026\/07\/LABU-2025.-AFTER-THE-TOWER-OF-BABEL-by-DITA-LURINA.-Photographer-Kalev-Lilleorg56-768x512.jpg","768px-width":768,"768px-height":512,"1024px":"https:\/\/eamt.ee\/wp-content\/uploads\/2026\/07\/LABU-2025.-AFTER-THE-TOWER-OF-BABEL-by-DITA-LURINA.-Photographer-Kalev-Lilleorg56-1024x683.jpg","1024px-width":1024,"1024px-height":683,"1280px":"https:\/\/eamt.ee\/wp-content\/uploads\/2026\/07\/LABU-2025.-AFTER-THE-TOWER-OF-BABEL-by-DITA-LURINA.-Photographer-Kalev-Lilleorg56-1280x853.jpg","1280px-width":1280,"1280px-height":853,"1366px":"https:\/\/eamt.ee\/wp-content\/uploads\/2026\/07\/LABU-2025.-AFTER-THE-TOWER-OF-BABEL-by-DITA-LURINA.-Photographer-Kalev-Lilleorg56-1366x911.jpg","1366px-width":1366,"1366px-height":911,"1600px":"https:\/\/eamt.ee\/wp-content\/uploads\/2026\/07\/LABU-2025.-AFTER-THE-TOWER-OF-BABEL-by-DITA-LURINA.-Photographer-Kalev-Lilleorg56-1600x1067.jpg","1600px-width":1600,"1600px-height":1067,"1920px":"https:\/\/eamt.ee\/wp-content\/uploads\/2026\/07\/LABU-2025.-AFTER-THE-TOWER-OF-BABEL-by-DITA-LURINA.-Photographer-Kalev-Lilleorg56-1920x1280.jpg","1920px-width":1920,"1920px-height":1280,"2400px":"https:\/\/eamt.ee\/wp-content\/uploads\/2026\/07\/LABU-2025.-AFTER-THE-TOWER-OF-BABEL-by-DITA-LURINA.-Photographer-Kalev-Lilleorg56-2400x1600.jpg","2400px-width":2400,"2400px-height":1600,"woocommerce_thumbnail":"https:\/\/eamt.ee\/wp-content\/uploads\/2026\/07\/LABU-2025.-AFTER-THE-TOWER-OF-BABEL-by-DITA-LURINA.-Photographer-Kalev-Lilleorg56-415x415.jpg","woocommerce_thumbnail-width":415,"woocommerce_thumbnail-height":415,"woocommerce_single":"https:\/\/eamt.ee\/wp-content\/uploads\/2026\/07\/LABU-2025.-AFTER-THE-TOWER-OF-BABEL-by-DITA-LURINA.-Photographer-Kalev-Lilleorg56-600x400.jpg","woocommerce_single-width":600,"woocommerce_single-height":400,"woocommerce_gallery_thumbnail":"https:\/\/eamt.ee\/wp-content\/uploads\/2026\/07\/LABU-2025.-AFTER-THE-TOWER-OF-BABEL-by-DITA-LURINA.-Photographer-Kalev-Lilleorg56-100x100.jpg","woocommerce_gallery_thumbnail-width":100,"woocommerce_gallery_thumbnail-height":100}},{"ID":65162,"id":65162,"title":"L\u00c4BU 2025. AFTER THE TOWER OF BABEL by DITA LURINA. Photographer Kalev Lilleorg59","filename":"LABU-2025.-AFTER-THE-TOWER-OF-BABEL-by-DITA-LURINA.-Photographer-Kalev-Lilleorg59-scaled.jpg","filesize":297803,"url":"https:\/\/eamt.ee\/wp-content\/uploads\/2026\/07\/LABU-2025.-AFTER-THE-TOWER-OF-BABEL-by-DITA-LURINA.-Photographer-Kalev-Lilleorg59-scaled.jpg","link":"https:\/\/eamt.ee\/en\/projects\/dita-lurina-after-the-tower-of-babel\/labu-2025-after-the-tower-of-babel-by-dita-lurina-photographer-kalev-lilleorg59\/","alt":"","author":"23","description":"","caption":"","name":"labu-2025-after-the-tower-of-babel-by-dita-lurina-photographer-kalev-lilleorg59","status":"inherit","uploaded_to":65098,"date":"2026-07-13 18:16:37","modified":"2026-07-13 18:16:37","menu_order":0,"mime_type":"image\/jpeg","type":"image","subtype":"jpeg","icon":"https:\/\/eamt.ee\/wp-includes\/images\/media\/default.png","width":2560,"height":1707,"sizes":{"thumbnail":"https:\/\/eamt.ee\/wp-content\/uploads\/2026\/07\/LABU-2025.-AFTER-THE-TOWER-OF-BABEL-by-DITA-LURINA.-Photographer-Kalev-Lilleorg59-150x150.jpg","thumbnail-width":150,"thumbnail-height":150,"medium":"https:\/\/eamt.ee\/wp-content\/uploads\/2026\/07\/LABU-2025.-AFTER-THE-TOWER-OF-BABEL-by-DITA-LURINA.-Photographer-Kalev-Lilleorg59-300x200.jpg","medium-width":300,"medium-height":200,"medium_large":"https:\/\/eamt.ee\/wp-content\/uploads\/2026\/07\/LABU-2025.-AFTER-THE-TOWER-OF-BABEL-by-DITA-LURINA.-Photographer-Kalev-Lilleorg59-768x512.jpg","medium_large-width":768,"medium_large-height":512,"large":"https:\/\/eamt.ee\/wp-content\/uploads\/2026\/07\/LABU-2025.-AFTER-THE-TOWER-OF-BABEL-by-DITA-LURINA.-Photographer-Kalev-Lilleorg59-1024x683.jpg","large-width":1024,"large-height":683,"1536x1536":"https:\/\/eamt.ee\/wp-content\/uploads\/2026\/07\/LABU-2025.-AFTER-THE-TOWER-OF-BABEL-by-DITA-LURINA.-Photographer-Kalev-Lilleorg59-1536x1024.jpg","1536x1536-width":1536,"1536x1536-height":1024,"2048x2048":"https:\/\/eamt.ee\/wp-content\/uploads\/2026\/07\/LABU-2025.-AFTER-THE-TOWER-OF-BABEL-by-DITA-LURINA.-Photographer-Kalev-Lilleorg59-2048x1365.jpg","2048x2048-width":2048,"2048x2048-height":1365,"640px":"https:\/\/eamt.ee\/wp-content\/uploads\/2026\/07\/LABU-2025.-AFTER-THE-TOWER-OF-BABEL-by-DITA-LURINA.-Photographer-Kalev-Lilleorg59-640x427.jpg","640px-width":640,"640px-height":427,"768px":"https:\/\/eamt.ee\/wp-content\/uploads\/2026\/07\/LABU-2025.-AFTER-THE-TOWER-OF-BABEL-by-DITA-LURINA.-Photographer-Kalev-Lilleorg59-768x512.jpg","768px-width":768,"768px-height":512,"1024px":"https:\/\/eamt.ee\/wp-content\/uploads\/2026\/07\/LABU-2025.-AFTER-THE-TOWER-OF-BABEL-by-DITA-LURINA.-Photographer-Kalev-Lilleorg59-1024x683.jpg","1024px-width":1024,"1024px-height":683,"1280px":"https:\/\/eamt.ee\/wp-content\/uploads\/2026\/07\/LABU-2025.-AFTER-THE-TOWER-OF-BABEL-by-DITA-LURINA.-Photographer-Kalev-Lilleorg59-1280x853.jpg","1280px-width":1280,"1280px-height":853,"1366px":"https:\/\/eamt.ee\/wp-content\/uploads\/2026\/07\/LABU-2025.-AFTER-THE-TOWER-OF-BABEL-by-DITA-LURINA.-Photographer-Kalev-Lilleorg59-1366x911.jpg","1366px-width":1366,"1366px-height":911,"1600px":"https:\/\/eamt.ee\/wp-content\/uploads\/2026\/07\/LABU-2025.-AFTER-THE-TOWER-OF-BABEL-by-DITA-LURINA.-Photographer-Kalev-Lilleorg59-1600x1067.jpg","1600px-width":1600,"1600px-height":1067,"1920px":"https:\/\/eamt.ee\/wp-content\/uploads\/2026\/07\/LABU-2025.-AFTER-THE-TOWER-OF-BABEL-by-DITA-LURINA.-Photographer-Kalev-Lilleorg59-1920x1280.jpg","1920px-width":1920,"1920px-height":1280,"2400px":"https:\/\/eamt.ee\/wp-content\/uploads\/2026\/07\/LABU-2025.-AFTER-THE-TOWER-OF-BABEL-by-DITA-LURINA.-Photographer-Kalev-Lilleorg59-2400x1600.jpg","2400px-width":2400,"2400px-height":1600,"woocommerce_thumbnail":"https:\/\/eamt.ee\/wp-content\/uploads\/2026\/07\/LABU-2025.-AFTER-THE-TOWER-OF-BABEL-by-DITA-LURINA.-Photographer-Kalev-Lilleorg59-415x415.jpg","woocommerce_thumbnail-width":415,"woocommerce_thumbnail-height":415,"woocommerce_single":"https:\/\/eamt.ee\/wp-content\/uploads\/2026\/07\/LABU-2025.-AFTER-THE-TOWER-OF-BABEL-by-DITA-LURINA.-Photographer-Kalev-Lilleorg59-600x400.jpg","woocommerce_single-width":600,"woocommerce_single-height":400,"woocommerce_gallery_thumbnail":"https:\/\/eamt.ee\/wp-content\/uploads\/2026\/07\/LABU-2025.-AFTER-THE-TOWER-OF-BABEL-by-DITA-LURINA.-Photographer-Kalev-Lilleorg59-100x100.jpg","woocommerce_gallery_thumbnail-width":100,"woocommerce_gallery_thumbnail-height":100}},{"ID":65164,"id":65164,"title":"L\u00c4BU 2025. AFTER THE TOWER OF BABEL by DITA LURINA. Photographer Kalev Lilleorg61","filename":"LABU-2025.-AFTER-THE-TOWER-OF-BABEL-by-DITA-LURINA.-Photographer-Kalev-Lilleorg61-scaled.jpg","filesize":267260,"url":"https:\/\/eamt.ee\/wp-content\/uploads\/2026\/07\/LABU-2025.-AFTER-THE-TOWER-OF-BABEL-by-DITA-LURINA.-Photographer-Kalev-Lilleorg61-scaled.jpg","link":"https:\/\/eamt.ee\/en\/projects\/dita-lurina-after-the-tower-of-babel\/labu-2025-after-the-tower-of-babel-by-dita-lurina-photographer-kalev-lilleorg61\/","alt":"","author":"23","description":"","caption":"","name":"labu-2025-after-the-tower-of-babel-by-dita-lurina-photographer-kalev-lilleorg61","status":"inherit","uploaded_to":65098,"date":"2026-07-13 18:16:57","modified":"2026-07-13 18:16:57","menu_order":0,"mime_type":"image\/jpeg","type":"image","subtype":"jpeg","icon":"https:\/\/eamt.ee\/wp-includes\/images\/media\/default.png","width":2560,"height":1707,"sizes":{"thumbnail":"https:\/\/eamt.ee\/wp-content\/uploads\/2026\/07\/LABU-2025.-AFTER-THE-TOWER-OF-BABEL-by-DITA-LURINA.-Photographer-Kalev-Lilleorg61-150x150.jpg","thumbnail-width":150,"thumbnail-height":150,"medium":"https:\/\/eamt.ee\/wp-content\/uploads\/2026\/07\/LABU-2025.-AFTER-THE-TOWER-OF-BABEL-by-DITA-LURINA.-Photographer-Kalev-Lilleorg61-300x200.jpg","medium-width":300,"medium-height":200,"medium_large":"https:\/\/eamt.ee\/wp-content\/uploads\/2026\/07\/LABU-2025.-AFTER-THE-TOWER-OF-BABEL-by-DITA-LURINA.-Photographer-Kalev-Lilleorg61-768x512.jpg","medium_large-width":768,"medium_large-height":512,"large":"https:\/\/eamt.ee\/wp-content\/uploads\/2026\/07\/LABU-2025.-AFTER-THE-TOWER-OF-BABEL-by-DITA-LURINA.-Photographer-Kalev-Lilleorg61-1024x683.jpg","large-width":1024,"large-height":683,"1536x1536":"https:\/\/eamt.ee\/wp-content\/uploads\/2026\/07\/LABU-2025.-AFTER-THE-TOWER-OF-BABEL-by-DITA-LURINA.-Photographer-Kalev-Lilleorg61-1536x1024.jpg","1536x1536-width":1536,"1536x1536-height":1024,"2048x2048":"https:\/\/eamt.ee\/wp-content\/uploads\/2026\/07\/LABU-2025.-AFTER-THE-TOWER-OF-BABEL-by-DITA-LURINA.-Photographer-Kalev-Lilleorg61-2048x1365.jpg","2048x2048-width":2048,"2048x2048-height":1365,"640px":"https:\/\/eamt.ee\/wp-content\/uploads\/2026\/07\/LABU-2025.-AFTER-THE-TOWER-OF-BABEL-by-DITA-LURINA.-Photographer-Kalev-Lilleorg61-640x427.jpg","640px-width":640,"640px-height":427,"768px":"https:\/\/eamt.ee\/wp-content\/uploads\/2026\/07\/LABU-2025.-AFTER-THE-TOWER-OF-BABEL-by-DITA-LURINA.-Photographer-Kalev-Lilleorg61-768x512.jpg","768px-width":768,"768px-height":512,"1024px":"https:\/\/eamt.ee\/wp-content\/uploads\/2026\/07\/LABU-2025.-AFTER-THE-TOWER-OF-BABEL-by-DITA-LURINA.-Photographer-Kalev-Lilleorg61-1024x683.jpg","1024px-width":1024,"1024px-height":683,"1280px":"https:\/\/eamt.ee\/wp-content\/uploads\/2026\/07\/LABU-2025.-AFTER-THE-TOWER-OF-BABEL-by-DITA-LURINA.-Photographer-Kalev-Lilleorg61-1280x853.jpg","1280px-width":1280,"1280px-height":853,"1366px":"https:\/\/eamt.ee\/wp-content\/uploads\/2026\/07\/LABU-2025.-AFTER-THE-TOWER-OF-BABEL-by-DITA-LURINA.-Photographer-Kalev-Lilleorg61-1366x911.jpg","1366px-width":1366,"1366px-height":911,"1600px":"https:\/\/eamt.ee\/wp-content\/uploads\/2026\/07\/LABU-2025.-AFTER-THE-TOWER-OF-BABEL-by-DITA-LURINA.-Photographer-Kalev-Lilleorg61-1600x1067.jpg","1600px-width":1600,"1600px-height":1067,"1920px":"https:\/\/eamt.ee\/wp-content\/uploads\/2026\/07\/LABU-2025.-AFTER-THE-TOWER-OF-BABEL-by-DITA-LURINA.-Photographer-Kalev-Lilleorg61-1920x1280.jpg","1920px-width":1920,"1920px-height":1280,"2400px":"https:\/\/eamt.ee\/wp-content\/uploads\/2026\/07\/LABU-2025.-AFTER-THE-TOWER-OF-BABEL-by-DITA-LURINA.-Photographer-Kalev-Lilleorg61-2400x1600.jpg","2400px-width":2400,"2400px-height":1600,"woocommerce_thumbnail":"https:\/\/eamt.ee\/wp-content\/uploads\/2026\/07\/LABU-2025.-AFTER-THE-TOWER-OF-BABEL-by-DITA-LURINA.-Photographer-Kalev-Lilleorg61-415x415.jpg","woocommerce_thumbnail-width":415,"woocommerce_thumbnail-height":415,"woocommerce_single":"https:\/\/eamt.ee\/wp-content\/uploads\/2026\/07\/LABU-2025.-AFTER-THE-TOWER-OF-BABEL-by-DITA-LURINA.-Photographer-Kalev-Lilleorg61-600x400.jpg","woocommerce_single-width":600,"woocommerce_single-height":400,"woocommerce_gallery_thumbnail":"https:\/\/eamt.ee\/wp-content\/uploads\/2026\/07\/LABU-2025.-AFTER-THE-TOWER-OF-BABEL-by-DITA-LURINA.-Photographer-Kalev-Lilleorg61-100x100.jpg","woocommerce_gallery_thumbnail-width":100,"woocommerce_gallery_thumbnail-height":100}},{"ID":65166,"id":65166,"title":"L\u00c4BU 2025. AFTER THE TOWER OF BABEL by DITA LURINA. Photographer Kalev Lilleorg64","filename":"LABU-2025.-AFTER-THE-TOWER-OF-BABEL-by-DITA-LURINA.-Photographer-Kalev-Lilleorg64-scaled.jpg","filesize":294677,"url":"https:\/\/eamt.ee\/wp-content\/uploads\/2026\/07\/LABU-2025.-AFTER-THE-TOWER-OF-BABEL-by-DITA-LURINA.-Photographer-Kalev-Lilleorg64-scaled.jpg","link":"https:\/\/eamt.ee\/en\/projects\/dita-lurina-after-the-tower-of-babel\/labu-2025-after-the-tower-of-babel-by-dita-lurina-photographer-kalev-lilleorg64\/","alt":"","author":"23","description":"","caption":"","name":"labu-2025-after-the-tower-of-babel-by-dita-lurina-photographer-kalev-lilleorg64","status":"inherit","uploaded_to":65098,"date":"2026-07-13 18:17:20","modified":"2026-07-13 18:17:20","menu_order":0,"mime_type":"image\/jpeg","type":"image","subtype":"jpeg","icon":"https:\/\/eamt.ee\/wp-includes\/images\/media\/default.png","width":2560,"height":1707,"sizes":{"thumbnail":"https:\/\/eamt.ee\/wp-content\/uploads\/2026\/07\/LABU-2025.-AFTER-THE-TOWER-OF-BABEL-by-DITA-LURINA.-Photographer-Kalev-Lilleorg64-150x150.jpg","thumbnail-width":150,"thumbnail-height":150,"medium":"https:\/\/eamt.ee\/wp-content\/uploads\/2026\/07\/LABU-2025.-AFTER-THE-TOWER-OF-BABEL-by-DITA-LURINA.-Photographer-Kalev-Lilleorg64-300x200.jpg","medium-width":300,"medium-height":200,"medium_large":"https:\/\/eamt.ee\/wp-content\/uploads\/2026\/07\/LABU-2025.-AFTER-THE-TOWER-OF-BABEL-by-DITA-LURINA.-Photographer-Kalev-Lilleorg64-768x512.jpg","medium_large-width":768,"medium_large-height":512,"large":"https:\/\/eamt.ee\/wp-content\/uploads\/2026\/07\/LABU-2025.-AFTER-THE-TOWER-OF-BABEL-by-DITA-LURINA.-Photographer-Kalev-Lilleorg64-1024x683.jpg","large-width":1024,"large-height":683,"1536x1536":"https:\/\/eamt.ee\/wp-content\/uploads\/2026\/07\/LABU-2025.-AFTER-THE-TOWER-OF-BABEL-by-DITA-LURINA.-Photographer-Kalev-Lilleorg64-1536x1024.jpg","1536x1536-width":1536,"1536x1536-height":1024,"2048x2048":"https:\/\/eamt.ee\/wp-content\/uploads\/2026\/07\/LABU-2025.-AFTER-THE-TOWER-OF-BABEL-by-DITA-LURINA.-Photographer-Kalev-Lilleorg64-2048x1365.jpg","2048x2048-width":2048,"2048x2048-height":1365,"640px":"https:\/\/eamt.ee\/wp-content\/uploads\/2026\/07\/LABU-2025.-AFTER-THE-TOWER-OF-BABEL-by-DITA-LURINA.-Photographer-Kalev-Lilleorg64-640x427.jpg","640px-width":640,"640px-height":427,"768px":"https:\/\/eamt.ee\/wp-content\/uploads\/2026\/07\/LABU-2025.-AFTER-THE-TOWER-OF-BABEL-by-DITA-LURINA.-Photographer-Kalev-Lilleorg64-768x512.jpg","768px-width":768,"768px-height":512,"1024px":"https:\/\/eamt.ee\/wp-content\/uploads\/2026\/07\/LABU-2025.-AFTER-THE-TOWER-OF-BABEL-by-DITA-LURINA.-Photographer-Kalev-Lilleorg64-1024x683.jpg","1024px-width":1024,"1024px-height":683,"1280px":"https:\/\/eamt.ee\/wp-content\/uploads\/2026\/07\/LABU-2025.-AFTER-THE-TOWER-OF-BABEL-by-DITA-LURINA.-Photographer-Kalev-Lilleorg64-1280x853.jpg","1280px-width":1280,"1280px-height":853,"1366px":"https:\/\/eamt.ee\/wp-content\/uploads\/2026\/07\/LABU-2025.-AFTER-THE-TOWER-OF-BABEL-by-DITA-LURINA.-Photographer-Kalev-Lilleorg64-1366x911.jpg","1366px-width":1366,"1366px-height":911,"1600px":"https:\/\/eamt.ee\/wp-content\/uploads\/2026\/07\/LABU-2025.-AFTER-THE-TOWER-OF-BABEL-by-DITA-LURINA.-Photographer-Kalev-Lilleorg64-1600x1067.jpg","1600px-width":1600,"1600px-height":1067,"1920px":"https:\/\/eamt.ee\/wp-content\/uploads\/2026\/07\/LABU-2025.-AFTER-THE-TOWER-OF-BABEL-by-DITA-LURINA.-Photographer-Kalev-Lilleorg64-1920x1280.jpg","1920px-width":1920,"1920px-height":1280,"2400px":"https:\/\/eamt.ee\/wp-content\/uploads\/2026\/07\/LABU-2025.-AFTER-THE-TOWER-OF-BABEL-by-DITA-LURINA.-Photographer-Kalev-Lilleorg64-2400x1600.jpg","2400px-width":2400,"2400px-height":1600,"woocommerce_thumbnail":"https:\/\/eamt.ee\/wp-content\/uploads\/2026\/07\/LABU-2025.-AFTER-THE-TOWER-OF-BABEL-by-DITA-LURINA.-Photographer-Kalev-Lilleorg64-415x415.jpg","woocommerce_thumbnail-width":415,"woocommerce_thumbnail-height":415,"woocommerce_single":"https:\/\/eamt.ee\/wp-content\/uploads\/2026\/07\/LABU-2025.-AFTER-THE-TOWER-OF-BABEL-by-DITA-LURINA.-Photographer-Kalev-Lilleorg64-600x400.jpg","woocommerce_single-width":600,"woocommerce_single-height":400,"woocommerce_gallery_thumbnail":"https:\/\/eamt.ee\/wp-content\/uploads\/2026\/07\/LABU-2025.-AFTER-THE-TOWER-OF-BABEL-by-DITA-LURINA.-Photographer-Kalev-Lilleorg64-100x100.jpg","woocommerce_gallery_thumbnail-width":100,"woocommerce_gallery_thumbnail-height":100}},{"ID":65168,"id":65168,"title":"L\u00c4BU 2025. AFTER THE TOWER OF BABEL by DITA LURINA. Photographer Kalev Lilleorg65","filename":"LABU-2025.-AFTER-THE-TOWER-OF-BABEL-by-DITA-LURINA.-Photographer-Kalev-Lilleorg65-scaled.jpg","filesize":324421,"url":"https:\/\/eamt.ee\/wp-content\/uploads\/2026\/07\/LABU-2025.-AFTER-THE-TOWER-OF-BABEL-by-DITA-LURINA.-Photographer-Kalev-Lilleorg65-scaled.jpg","link":"https:\/\/eamt.ee\/en\/projects\/dita-lurina-after-the-tower-of-babel\/labu-2025-after-the-tower-of-babel-by-dita-lurina-photographer-kalev-lilleorg65\/","alt":"","author":"23","description":"","caption":"","name":"labu-2025-after-the-tower-of-babel-by-dita-lurina-photographer-kalev-lilleorg65","status":"inherit","uploaded_to":65098,"date":"2026-07-13 18:17:48","modified":"2026-07-13 18:17:48","menu_order":0,"mime_type":"image\/jpeg","type":"image","subtype":"jpeg","icon":"https:\/\/eamt.ee\/wp-includes\/images\/media\/default.png","width":2560,"height":1707,"sizes":{"thumbnail":"https:\/\/eamt.ee\/wp-content\/uploads\/2026\/07\/LABU-2025.-AFTER-THE-TOWER-OF-BABEL-by-DITA-LURINA.-Photographer-Kalev-Lilleorg65-150x150.jpg","thumbnail-width":150,"thumbnail-height":150,"medium":"https:\/\/eamt.ee\/wp-content\/uploads\/2026\/07\/LABU-2025.-AFTER-THE-TOWER-OF-BABEL-by-DITA-LURINA.-Photographer-Kalev-Lilleorg65-300x200.jpg","medium-width":300,"medium-height":200,"medium_large":"https:\/\/eamt.ee\/wp-content\/uploads\/2026\/07\/LABU-2025.-AFTER-THE-TOWER-OF-BABEL-by-DITA-LURINA.-Photographer-Kalev-Lilleorg65-768x512.jpg","medium_large-width":768,"medium_large-height":512,"large":"https:\/\/eamt.ee\/wp-content\/uploads\/2026\/07\/LABU-2025.-AFTER-THE-TOWER-OF-BABEL-by-DITA-LURINA.-Photographer-Kalev-Lilleorg65-1024x683.jpg","large-width":1024,"large-height":683,"1536x1536":"https:\/\/eamt.ee\/wp-content\/uploads\/2026\/07\/LABU-2025.-AFTER-THE-TOWER-OF-BABEL-by-DITA-LURINA.-Photographer-Kalev-Lilleorg65-1536x1024.jpg","1536x1536-width":1536,"1536x1536-height":1024,"2048x2048":"https:\/\/eamt.ee\/wp-content\/uploads\/2026\/07\/LABU-2025.-AFTER-THE-TOWER-OF-BABEL-by-DITA-LURINA.-Photographer-Kalev-Lilleorg65-2048x1365.jpg","2048x2048-width":2048,"2048x2048-height":1365,"640px":"https:\/\/eamt.ee\/wp-content\/uploads\/2026\/07\/LABU-2025.-AFTER-THE-TOWER-OF-BABEL-by-DITA-LURINA.-Photographer-Kalev-Lilleorg65-640x427.jpg","640px-width":640,"640px-height":427,"768px":"https:\/\/eamt.ee\/wp-content\/uploads\/2026\/07\/LABU-2025.-AFTER-THE-TOWER-OF-BABEL-by-DITA-LURINA.-Photographer-Kalev-Lilleorg65-768x512.jpg","768px-width":768,"768px-height":512,"1024px":"https:\/\/eamt.ee\/wp-content\/uploads\/2026\/07\/LABU-2025.-AFTER-THE-TOWER-OF-BABEL-by-DITA-LURINA.-Photographer-Kalev-Lilleorg65-1024x683.jpg","1024px-width":1024,"1024px-height":683,"1280px":"https:\/\/eamt.ee\/wp-content\/uploads\/2026\/07\/LABU-2025.-AFTER-THE-TOWER-OF-BABEL-by-DITA-LURINA.-Photographer-Kalev-Lilleorg65-1280x853.jpg","1280px-width":1280,"1280px-height":853,"1366px":"https:\/\/eamt.ee\/wp-content\/uploads\/2026\/07\/LABU-2025.-AFTER-THE-TOWER-OF-BABEL-by-DITA-LURINA.-Photographer-Kalev-Lilleorg65-1366x911.jpg","1366px-width":1366,"1366px-height":911,"1600px":"https:\/\/eamt.ee\/wp-content\/uploads\/2026\/07\/LABU-2025.-AFTER-THE-TOWER-OF-BABEL-by-DITA-LURINA.-Photographer-Kalev-Lilleorg65-1600x1067.jpg","1600px-width":1600,"1600px-height":1067,"1920px":"https:\/\/eamt.ee\/wp-content\/uploads\/2026\/07\/LABU-2025.-AFTER-THE-TOWER-OF-BABEL-by-DITA-LURINA.-Photographer-Kalev-Lilleorg65-1920x1280.jpg","1920px-width":1920,"1920px-height":1280,"2400px":"https:\/\/eamt.ee\/wp-content\/uploads\/2026\/07\/LABU-2025.-AFTER-THE-TOWER-OF-BABEL-by-DITA-LURINA.-Photographer-Kalev-Lilleorg65-2400x1600.jpg","2400px-width":2400,"2400px-height":1600,"woocommerce_thumbnail":"https:\/\/eamt.ee\/wp-content\/uploads\/2026\/07\/LABU-2025.-AFTER-THE-TOWER-OF-BABEL-by-DITA-LURINA.-Photographer-Kalev-Lilleorg65-415x415.jpg","woocommerce_thumbnail-width":415,"woocommerce_thumbnail-height":415,"woocommerce_single":"https:\/\/eamt.ee\/wp-content\/uploads\/2026\/07\/LABU-2025.-AFTER-THE-TOWER-OF-BABEL-by-DITA-LURINA.-Photographer-Kalev-Lilleorg65-600x400.jpg","woocommerce_single-width":600,"woocommerce_single-height":400,"woocommerce_gallery_thumbnail":"https:\/\/eamt.ee\/wp-content\/uploads\/2026\/07\/LABU-2025.-AFTER-THE-TOWER-OF-BABEL-by-DITA-LURINA.-Photographer-Kalev-Lilleorg65-100x100.jpg","woocommerce_gallery_thumbnail-width":100,"woocommerce_gallery_thumbnail-height":100}},{"ID":65170,"id":65170,"title":"L\u00c4BU 2025. AFTER THE TOWER OF BABEL by DITA LURINA. Photographer Kalev Lilleorg68","filename":"LABU-2025.-AFTER-THE-TOWER-OF-BABEL-by-DITA-LURINA.-Photographer-Kalev-Lilleorg68-scaled.jpg","filesize":285586,"url":"https:\/\/eamt.ee\/wp-content\/uploads\/2026\/07\/LABU-2025.-AFTER-THE-TOWER-OF-BABEL-by-DITA-LURINA.-Photographer-Kalev-Lilleorg68-scaled.jpg","link":"https:\/\/eamt.ee\/en\/projects\/dita-lurina-after-the-tower-of-babel\/labu-2025-after-the-tower-of-babel-by-dita-lurina-photographer-kalev-lilleorg68\/","alt":"","author":"23","description":"","caption":"","name":"labu-2025-after-the-tower-of-babel-by-dita-lurina-photographer-kalev-lilleorg68","status":"inherit","uploaded_to":65098,"date":"2026-07-13 18:18:12","modified":"2026-07-13 18:18:12","menu_order":0,"mime_type":"image\/jpeg","type":"image","subtype":"jpeg","icon":"https:\/\/eamt.ee\/wp-includes\/images\/media\/default.png","width":2560,"height":1707,"sizes":{"thumbnail":"https:\/\/eamt.ee\/wp-content\/uploads\/2026\/07\/LABU-2025.-AFTER-THE-TOWER-OF-BABEL-by-DITA-LURINA.-Photographer-Kalev-Lilleorg68-150x150.jpg","thumbnail-width":150,"thumbnail-height":150,"medium":"https:\/\/eamt.ee\/wp-content\/uploads\/2026\/07\/LABU-2025.-AFTER-THE-TOWER-OF-BABEL-by-DITA-LURINA.-Photographer-Kalev-Lilleorg68-300x200.jpg","medium-width":300,"medium-height":200,"medium_large":"https:\/\/eamt.ee\/wp-content\/uploads\/2026\/07\/LABU-2025.-AFTER-THE-TOWER-OF-BABEL-by-DITA-LURINA.-Photographer-Kalev-Lilleorg68-768x512.jpg","medium_large-width":768,"medium_large-height":512,"large":"https:\/\/eamt.ee\/wp-content\/uploads\/2026\/07\/LABU-2025.-AFTER-THE-TOWER-OF-BABEL-by-DITA-LURINA.-Photographer-Kalev-Lilleorg68-1024x683.jpg","large-width":1024,"large-height":683,"1536x1536":"https:\/\/eamt.ee\/wp-content\/uploads\/2026\/07\/LABU-2025.-AFTER-THE-TOWER-OF-BABEL-by-DITA-LURINA.-Photographer-Kalev-Lilleorg68-1536x1024.jpg","1536x1536-width":1536,"1536x1536-height":1024,"2048x2048":"https:\/\/eamt.ee\/wp-content\/uploads\/2026\/07\/LABU-2025.-AFTER-THE-TOWER-OF-BABEL-by-DITA-LURINA.-Photographer-Kalev-Lilleorg68-2048x1365.jpg","2048x2048-width":2048,"2048x2048-height":1365,"640px":"https:\/\/eamt.ee\/wp-content\/uploads\/2026\/07\/LABU-2025.-AFTER-THE-TOWER-OF-BABEL-by-DITA-LURINA.-Photographer-Kalev-Lilleorg68-640x427.jpg","640px-width":640,"640px-height":427,"768px":"https:\/\/eamt.ee\/wp-content\/uploads\/2026\/07\/LABU-2025.-AFTER-THE-TOWER-OF-BABEL-by-DITA-LURINA.-Photographer-Kalev-Lilleorg68-768x512.jpg","768px-width":768,"768px-height":512,"1024px":"https:\/\/eamt.ee\/wp-content\/uploads\/2026\/07\/LABU-2025.-AFTER-THE-TOWER-OF-BABEL-by-DITA-LURINA.-Photographer-Kalev-Lilleorg68-1024x683.jpg","1024px-width":1024,"1024px-height":683,"1280px":"https:\/\/eamt.ee\/wp-content\/uploads\/2026\/07\/LABU-2025.-AFTER-THE-TOWER-OF-BABEL-by-DITA-LURINA.-Photographer-Kalev-Lilleorg68-1280x853.jpg","1280px-width":1280,"1280px-height":853,"1366px":"https:\/\/eamt.ee\/wp-content\/uploads\/2026\/07\/LABU-2025.-AFTER-THE-TOWER-OF-BABEL-by-DITA-LURINA.-Photographer-Kalev-Lilleorg68-1366x911.jpg","1366px-width":1366,"1366px-height":911,"1600px":"https:\/\/eamt.ee\/wp-content\/uploads\/2026\/07\/LABU-2025.-AFTER-THE-TOWER-OF-BABEL-by-DITA-LURINA.-Photographer-Kalev-Lilleorg68-1600x1067.jpg","1600px-width":1600,"1600px-height":1067,"1920px":"https:\/\/eamt.ee\/wp-content\/uploads\/2026\/07\/LABU-2025.-AFTER-THE-TOWER-OF-BABEL-by-DITA-LURINA.-Photographer-Kalev-Lilleorg68-1920x1280.jpg","1920px-width":1920,"1920px-height":1280,"2400px":"https:\/\/eamt.ee\/wp-content\/uploads\/2026\/07\/LABU-2025.-AFTER-THE-TOWER-OF-BABEL-by-DITA-LURINA.-Photographer-Kalev-Lilleorg68-2400x1600.jpg","2400px-width":2400,"2400px-height":1600,"woocommerce_thumbnail":"https:\/\/eamt.ee\/wp-content\/uploads\/2026\/07\/LABU-2025.-AFTER-THE-TOWER-OF-BABEL-by-DITA-LURINA.-Photographer-Kalev-Lilleorg68-415x415.jpg","woocommerce_thumbnail-width":415,"woocommerce_thumbnail-height":415,"woocommerce_single":"https:\/\/eamt.ee\/wp-content\/uploads\/2026\/07\/LABU-2025.-AFTER-THE-TOWER-OF-BABEL-by-DITA-LURINA.-Photographer-Kalev-Lilleorg68-600x400.jpg","woocommerce_single-width":600,"woocommerce_single-height":400,"woocommerce_gallery_thumbnail":"https:\/\/eamt.ee\/wp-content\/uploads\/2026\/07\/LABU-2025.-AFTER-THE-TOWER-OF-BABEL-by-DITA-LURINA.-Photographer-Kalev-Lilleorg68-100x100.jpg","woocommerce_gallery_thumbnail-width":100,"woocommerce_gallery_thumbnail-height":100}},{"ID":65172,"id":65172,"title":"L\u00c4BU 2025. AFTER THE TOWER OF BABEL by DITA LURINA. Photographer Kalev Lilleorg69","filename":"LABU-2025.-AFTER-THE-TOWER-OF-BABEL-by-DITA-LURINA.-Photographer-Kalev-Lilleorg69-scaled.jpg","filesize":289590,"url":"https:\/\/eamt.ee\/wp-content\/uploads\/2026\/07\/LABU-2025.-AFTER-THE-TOWER-OF-BABEL-by-DITA-LURINA.-Photographer-Kalev-Lilleorg69-scaled.jpg","link":"https:\/\/eamt.ee\/en\/projects\/dita-lurina-after-the-tower-of-babel\/labu-2025-after-the-tower-of-babel-by-dita-lurina-photographer-kalev-lilleorg69\/","alt":"","author":"23","description":"","caption":"","name":"labu-2025-after-the-tower-of-babel-by-dita-lurina-photographer-kalev-lilleorg69","status":"inherit","uploaded_to":65098,"date":"2026-07-13 18:18:36","modified":"2026-07-13 18:18:36","menu_order":0,"mime_type":"image\/jpeg","type":"image","subtype":"jpeg","icon":"https:\/\/eamt.ee\/wp-includes\/images\/media\/default.png","width":2560,"height":1707,"sizes":{"thumbnail":"https:\/\/eamt.ee\/wp-content\/uploads\/2026\/07\/LABU-2025.-AFTER-THE-TOWER-OF-BABEL-by-DITA-LURINA.-Photographer-Kalev-Lilleorg69-150x150.jpg","thumbnail-width":150,"thumbnail-height":150,"medium":"https:\/\/eamt.ee\/wp-content\/uploads\/2026\/07\/LABU-2025.-AFTER-THE-TOWER-OF-BABEL-by-DITA-LURINA.-Photographer-Kalev-Lilleorg69-300x200.jpg","medium-width":300,"medium-height":200,"medium_large":"https:\/\/eamt.ee\/wp-content\/uploads\/2026\/07\/LABU-2025.-AFTER-THE-TOWER-OF-BABEL-by-DITA-LURINA.-Photographer-Kalev-Lilleorg69-768x512.jpg","medium_large-width":768,"medium_large-height":512,"large":"https:\/\/eamt.ee\/wp-content\/uploads\/2026\/07\/LABU-2025.-AFTER-THE-TOWER-OF-BABEL-by-DITA-LURINA.-Photographer-Kalev-Lilleorg69-1024x683.jpg","large-width":1024,"large-height":683,"1536x1536":"https:\/\/eamt.ee\/wp-content\/uploads\/2026\/07\/LABU-2025.-AFTER-THE-TOWER-OF-BABEL-by-DITA-LURINA.-Photographer-Kalev-Lilleorg69-1536x1024.jpg","1536x1536-width":1536,"1536x1536-height":1024,"2048x2048":"https:\/\/eamt.ee\/wp-content\/uploads\/2026\/07\/LABU-2025.-AFTER-THE-TOWER-OF-BABEL-by-DITA-LURINA.-Photographer-Kalev-Lilleorg69-2048x1365.jpg","2048x2048-width":2048,"2048x2048-height":1365,"640px":"https:\/\/eamt.ee\/wp-content\/uploads\/2026\/07\/LABU-2025.-AFTER-THE-TOWER-OF-BABEL-by-DITA-LURINA.-Photographer-Kalev-Lilleorg69-640x427.jpg","640px-width":640,"640px-height":427,"768px":"https:\/\/eamt.ee\/wp-content\/uploads\/2026\/07\/LABU-2025.-AFTER-THE-TOWER-OF-BABEL-by-DITA-LURINA.-Photographer-Kalev-Lilleorg69-768x512.jpg","768px-width":768,"768px-height":512,"1024px":"https:\/\/eamt.ee\/wp-content\/uploads\/2026\/07\/LABU-2025.-AFTER-THE-TOWER-OF-BABEL-by-DITA-LURINA.-Photographer-Kalev-Lilleorg69-1024x683.jpg","1024px-width":1024,"1024px-height":683,"1280px":"https:\/\/eamt.ee\/wp-content\/uploads\/2026\/07\/LABU-2025.-AFTER-THE-TOWER-OF-BABEL-by-DITA-LURINA.-Photographer-Kalev-Lilleorg69-1280x853.jpg","1280px-width":1280,"1280px-height":853,"1366px":"https:\/\/eamt.ee\/wp-content\/uploads\/2026\/07\/LABU-2025.-AFTER-THE-TOWER-OF-BABEL-by-DITA-LURINA.-Photographer-Kalev-Lilleorg69-1366x911.jpg","1366px-width":1366,"1366px-height":911,"1600px":"https:\/\/eamt.ee\/wp-content\/uploads\/2026\/07\/LABU-2025.-AFTER-THE-TOWER-OF-BABEL-by-DITA-LURINA.-Photographer-Kalev-Lilleorg69-1600x1067.jpg","1600px-width":1600,"1600px-height":1067,"1920px":"https:\/\/eamt.ee\/wp-content\/uploads\/2026\/07\/LABU-2025.-AFTER-THE-TOWER-OF-BABEL-by-DITA-LURINA.-Photographer-Kalev-Lilleorg69-1920x1280.jpg","1920px-width":1920,"1920px-height":1280,"2400px":"https:\/\/eamt.ee\/wp-content\/uploads\/2026\/07\/LABU-2025.-AFTER-THE-TOWER-OF-BABEL-by-DITA-LURINA.-Photographer-Kalev-Lilleorg69-2400x1600.jpg","2400px-width":2400,"2400px-height":1600,"woocommerce_thumbnail":"https:\/\/eamt.ee\/wp-content\/uploads\/2026\/07\/LABU-2025.-AFTER-THE-TOWER-OF-BABEL-by-DITA-LURINA.-Photographer-Kalev-Lilleorg69-415x415.jpg","woocommerce_thumbnail-width":415,"woocommerce_thumbnail-height":415,"woocommerce_single":"https:\/\/eamt.ee\/wp-content\/uploads\/2026\/07\/LABU-2025.-AFTER-THE-TOWER-OF-BABEL-by-DITA-LURINA.-Photographer-Kalev-Lilleorg69-600x400.jpg","woocommerce_single-width":600,"woocommerce_single-height":400,"woocommerce_gallery_thumbnail":"https:\/\/eamt.ee\/wp-content\/uploads\/2026\/07\/LABU-2025.-AFTER-THE-TOWER-OF-BABEL-by-DITA-LURINA.-Photographer-Kalev-Lilleorg69-100x100.jpg","woocommerce_gallery_thumbnail-width":100,"woocommerce_gallery_thumbnail-height":100}},{"ID":65174,"id":65174,"title":"L\u00c4BU 2025. AFTER THE TOWER OF BABEL by DITA LURINA. Photographer Kalev Lilleorg70","filename":"LABU-2025.-AFTER-THE-TOWER-OF-BABEL-by-DITA-LURINA.-Photographer-Kalev-Lilleorg70-scaled.jpg","filesize":245229,"url":"https:\/\/eamt.ee\/wp-content\/uploads\/2026\/07\/LABU-2025.-AFTER-THE-TOWER-OF-BABEL-by-DITA-LURINA.-Photographer-Kalev-Lilleorg70-scaled.jpg","link":"https:\/\/eamt.ee\/en\/projects\/dita-lurina-after-the-tower-of-babel\/labu-2025-after-the-tower-of-babel-by-dita-lurina-photographer-kalev-lilleorg70\/","alt":"","author":"23","description":"","caption":"","name":"labu-2025-after-the-tower-of-babel-by-dita-lurina-photographer-kalev-lilleorg70","status":"inherit","uploaded_to":65098,"date":"2026-07-13 18:18:56","modified":"2026-07-13 18:18:56","menu_order":0,"mime_type":"image\/jpeg","type":"image","subtype":"jpeg","icon":"https:\/\/eamt.ee\/wp-includes\/images\/media\/default.png","width":2560,"height":1707,"sizes":{"thumbnail":"https:\/\/eamt.ee\/wp-content\/uploads\/2026\/07\/LABU-2025.-AFTER-THE-TOWER-OF-BABEL-by-DITA-LURINA.-Photographer-Kalev-Lilleorg70-150x150.jpg","thumbnail-width":150,"thumbnail-height":150,"medium":"https:\/\/eamt.ee\/wp-content\/uploads\/2026\/07\/LABU-2025.-AFTER-THE-TOWER-OF-BABEL-by-DITA-LURINA.-Photographer-Kalev-Lilleorg70-300x200.jpg","medium-width":300,"medium-height":200,"medium_large":"https:\/\/eamt.ee\/wp-content\/uploads\/2026\/07\/LABU-2025.-AFTER-THE-TOWER-OF-BABEL-by-DITA-LURINA.-Photographer-Kalev-Lilleorg70-768x512.jpg","medium_large-width":768,"medium_large-height":512,"large":"https:\/\/eamt.ee\/wp-content\/uploads\/2026\/07\/LABU-2025.-AFTER-THE-TOWER-OF-BABEL-by-DITA-LURINA.-Photographer-Kalev-Lilleorg70-1024x683.jpg","large-width":1024,"large-height":683,"1536x1536":"https:\/\/eamt.ee\/wp-content\/uploads\/2026\/07\/LABU-2025.-AFTER-THE-TOWER-OF-BABEL-by-DITA-LURINA.-Photographer-Kalev-Lilleorg70-1536x1024.jpg","1536x1536-width":1536,"1536x1536-height":1024,"2048x2048":"https:\/\/eamt.ee\/wp-content\/uploads\/2026\/07\/LABU-2025.-AFTER-THE-TOWER-OF-BABEL-by-DITA-LURINA.-Photographer-Kalev-Lilleorg70-2048x1365.jpg","2048x2048-width":2048,"2048x2048-height":1365,"640px":"https:\/\/eamt.ee\/wp-content\/uploads\/2026\/07\/LABU-2025.-AFTER-THE-TOWER-OF-BABEL-by-DITA-LURINA.-Photographer-Kalev-Lilleorg70-640x427.jpg","640px-width":640,"640px-height":427,"768px":"https:\/\/eamt.ee\/wp-content\/uploads\/2026\/07\/LABU-2025.-AFTER-THE-TOWER-OF-BABEL-by-DITA-LURINA.-Photographer-Kalev-Lilleorg70-768x512.jpg","768px-width":768,"768px-height":512,"1024px":"https:\/\/eamt.ee\/wp-content\/uploads\/2026\/07\/LABU-2025.-AFTER-THE-TOWER-OF-BABEL-by-DITA-LURINA.-Photographer-Kalev-Lilleorg70-1024x683.jpg","1024px-width":1024,"1024px-height":683,"1280px":"https:\/\/eamt.ee\/wp-content\/uploads\/2026\/07\/LABU-2025.-AFTER-THE-TOWER-OF-BABEL-by-DITA-LURINA.-Photographer-Kalev-Lilleorg70-1280x853.jpg","1280px-width":1280,"1280px-height":853,"1366px":"https:\/\/eamt.ee\/wp-content\/uploads\/2026\/07\/LABU-2025.-AFTER-THE-TOWER-OF-BABEL-by-DITA-LURINA.-Photographer-Kalev-Lilleorg70-1366x911.jpg","1366px-width":1366,"1366px-height":911,"1600px":"https:\/\/eamt.ee\/wp-content\/uploads\/2026\/07\/LABU-2025.-AFTER-THE-TOWER-OF-BABEL-by-DITA-LURINA.-Photographer-Kalev-Lilleorg70-1600x1067.jpg","1600px-width":1600,"1600px-height":1067,"1920px":"https:\/\/eamt.ee\/wp-content\/uploads\/2026\/07\/LABU-2025.-AFTER-THE-TOWER-OF-BABEL-by-DITA-LURINA.-Photographer-Kalev-Lilleorg70-1920x1280.jpg","1920px-width":1920,"1920px-height":1280,"2400px":"https:\/\/eamt.ee\/wp-content\/uploads\/2026\/07\/LABU-2025.-AFTER-THE-TOWER-OF-BABEL-by-DITA-LURINA.-Photographer-Kalev-Lilleorg70-2400x1600.jpg","2400px-width":2400,"2400px-height":1600,"woocommerce_thumbnail":"https:\/\/eamt.ee\/wp-content\/uploads\/2026\/07\/LABU-2025.-AFTER-THE-TOWER-OF-BABEL-by-DITA-LURINA.-Photographer-Kalev-Lilleorg70-415x415.jpg","woocommerce_thumbnail-width":415,"woocommerce_thumbnail-height":415,"woocommerce_single":"https:\/\/eamt.ee\/wp-content\/uploads\/2026\/07\/LABU-2025.-AFTER-THE-TOWER-OF-BABEL-by-DITA-LURINA.-Photographer-Kalev-Lilleorg70-600x400.jpg","woocommerce_single-width":600,"woocommerce_single-height":400,"woocommerce_gallery_thumbnail":"https:\/\/eamt.ee\/wp-content\/uploads\/2026\/07\/LABU-2025.-AFTER-THE-TOWER-OF-BABEL-by-DITA-LURINA.-Photographer-Kalev-Lilleorg70-100x100.jpg","woocommerce_gallery_thumbnail-width":100,"woocommerce_gallery_thumbnail-height":100}},{"ID":65176,"id":65176,"title":"L\u00c4BU 2025. AFTER THE TOWER OF BABEL by DITA LURINA. Photographer Kalev Lilleorg75","filename":"LABU-2025.-AFTER-THE-TOWER-OF-BABEL-by-DITA-LURINA.-Photographer-Kalev-Lilleorg75-scaled.jpg","filesize":275634,"url":"https:\/\/eamt.ee\/wp-content\/uploads\/2026\/07\/LABU-2025.-AFTER-THE-TOWER-OF-BABEL-by-DITA-LURINA.-Photographer-Kalev-Lilleorg75-scaled.jpg","link":"https:\/\/eamt.ee\/en\/projects\/dita-lurina-after-the-tower-of-babel\/labu-2025-after-the-tower-of-babel-by-dita-lurina-photographer-kalev-lilleorg75\/","alt":"","author":"23","description":"","caption":"","name":"labu-2025-after-the-tower-of-babel-by-dita-lurina-photographer-kalev-lilleorg75","status":"inherit","uploaded_to":65098,"date":"2026-07-13 18:19:17","modified":"2026-07-13 18:19:17","menu_order":0,"mime_type":"image\/jpeg","type":"image","subtype":"jpeg","icon":"https:\/\/eamt.ee\/wp-includes\/images\/media\/default.png","width":2560,"height":1707,"sizes":{"thumbnail":"https:\/\/eamt.ee\/wp-content\/uploads\/2026\/07\/LABU-2025.-AFTER-THE-TOWER-OF-BABEL-by-DITA-LURINA.-Photographer-Kalev-Lilleorg75-150x150.jpg","thumbnail-width":150,"thumbnail-height":150,"medium":"https:\/\/eamt.ee\/wp-content\/uploads\/2026\/07\/LABU-2025.-AFTER-THE-TOWER-OF-BABEL-by-DITA-LURINA.-Photographer-Kalev-Lilleorg75-300x200.jpg","medium-width":300,"medium-height":200,"medium_large":"https:\/\/eamt.ee\/wp-content\/uploads\/2026\/07\/LABU-2025.-AFTER-THE-TOWER-OF-BABEL-by-DITA-LURINA.-Photographer-Kalev-Lilleorg75-768x512.jpg","medium_large-width":768,"medium_large-height":512,"large":"https:\/\/eamt.ee\/wp-content\/uploads\/2026\/07\/LABU-2025.-AFTER-THE-TOWER-OF-BABEL-by-DITA-LURINA.-Photographer-Kalev-Lilleorg75-1024x683.jpg","large-width":1024,"large-height":683,"1536x1536":"https:\/\/eamt.ee\/wp-content\/uploads\/2026\/07\/LABU-2025.-AFTER-THE-TOWER-OF-BABEL-by-DITA-LURINA.-Photographer-Kalev-Lilleorg75-1536x1024.jpg","1536x1536-width":1536,"1536x1536-height":1024,"2048x2048":"https:\/\/eamt.ee\/wp-content\/uploads\/2026\/07\/LABU-2025.-AFTER-THE-TOWER-OF-BABEL-by-DITA-LURINA.-Photographer-Kalev-Lilleorg75-2048x1365.jpg","2048x2048-width":2048,"2048x2048-height":1365,"640px":"https:\/\/eamt.ee\/wp-content\/uploads\/2026\/07\/LABU-2025.-AFTER-THE-TOWER-OF-BABEL-by-DITA-LURINA.-Photographer-Kalev-Lilleorg75-640x427.jpg","640px-width":640,"640px-height":427,"768px":"https:\/\/eamt.ee\/wp-content\/uploads\/2026\/07\/LABU-2025.-AFTER-THE-TOWER-OF-BABEL-by-DITA-LURINA.-Photographer-Kalev-Lilleorg75-768x512.jpg","768px-width":768,"768px-height":512,"1024px":"https:\/\/eamt.ee\/wp-content\/uploads\/2026\/07\/LABU-2025.-AFTER-THE-TOWER-OF-BABEL-by-DITA-LURINA.-Photographer-Kalev-Lilleorg75-1024x683.jpg","1024px-width":1024,"1024px-height":683,"1280px":"https:\/\/eamt.ee\/wp-content\/uploads\/2026\/07\/LABU-2025.-AFTER-THE-TOWER-OF-BABEL-by-DITA-LURINA.-Photographer-Kalev-Lilleorg75-1280x853.jpg","1280px-width":1280,"1280px-height":853,"1366px":"https:\/\/eamt.ee\/wp-content\/uploads\/2026\/07\/LABU-2025.-AFTER-THE-TOWER-OF-BABEL-by-DITA-LURINA.-Photographer-Kalev-Lilleorg75-1366x911.jpg","1366px-width":1366,"1366px-height":911,"1600px":"https:\/\/eamt.ee\/wp-content\/uploads\/2026\/07\/LABU-2025.-AFTER-THE-TOWER-OF-BABEL-by-DITA-LURINA.-Photographer-Kalev-Lilleorg75-1600x1067.jpg","1600px-width":1600,"1600px-height":1067,"1920px":"https:\/\/eamt.ee\/wp-content\/uploads\/2026\/07\/LABU-2025.-AFTER-THE-TOWER-OF-BABEL-by-DITA-LURINA.-Photographer-Kalev-Lilleorg75-1920x1280.jpg","1920px-width":1920,"1920px-height":1280,"2400px":"https:\/\/eamt.ee\/wp-content\/uploads\/2026\/07\/LABU-2025.-AFTER-THE-TOWER-OF-BABEL-by-DITA-LURINA.-Photographer-Kalev-Lilleorg75-2400x1600.jpg","2400px-width":2400,"2400px-height":1600,"woocommerce_thumbnail":"https:\/\/eamt.ee\/wp-content\/uploads\/2026\/07\/LABU-2025.-AFTER-THE-TOWER-OF-BABEL-by-DITA-LURINA.-Photographer-Kalev-Lilleorg75-415x415.jpg","woocommerce_thumbnail-width":415,"woocommerce_thumbnail-height":415,"woocommerce_single":"https:\/\/eamt.ee\/wp-content\/uploads\/2026\/07\/LABU-2025.-AFTER-THE-TOWER-OF-BABEL-by-DITA-LURINA.-Photographer-Kalev-Lilleorg75-600x400.jpg","woocommerce_single-width":600,"woocommerce_single-height":400,"woocommerce_gallery_thumbnail":"https:\/\/eamt.ee\/wp-content\/uploads\/2026\/07\/LABU-2025.-AFTER-THE-TOWER-OF-BABEL-by-DITA-LURINA.-Photographer-Kalev-Lilleorg75-100x100.jpg","woocommerce_gallery_thumbnail-width":100,"woocommerce_gallery_thumbnail-height":100}},{"ID":65178,"id":65178,"title":"L\u00c4BU 2025. AFTER THE TOWER OF BABEL by DITA LURINA. Photographer Kalev Lilleorg77","filename":"LABU-2025.-AFTER-THE-TOWER-OF-BABEL-by-DITA-LURINA.-Photographer-Kalev-Lilleorg77-scaled.jpg","filesize":328041,"url":"https:\/\/eamt.ee\/wp-content\/uploads\/2026\/07\/LABU-2025.-AFTER-THE-TOWER-OF-BABEL-by-DITA-LURINA.-Photographer-Kalev-Lilleorg77-scaled.jpg","link":"https:\/\/eamt.ee\/en\/projects\/dita-lurina-after-the-tower-of-babel\/labu-2025-after-the-tower-of-babel-by-dita-lurina-photographer-kalev-lilleorg77\/","alt":"","author":"23","description":"","caption":"","name":"labu-2025-after-the-tower-of-babel-by-dita-lurina-photographer-kalev-lilleorg77","status":"inherit","uploaded_to":65098,"date":"2026-07-13 18:19:37","modified":"2026-07-13 18:19:37","menu_order":0,"mime_type":"image\/jpeg","type":"image","subtype":"jpeg","icon":"https:\/\/eamt.ee\/wp-includes\/images\/media\/default.png","width":2560,"height":1707,"sizes":{"thumbnail":"https:\/\/eamt.ee\/wp-content\/uploads\/2026\/07\/LABU-2025.-AFTER-THE-TOWER-OF-BABEL-by-DITA-LURINA.-Photographer-Kalev-Lilleorg77-150x150.jpg","thumbnail-width":150,"thumbnail-height":150,"medium":"https:\/\/eamt.ee\/wp-content\/uploads\/2026\/07\/LABU-2025.-AFTER-THE-TOWER-OF-BABEL-by-DITA-LURINA.-Photographer-Kalev-Lilleorg77-300x200.jpg","medium-width":300,"medium-height":200,"medium_large":"https:\/\/eamt.ee\/wp-content\/uploads\/2026\/07\/LABU-2025.-AFTER-THE-TOWER-OF-BABEL-by-DITA-LURINA.-Photographer-Kalev-Lilleorg77-768x512.jpg","medium_large-width":768,"medium_large-height":512,"large":"https:\/\/eamt.ee\/wp-content\/uploads\/2026\/07\/LABU-2025.-AFTER-THE-TOWER-OF-BABEL-by-DITA-LURINA.-Photographer-Kalev-Lilleorg77-1024x683.jpg","large-width":1024,"large-height":683,"1536x1536":"https:\/\/eamt.ee\/wp-content\/uploads\/2026\/07\/LABU-2025.-AFTER-THE-TOWER-OF-BABEL-by-DITA-LURINA.-Photographer-Kalev-Lilleorg77-1536x1024.jpg","1536x1536-width":1536,"1536x1536-height":1024,"2048x2048":"https:\/\/eamt.ee\/wp-content\/uploads\/2026\/07\/LABU-2025.-AFTER-THE-TOWER-OF-BABEL-by-DITA-LURINA.-Photographer-Kalev-Lilleorg77-2048x1365.jpg","2048x2048-width":2048,"2048x2048-height":1365,"640px":"https:\/\/eamt.ee\/wp-content\/uploads\/2026\/07\/LABU-2025.-AFTER-THE-TOWER-OF-BABEL-by-DITA-LURINA.-Photographer-Kalev-Lilleorg77-640x427.jpg","640px-width":640,"640px-height":427,"768px":"https:\/\/eamt.ee\/wp-content\/uploads\/2026\/07\/LABU-2025.-AFTER-THE-TOWER-OF-BABEL-by-DITA-LURINA.-Photographer-Kalev-Lilleorg77-768x512.jpg","768px-width":768,"768px-height":512,"1024px":"https:\/\/eamt.ee\/wp-content\/uploads\/2026\/07\/LABU-2025.-AFTER-THE-TOWER-OF-BABEL-by-DITA-LURINA.-Photographer-Kalev-Lilleorg77-1024x683.jpg","1024px-width":1024,"1024px-height":683,"1280px":"https:\/\/eamt.ee\/wp-content\/uploads\/2026\/07\/LABU-2025.-AFTER-THE-TOWER-OF-BABEL-by-DITA-LURINA.-Photographer-Kalev-Lilleorg77-1280x853.jpg","1280px-width":1280,"1280px-height":853,"1366px":"https:\/\/eamt.ee\/wp-content\/uploads\/2026\/07\/LABU-2025.-AFTER-THE-TOWER-OF-BABEL-by-DITA-LURINA.-Photographer-Kalev-Lilleorg77-1366x911.jpg","1366px-width":1366,"1366px-height":911,"1600px":"https:\/\/eamt.ee\/wp-content\/uploads\/2026\/07\/LABU-2025.-AFTER-THE-TOWER-OF-BABEL-by-DITA-LURINA.-Photographer-Kalev-Lilleorg77-1600x1067.jpg","1600px-width":1600,"1600px-height":1067,"1920px":"https:\/\/eamt.ee\/wp-content\/uploads\/2026\/07\/LABU-2025.-AFTER-THE-TOWER-OF-BABEL-by-DITA-LURINA.-Photographer-Kalev-Lilleorg77-1920x1280.jpg","1920px-width":1920,"1920px-height":1280,"2400px":"https:\/\/eamt.ee\/wp-content\/uploads\/2026\/07\/LABU-2025.-AFTER-THE-TOWER-OF-BABEL-by-DITA-LURINA.-Photographer-Kalev-Lilleorg77-2400x1600.jpg","2400px-width":2400,"2400px-height":1600,"woocommerce_thumbnail":"https:\/\/eamt.ee\/wp-content\/uploads\/2026\/07\/LABU-2025.-AFTER-THE-TOWER-OF-BABEL-by-DITA-LURINA.-Photographer-Kalev-Lilleorg77-415x415.jpg","woocommerce_thumbnail-width":415,"woocommerce_thumbnail-height":415,"woocommerce_single":"https:\/\/eamt.ee\/wp-content\/uploads\/2026\/07\/LABU-2025.-AFTER-THE-TOWER-OF-BABEL-by-DITA-LURINA.-Photographer-Kalev-Lilleorg77-600x400.jpg","woocommerce_single-width":600,"woocommerce_single-height":400,"woocommerce_gallery_thumbnail":"https:\/\/eamt.ee\/wp-content\/uploads\/2026\/07\/LABU-2025.-AFTER-THE-TOWER-OF-BABEL-by-DITA-LURINA.-Photographer-Kalev-Lilleorg77-100x100.jpg","woocommerce_gallery_thumbnail-width":100,"woocommerce_gallery_thumbnail-height":100}},{"ID":65180,"id":65180,"title":"L\u00c4BU 2025. AFTER THE TOWER OF BABEL by DITA LURINA. Photographer Kalev Lilleorg81","filename":"LABU-2025.-AFTER-THE-TOWER-OF-BABEL-by-DITA-LURINA.-Photographer-Kalev-Lilleorg81-scaled.jpg","filesize":318652,"url":"https:\/\/eamt.ee\/wp-content\/uploads\/2026\/07\/LABU-2025.-AFTER-THE-TOWER-OF-BABEL-by-DITA-LURINA.-Photographer-Kalev-Lilleorg81-scaled.jpg","link":"https:\/\/eamt.ee\/en\/projects\/dita-lurina-after-the-tower-of-babel\/labu-2025-after-the-tower-of-babel-by-dita-lurina-photographer-kalev-lilleorg81\/","alt":"","author":"23","description":"","caption":"","name":"labu-2025-after-the-tower-of-babel-by-dita-lurina-photographer-kalev-lilleorg81","status":"inherit","uploaded_to":65098,"date":"2026-07-13 18:20:00","modified":"2026-07-13 18:20:00","menu_order":0,"mime_type":"image\/jpeg","type":"image","subtype":"jpeg","icon":"https:\/\/eamt.ee\/wp-includes\/images\/media\/default.png","width":2560,"height":1707,"sizes":{"thumbnail":"https:\/\/eamt.ee\/wp-content\/uploads\/2026\/07\/LABU-2025.-AFTER-THE-TOWER-OF-BABEL-by-DITA-LURINA.-Photographer-Kalev-Lilleorg81-150x150.jpg","thumbnail-width":150,"thumbnail-height":150,"medium":"https:\/\/eamt.ee\/wp-content\/uploads\/2026\/07\/LABU-2025.-AFTER-THE-TOWER-OF-BABEL-by-DITA-LURINA.-Photographer-Kalev-Lilleorg81-300x200.jpg","medium-width":300,"medium-height":200,"medium_large":"https:\/\/eamt.ee\/wp-content\/uploads\/2026\/07\/LABU-2025.-AFTER-THE-TOWER-OF-BABEL-by-DITA-LURINA.-Photographer-Kalev-Lilleorg81-768x512.jpg","medium_large-width":768,"medium_large-height":512,"large":"https:\/\/eamt.ee\/wp-content\/uploads\/2026\/07\/LABU-2025.-AFTER-THE-TOWER-OF-BABEL-by-DITA-LURINA.-Photographer-Kalev-Lilleorg81-1024x683.jpg","large-width":1024,"large-height":683,"1536x1536":"https:\/\/eamt.ee\/wp-content\/uploads\/2026\/07\/LABU-2025.-AFTER-THE-TOWER-OF-BABEL-by-DITA-LURINA.-Photographer-Kalev-Lilleorg81-1536x1024.jpg","1536x1536-width":1536,"1536x1536-height":1024,"2048x2048":"https:\/\/eamt.ee\/wp-content\/uploads\/2026\/07\/LABU-2025.-AFTER-THE-TOWER-OF-BABEL-by-DITA-LURINA.-Photographer-Kalev-Lilleorg81-2048x1365.jpg","2048x2048-width":2048,"2048x2048-height":1365,"640px":"https:\/\/eamt.ee\/wp-content\/uploads\/2026\/07\/LABU-2025.-AFTER-THE-TOWER-OF-BABEL-by-DITA-LURINA.-Photographer-Kalev-Lilleorg81-640x427.jpg","640px-width":640,"640px-height":427,"768px":"https:\/\/eamt.ee\/wp-content\/uploads\/2026\/07\/LABU-2025.-AFTER-THE-TOWER-OF-BABEL-by-DITA-LURINA.-Photographer-Kalev-Lilleorg81-768x512.jpg","768px-width":768,"768px-height":512,"1024px":"https:\/\/eamt.ee\/wp-content\/uploads\/2026\/07\/LABU-2025.-AFTER-THE-TOWER-OF-BABEL-by-DITA-LURINA.-Photographer-Kalev-Lilleorg81-1024x683.jpg","1024px-width":1024,"1024px-height":683,"1280px":"https:\/\/eamt.ee\/wp-content\/uploads\/2026\/07\/LABU-2025.-AFTER-THE-TOWER-OF-BABEL-by-DITA-LURINA.-Photographer-Kalev-Lilleorg81-1280x853.jpg","1280px-width":1280,"1280px-height":853,"1366px":"https:\/\/eamt.ee\/wp-content\/uploads\/2026\/07\/LABU-2025.-AFTER-THE-TOWER-OF-BABEL-by-DITA-LURINA.-Photographer-Kalev-Lilleorg81-1366x911.jpg","1366px-width":1366,"1366px-height":911,"1600px":"https:\/\/eamt.ee\/wp-content\/uploads\/2026\/07\/LABU-2025.-AFTER-THE-TOWER-OF-BABEL-by-DITA-LURINA.-Photographer-Kalev-Lilleorg81-1600x1067.jpg","1600px-width":1600,"1600px-height":1067,"1920px":"https:\/\/eamt.ee\/wp-content\/uploads\/2026\/07\/LABU-2025.-AFTER-THE-TOWER-OF-BABEL-by-DITA-LURINA.-Photographer-Kalev-Lilleorg81-1920x1280.jpg","1920px-width":1920,"1920px-height":1280,"2400px":"https:\/\/eamt.ee\/wp-content\/uploads\/2026\/07\/LABU-2025.-AFTER-THE-TOWER-OF-BABEL-by-DITA-LURINA.-Photographer-Kalev-Lilleorg81-2400x1600.jpg","2400px-width":2400,"2400px-height":1600,"woocommerce_thumbnail":"https:\/\/eamt.ee\/wp-content\/uploads\/2026\/07\/LABU-2025.-AFTER-THE-TOWER-OF-BABEL-by-DITA-LURINA.-Photographer-Kalev-Lilleorg81-415x415.jpg","woocommerce_thumbnail-width":415,"woocommerce_thumbnail-height":415,"woocommerce_single":"https:\/\/eamt.ee\/wp-content\/uploads\/2026\/07\/LABU-2025.-AFTER-THE-TOWER-OF-BABEL-by-DITA-LURINA.-Photographer-Kalev-Lilleorg81-600x400.jpg","woocommerce_single-width":600,"woocommerce_single-height":400,"woocommerce_gallery_thumbnail":"https:\/\/eamt.ee\/wp-content\/uploads\/2026\/07\/LABU-2025.-AFTER-THE-TOWER-OF-BABEL-by-DITA-LURINA.-Photographer-Kalev-Lilleorg81-100x100.jpg","woocommerce_gallery_thumbnail-width":100,"woocommerce_gallery_thumbnail-height":100}},{"ID":65182,"id":65182,"title":"L\u00c4BU 2025. AFTER THE TOWER OF BABEL by DITA LURINA. Photographer Kalev Lilleorg83","filename":"LABU-2025.-AFTER-THE-TOWER-OF-BABEL-by-DITA-LURINA.-Photographer-Kalev-Lilleorg83-scaled.jpg","filesize":359214,"url":"https:\/\/eamt.ee\/wp-content\/uploads\/2026\/07\/LABU-2025.-AFTER-THE-TOWER-OF-BABEL-by-DITA-LURINA.-Photographer-Kalev-Lilleorg83-scaled.jpg","link":"https:\/\/eamt.ee\/en\/projects\/dita-lurina-after-the-tower-of-babel\/labu-2025-after-the-tower-of-babel-by-dita-lurina-photographer-kalev-lilleorg83\/","alt":"","author":"23","description":"","caption":"","name":"labu-2025-after-the-tower-of-babel-by-dita-lurina-photographer-kalev-lilleorg83","status":"inherit","uploaded_to":65098,"date":"2026-07-13 18:20:28","modified":"2026-07-13 18:20:28","menu_order":0,"mime_type":"image\/jpeg","type":"image","subtype":"jpeg","icon":"https:\/\/eamt.ee\/wp-includes\/images\/media\/default.png","width":2560,"height":1707,"sizes":{"thumbnail":"https:\/\/eamt.ee\/wp-content\/uploads\/2026\/07\/LABU-2025.-AFTER-THE-TOWER-OF-BABEL-by-DITA-LURINA.-Photographer-Kalev-Lilleorg83-150x150.jpg","thumbnail-width":150,"thumbnail-height":150,"medium":"https:\/\/eamt.ee\/wp-content\/uploads\/2026\/07\/LABU-2025.-AFTER-THE-TOWER-OF-BABEL-by-DITA-LURINA.-Photographer-Kalev-Lilleorg83-300x200.jpg","medium-width":300,"medium-height":200,"medium_large":"https:\/\/eamt.ee\/wp-content\/uploads\/2026\/07\/LABU-2025.-AFTER-THE-TOWER-OF-BABEL-by-DITA-LURINA.-Photographer-Kalev-Lilleorg83-768x512.jpg","medium_large-width":768,"medium_large-height":512,"large":"https:\/\/eamt.ee\/wp-content\/uploads\/2026\/07\/LABU-2025.-AFTER-THE-TOWER-OF-BABEL-by-DITA-LURINA.-Photographer-Kalev-Lilleorg83-1024x683.jpg","large-width":1024,"large-height":683,"1536x1536":"https:\/\/eamt.ee\/wp-content\/uploads\/2026\/07\/LABU-2025.-AFTER-THE-TOWER-OF-BABEL-by-DITA-LURINA.-Photographer-Kalev-Lilleorg83-1536x1024.jpg","1536x1536-width":1536,"1536x1536-height":1024,"2048x2048":"https:\/\/eamt.ee\/wp-content\/uploads\/2026\/07\/LABU-2025.-AFTER-THE-TOWER-OF-BABEL-by-DITA-LURINA.-Photographer-Kalev-Lilleorg83-2048x1365.jpg","2048x2048-width":2048,"2048x2048-height":1365,"640px":"https:\/\/eamt.ee\/wp-content\/uploads\/2026\/07\/LABU-2025.-AFTER-THE-TOWER-OF-BABEL-by-DITA-LURINA.-Photographer-Kalev-Lilleorg83-640x427.jpg","640px-width":640,"640px-height":427,"768px":"https:\/\/eamt.ee\/wp-content\/uploads\/2026\/07\/LABU-2025.-AFTER-THE-TOWER-OF-BABEL-by-DITA-LURINA.-Photographer-Kalev-Lilleorg83-768x512.jpg","768px-width":768,"768px-height":512,"1024px":"https:\/\/eamt.ee\/wp-content\/uploads\/2026\/07\/LABU-2025.-AFTER-THE-TOWER-OF-BABEL-by-DITA-LURINA.-Photographer-Kalev-Lilleorg83-1024x683.jpg","1024px-width":1024,"1024px-height":683,"1280px":"https:\/\/eamt.ee\/wp-content\/uploads\/2026\/07\/LABU-2025.-AFTER-THE-TOWER-OF-BABEL-by-DITA-LURINA.-Photographer-Kalev-Lilleorg83-1280x853.jpg","1280px-width":1280,"1280px-height":853,"1366px":"https:\/\/eamt.ee\/wp-content\/uploads\/2026\/07\/LABU-2025.-AFTER-THE-TOWER-OF-BABEL-by-DITA-LURINA.-Photographer-Kalev-Lilleorg83-1366x911.jpg","1366px-width":1366,"1366px-height":911,"1600px":"https:\/\/eamt.ee\/wp-content\/uploads\/2026\/07\/LABU-2025.-AFTER-THE-TOWER-OF-BABEL-by-DITA-LURINA.-Photographer-Kalev-Lilleorg83-1600x1067.jpg","1600px-width":1600,"1600px-height":1067,"1920px":"https:\/\/eamt.ee\/wp-content\/uploads\/2026\/07\/LABU-2025.-AFTER-THE-TOWER-OF-BABEL-by-DITA-LURINA.-Photographer-Kalev-Lilleorg83-1920x1280.jpg","1920px-width":1920,"1920px-height":1280,"2400px":"https:\/\/eamt.ee\/wp-content\/uploads\/2026\/07\/LABU-2025.-AFTER-THE-TOWER-OF-BABEL-by-DITA-LURINA.-Photographer-Kalev-Lilleorg83-2400x1600.jpg","2400px-width":2400,"2400px-height":1600,"woocommerce_thumbnail":"https:\/\/eamt.ee\/wp-content\/uploads\/2026\/07\/LABU-2025.-AFTER-THE-TOWER-OF-BABEL-by-DITA-LURINA.-Photographer-Kalev-Lilleorg83-415x415.jpg","woocommerce_thumbnail-width":415,"woocommerce_thumbnail-height":415,"woocommerce_single":"https:\/\/eamt.ee\/wp-content\/uploads\/2026\/07\/LABU-2025.-AFTER-THE-TOWER-OF-BABEL-by-DITA-LURINA.-Photographer-Kalev-Lilleorg83-600x400.jpg","woocommerce_single-width":600,"woocommerce_single-height":400,"woocommerce_gallery_thumbnail":"https:\/\/eamt.ee\/wp-content\/uploads\/2026\/07\/LABU-2025.-AFTER-THE-TOWER-OF-BABEL-by-DITA-LURINA.-Photographer-Kalev-Lilleorg83-100x100.jpg","woocommerce_gallery_thumbnail-width":100,"woocommerce_gallery_thumbnail-height":100}},{"ID":65184,"id":65184,"title":"L\u00c4BU 2025. AFTER THE TOWER OF BABEL by DITA LURINA. Photographer Kalev Lilleorg86","filename":"LABU-2025.-AFTER-THE-TOWER-OF-BABEL-by-DITA-LURINA.-Photographer-Kalev-Lilleorg86-scaled.jpg","filesize":405512,"url":"https:\/\/eamt.ee\/wp-content\/uploads\/2026\/07\/LABU-2025.-AFTER-THE-TOWER-OF-BABEL-by-DITA-LURINA.-Photographer-Kalev-Lilleorg86-scaled.jpg","link":"https:\/\/eamt.ee\/en\/projects\/dita-lurina-after-the-tower-of-babel\/labu-2025-after-the-tower-of-babel-by-dita-lurina-photographer-kalev-lilleorg86\/","alt":"","author":"23","description":"","caption":"","name":"labu-2025-after-the-tower-of-babel-by-dita-lurina-photographer-kalev-lilleorg86","status":"inherit","uploaded_to":65098,"date":"2026-07-13 18:20:59","modified":"2026-07-13 18:20:59","menu_order":0,"mime_type":"image\/jpeg","type":"image","subtype":"jpeg","icon":"https:\/\/eamt.ee\/wp-includes\/images\/media\/default.png","width":2560,"height":1707,"sizes":{"thumbnail":"https:\/\/eamt.ee\/wp-content\/uploads\/2026\/07\/LABU-2025.-AFTER-THE-TOWER-OF-BABEL-by-DITA-LURINA.-Photographer-Kalev-Lilleorg86-150x150.jpg","thumbnail-width":150,"thumbnail-height":150,"medium":"https:\/\/eamt.ee\/wp-content\/uploads\/2026\/07\/LABU-2025.-AFTER-THE-TOWER-OF-BABEL-by-DITA-LURINA.-Photographer-Kalev-Lilleorg86-300x200.jpg","medium-width":300,"medium-height":200,"medium_large":"https:\/\/eamt.ee\/wp-content\/uploads\/2026\/07\/LABU-2025.-AFTER-THE-TOWER-OF-BABEL-by-DITA-LURINA.-Photographer-Kalev-Lilleorg86-768x512.jpg","medium_large-width":768,"medium_large-height":512,"large":"https:\/\/eamt.ee\/wp-content\/uploads\/2026\/07\/LABU-2025.-AFTER-THE-TOWER-OF-BABEL-by-DITA-LURINA.-Photographer-Kalev-Lilleorg86-1024x683.jpg","large-width":1024,"large-height":683,"1536x1536":"https:\/\/eamt.ee\/wp-content\/uploads\/2026\/07\/LABU-2025.-AFTER-THE-TOWER-OF-BABEL-by-DITA-LURINA.-Photographer-Kalev-Lilleorg86-1536x1024.jpg","1536x1536-width":1536,"1536x1536-height":1024,"2048x2048":"https:\/\/eamt.ee\/wp-content\/uploads\/2026\/07\/LABU-2025.-AFTER-THE-TOWER-OF-BABEL-by-DITA-LURINA.-Photographer-Kalev-Lilleorg86-2048x1365.jpg","2048x2048-width":2048,"2048x2048-height":1365,"640px":"https:\/\/eamt.ee\/wp-content\/uploads\/2026\/07\/LABU-2025.-AFTER-THE-TOWER-OF-BABEL-by-DITA-LURINA.-Photographer-Kalev-Lilleorg86-640x427.jpg","640px-width":640,"640px-height":427,"768px":"https:\/\/eamt.ee\/wp-content\/uploads\/2026\/07\/LABU-2025.-AFTER-THE-TOWER-OF-BABEL-by-DITA-LURINA.-Photographer-Kalev-Lilleorg86-768x512.jpg","768px-width":768,"768px-height":512,"1024px":"https:\/\/eamt.ee\/wp-content\/uploads\/2026\/07\/LABU-2025.-AFTER-THE-TOWER-OF-BABEL-by-DITA-LURINA.-Photographer-Kalev-Lilleorg86-1024x683.jpg","1024px-width":1024,"1024px-height":683,"1280px":"https:\/\/eamt.ee\/wp-content\/uploads\/2026\/07\/LABU-2025.-AFTER-THE-TOWER-OF-BABEL-by-DITA-LURINA.-Photographer-Kalev-Lilleorg86-1280x853.jpg","1280px-width":1280,"1280px-height":853,"1366px":"https:\/\/eamt.ee\/wp-content\/uploads\/2026\/07\/LABU-2025.-AFTER-THE-TOWER-OF-BABEL-by-DITA-LURINA.-Photographer-Kalev-Lilleorg86-1366x911.jpg","1366px-width":1366,"1366px-height":911,"1600px":"https:\/\/eamt.ee\/wp-content\/uploads\/2026\/07\/LABU-2025.-AFTER-THE-TOWER-OF-BABEL-by-DITA-LURINA.-Photographer-Kalev-Lilleorg86-1600x1067.jpg","1600px-width":1600,"1600px-height":1067,"1920px":"https:\/\/eamt.ee\/wp-content\/uploads\/2026\/07\/LABU-2025.-AFTER-THE-TOWER-OF-BABEL-by-DITA-LURINA.-Photographer-Kalev-Lilleorg86-1920x1280.jpg","1920px-width":1920,"1920px-height":1280,"2400px":"https:\/\/eamt.ee\/wp-content\/uploads\/2026\/07\/LABU-2025.-AFTER-THE-TOWER-OF-BABEL-by-DITA-LURINA.-Photographer-Kalev-Lilleorg86-2400x1600.jpg","2400px-width":2400,"2400px-height":1600,"woocommerce_thumbnail":"https:\/\/eamt.ee\/wp-content\/uploads\/2026\/07\/LABU-2025.-AFTER-THE-TOWER-OF-BABEL-by-DITA-LURINA.-Photographer-Kalev-Lilleorg86-415x415.jpg","woocommerce_thumbnail-width":415,"woocommerce_thumbnail-height":415,"woocommerce_single":"https:\/\/eamt.ee\/wp-content\/uploads\/2026\/07\/LABU-2025.-AFTER-THE-TOWER-OF-BABEL-by-DITA-LURINA.-Photographer-Kalev-Lilleorg86-600x400.jpg","woocommerce_single-width":600,"woocommerce_single-height":400,"woocommerce_gallery_thumbnail":"https:\/\/eamt.ee\/wp-content\/uploads\/2026\/07\/LABU-2025.-AFTER-THE-TOWER-OF-BABEL-by-DITA-LURINA.-Photographer-Kalev-Lilleorg86-100x100.jpg","woocommerce_gallery_thumbnail-width":100,"woocommerce_gallery_thumbnail-height":100}},{"ID":65186,"id":65186,"title":"L\u00c4BU 2025. AFTER THE TOWER OF BABEL by DITA LURINA. Photographer Kalev Lilleorg89","filename":"LABU-2025.-AFTER-THE-TOWER-OF-BABEL-by-DITA-LURINA.-Photographer-Kalev-Lilleorg89-scaled.jpg","filesize":316365,"url":"https:\/\/eamt.ee\/wp-content\/uploads\/2026\/07\/LABU-2025.-AFTER-THE-TOWER-OF-BABEL-by-DITA-LURINA.-Photographer-Kalev-Lilleorg89-scaled.jpg","link":"https:\/\/eamt.ee\/en\/projects\/dita-lurina-after-the-tower-of-babel\/labu-2025-after-the-tower-of-babel-by-dita-lurina-photographer-kalev-lilleorg89\/","alt":"","author":"23","description":"","caption":"","name":"labu-2025-after-the-tower-of-babel-by-dita-lurina-photographer-kalev-lilleorg89","status":"inherit","uploaded_to":65098,"date":"2026-07-13 18:21:23","modified":"2026-07-13 18:21:23","menu_order":0,"mime_type":"image\/jpeg","type":"image","subtype":"jpeg","icon":"https:\/\/eamt.ee\/wp-includes\/images\/media\/default.png","width":1707,"height":2560,"sizes":{"thumbnail":"https:\/\/eamt.ee\/wp-content\/uploads\/2026\/07\/LABU-2025.-AFTER-THE-TOWER-OF-BABEL-by-DITA-LURINA.-Photographer-Kalev-Lilleorg89-150x150.jpg","thumbnail-width":150,"thumbnail-height":150,"medium":"https:\/\/eamt.ee\/wp-content\/uploads\/2026\/07\/LABU-2025.-AFTER-THE-TOWER-OF-BABEL-by-DITA-LURINA.-Photographer-Kalev-Lilleorg89-200x300.jpg","medium-width":200,"medium-height":300,"medium_large":"https:\/\/eamt.ee\/wp-content\/uploads\/2026\/07\/LABU-2025.-AFTER-THE-TOWER-OF-BABEL-by-DITA-LURINA.-Photographer-Kalev-Lilleorg89-768x1152.jpg","medium_large-width":768,"medium_large-height":1152,"large":"https:\/\/eamt.ee\/wp-content\/uploads\/2026\/07\/LABU-2025.-AFTER-THE-TOWER-OF-BABEL-by-DITA-LURINA.-Photographer-Kalev-Lilleorg89-683x1024.jpg","large-width":683,"large-height":1024,"1536x1536":"https:\/\/eamt.ee\/wp-content\/uploads\/2026\/07\/LABU-2025.-AFTER-THE-TOWER-OF-BABEL-by-DITA-LURINA.-Photographer-Kalev-Lilleorg89-1024x1536.jpg","1536x1536-width":1024,"1536x1536-height":1536,"2048x2048":"https:\/\/eamt.ee\/wp-content\/uploads\/2026\/07\/LABU-2025.-AFTER-THE-TOWER-OF-BABEL-by-DITA-LURINA.-Photographer-Kalev-Lilleorg89-1365x2048.jpg","2048x2048-width":1365,"2048x2048-height":2048,"640px":"https:\/\/eamt.ee\/wp-content\/uploads\/2026\/07\/LABU-2025.-AFTER-THE-TOWER-OF-BABEL-by-DITA-LURINA.-Photographer-Kalev-Lilleorg89-640x960.jpg","640px-width":640,"640px-height":960,"768px":"https:\/\/eamt.ee\/wp-content\/uploads\/2026\/07\/LABU-2025.-AFTER-THE-TOWER-OF-BABEL-by-DITA-LURINA.-Photographer-Kalev-Lilleorg89-768x1152.jpg","768px-width":768,"768px-height":1152,"1024px":"https:\/\/eamt.ee\/wp-content\/uploads\/2026\/07\/LABU-2025.-AFTER-THE-TOWER-OF-BABEL-by-DITA-LURINA.-Photographer-Kalev-Lilleorg89-1024x1536.jpg","1024px-width":1024,"1024px-height":1536,"1280px":"https:\/\/eamt.ee\/wp-content\/uploads\/2026\/07\/LABU-2025.-AFTER-THE-TOWER-OF-BABEL-by-DITA-LURINA.-Photographer-Kalev-Lilleorg89-1280x1920.jpg","1280px-width":1280,"1280px-height":1920,"1366px":"https:\/\/eamt.ee\/wp-content\/uploads\/2026\/07\/LABU-2025.-AFTER-THE-TOWER-OF-BABEL-by-DITA-LURINA.-Photographer-Kalev-Lilleorg89-1366x2049.jpg","1366px-width":1366,"1366px-height":2049,"1600px":"https:\/\/eamt.ee\/wp-content\/uploads\/2026\/07\/LABU-2025.-AFTER-THE-TOWER-OF-BABEL-by-DITA-LURINA.-Photographer-Kalev-Lilleorg89-1600x2400.jpg","1600px-width":1600,"1600px-height":2400,"1920px":"https:\/\/eamt.ee\/wp-content\/uploads\/2026\/07\/LABU-2025.-AFTER-THE-TOWER-OF-BABEL-by-DITA-LURINA.-Photographer-Kalev-Lilleorg89-1920x2880.jpg","1920px-width":1920,"1920px-height":2880,"2400px":"https:\/\/eamt.ee\/wp-content\/uploads\/2026\/07\/LABU-2025.-AFTER-THE-TOWER-OF-BABEL-by-DITA-LURINA.-Photographer-Kalev-Lilleorg89-2400x3600.jpg","2400px-width":2400,"2400px-height":3600,"woocommerce_thumbnail":"https:\/\/eamt.ee\/wp-content\/uploads\/2026\/07\/LABU-2025.-AFTER-THE-TOWER-OF-BABEL-by-DITA-LURINA.-Photographer-Kalev-Lilleorg89-415x415.jpg","woocommerce_thumbnail-width":415,"woocommerce_thumbnail-height":415,"woocommerce_single":"https:\/\/eamt.ee\/wp-content\/uploads\/2026\/07\/LABU-2025.-AFTER-THE-TOWER-OF-BABEL-by-DITA-LURINA.-Photographer-Kalev-Lilleorg89-600x900.jpg","woocommerce_single-width":600,"woocommerce_single-height":900,"woocommerce_gallery_thumbnail":"https:\/\/eamt.ee\/wp-content\/uploads\/2026\/07\/LABU-2025.-AFTER-THE-TOWER-OF-BABEL-by-DITA-LURINA.-Photographer-Kalev-Lilleorg89-100x100.jpg","woocommerce_gallery_thumbnail-width":100,"woocommerce_gallery_thumbnail-height":100}},{"ID":65188,"id":65188,"title":"L\u00c4BU 2025. AFTER THE TOWER OF BABEL by DITA LURINA. Photographer Kalev Lilleorg93","filename":"LABU-2025.-AFTER-THE-TOWER-OF-BABEL-by-DITA-LURINA.-Photographer-Kalev-Lilleorg93-scaled.jpg","filesize":446252,"url":"https:\/\/eamt.ee\/wp-content\/uploads\/2026\/07\/LABU-2025.-AFTER-THE-TOWER-OF-BABEL-by-DITA-LURINA.-Photographer-Kalev-Lilleorg93-scaled.jpg","link":"https:\/\/eamt.ee\/en\/projects\/dita-lurina-after-the-tower-of-babel\/labu-2025-after-the-tower-of-babel-by-dita-lurina-photographer-kalev-lilleorg93\/","alt":"","author":"23","description":"","caption":"","name":"labu-2025-after-the-tower-of-babel-by-dita-lurina-photographer-kalev-lilleorg93","status":"inherit","uploaded_to":65098,"date":"2026-07-13 18:21:52","modified":"2026-07-13 18:21:52","menu_order":0,"mime_type":"image\/jpeg","type":"image","subtype":"jpeg","icon":"https:\/\/eamt.ee\/wp-includes\/images\/media\/default.png","width":2560,"height":1707,"sizes":{"thumbnail":"https:\/\/eamt.ee\/wp-content\/uploads\/2026\/07\/LABU-2025.-AFTER-THE-TOWER-OF-BABEL-by-DITA-LURINA.-Photographer-Kalev-Lilleorg93-150x150.jpg","thumbnail-width":150,"thumbnail-height":150,"medium":"https:\/\/eamt.ee\/wp-content\/uploads\/2026\/07\/LABU-2025.-AFTER-THE-TOWER-OF-BABEL-by-DITA-LURINA.-Photographer-Kalev-Lilleorg93-300x200.jpg","medium-width":300,"medium-height":200,"medium_large":"https:\/\/eamt.ee\/wp-content\/uploads\/2026\/07\/LABU-2025.-AFTER-THE-TOWER-OF-BABEL-by-DITA-LURINA.-Photographer-Kalev-Lilleorg93-768x512.jpg","medium_large-width":768,"medium_large-height":512,"large":"https:\/\/eamt.ee\/wp-content\/uploads\/2026\/07\/LABU-2025.-AFTER-THE-TOWER-OF-BABEL-by-DITA-LURINA.-Photographer-Kalev-Lilleorg93-1024x683.jpg","large-width":1024,"large-height":683,"1536x1536":"https:\/\/eamt.ee\/wp-content\/uploads\/2026\/07\/LABU-2025.-AFTER-THE-TOWER-OF-BABEL-by-DITA-LURINA.-Photographer-Kalev-Lilleorg93-1536x1024.jpg","1536x1536-width":1536,"1536x1536-height":1024,"2048x2048":"https:\/\/eamt.ee\/wp-content\/uploads\/2026\/07\/LABU-2025.-AFTER-THE-TOWER-OF-BABEL-by-DITA-LURINA.-Photographer-Kalev-Lilleorg93-2048x1365.jpg","2048x2048-width":2048,"2048x2048-height":1365,"640px":"https:\/\/eamt.ee\/wp-content\/uploads\/2026\/07\/LABU-2025.-AFTER-THE-TOWER-OF-BABEL-by-DITA-LURINA.-Photographer-Kalev-Lilleorg93-640x427.jpg","640px-width":640,"640px-height":427,"768px":"https:\/\/eamt.ee\/wp-content\/uploads\/2026\/07\/LABU-2025.-AFTER-THE-TOWER-OF-BABEL-by-DITA-LURINA.-Photographer-Kalev-Lilleorg93-768x512.jpg","768px-width":768,"768px-height":512,"1024px":"https:\/\/eamt.ee\/wp-content\/uploads\/2026\/07\/LABU-2025.-AFTER-THE-TOWER-OF-BABEL-by-DITA-LURINA.-Photographer-Kalev-Lilleorg93-1024x683.jpg","1024px-width":1024,"1024px-height":683,"1280px":"https:\/\/eamt.ee\/wp-content\/uploads\/2026\/07\/LABU-2025.-AFTER-THE-TOWER-OF-BABEL-by-DITA-LURINA.-Photographer-Kalev-Lilleorg93-1280x853.jpg","1280px-width":1280,"1280px-height":853,"1366px":"https:\/\/eamt.ee\/wp-content\/uploads\/2026\/07\/LABU-2025.-AFTER-THE-TOWER-OF-BABEL-by-DITA-LURINA.-Photographer-Kalev-Lilleorg93-1366x911.jpg","1366px-width":1366,"1366px-height":911,"1600px":"https:\/\/eamt.ee\/wp-content\/uploads\/2026\/07\/LABU-2025.-AFTER-THE-TOWER-OF-BABEL-by-DITA-LURINA.-Photographer-Kalev-Lilleorg93-1600x1067.jpg","1600px-width":1600,"1600px-height":1067,"1920px":"https:\/\/eamt.ee\/wp-content\/uploads\/2026\/07\/LABU-2025.-AFTER-THE-TOWER-OF-BABEL-by-DITA-LURINA.-Photographer-Kalev-Lilleorg93-1920x1280.jpg","1920px-width":1920,"1920px-height":1280,"2400px":"https:\/\/eamt.ee\/wp-content\/uploads\/2026\/07\/LABU-2025.-AFTER-THE-TOWER-OF-BABEL-by-DITA-LURINA.-Photographer-Kalev-Lilleorg93-2400x1600.jpg","2400px-width":2400,"2400px-height":1600,"woocommerce_thumbnail":"https:\/\/eamt.ee\/wp-content\/uploads\/2026\/07\/LABU-2025.-AFTER-THE-TOWER-OF-BABEL-by-DITA-LURINA.-Photographer-Kalev-Lilleorg93-415x415.jpg","woocommerce_thumbnail-width":415,"woocommerce_thumbnail-height":415,"woocommerce_single":"https:\/\/eamt.ee\/wp-content\/uploads\/2026\/07\/LABU-2025.-AFTER-THE-TOWER-OF-BABEL-by-DITA-LURINA.-Photographer-Kalev-Lilleorg93-600x400.jpg","woocommerce_single-width":600,"woocommerce_single-height":400,"woocommerce_gallery_thumbnail":"https:\/\/eamt.ee\/wp-content\/uploads\/2026\/07\/LABU-2025.-AFTER-THE-TOWER-OF-BABEL-by-DITA-LURINA.-Photographer-Kalev-Lilleorg93-100x100.jpg","woocommerce_gallery_thumbnail-width":100,"woocommerce_gallery_thumbnail-height":100}},{"ID":65190,"id":65190,"title":"L\u00c4BU 2025. AFTER THE TOWER OF BABEL by DITA LURINA. Photographer Kalev Lilleorg94","filename":"LABU-2025.-AFTER-THE-TOWER-OF-BABEL-by-DITA-LURINA.-Photographer-Kalev-Lilleorg94-scaled.jpg","filesize":398075,"url":"https:\/\/eamt.ee\/wp-content\/uploads\/2026\/07\/LABU-2025.-AFTER-THE-TOWER-OF-BABEL-by-DITA-LURINA.-Photographer-Kalev-Lilleorg94-scaled.jpg","link":"https:\/\/eamt.ee\/en\/projects\/dita-lurina-after-the-tower-of-babel\/labu-2025-after-the-tower-of-babel-by-dita-lurina-photographer-kalev-lilleorg94\/","alt":"","author":"23","description":"","caption":"","name":"labu-2025-after-the-tower-of-babel-by-dita-lurina-photographer-kalev-lilleorg94","status":"inherit","uploaded_to":65098,"date":"2026-07-13 18:22:19","modified":"2026-07-13 18:22:19","menu_order":0,"mime_type":"image\/jpeg","type":"image","subtype":"jpeg","icon":"https:\/\/eamt.ee\/wp-includes\/images\/media\/default.png","width":2560,"height":1707,"sizes":{"thumbnail":"https:\/\/eamt.ee\/wp-content\/uploads\/2026\/07\/LABU-2025.-AFTER-THE-TOWER-OF-BABEL-by-DITA-LURINA.-Photographer-Kalev-Lilleorg94-150x150.jpg","thumbnail-width":150,"thumbnail-height":150,"medium":"https:\/\/eamt.ee\/wp-content\/uploads\/2026\/07\/LABU-2025.-AFTER-THE-TOWER-OF-BABEL-by-DITA-LURINA.-Photographer-Kalev-Lilleorg94-300x200.jpg","medium-width":300,"medium-height":200,"medium_large":"https:\/\/eamt.ee\/wp-content\/uploads\/2026\/07\/LABU-2025.-AFTER-THE-TOWER-OF-BABEL-by-DITA-LURINA.-Photographer-Kalev-Lilleorg94-768x512.jpg","medium_large-width":768,"medium_large-height":512,"large":"https:\/\/eamt.ee\/wp-content\/uploads\/2026\/07\/LABU-2025.-AFTER-THE-TOWER-OF-BABEL-by-DITA-LURINA.-Photographer-Kalev-Lilleorg94-1024x683.jpg","large-width":1024,"large-height":683,"1536x1536":"https:\/\/eamt.ee\/wp-content\/uploads\/2026\/07\/LABU-2025.-AFTER-THE-TOWER-OF-BABEL-by-DITA-LURINA.-Photographer-Kalev-Lilleorg94-1536x1024.jpg","1536x1536-width":1536,"1536x1536-height":1024,"2048x2048":"https:\/\/eamt.ee\/wp-content\/uploads\/2026\/07\/LABU-2025.-AFTER-THE-TOWER-OF-BABEL-by-DITA-LURINA.-Photographer-Kalev-Lilleorg94-2048x1365.jpg","2048x2048-width":2048,"2048x2048-height":1365,"640px":"https:\/\/eamt.ee\/wp-content\/uploads\/2026\/07\/LABU-2025.-AFTER-THE-TOWER-OF-BABEL-by-DITA-LURINA.-Photographer-Kalev-Lilleorg94-640x427.jpg","640px-width":640,"640px-height":427,"768px":"https:\/\/eamt.ee\/wp-content\/uploads\/2026\/07\/LABU-2025.-AFTER-THE-TOWER-OF-BABEL-by-DITA-LURINA.-Photographer-Kalev-Lilleorg94-768x512.jpg","768px-width":768,"768px-height":512,"1024px":"https:\/\/eamt.ee\/wp-content\/uploads\/2026\/07\/LABU-2025.-AFTER-THE-TOWER-OF-BABEL-by-DITA-LURINA.-Photographer-Kalev-Lilleorg94-1024x683.jpg","1024px-width":1024,"1024px-height":683,"1280px":"https:\/\/eamt.ee\/wp-content\/uploads\/2026\/07\/LABU-2025.-AFTER-THE-TOWER-OF-BABEL-by-DITA-LURINA.-Photographer-Kalev-Lilleorg94-1280x853.jpg","1280px-width":1280,"1280px-height":853,"1366px":"https:\/\/eamt.ee\/wp-content\/uploads\/2026\/07\/LABU-2025.-AFTER-THE-TOWER-OF-BABEL-by-DITA-LURINA.-Photographer-Kalev-Lilleorg94-1366x911.jpg","1366px-width":1366,"1366px-height":911,"1600px":"https:\/\/eamt.ee\/wp-content\/uploads\/2026\/07\/LABU-2025.-AFTER-THE-TOWER-OF-BABEL-by-DITA-LURINA.-Photographer-Kalev-Lilleorg94-1600x1067.jpg","1600px-width":1600,"1600px-height":1067,"1920px":"https:\/\/eamt.ee\/wp-content\/uploads\/2026\/07\/LABU-2025.-AFTER-THE-TOWER-OF-BABEL-by-DITA-LURINA.-Photographer-Kalev-Lilleorg94-1920x1280.jpg","1920px-width":1920,"1920px-height":1280,"2400px":"https:\/\/eamt.ee\/wp-content\/uploads\/2026\/07\/LABU-2025.-AFTER-THE-TOWER-OF-BABEL-by-DITA-LURINA.-Photographer-Kalev-Lilleorg94-2400x1600.jpg","2400px-width":2400,"2400px-height":1600,"woocommerce_thumbnail":"https:\/\/eamt.ee\/wp-content\/uploads\/2026\/07\/LABU-2025.-AFTER-THE-TOWER-OF-BABEL-by-DITA-LURINA.-Photographer-Kalev-Lilleorg94-415x415.jpg","woocommerce_thumbnail-width":415,"woocommerce_thumbnail-height":415,"woocommerce_single":"https:\/\/eamt.ee\/wp-content\/uploads\/2026\/07\/LABU-2025.-AFTER-THE-TOWER-OF-BABEL-by-DITA-LURINA.-Photographer-Kalev-Lilleorg94-600x400.jpg","woocommerce_single-width":600,"woocommerce_single-height":400,"woocommerce_gallery_thumbnail":"https:\/\/eamt.ee\/wp-content\/uploads\/2026\/07\/LABU-2025.-AFTER-THE-TOWER-OF-BABEL-by-DITA-LURINA.-Photographer-Kalev-Lilleorg94-100x100.jpg","woocommerce_gallery_thumbnail-width":100,"woocommerce_gallery_thumbnail-height":100}}]},{"acf_fc_layout":"tekstikast","page_text":"<p><script type=\"application\/ld+json\">\n{\n \"@context\": \"https:\/\/schema.org\",\n \"@type\": \"TheaterEvent\",\n \"name\": \"After the Tower of Babel\",\n \"startDate\": \"2025-09-13\",\n \"location\": {\n  \"@type\": \"Place\",\n  \"name\": \"Kanuti Gildi SAAL\"\n },\n \"director\": [\n  {\n   \"@type\": \"Person\",\n   \"name\": \"Dita L\u016bri\u0146a\",\n   \"@id\": \"https:\/\/eamt.ee\/en\/student\/dita-lurina-latvia\/\",\n   \"url\": \"https:\/\/eamt.ee\/en\/student\/dita-lurina-latvia\/\"\n  },\n  {\n   \"@type\": \"Person\",\n   \"name\": \"Ieva Matveja\"\n  }\n ],\n \"performer\": [\n  {\n   \"@type\": \"Person\",\n   \"name\": \"Dita L\u016bri\u0146a\",\n   \"@id\": \"https:\/\/eamt.ee\/en\/student\/dita-lurina-latvia\/\",\n   \"url\": \"https:\/\/eamt.ee\/en\/student\/dita-lurina-latvia\/\"\n  }\n ],\n \"composer\": [\n  {\n   \"@type\": \"Person\",\n   \"name\": \"Ieva Matveja\"\n  }\n ],\n \"contributor\": [\n  {\n   \"@type\": \"Person\",\n   \"name\": \"Leah Gayer\",\n   \"@id\": \"https:\/\/eamt.ee\/en\/student\/leah-gayer-germany-uk\/\",\n   \"url\": \"https:\/\/eamt.ee\/en\/student\/leah-gayer-germany-uk\/\"\n  },\n  {\n   \"@type\": \"Person\",\n   \"name\": \"Rommi Ruttas\",\n   \"description\": \"Lighting design\"\n  },\n  {\n   \"@type\": \"Person\",\n   \"name\": \"Leon Allik\",\n   \"description\": \"Lighting design\"\n  },\n  {\n   \"@type\": \"Person\",\n   \"name\": \"Sandra K\u00fcpper\",\n   \"description\": \"Dramaturgical support\"\n  },\n  {\n   \"@type\": \"Person\",\n   \"name\": \"Giacomo Veronesi\",\n   \"description\": \"Dramaturgical support\"\n  },\n  {\n   \"@type\": \"Person\",\n   \"name\": \"Inge Ivaste\",\n   \"description\": \"Dramaturgical support\"\n  }\n ],\n \"description\": \"A performance of listening that begins from the confusion of Babel: an invitation to listen deeply together, to hear the world anew and to ask what disappears when a language vanishes.\",\n \"about\": [\n  {\n   \"@type\": \"Thing\",\n   \"name\": \"listening\"\n  },\n  {\n   \"@type\": \"Thing\",\n   \"name\": \"language\"\n  },\n  {\n   \"@type\": \"Thing\",\n   \"name\": \"tower of babel\"\n  },\n  {\n   \"@type\": \"Thing\",\n   \"name\": \"disappearing languages\"\n  },\n  {\n   \"@type\": \"Thing\",\n   \"name\": \"communication\"\n  }\n ],\n \"keywords\": \"listening, language, tower of babel, disappearing languages, communication\",\n \"genre\": \"contemporary physical performance\",\n \"superEvent\": {\n  \"@type\": \"Festival\",\n  \"name\": \"CPPM L\u00c4BU 2025 \u2014 contemporary solo performance festival\",\n  \"organizer\": {\n   \"@id\": \"https:\/\/eamt.ee\/en\/departments\/theatre\/cppm\/#programme\"\n  }\n },\n \"organizer\": {\n  \"@type\": \"EducationalOrganization\",\n  \"@id\": \"https:\/\/eamt.ee\/en\/departments\/theatre\/cppm\/#programme\",\n  \"name\": \"MA in Contemporary Physical Performance Making (CPPM)\",\n  \"url\": \"https:\/\/eamt.ee\/en\/departments\/theatre\/cppm\/\",\n  \"parentOrganization\": {\n   \"@type\": \"CollegeOrUniversity\",\n   \"@id\": \"https:\/\/eamt.ee\/#academy\",\n   \"name\": \"Estonian Academy of Music and Theatre\",\n   \"url\": \"https:\/\/eamt.ee\/\"\n  }\n },\n \"url\": \"https:\/\/eamt.ee\/en\/projects\/dita-lurina-after-the-tower-of-babel\/\"\n}\n<\/script><\/p>\n"}]},"yoast_head":"<!-- This site is optimized with the Yoast SEO plugin v28.4 - https:\/\/yoast.com\/product\/yoast-seo-wordpress\/ -->\n<title>After the Tower of Babel \u00b7 CPPM L\u00c4BU 2025 | EAMT<\/title>\n<meta name=\"description\" content=\"After the Tower of Babel \u2014 by Dita L\u016bri\u0146a, CPPM L\u00c4BU 2025 at Kanuti Gildi SAAL. MA in Contemporary Physical Performance Making (CPPM), EAMT.\" \/>\n<meta name=\"robots\" content=\"index, follow, max-snippet:-1, max-image-preview:large, max-video-preview:-1\" \/>\n<link rel=\"canonical\" href=\"https:\/\/eamt.ee\/en\/projects\/dita-lurina-after-the-tower-of-babel\/\" \/>\n<meta property=\"og:locale\" content=\"en_US\" \/>\n<meta property=\"og:type\" content=\"article\" \/>\n<meta property=\"og:title\" content=\"After the Tower of Babel \u00b7 CPPM L\u00c4BU 2025 | EAMT\" \/>\n<meta property=\"og:description\" content=\"After the Tower of Babel \u2014 by Dita L\u016bri\u0146a, CPPM L\u00c4BU 2025 at Kanuti Gildi SAAL. MA in Contemporary Physical Performance Making (CPPM), EAMT.\" \/>\n<meta property=\"og:url\" content=\"https:\/\/eamt.ee\/en\/projects\/dita-lurina-after-the-tower-of-babel\/\" \/>\n<meta property=\"og:site_name\" content=\"Estonian Academy of Music and Theatre\" \/>\n<meta property=\"article:modified_time\" content=\"2026-08-30T17:05:52+00:00\" \/>\n<meta property=\"og:image\" content=\"https:\/\/eamt.ee\/wp-content\/uploads\/2020\/10\/R_K_9273.jpg\" \/>\n\t<meta property=\"og:image:width\" content=\"2500\" \/>\n\t<meta property=\"og:image:height\" content=\"1667\" \/>\n\t<meta property=\"og:image:type\" content=\"image\/jpeg\" \/>\n<meta name=\"twitter:card\" content=\"summary_large_image\" \/>\n<script type=\"application\/ld+json\" class=\"yoast-schema-graph\">{\"@context\":\"https:\\\/\\\/schema.org\",\"@graph\":[{\"@type\":\"WebPage\",\"@id\":\"https:\\\/\\\/eamt.ee\\\/en\\\/projects\\\/dita-lurina-after-the-tower-of-babel\\\/\",\"url\":\"https:\\\/\\\/eamt.ee\\\/en\\\/projects\\\/dita-lurina-after-the-tower-of-babel\\\/\",\"name\":\"After the Tower of Babel \u00b7 CPPM L\u00c4BU 2025 | EAMT\",\"isPartOf\":{\"@id\":\"https:\\\/\\\/eamt.ee\\\/en\\\/#website\"},\"datePublished\":\"2026-07-13T16:54:09+00:00\",\"dateModified\":\"2026-08-30T17:05:52+00:00\",\"description\":\"After the Tower of Babel \u2014 by Dita L\u016bri\u0146a, CPPM L\u00c4BU 2025 at Kanuti Gildi SAAL. MA in Contemporary Physical Performance Making (CPPM), EAMT.\",\"breadcrumb\":{\"@id\":\"https:\\\/\\\/eamt.ee\\\/en\\\/projects\\\/dita-lurina-after-the-tower-of-babel\\\/#breadcrumb\"},\"inLanguage\":\"en-US\",\"potentialAction\":[{\"@type\":\"ReadAction\",\"target\":[\"https:\\\/\\\/eamt.ee\\\/en\\\/projects\\\/dita-lurina-after-the-tower-of-babel\\\/\"]}]},{\"@type\":\"BreadcrumbList\",\"@id\":\"https:\\\/\\\/eamt.ee\\\/en\\\/projects\\\/dita-lurina-after-the-tower-of-babel\\\/#breadcrumb\",\"itemListElement\":[{\"@type\":\"ListItem\",\"position\":1,\"name\":\"Home\",\"item\":\"https:\\\/\\\/eamt.ee\\\/en\\\/\"},{\"@type\":\"ListItem\",\"position\":2,\"name\":\"CPPM Projektid\",\"item\":\"https:\\\/\\\/eamt.ee\\\/en\\\/projects\\\/\"},{\"@type\":\"ListItem\",\"position\":3,\"name\":\"Dita L\u016bri\u0146a | After the Tower of Babel\"}]},{\"@type\":\"WebSite\",\"@id\":\"https:\\\/\\\/eamt.ee\\\/en\\\/#website\",\"url\":\"https:\\\/\\\/eamt.ee\\\/en\\\/\",\"name\":\"Estonian Academy of Music and Theatre\",\"description\":\"\",\"potentialAction\":[{\"@type\":\"SearchAction\",\"target\":{\"@type\":\"EntryPoint\",\"urlTemplate\":\"https:\\\/\\\/eamt.ee\\\/en\\\/?s={search_term_string}\"},\"query-input\":{\"@type\":\"PropertyValueSpecification\",\"valueRequired\":true,\"valueName\":\"search_term_string\"}}],\"inLanguage\":\"en-US\"}]}<\/script>\n<!-- \/ Yoast SEO plugin. -->","yoast_head_json":{"title":"After the Tower of Babel \u00b7 CPPM L\u00c4BU 2025 | EAMT","description":"After the Tower of Babel \u2014 by Dita L\u016bri\u0146a, CPPM L\u00c4BU 2025 at Kanuti Gildi SAAL. MA in Contemporary Physical Performance Making (CPPM), EAMT.","robots":{"index":"index","follow":"follow","max-snippet":"max-snippet:-1","max-image-preview":"max-image-preview:large","max-video-preview":"max-video-preview:-1"},"canonical":"https:\/\/eamt.ee\/en\/projects\/dita-lurina-after-the-tower-of-babel\/","og_locale":"en_US","og_type":"article","og_title":"After the Tower of Babel \u00b7 CPPM L\u00c4BU 2025 | EAMT","og_description":"After the Tower of Babel \u2014 by Dita L\u016bri\u0146a, CPPM L\u00c4BU 2025 at Kanuti Gildi SAAL. MA in Contemporary Physical Performance Making (CPPM), EAMT.","og_url":"https:\/\/eamt.ee\/en\/projects\/dita-lurina-after-the-tower-of-babel\/","og_site_name":"Estonian Academy of Music and Theatre","article_modified_time":"2026-08-30T17:05:52+00:00","og_image":[{"width":2500,"height":1667,"url":"https:\/\/eamt.ee\/wp-content\/uploads\/2020\/10\/R_K_9273.jpg","type":"image\/jpeg"}],"twitter_card":"summary_large_image","schema":{"@context":"https:\/\/schema.org","@graph":[{"@type":"WebPage","@id":"https:\/\/eamt.ee\/en\/projects\/dita-lurina-after-the-tower-of-babel\/","url":"https:\/\/eamt.ee\/en\/projects\/dita-lurina-after-the-tower-of-babel\/","name":"After the Tower of Babel \u00b7 CPPM L\u00c4BU 2025 | EAMT","isPartOf":{"@id":"https:\/\/eamt.ee\/en\/#website"},"datePublished":"2026-07-13T16:54:09+00:00","dateModified":"2026-08-30T17:05:52+00:00","description":"After the Tower of Babel \u2014 by Dita L\u016bri\u0146a, CPPM L\u00c4BU 2025 at Kanuti Gildi SAAL. MA in Contemporary Physical Performance Making (CPPM), EAMT.","breadcrumb":{"@id":"https:\/\/eamt.ee\/en\/projects\/dita-lurina-after-the-tower-of-babel\/#breadcrumb"},"inLanguage":"en-US","potentialAction":[{"@type":"ReadAction","target":["https:\/\/eamt.ee\/en\/projects\/dita-lurina-after-the-tower-of-babel\/"]}]},{"@type":"BreadcrumbList","@id":"https:\/\/eamt.ee\/en\/projects\/dita-lurina-after-the-tower-of-babel\/#breadcrumb","itemListElement":[{"@type":"ListItem","position":1,"name":"Home","item":"https:\/\/eamt.ee\/en\/"},{"@type":"ListItem","position":2,"name":"CPPM Projektid","item":"https:\/\/eamt.ee\/en\/projects\/"},{"@type":"ListItem","position":3,"name":"Dita L\u016bri\u0146a | After the Tower of Babel"}]},{"@type":"WebSite","@id":"https:\/\/eamt.ee\/en\/#website","url":"https:\/\/eamt.ee\/en\/","name":"Estonian Academy of Music and Theatre","description":"","potentialAction":[{"@type":"SearchAction","target":{"@type":"EntryPoint","urlTemplate":"https:\/\/eamt.ee\/en\/?s={search_term_string}"},"query-input":{"@type":"PropertyValueSpecification","valueRequired":true,"valueName":"search_term_string"}}],"inLanguage":"en-US"}]}},"_links":{"self":[{"href":"https:\/\/eamt.ee\/en\/wp-json\/wp\/v2\/cppm_projects\/65098","targetHints":{"allow":["GET"]}}],"collection":[{"href":"https:\/\/eamt.ee\/en\/wp-json\/wp\/v2\/cppm_projects"}],"about":[{"href":"https:\/\/eamt.ee\/en\/wp-json\/wp\/v2\/types\/cppm_projects"}],"wp:attachment":[{"href":"https:\/\/eamt.ee\/en\/wp-json\/wp\/v2\/media?parent=65098"}],"curies":[{"name":"wp","href":"https:\/\/api.w.org\/{rel}","templated":true}]}}