{"id":13590,"date":"2021-05-17T09:10:58","date_gmt":"2021-05-17T06:10:58","guid":{"rendered":"https:\/\/eamt.ee\/uritused\/doktorikontsert-elo-tepp\/"},"modified":"2021-05-17T19:19:07","modified_gmt":"2021-05-17T16:19:07","slug":"doctoral-concert-elo-tepp","status":"publish","type":"uritused","link":"https:\/\/eamt.ee\/en\/event\/doctoral-concert-elo-tepp\/","title":{"rendered":"Doctoral Concert. Elo Tepp (violin)"},"content":{"rendered":"","protected":false},"excerpt":{"rendered":"","protected":false},"author":3,"featured_media":0,"comment_status":"closed","ping_status":"closed","template":"","event_category":[],"event_type":[101],"class_list":["post-13590","uritused","type-uritused","status-publish","hentry","event_type-concert"],"acf":{"event_image":{"ID":13589,"id":13589,"title":"IMG_0967","filename":"IMG_0967.jpeg","filesize":478651,"url":"https:\/\/eamt.ee\/wp-content\/uploads\/2021\/05\/IMG_0967.jpeg","link":"https:\/\/eamt.ee\/en\/event\/doctoral-concert-elo-tepp\/img_0967-2\/","alt":"","author":"3","description":"","caption":"","name":"img_0967-2","status":"inherit","uploaded_to":13590,"date":"2021-05-17 06:07:09","modified":"2021-05-17 06:07:20","menu_order":0,"mime_type":"image\/jpeg","type":"image","subtype":"jpeg","icon":"https:\/\/eamt.ee\/wp-includes\/images\/media\/default.png","width":2005,"height":1760,"sizes":{"thumbnail":"https:\/\/eamt.ee\/wp-content\/uploads\/2021\/05\/IMG_0967-150x150.jpeg","thumbnail-width":150,"thumbnail-height":150,"medium":"https:\/\/eamt.ee\/wp-content\/uploads\/2021\/05\/IMG_0967-300x263.jpeg","medium-width":300,"medium-height":263,"medium_large":"https:\/\/eamt.ee\/wp-content\/uploads\/2021\/05\/IMG_0967-768x674.jpeg","medium_large-width":768,"medium_large-height":674,"large":"https:\/\/eamt.ee\/wp-content\/uploads\/2021\/05\/IMG_0967-1024x899.jpeg","large-width":1024,"large-height":899,"1536x1536":"https:\/\/eamt.ee\/wp-content\/uploads\/2021\/05\/IMG_0967-1536x1348.jpeg","1536x1536-width":1536,"1536x1536-height":1348,"2048x2048":"https:\/\/eamt.ee\/wp-content\/uploads\/2021\/05\/IMG_0967.jpeg","2048x2048-width":2005,"2048x2048-height":1760,"640px":"https:\/\/eamt.ee\/wp-content\/uploads\/2021\/05\/IMG_0967-640x562.jpeg","640px-width":640,"640px-height":562,"768px":"https:\/\/eamt.ee\/wp-content\/uploads\/2021\/05\/IMG_0967-768x674.jpeg","768px-width":768,"768px-height":674,"1024px":"https:\/\/eamt.ee\/wp-content\/uploads\/2021\/05\/IMG_0967-1024x899.jpeg","1024px-width":1024,"1024px-height":899,"1280px":"https:\/\/eamt.ee\/wp-content\/uploads\/2021\/05\/IMG_0967-1280x1124.jpeg","1280px-width":1280,"1280px-height":1124,"1366px":"https:\/\/eamt.ee\/wp-content\/uploads\/2021\/05\/IMG_0967-1366x1199.jpeg","1366px-width":1366,"1366px-height":1199,"1600px":"https:\/\/eamt.ee\/wp-content\/uploads\/2021\/05\/IMG_0967-1600x1404.jpeg","1600px-width":1600,"1600px-height":1404,"1920px":"https:\/\/eamt.ee\/wp-content\/uploads\/2021\/05\/IMG_0967-1920x1685.jpeg","1920px-width":1920,"1920px-height":1685,"2400px":"https:\/\/eamt.ee\/wp-content\/uploads\/2021\/05\/IMG_0967.jpeg","2400px-width":2005,"2400px-height":1760,"woocommerce_thumbnail":"https:\/\/eamt.ee\/wp-content\/uploads\/2021\/05\/IMG_0967-415x415.jpeg","woocommerce_thumbnail-width":415,"woocommerce_thumbnail-height":415,"woocommerce_single":"https:\/\/eamt.ee\/wp-content\/uploads\/2021\/05\/IMG_0967-600x527.jpeg","woocommerce_single-width":600,"woocommerce_single-height":527,"woocommerce_gallery_thumbnail":"https:\/\/eamt.ee\/wp-content\/uploads\/2021\/05\/IMG_0967-100x100.jpeg","woocommerce_gallery_thumbnail-width":100,"woocommerce_gallery_thumbnail-height":100}},"event_file":false,"is_long":false,"event_time":"10\/06\/2021 17:00","event_location":"Mustpeade maja, Olavi saal","fb_link":"","not_home":"no","event_content":[{"acf_fc_layout":"tekstikast","page_text":"<p><strong>\u201cTartu 1830\u201d<\/strong><\/p>\n<p><span style=\"font-weight: 400;\">Kaastegevad Mari Targo (viiul), Laur Eensalu (vioola) ja Leho Karin (t\u0161ello)<br \/>\n<\/span><span style=\"font-weight: 400;\">Kavas Bach, Beethoven, Spohr, Kudelski\u00a0<\/span><\/p>\n<p>Sissep\u00e4\u00e4s tasuta!<br \/>\nKontsert toimub koost\u00f6\u00f6s Tallinna Filharmooniaga<\/p>\n<p><span style=\"font-weight: 400;\">Oma esimese doktorikontserdi kava olen sidunud huvitava perioodiga Tartu kultuurielust \u2013 aastatel 1829\u20131835 tegutses Tartus viiuldaja Ferdinand David, hilisem Leipzigi Gewandhausorkestri kontsertmeister ja Felix Mendelssohni hea s\u00f5ber. Tartus oli ta seoses teenistusega Raadi m\u00f5isah\u00e4rra Karl Gotthart von Lipharti keelpillikvartetis, kuid ta osales koos oma kvartetikaaslastega ka aktiivselt Tartu muusikaelus. Nii n\u00e4iteks m\u00e4ngis Lipharti kvartett mitme aasta jooksul terve kontserdiseeria kvartetimuusikast.<\/span><\/p>\n<p><span style=\"font-weight: 400;\">Kontserdikavasse olen valinud teosed, mis t\u00f5en\u00e4oliselt v\u00f5isid Tartus 1830. aastatel k\u00f5lada: duo Davidi \u00f5petajalt Louis Spohrilt, trio tema kvartetikaaslaselt Carl Matthias Kudelskilt ning kvarteti Ludwig van Beethovenilt. Kontserdi sooloteose \u2013 Johann Sebastian Bachi partiita E-duur \u2013 m\u00e4ngin Davidi loodud redaktsioonis, p\u00fc\u00fcdes seda t\u00e4pselt j\u00e4rgida. David andis Bachi sooloviiuliteoste redaktsiooni v\u00e4lja 1843. aastal, kui ta sai vastavatud Leipzigi konservatooriumi viiuliprofessoriks. V\u00e4ljaande \u00fcksikasjalisus tehnilistes k\u00fcsimustes lubab arvata, et David pani kirja juhtn\u00f6\u00f6rid \u00f5pilastele. T\u00e4mbrilise sarnasuse huvides kasutan selle loo esitamisel soolkeeli modernsel viiulil ning tollal juba kasutusel olnud t\u00e4nap\u00e4evase kujuga Tourte-t\u00fc\u00fcpi poognat.<\/span><\/p>\n<p><b>Elo Tepp<\/b><span style=\"font-weight: 400;\"> (1975) on Tallinna Kammerorkestri 2. viiuli kontsertmeister ning Tallinna Muusikakeskkooli viiuli\u00f5petaja. Ta on l\u00f5petanud Eesti Muusika-ja Teatriakadeemia magistrantuuri prof. Mart Teearu juhendamisel ning t\u00e4iendanud end Utrechti Kaunite Kunstide Koolis Keiko Wataya juures. Aastatel 1997\u20132004 osales Tepp kammerorkestri Kremerata Baltica t\u00f6\u00f6s (kunstiline juht Gidon Kremer).\u00a0<\/span><\/p>\n<p><span style=\"font-weight: 400;\">TKO koosseisus on Tepp saanud kaassolistina esineda v\u00e4ljapaistvate viiuldajate Florian Dondereri, Peter Spissky ja Dmitri Sinkovskiga ning osaleda kammermuusikasarjas \u201cBrunchert.\u201d<\/span><\/p>\n<p><span style=\"font-weight: 400;\">Huvi barokkmuusika vastu on teda kokku viinud Tallinna Barokkorkestri ja varajase muusika stuudioga Cantores Vagantes.<\/span><\/p>\n<p><span style=\"font-weight: 400;\">Tepp on ka noorte klassikalise muusika festivali Kratt laste keelpilliansambli juhendaja.<\/span><\/p>\n"},{"acf_fc_layout":"pilt","page_image":{"ID":13589,"id":13589,"title":"IMG_0967","filename":"IMG_0967.jpeg","filesize":478651,"url":"https:\/\/eamt.ee\/wp-content\/uploads\/2021\/05\/IMG_0967.jpeg","link":"https:\/\/eamt.ee\/en\/event\/doctoral-concert-elo-tepp\/img_0967-2\/","alt":"","author":"3","description":"","caption":"","name":"img_0967-2","status":"inherit","uploaded_to":13590,"date":"2021-05-17 06:07:09","modified":"2021-05-17 06:07:20","menu_order":0,"mime_type":"image\/jpeg","type":"image","subtype":"jpeg","icon":"https:\/\/eamt.ee\/wp-includes\/images\/media\/default.png","width":2005,"height":1760,"sizes":{"thumbnail":"https:\/\/eamt.ee\/wp-content\/uploads\/2021\/05\/IMG_0967-150x150.jpeg","thumbnail-width":150,"thumbnail-height":150,"medium":"https:\/\/eamt.ee\/wp-content\/uploads\/2021\/05\/IMG_0967-300x263.jpeg","medium-width":300,"medium-height":263,"medium_large":"https:\/\/eamt.ee\/wp-content\/uploads\/2021\/05\/IMG_0967-768x674.jpeg","medium_large-width":768,"medium_large-height":674,"large":"https:\/\/eamt.ee\/wp-content\/uploads\/2021\/05\/IMG_0967-1024x899.jpeg","large-width":1024,"large-height":899,"1536x1536":"https:\/\/eamt.ee\/wp-content\/uploads\/2021\/05\/IMG_0967-1536x1348.jpeg","1536x1536-width":1536,"1536x1536-height":1348,"2048x2048":"https:\/\/eamt.ee\/wp-content\/uploads\/2021\/05\/IMG_0967.jpeg","2048x2048-width":2005,"2048x2048-height":1760,"640px":"https:\/\/eamt.ee\/wp-content\/uploads\/2021\/05\/IMG_0967-640x562.jpeg","640px-width":640,"640px-height":562,"768px":"https:\/\/eamt.ee\/wp-content\/uploads\/2021\/05\/IMG_0967-768x674.jpeg","768px-width":768,"768px-height":674,"1024px":"https:\/\/eamt.ee\/wp-content\/uploads\/2021\/05\/IMG_0967-1024x899.jpeg","1024px-width":1024,"1024px-height":899,"1280px":"https:\/\/eamt.ee\/wp-content\/uploads\/2021\/05\/IMG_0967-1280x1124.jpeg","1280px-width":1280,"1280px-height":1124,"1366px":"https:\/\/eamt.ee\/wp-content\/uploads\/2021\/05\/IMG_0967-1366x1199.jpeg","1366px-width":1366,"1366px-height":1199,"1600px":"https:\/\/eamt.ee\/wp-content\/uploads\/2021\/05\/IMG_0967-1600x1404.jpeg","1600px-width":1600,"1600px-height":1404,"1920px":"https:\/\/eamt.ee\/wp-content\/uploads\/2021\/05\/IMG_0967-1920x1685.jpeg","1920px-width":1920,"1920px-height":1685,"2400px":"https:\/\/eamt.ee\/wp-content\/uploads\/2021\/05\/IMG_0967.jpeg","2400px-width":2005,"2400px-height":1760,"woocommerce_thumbnail":"https:\/\/eamt.ee\/wp-content\/uploads\/2021\/05\/IMG_0967-415x415.jpeg","woocommerce_thumbnail-width":415,"woocommerce_thumbnail-height":415,"woocommerce_single":"https:\/\/eamt.ee\/wp-content\/uploads\/2021\/05\/IMG_0967-600x527.jpeg","woocommerce_single-width":600,"woocommerce_single-height":527,"woocommerce_gallery_thumbnail":"https:\/\/eamt.ee\/wp-content\/uploads\/2021\/05\/IMG_0967-100x100.jpeg","woocommerce_gallery_thumbnail-width":100,"woocommerce_gallery_thumbnail-height":100}},"is_full_image":true}]},"yoast_head":"<!-- This site is optimized with the Yoast SEO plugin v27.2 - https:\/\/yoast.com\/product\/yoast-seo-wordpress\/ -->\n<title>Doctoral Concert. Elo Tepp (violin) | Estonian Academy of Music and Theatre<\/title>\n<meta name=\"robots\" content=\"index, follow, max-snippet:-1, max-image-preview:large, max-video-preview:-1\" \/>\n<link rel=\"canonical\" href=\"https:\/\/eamt.ee\/en\/event\/doctoral-concert-elo-tepp\/\" \/>\n<meta property=\"og:locale\" content=\"en_US\" \/>\n<meta property=\"og:type\" content=\"article\" \/>\n<meta property=\"og:title\" content=\"Doctoral Concert. Elo Tepp (violin) | Estonian Academy of Music and Theatre\" \/>\n<meta property=\"og:url\" content=\"https:\/\/eamt.ee\/en\/event\/doctoral-concert-elo-tepp\/\" \/>\n<meta property=\"og:site_name\" content=\"Estonian Academy of Music and Theatre\" \/>\n<meta property=\"article:modified_time\" content=\"2021-05-17T16:19:07+00:00\" \/>\n<meta property=\"og:image\" content=\"https:\/\/eamt.ee\/wp-content\/uploads\/2020\/10\/R_K_9273.jpg\" \/>\n\t<meta property=\"og:image:width\" content=\"2500\" \/>\n\t<meta property=\"og:image:height\" content=\"1667\" \/>\n\t<meta property=\"og:image:type\" content=\"image\/jpeg\" \/>\n<meta name=\"twitter:card\" content=\"summary_large_image\" \/>\n<script type=\"application\/ld+json\" class=\"yoast-schema-graph\">{\"@context\":\"https:\/\/schema.org\",\"@graph\":[{\"@type\":\"WebPage\",\"@id\":\"https:\/\/eamt.ee\/en\/event\/doctoral-concert-elo-tepp\/\",\"url\":\"https:\/\/eamt.ee\/en\/event\/doctoral-concert-elo-tepp\/\",\"name\":\"Doctoral Concert. Elo Tepp (violin) | Estonian Academy of Music and Theatre\",\"isPartOf\":{\"@id\":\"https:\/\/eamt.ee\/en\/#website\"},\"datePublished\":\"2021-05-17T06:10:58+00:00\",\"dateModified\":\"2021-05-17T16:19:07+00:00\",\"breadcrumb\":{\"@id\":\"https:\/\/eamt.ee\/en\/event\/doctoral-concert-elo-tepp\/#breadcrumb\"},\"inLanguage\":\"en-US\",\"potentialAction\":[{\"@type\":\"ReadAction\",\"target\":[\"https:\/\/eamt.ee\/en\/event\/doctoral-concert-elo-tepp\/\"]}]},{\"@type\":\"BreadcrumbList\",\"@id\":\"https:\/\/eamt.ee\/en\/event\/doctoral-concert-elo-tepp\/#breadcrumb\",\"itemListElement\":[{\"@type\":\"ListItem\",\"position\":1,\"name\":\"Home\",\"item\":\"https:\/\/eamt.ee\/en\/\"},{\"@type\":\"ListItem\",\"position\":2,\"name\":\"\u00dcritused\",\"item\":\"https:\/\/eamt.ee\/en\/event\/\"},{\"@type\":\"ListItem\",\"position\":3,\"name\":\"Doctoral Concert. Elo Tepp (violin)\"}]},{\"@type\":\"WebSite\",\"@id\":\"https:\/\/eamt.ee\/en\/#website\",\"url\":\"https:\/\/eamt.ee\/en\/\",\"name\":\"Estonian Academy of Music and Theatre\",\"description\":\"\",\"potentialAction\":[{\"@type\":\"SearchAction\",\"target\":{\"@type\":\"EntryPoint\",\"urlTemplate\":\"https:\/\/eamt.ee\/en\/?s={search_term_string}\"},\"query-input\":{\"@type\":\"PropertyValueSpecification\",\"valueRequired\":true,\"valueName\":\"search_term_string\"}}],\"inLanguage\":\"en-US\"}]}<\/script>\n<!-- \/ Yoast SEO plugin. -->","yoast_head_json":{"title":"Doctoral Concert. Elo Tepp (violin) | Estonian Academy of Music and Theatre","robots":{"index":"index","follow":"follow","max-snippet":"max-snippet:-1","max-image-preview":"max-image-preview:large","max-video-preview":"max-video-preview:-1"},"canonical":"https:\/\/eamt.ee\/en\/event\/doctoral-concert-elo-tepp\/","og_locale":"en_US","og_type":"article","og_title":"Doctoral Concert. Elo Tepp (violin) | Estonian Academy of Music and Theatre","og_url":"https:\/\/eamt.ee\/en\/event\/doctoral-concert-elo-tepp\/","og_site_name":"Estonian Academy of Music and Theatre","article_modified_time":"2021-05-17T16:19:07+00:00","og_image":[{"width":2500,"height":1667,"url":"https:\/\/eamt.ee\/wp-content\/uploads\/2020\/10\/R_K_9273.jpg","type":"image\/jpeg"}],"twitter_card":"summary_large_image","schema":{"@context":"https:\/\/schema.org","@graph":[{"@type":"WebPage","@id":"https:\/\/eamt.ee\/en\/event\/doctoral-concert-elo-tepp\/","url":"https:\/\/eamt.ee\/en\/event\/doctoral-concert-elo-tepp\/","name":"Doctoral Concert. Elo Tepp (violin) | Estonian Academy of Music and Theatre","isPartOf":{"@id":"https:\/\/eamt.ee\/en\/#website"},"datePublished":"2021-05-17T06:10:58+00:00","dateModified":"2021-05-17T16:19:07+00:00","breadcrumb":{"@id":"https:\/\/eamt.ee\/en\/event\/doctoral-concert-elo-tepp\/#breadcrumb"},"inLanguage":"en-US","potentialAction":[{"@type":"ReadAction","target":["https:\/\/eamt.ee\/en\/event\/doctoral-concert-elo-tepp\/"]}]},{"@type":"BreadcrumbList","@id":"https:\/\/eamt.ee\/en\/event\/doctoral-concert-elo-tepp\/#breadcrumb","itemListElement":[{"@type":"ListItem","position":1,"name":"Home","item":"https:\/\/eamt.ee\/en\/"},{"@type":"ListItem","position":2,"name":"\u00dcritused","item":"https:\/\/eamt.ee\/en\/event\/"},{"@type":"ListItem","position":3,"name":"Doctoral Concert. Elo Tepp (violin)"}]},{"@type":"WebSite","@id":"https:\/\/eamt.ee\/en\/#website","url":"https:\/\/eamt.ee\/en\/","name":"Estonian Academy of Music and Theatre","description":"","potentialAction":[{"@type":"SearchAction","target":{"@type":"EntryPoint","urlTemplate":"https:\/\/eamt.ee\/en\/?s={search_term_string}"},"query-input":{"@type":"PropertyValueSpecification","valueRequired":true,"valueName":"search_term_string"}}],"inLanguage":"en-US"}]}},"_links":{"self":[{"href":"https:\/\/eamt.ee\/en\/wp-json\/wp\/v2\/uritused\/13590","targetHints":{"allow":["GET"]}}],"collection":[{"href":"https:\/\/eamt.ee\/en\/wp-json\/wp\/v2\/uritused"}],"about":[{"href":"https:\/\/eamt.ee\/en\/wp-json\/wp\/v2\/types\/uritused"}],"author":[{"embeddable":true,"href":"https:\/\/eamt.ee\/en\/wp-json\/wp\/v2\/users\/3"}],"replies":[{"embeddable":true,"href":"https:\/\/eamt.ee\/en\/wp-json\/wp\/v2\/comments?post=13590"}],"wp:attachment":[{"href":"https:\/\/eamt.ee\/en\/wp-json\/wp\/v2\/media?parent=13590"}],"wp:term":[{"taxonomy":"event_categories","embeddable":true,"href":"https:\/\/eamt.ee\/en\/wp-json\/wp\/v2\/event_category?post=13590"},{"taxonomy":"event_type","embeddable":true,"href":"https:\/\/eamt.ee\/en\/wp-json\/wp\/v2\/event_type?post=13590"}],"curies":[{"name":"wp","href":"https:\/\/api.w.org\/{rel}","templated":true}]}}