{"id":13622,"date":"2021-05-17T13:55:12","date_gmt":"2021-05-17T10:55:12","guid":{"rendered":"https:\/\/eamt.ee\/uritused\/cppm-manifestal-agnes-oberauer-mina-olen-frankenstein-2\/"},"modified":"2021-10-26T19:13:51","modified_gmt":"2021-10-26T16:13:51","slug":"cppm-manifestal-agnes-oberauer-i-am-frankenstein-2","status":"publish","type":"uritused","link":"https:\/\/eamt.ee\/en\/event\/cppm-manifestal-agnes-oberauer-i-am-frankenstein-2\/","title":{"rendered":"CPPM MANIFESTAL. Agnes Oberauer: I AM FRANKENSTEIN"},"content":{"rendered":"","protected":false},"excerpt":{"rendered":"","protected":false},"author":8,"featured_media":0,"comment_status":"closed","ping_status":"closed","template":"","event_category":[],"event_type":[107,138],"class_list":["post-13622","uritused","type-uritused","status-publish","hentry","event_type-performance","event_type-cppm-event"],"acf":{"event_image":{"ID":12798,"id":12798,"title":"Manifestal-emta-agnes-1400x908px","filename":"Manifestal-emta-agnes-1400x908px.jpg","filesize":455980,"url":"https:\/\/eamt.ee\/wp-content\/uploads\/2021\/04\/Manifestal-emta-agnes-1400x908px.jpg","link":"https:\/\/eamt.ee\/en\/event\/cppm-manifestal-agnes-oberauer-i-am-frankenstein\/manifestal-emta-agnes-1400x908px-2\/","alt":"","author":"8","description":"","caption":"","name":"manifestal-emta-agnes-1400x908px-2","status":"inherit","uploaded_to":12799,"date":"2021-04-20 09:01:31","modified":"2021-04-20 09:01:31","menu_order":0,"mime_type":"image\/jpeg","type":"image","subtype":"jpeg","icon":"https:\/\/eamt.ee\/wp-includes\/images\/media\/default.png","width":1400,"height":908,"sizes":{"thumbnail":"https:\/\/eamt.ee\/wp-content\/uploads\/2021\/04\/Manifestal-emta-agnes-1400x908px-150x150.jpg","thumbnail-width":150,"thumbnail-height":150,"medium":"https:\/\/eamt.ee\/wp-content\/uploads\/2021\/04\/Manifestal-emta-agnes-1400x908px-300x195.jpg","medium-width":300,"medium-height":195,"medium_large":"https:\/\/eamt.ee\/wp-content\/uploads\/2021\/04\/Manifestal-emta-agnes-1400x908px-768x498.jpg","medium_large-width":768,"medium_large-height":498,"large":"https:\/\/eamt.ee\/wp-content\/uploads\/2021\/04\/Manifestal-emta-agnes-1400x908px-1024x664.jpg","large-width":1024,"large-height":664,"1536x1536":"https:\/\/eamt.ee\/wp-content\/uploads\/2021\/04\/Manifestal-emta-agnes-1400x908px.jpg","1536x1536-width":1400,"1536x1536-height":908,"2048x2048":"https:\/\/eamt.ee\/wp-content\/uploads\/2021\/04\/Manifestal-emta-agnes-1400x908px.jpg","2048x2048-width":1400,"2048x2048-height":908,"640px":"https:\/\/eamt.ee\/wp-content\/uploads\/2021\/04\/Manifestal-emta-agnes-1400x908px-640x415.jpg","640px-width":640,"640px-height":415,"768px":"https:\/\/eamt.ee\/wp-content\/uploads\/2021\/04\/Manifestal-emta-agnes-1400x908px-768x498.jpg","768px-width":768,"768px-height":498,"1024px":"https:\/\/eamt.ee\/wp-content\/uploads\/2021\/04\/Manifestal-emta-agnes-1400x908px-1024x664.jpg","1024px-width":1024,"1024px-height":664,"1280px":"https:\/\/eamt.ee\/wp-content\/uploads\/2021\/04\/Manifestal-emta-agnes-1400x908px-1280x830.jpg","1280px-width":1280,"1280px-height":830,"1366px":"https:\/\/eamt.ee\/wp-content\/uploads\/2021\/04\/Manifestal-emta-agnes-1400x908px-1366x886.jpg","1366px-width":1366,"1366px-height":886,"1600px":"https:\/\/eamt.ee\/wp-content\/uploads\/2021\/04\/Manifestal-emta-agnes-1400x908px.jpg","1600px-width":1400,"1600px-height":908,"1920px":"https:\/\/eamt.ee\/wp-content\/uploads\/2021\/04\/Manifestal-emta-agnes-1400x908px.jpg","1920px-width":1400,"1920px-height":908,"2400px":"https:\/\/eamt.ee\/wp-content\/uploads\/2021\/04\/Manifestal-emta-agnes-1400x908px.jpg","2400px-width":1400,"2400px-height":908,"woocommerce_thumbnail":"https:\/\/eamt.ee\/wp-content\/uploads\/2021\/04\/Manifestal-emta-agnes-1400x908px-415x415.jpg","woocommerce_thumbnail-width":415,"woocommerce_thumbnail-height":415,"woocommerce_single":"https:\/\/eamt.ee\/wp-content\/uploads\/2021\/04\/Manifestal-emta-agnes-1400x908px-600x389.jpg","woocommerce_single-width":600,"woocommerce_single-height":389,"woocommerce_gallery_thumbnail":"https:\/\/eamt.ee\/wp-content\/uploads\/2021\/04\/Manifestal-emta-agnes-1400x908px-100x100.jpg","woocommerce_gallery_thumbnail-width":100,"woocommerce_gallery_thumbnail-height":100}},"event_file":false,"is_long":false,"event_time":"24\/05\/2021 19:00","event_location":"Kanuti Gildi SAAL","fb_link":"https:\/\/www.facebook.com\/events\/500105021145301\/?acontext=%7B%22event_action_history%22%3A[%7B%22extra_data%22%3A%22%22%2C%22mechanism%22%3A%22surface%22%2C%22surface%22%3A%22permalink%22%7D%2C%7B%22extra_data%22%3A%22%22%2C%22mechanism%22%3A%22surface%22%2C%22surface%22%3A%22permalink%22%7D%2C%7B%22extra_data%22%3A%22%22%2C%22mechanism%22%3A%22surface%22%2C%22surface%22%3A%22permalink%22%7D]%2C%22ref_notif_type%22%3Anull%7D","not_home":"no","event_content":[{"acf_fc_layout":"pilt","page_image":{"ID":12798,"id":12798,"title":"Manifestal-emta-agnes-1400x908px","filename":"Manifestal-emta-agnes-1400x908px.jpg","filesize":455980,"url":"https:\/\/eamt.ee\/wp-content\/uploads\/2021\/04\/Manifestal-emta-agnes-1400x908px.jpg","link":"https:\/\/eamt.ee\/en\/event\/cppm-manifestal-agnes-oberauer-i-am-frankenstein\/manifestal-emta-agnes-1400x908px-2\/","alt":"","author":"8","description":"","caption":"","name":"manifestal-emta-agnes-1400x908px-2","status":"inherit","uploaded_to":12799,"date":"2021-04-20 09:01:31","modified":"2021-04-20 09:01:31","menu_order":0,"mime_type":"image\/jpeg","type":"image","subtype":"jpeg","icon":"https:\/\/eamt.ee\/wp-includes\/images\/media\/default.png","width":1400,"height":908,"sizes":{"thumbnail":"https:\/\/eamt.ee\/wp-content\/uploads\/2021\/04\/Manifestal-emta-agnes-1400x908px-150x150.jpg","thumbnail-width":150,"thumbnail-height":150,"medium":"https:\/\/eamt.ee\/wp-content\/uploads\/2021\/04\/Manifestal-emta-agnes-1400x908px-300x195.jpg","medium-width":300,"medium-height":195,"medium_large":"https:\/\/eamt.ee\/wp-content\/uploads\/2021\/04\/Manifestal-emta-agnes-1400x908px-768x498.jpg","medium_large-width":768,"medium_large-height":498,"large":"https:\/\/eamt.ee\/wp-content\/uploads\/2021\/04\/Manifestal-emta-agnes-1400x908px-1024x664.jpg","large-width":1024,"large-height":664,"1536x1536":"https:\/\/eamt.ee\/wp-content\/uploads\/2021\/04\/Manifestal-emta-agnes-1400x908px.jpg","1536x1536-width":1400,"1536x1536-height":908,"2048x2048":"https:\/\/eamt.ee\/wp-content\/uploads\/2021\/04\/Manifestal-emta-agnes-1400x908px.jpg","2048x2048-width":1400,"2048x2048-height":908,"640px":"https:\/\/eamt.ee\/wp-content\/uploads\/2021\/04\/Manifestal-emta-agnes-1400x908px-640x415.jpg","640px-width":640,"640px-height":415,"768px":"https:\/\/eamt.ee\/wp-content\/uploads\/2021\/04\/Manifestal-emta-agnes-1400x908px-768x498.jpg","768px-width":768,"768px-height":498,"1024px":"https:\/\/eamt.ee\/wp-content\/uploads\/2021\/04\/Manifestal-emta-agnes-1400x908px-1024x664.jpg","1024px-width":1024,"1024px-height":664,"1280px":"https:\/\/eamt.ee\/wp-content\/uploads\/2021\/04\/Manifestal-emta-agnes-1400x908px-1280x830.jpg","1280px-width":1280,"1280px-height":830,"1366px":"https:\/\/eamt.ee\/wp-content\/uploads\/2021\/04\/Manifestal-emta-agnes-1400x908px-1366x886.jpg","1366px-width":1366,"1366px-height":886,"1600px":"https:\/\/eamt.ee\/wp-content\/uploads\/2021\/04\/Manifestal-emta-agnes-1400x908px.jpg","1600px-width":1400,"1600px-height":908,"1920px":"https:\/\/eamt.ee\/wp-content\/uploads\/2021\/04\/Manifestal-emta-agnes-1400x908px.jpg","1920px-width":1400,"1920px-height":908,"2400px":"https:\/\/eamt.ee\/wp-content\/uploads\/2021\/04\/Manifestal-emta-agnes-1400x908px.jpg","2400px-width":1400,"2400px-height":908,"woocommerce_thumbnail":"https:\/\/eamt.ee\/wp-content\/uploads\/2021\/04\/Manifestal-emta-agnes-1400x908px-415x415.jpg","woocommerce_thumbnail-width":415,"woocommerce_thumbnail-height":415,"woocommerce_single":"https:\/\/eamt.ee\/wp-content\/uploads\/2021\/04\/Manifestal-emta-agnes-1400x908px-600x389.jpg","woocommerce_single-width":600,"woocommerce_single-height":389,"woocommerce_gallery_thumbnail":"https:\/\/eamt.ee\/wp-content\/uploads\/2021\/04\/Manifestal-emta-agnes-1400x908px-100x100.jpg","woocommerce_gallery_thumbnail-width":100,"woocommerce_gallery_thumbnail-height":100}},"is_full_image":true},{"acf_fc_layout":"tekstikast","page_text":"<p><strong>Are you alive?<br \/>\n[a performance created and performed by Agnes Oberauer]<\/strong><\/p>\n<p>Created in collaboration with\u00a0<strong>AGNES OBERAUER<\/strong>\u00a0(AUT),\u00a0<strong>KAIRI M\u00c4NDLA<\/strong>\u00a0(EST),\u00a0<strong>GERDA HANSEN<\/strong>\u00a0(EST),\u00a0<strong>ELYSE ROOSAAR<\/strong>\u00a0(EST),\u00a0<strong>KARIN KRUUSIM\u00c4E<\/strong>\u00a0(EST).<\/p>\n<p>Tickets available at <a href=\"https:\/\/fienta.com\/cppm-manifestal-mina-olen-frankenstein\">Fienta<\/a>.<\/p>\n<p>Special thanks to Indrek Kornel for the mentorship, Ana Sanchez-Colberg for the supervision, Iona Kewney and Eddie Martinez for the inspiration, Anne T\u00fcrnpu for her vocal coaching, Andris Jasjukevit\u0161, Asko K\u00fclmsaar and Hanna Junti for their movement coaching, Herkki Erich Merila for the naked pictures, Emilia Schupp for her help, J\u00fcri Nael for making it all possible and the team at Ida-Tallinna Keskhaigla for stitching me back together.<\/p>\n<p><strong>Agnes Oberauer<\/strong>\u00a0(1993)<\/p>\n<p>Google me\u2026.<\/p>\n<p><a href=\"http:\/\/www.instantgratificationcollective.com\/\" target=\"_blank\" rel=\"nofollow noreferrer noopener\">www.instantgratificationcollective.com<\/a><br \/>\n<a href=\"http:\/\/www.iamfrankenstein.org\/\" target=\"_blank\" rel=\"nofollow noreferrer noopener\">www.iamfrankenstein.org<\/a><\/p>\n<p>***<\/p>\n<p>CPPM Manifestal is a celebratory international festival exploring dance, body, art, sound, multimedia and creativity.<br \/>\n2.05\u201317.06.2021<br \/>\n<a href=\"http:\/\/manifestal.ee\/\" target=\"_blank\" rel=\"nofollow noreferrer noopener\">http:\/\/manifestal.ee<\/a><\/p>\n"}]},"yoast_head":"<!-- This site is optimized with the Yoast SEO plugin v27.2 - https:\/\/yoast.com\/product\/yoast-seo-wordpress\/ -->\n<title>CPPM MANIFESTAL. Agnes Oberauer: I AM FRANKENSTEIN | Estonian Academy of Music and Theatre<\/title>\n<meta name=\"robots\" content=\"index, follow, max-snippet:-1, max-image-preview:large, max-video-preview:-1\" \/>\n<link rel=\"canonical\" href=\"https:\/\/eamt.ee\/en\/event\/cppm-manifestal-agnes-oberauer-i-am-frankenstein-2\/\" \/>\n<meta property=\"og:locale\" content=\"en_US\" \/>\n<meta property=\"og:type\" content=\"article\" \/>\n<meta property=\"og:title\" content=\"CPPM MANIFESTAL. Agnes Oberauer: I AM FRANKENSTEIN | Estonian Academy of Music and Theatre\" \/>\n<meta property=\"og:url\" content=\"https:\/\/eamt.ee\/en\/event\/cppm-manifestal-agnes-oberauer-i-am-frankenstein-2\/\" \/>\n<meta property=\"og:site_name\" content=\"Estonian Academy of Music and Theatre\" \/>\n<meta property=\"article:modified_time\" content=\"2021-10-26T16:13:51+00:00\" \/>\n<meta property=\"og:image\" content=\"https:\/\/eamt.ee\/wp-content\/uploads\/2020\/10\/R_K_9273.jpg\" \/>\n\t<meta property=\"og:image:width\" content=\"2500\" \/>\n\t<meta property=\"og:image:height\" content=\"1667\" \/>\n\t<meta property=\"og:image:type\" content=\"image\/jpeg\" \/>\n<meta name=\"twitter:card\" content=\"summary_large_image\" \/>\n<script type=\"application\/ld+json\" class=\"yoast-schema-graph\">{\"@context\":\"https:\/\/schema.org\",\"@graph\":[{\"@type\":\"WebPage\",\"@id\":\"https:\/\/eamt.ee\/en\/event\/cppm-manifestal-agnes-oberauer-i-am-frankenstein-2\/\",\"url\":\"https:\/\/eamt.ee\/en\/event\/cppm-manifestal-agnes-oberauer-i-am-frankenstein-2\/\",\"name\":\"CPPM MANIFESTAL. Agnes Oberauer: I AM FRANKENSTEIN | Estonian Academy of Music and Theatre\",\"isPartOf\":{\"@id\":\"https:\/\/eamt.ee\/en\/#website\"},\"datePublished\":\"2021-05-17T10:55:12+00:00\",\"dateModified\":\"2021-10-26T16:13:51+00:00\",\"breadcrumb\":{\"@id\":\"https:\/\/eamt.ee\/en\/event\/cppm-manifestal-agnes-oberauer-i-am-frankenstein-2\/#breadcrumb\"},\"inLanguage\":\"en-US\",\"potentialAction\":[{\"@type\":\"ReadAction\",\"target\":[\"https:\/\/eamt.ee\/en\/event\/cppm-manifestal-agnes-oberauer-i-am-frankenstein-2\/\"]}]},{\"@type\":\"BreadcrumbList\",\"@id\":\"https:\/\/eamt.ee\/en\/event\/cppm-manifestal-agnes-oberauer-i-am-frankenstein-2\/#breadcrumb\",\"itemListElement\":[{\"@type\":\"ListItem\",\"position\":1,\"name\":\"Home\",\"item\":\"https:\/\/eamt.ee\/en\/\"},{\"@type\":\"ListItem\",\"position\":2,\"name\":\"\u00dcritused\",\"item\":\"https:\/\/eamt.ee\/en\/event\/\"},{\"@type\":\"ListItem\",\"position\":3,\"name\":\"CPPM MANIFESTAL. Agnes Oberauer: I AM FRANKENSTEIN\"}]},{\"@type\":\"WebSite\",\"@id\":\"https:\/\/eamt.ee\/en\/#website\",\"url\":\"https:\/\/eamt.ee\/en\/\",\"name\":\"Estonian Academy of Music and Theatre\",\"description\":\"\",\"potentialAction\":[{\"@type\":\"SearchAction\",\"target\":{\"@type\":\"EntryPoint\",\"urlTemplate\":\"https:\/\/eamt.ee\/en\/?s={search_term_string}\"},\"query-input\":{\"@type\":\"PropertyValueSpecification\",\"valueRequired\":true,\"valueName\":\"search_term_string\"}}],\"inLanguage\":\"en-US\"}]}<\/script>\n<!-- \/ Yoast SEO plugin. -->","yoast_head_json":{"title":"CPPM MANIFESTAL. Agnes Oberauer: I AM FRANKENSTEIN | Estonian Academy of Music and Theatre","robots":{"index":"index","follow":"follow","max-snippet":"max-snippet:-1","max-image-preview":"max-image-preview:large","max-video-preview":"max-video-preview:-1"},"canonical":"https:\/\/eamt.ee\/en\/event\/cppm-manifestal-agnes-oberauer-i-am-frankenstein-2\/","og_locale":"en_US","og_type":"article","og_title":"CPPM MANIFESTAL. Agnes Oberauer: I AM FRANKENSTEIN | Estonian Academy of Music and Theatre","og_url":"https:\/\/eamt.ee\/en\/event\/cppm-manifestal-agnes-oberauer-i-am-frankenstein-2\/","og_site_name":"Estonian Academy of Music and Theatre","article_modified_time":"2021-10-26T16:13:51+00:00","og_image":[{"width":2500,"height":1667,"url":"https:\/\/eamt.ee\/wp-content\/uploads\/2020\/10\/R_K_9273.jpg","type":"image\/jpeg"}],"twitter_card":"summary_large_image","schema":{"@context":"https:\/\/schema.org","@graph":[{"@type":"WebPage","@id":"https:\/\/eamt.ee\/en\/event\/cppm-manifestal-agnes-oberauer-i-am-frankenstein-2\/","url":"https:\/\/eamt.ee\/en\/event\/cppm-manifestal-agnes-oberauer-i-am-frankenstein-2\/","name":"CPPM MANIFESTAL. Agnes Oberauer: I AM FRANKENSTEIN | Estonian Academy of Music and Theatre","isPartOf":{"@id":"https:\/\/eamt.ee\/en\/#website"},"datePublished":"2021-05-17T10:55:12+00:00","dateModified":"2021-10-26T16:13:51+00:00","breadcrumb":{"@id":"https:\/\/eamt.ee\/en\/event\/cppm-manifestal-agnes-oberauer-i-am-frankenstein-2\/#breadcrumb"},"inLanguage":"en-US","potentialAction":[{"@type":"ReadAction","target":["https:\/\/eamt.ee\/en\/event\/cppm-manifestal-agnes-oberauer-i-am-frankenstein-2\/"]}]},{"@type":"BreadcrumbList","@id":"https:\/\/eamt.ee\/en\/event\/cppm-manifestal-agnes-oberauer-i-am-frankenstein-2\/#breadcrumb","itemListElement":[{"@type":"ListItem","position":1,"name":"Home","item":"https:\/\/eamt.ee\/en\/"},{"@type":"ListItem","position":2,"name":"\u00dcritused","item":"https:\/\/eamt.ee\/en\/event\/"},{"@type":"ListItem","position":3,"name":"CPPM MANIFESTAL. Agnes Oberauer: I AM FRANKENSTEIN"}]},{"@type":"WebSite","@id":"https:\/\/eamt.ee\/en\/#website","url":"https:\/\/eamt.ee\/en\/","name":"Estonian Academy of Music and Theatre","description":"","potentialAction":[{"@type":"SearchAction","target":{"@type":"EntryPoint","urlTemplate":"https:\/\/eamt.ee\/en\/?s={search_term_string}"},"query-input":{"@type":"PropertyValueSpecification","valueRequired":true,"valueName":"search_term_string"}}],"inLanguage":"en-US"}]}},"_links":{"self":[{"href":"https:\/\/eamt.ee\/en\/wp-json\/wp\/v2\/uritused\/13622","targetHints":{"allow":["GET"]}}],"collection":[{"href":"https:\/\/eamt.ee\/en\/wp-json\/wp\/v2\/uritused"}],"about":[{"href":"https:\/\/eamt.ee\/en\/wp-json\/wp\/v2\/types\/uritused"}],"author":[{"embeddable":true,"href":"https:\/\/eamt.ee\/en\/wp-json\/wp\/v2\/users\/8"}],"replies":[{"embeddable":true,"href":"https:\/\/eamt.ee\/en\/wp-json\/wp\/v2\/comments?post=13622"}],"wp:attachment":[{"href":"https:\/\/eamt.ee\/en\/wp-json\/wp\/v2\/media?parent=13622"}],"wp:term":[{"taxonomy":"event_categories","embeddable":true,"href":"https:\/\/eamt.ee\/en\/wp-json\/wp\/v2\/event_category?post=13622"},{"taxonomy":"event_type","embeddable":true,"href":"https:\/\/eamt.ee\/en\/wp-json\/wp\/v2\/event_type?post=13622"}],"curies":[{"name":"wp","href":"https:\/\/api.w.org\/{rel}","templated":true}]}}